{"id":22895,"date":"2021-03-31T11:33:33","date_gmt":"2021-03-31T09:33:33","guid":{"rendered":"https:\/\/www.mines-stetienne.fr\/panoramines\/?page_id=22895"},"modified":"2023-05-05T10:56:35","modified_gmt":"2023-05-05T08:56:35","slug":"politique-de-confidentialite","status":"publish","type":"page","link":"https:\/\/www.mines-stetienne.fr\/panoramines\/politique-de-confidentialite\/","title":{"rendered":"Politique de confidentialit\u00e9"},"content":{"rendered":"\n<p>L\u2019\u00c9cole des mines de Saint-\u00c9tienne attache une importance particuli\u00e8re \u00e0 la confidentialit\u00e9 des informations vous concernant. Vous trouverez ici des \u00e9l\u00e9ments d\u2019informations sur la collecte et l\u2019utilisation des donn\u00e9es recueillies par l\u2019\u00c9cole des mines de Saint-\u00c9tienne et comment vous pouvez acc\u00e9der aux informations vous concernant.<\/p>\n\n\n\n<h2 class=\"wp-block-heading\" id=\"informations-collect\u00e9es\">Informations collect\u00e9es<\/h2>\n\n\n\n<p>\u00c0 l\u2019occasion de l\u2019utilisation de ce site, peuvent \u00eatres recueillies : l\u2019URL des liens par l\u2019interm\u00e9diaire desquels l\u2019utilisateur a acc\u00e9d\u00e9 au site, le fournisseur d\u2019acc\u00e8s de l\u2019utilisateur, l\u2019adresse de protocole Internet (IP) de l\u2019utilisateur.<\/p>\n\n\n\n<p>En tout \u00e9tat de cause l\u2019\u00c9cole des Mines de Saint-\u00c9tienne ne collecte des informations personnelles relatives \u00e0 l\u2019utilisateur que pour le besoin de certains services propos\u00e9s par le site. L\u2019utilisateur fournit ces informations en toute connaissance de cause, notamment lorsqu\u2019il proc\u00e8de par lui-m\u00eame \u00e0 leur saisie. Il est alors pr\u00e9cis\u00e9 \u00e0 l\u2019utilisateur l\u2019obligation ou non de fournir ces informations.<\/p>\n\n\n\n<p>Aucune information personnelle de l\u2019utilisateur du site n\u2019est publi\u00e9e \u00e0 l\u2019insu de l\u2019utilisateur, \u00e9chang\u00e9e, transf\u00e9r\u00e9e, c\u00e9d\u00e9e ou vendue sur un support quelconque \u00e0 des tiers.<\/p>\n\n\n\n<p>Les bases de donn\u00e9es sont prot\u00e9g\u00e9es par les dispositions de la loi du 1er juillet 1998 transposant la directive 96\/9 du 11 mars 1996 relative \u00e0 la protection juridique des bases de donn\u00e9es.<\/p>\n\n\n\n<h2 class=\"wp-block-heading\" id=\"destination-des-informations\">Destination des informations<\/h2>\n\n\n\n<p>Les informations qui vous concernent sont destin\u00e9es exclusivement \u00e0 l\u2019\u00c9cole des mines de Saint-\u00c9tienne et ne pourront pas \u00eatre communiqu\u00e9es \u00e0 des tiers.<\/p>\n\n\n\n<p>Lorsque l\u2019\u00c9cole des mines de Saint-\u00c9tienne re\u00e7oit des informations concernant votre session ou vous concernant, nous pouvons les utiliser pour des recherches, des statistiques ou pour am\u00e9liorer notre site et les services offerts.<\/p>\n\n\n\n<h2 class=\"wp-block-heading\" id=\"acc\u00e8s-aux-informations-vous-concernant\">Acc\u00e8s aux informations vous concernant<\/h2>\n\n\n\n<p>Conform\u00e9ment \u00e0 la loi Informatique et Libert\u00e9s, vous disposez d\u2019un droit d\u2019acc\u00e8s, de rectification et, sous r\u00e9serves des dispositions l\u00e9gales applicables \u00e0 la mati\u00e8re, de suppression des donn\u00e9es vous concernant, le responsable du traitement \u00e9tant le service communication de Mines Saint-\u00c9tienne.<\/p>\n\n\n\n<p>Pour l\u2019exercer, ou pour toutes questions sur notre politique de confidentialit\u00e9, adressez-vous au correspondant informatique et libert\u00e9 :<\/p>\n\n\n\n<blockquote class=\"wp-block-quote is-layout-flow wp-block-quote-is-layout-flow\">\n<p>D\u00e9l\u00e9gu\u00e9 \u00e0 la protection des donn\u00e9es (DPD)<br>Max Hervy<br><a href=\"&#109;&#x61;&#105;&#x6c;t&#x6f;:&#99;&#x6e;&#105;&#x6c;&#64;&#x6d;i&#110;&#x65;&#115;&#x2d;s&#x74;e&#116;&#x69;&#101;&#x6e;n&#x65;&#46;&#102;&#x72;\">&#x63;&#110;i&#x6c;&#x40;&#109;i&#x6e;&#x65;&#115;-&#x73;&#x74;&#101;t&#x69;&#x65;&#110;n&#x65;&#46;&#102;r<\/a><\/p>\n<\/blockquote>\n\n\n\n<p>Vous pouvez \u00e9galement nous joindre par courrier \u00e0 l&rsquo;adresse suivante :<\/p>\n\n\n\n<blockquote class=\"wp-block-quote is-layout-flow wp-block-quote-is-layout-flow\">\n<p>\u00c9cole des mines de Saint-\u00c9tienne<br>D\u00e9l\u00e9gu\u00e9 \u00e0 la protection des donn\u00e9es<br>158, cours Fauriel &#8211; CS 62362<br>42023 Saint-\u00c9tienne Cedex 2<br>France<\/p>\n<\/blockquote>\n","protected":false},"excerpt":{"rendered":"<p>L\u2019\u00c9cole des mines de Saint-\u00c9tienne attache une importance particuli\u00e8re \u00e0 la confidentialit\u00e9 des informations vous concernant. Vous trouverez ici des \u00e9l\u00e9ments d\u2019informations sur la collecte et l\u2019utilisation des donn\u00e9es recueillies par l\u2019\u00c9cole des mines de Saint-\u00c9tienne et comment vous pouvez &hellip;<\/p>\n","protected":false},"author":2,"featured_media":0,"parent":0,"menu_order":9001,"comment_status":"closed","ping_status":"closed","template":"","meta":{"_relevanssi_hide_post":"","_relevanssi_hide_content":"","_relevanssi_pin_for_all":"","_relevanssi_pin_keywords":"","_relevanssi_unpin_keywords":"","_relevanssi_related_keywords":"","_relevanssi_related_include_ids":"","_relevanssi_related_exclude_ids":"","_relevanssi_related_no_append":"","_relevanssi_related_not_related":"","_relevanssi_related_posts":"249,1440,1008,163,860,1513","_relevanssi_noindex_reason":"","footnotes":""},"tags":[],"class_list":["post-22895","page","type-page","status-publish","hentry"],"pp_statuses_selecting_workflow":false,"pp_workflow_action":"current","pp_status_selection":"publish","pp_force_visibility":null,"pp_subpost_visibility":null,"pp_inherited_force_visibility":null,"pp_inherited_subpost_visibility":null,"yoast_head":"<!-- This site is optimized with the Yoast SEO plugin v27.5 - https:\/\/yoast.com\/product\/yoast-seo-wordpress\/ -->\n<title>Politique de confidentialit\u00e9 - Panoramines<\/title>\n<meta name=\"robots\" content=\"index, follow, max-snippet:-1, max-image-preview:large, max-video-preview:-1\" \/>\n<link rel=\"canonical\" href=\"https:\/\/www.mines-stetienne.fr\/panoramines\/politique-de-confidentialite\/\" \/>\n<meta property=\"og:locale\" content=\"fr_FR\" \/>\n<meta property=\"og:type\" content=\"article\" \/>\n<meta property=\"og:title\" content=\"Politique de confidentialit\u00e9 - Panoramines\" \/>\n<meta property=\"og:description\" content=\"L\u2019\u00c9cole des mines de Saint-\u00c9tienne attache une importance particuli\u00e8re \u00e0 la confidentialit\u00e9 des informations vous concernant. Vous trouverez ici des \u00e9l\u00e9ments d\u2019informations sur la collecte et l\u2019utilisation des donn\u00e9es recueillies par l\u2019\u00c9cole des mines de Saint-\u00c9tienne et comment vous pouvez &hellip;\" \/>\n<meta property=\"og:url\" content=\"https:\/\/www.mines-stetienne.fr\/panoramines\/politique-de-confidentialite\/\" \/>\n<meta property=\"og:site_name\" content=\"Panoramines\" \/>\n<meta property=\"article:modified_time\" content=\"2023-05-05T08:56:35+00:00\" \/>\n<meta name=\"twitter:card\" content=\"summary_large_image\" \/>\n<meta name=\"twitter:label1\" content=\"Dur\u00e9e de lecture estim\u00e9e\" \/>\n\t<meta name=\"twitter:data1\" content=\"2 minutes\" \/>\n<script type=\"application\/ld+json\" class=\"yoast-schema-graph\">{\"@context\":\"https:\\\/\\\/schema.org\",\"@graph\":[{\"@type\":\"WebPage\",\"@id\":\"https:\\\/\\\/www.mines-stetienne.fr\\\/panoramines\\\/politique-de-confidentialite\\\/\",\"url\":\"https:\\\/\\\/www.mines-stetienne.fr\\\/panoramines\\\/politique-de-confidentialite\\\/\",\"name\":\"Politique de confidentialit\u00e9 - Panoramines\",\"isPartOf\":{\"@id\":\"https:\\\/\\\/www.mines-stetienne.fr\\\/panoramines\\\/#website\"},\"datePublished\":\"2021-03-31T09:33:33+00:00\",\"dateModified\":\"2023-05-05T08:56:35+00:00\",\"breadcrumb\":{\"@id\":\"https:\\\/\\\/www.mines-stetienne.fr\\\/panoramines\\\/politique-de-confidentialite\\\/#breadcrumb\"},\"inLanguage\":\"fr-FR\",\"potentialAction\":[{\"@type\":\"ReadAction\",\"target\":[\"https:\\\/\\\/www.mines-stetienne.fr\\\/panoramines\\\/politique-de-confidentialite\\\/\"]}]},{\"@type\":\"BreadcrumbList\",\"@id\":\"https:\\\/\\\/www.mines-stetienne.fr\\\/panoramines\\\/politique-de-confidentialite\\\/#breadcrumb\",\"itemListElement\":[{\"@type\":\"ListItem\",\"position\":1,\"name\":\"Accueil\",\"item\":\"https:\\\/\\\/www.mines-stetienne.fr\\\/panoramines\\\/\"},{\"@type\":\"ListItem\",\"position\":2,\"name\":\"Politique de confidentialit\u00e9\"}]},{\"@type\":\"WebSite\",\"@id\":\"https:\\\/\\\/www.mines-stetienne.fr\\\/panoramines\\\/#website\",\"url\":\"https:\\\/\\\/www.mines-stetienne.fr\\\/panoramines\\\/\",\"name\":\"Panoramines\",\"description\":\"Panoramines, l\u2019actualit\u00e9 de MINES Saint-\u00c9tienne\",\"potentialAction\":[{\"@type\":\"SearchAction\",\"target\":{\"@type\":\"EntryPoint\",\"urlTemplate\":\"https:\\\/\\\/www.mines-stetienne.fr\\\/panoramines\\\/?s={search_term_string}\"},\"query-input\":{\"@type\":\"PropertyValueSpecification\",\"valueRequired\":true,\"valueName\":\"search_term_string\"}}],\"inLanguage\":\"fr-FR\"}]}<\/script>\n<!-- \/ Yoast SEO plugin. -->","yoast_head_json":{"title":"Politique de confidentialit\u00e9 - Panoramines","robots":{"index":"index","follow":"follow","max-snippet":"max-snippet:-1","max-image-preview":"max-image-preview:large","max-video-preview":"max-video-preview:-1"},"canonical":"https:\/\/www.mines-stetienne.fr\/panoramines\/politique-de-confidentialite\/","og_locale":"fr_FR","og_type":"article","og_title":"Politique de confidentialit\u00e9 - Panoramines","og_description":"L\u2019\u00c9cole des mines de Saint-\u00c9tienne attache une importance particuli\u00e8re \u00e0 la confidentialit\u00e9 des informations vous concernant. Vous trouverez ici des \u00e9l\u00e9ments d\u2019informations sur la collecte et l\u2019utilisation des donn\u00e9es recueillies par l\u2019\u00c9cole des mines de Saint-\u00c9tienne et comment vous pouvez &hellip;","og_url":"https:\/\/www.mines-stetienne.fr\/panoramines\/politique-de-confidentialite\/","og_site_name":"Panoramines","article_modified_time":"2023-05-05T08:56:35+00:00","twitter_card":"summary_large_image","twitter_misc":{"Dur\u00e9e de lecture estim\u00e9e":"2 minutes"},"schema":{"@context":"https:\/\/schema.org","@graph":[{"@type":"WebPage","@id":"https:\/\/www.mines-stetienne.fr\/panoramines\/politique-de-confidentialite\/","url":"https:\/\/www.mines-stetienne.fr\/panoramines\/politique-de-confidentialite\/","name":"Politique de confidentialit\u00e9 - Panoramines","isPartOf":{"@id":"https:\/\/www.mines-stetienne.fr\/panoramines\/#website"},"datePublished":"2021-03-31T09:33:33+00:00","dateModified":"2023-05-05T08:56:35+00:00","breadcrumb":{"@id":"https:\/\/www.mines-stetienne.fr\/panoramines\/politique-de-confidentialite\/#breadcrumb"},"inLanguage":"fr-FR","potentialAction":[{"@type":"ReadAction","target":["https:\/\/www.mines-stetienne.fr\/panoramines\/politique-de-confidentialite\/"]}]},{"@type":"BreadcrumbList","@id":"https:\/\/www.mines-stetienne.fr\/panoramines\/politique-de-confidentialite\/#breadcrumb","itemListElement":[{"@type":"ListItem","position":1,"name":"Accueil","item":"https:\/\/www.mines-stetienne.fr\/panoramines\/"},{"@type":"ListItem","position":2,"name":"Politique de confidentialit\u00e9"}]},{"@type":"WebSite","@id":"https:\/\/www.mines-stetienne.fr\/panoramines\/#website","url":"https:\/\/www.mines-stetienne.fr\/panoramines\/","name":"Panoramines","description":"Panoramines, l\u2019actualit\u00e9 de MINES Saint-\u00c9tienne","potentialAction":[{"@type":"SearchAction","target":{"@type":"EntryPoint","urlTemplate":"https:\/\/www.mines-stetienne.fr\/panoramines\/?s={search_term_string}"},"query-input":{"@type":"PropertyValueSpecification","valueRequired":true,"valueName":"search_term_string"}}],"inLanguage":"fr-FR"}]}},"_links":{"self":[{"href":"https:\/\/www.mines-stetienne.fr\/panoramines\/wp-json\/wp\/v2\/pages\/22895","targetHints":{"allow":["GET"]}}],"collection":[{"href":"https:\/\/www.mines-stetienne.fr\/panoramines\/wp-json\/wp\/v2\/pages"}],"about":[{"href":"https:\/\/www.mines-stetienne.fr\/panoramines\/wp-json\/wp\/v2\/types\/page"}],"author":[{"embeddable":true,"href":"https:\/\/www.mines-stetienne.fr\/panoramines\/wp-json\/wp\/v2\/users\/2"}],"replies":[{"embeddable":true,"href":"https:\/\/www.mines-stetienne.fr\/panoramines\/wp-json\/wp\/v2\/comments?post=22895"}],"version-history":[{"count":2,"href":"https:\/\/www.mines-stetienne.fr\/panoramines\/wp-json\/wp\/v2\/pages\/22895\/revisions"}],"predecessor-version":[{"id":24969,"href":"https:\/\/www.mines-stetienne.fr\/panoramines\/wp-json\/wp\/v2\/pages\/22895\/revisions\/24969"}],"wp:attachment":[{"href":"https:\/\/www.mines-stetienne.fr\/panoramines\/wp-json\/wp\/v2\/media?parent=22895"}],"wp:term":[{"taxonomy":"post_tag","embeddable":true,"href":"https:\/\/www.mines-stetienne.fr\/panoramines\/wp-json\/wp\/v2\/tags?post=22895"}],"curies":[{"name":"wp","href":"https:\/\/api.w.org\/{rel}","templated":true}]}}