{"id":4845,"date":"2021-11-24T11:01:04","date_gmt":"2021-11-24T10:01:04","guid":{"rendered":"https:\/\/mindev.mines-stetienne.fr\/lgf\/?page_id=4845"},"modified":"2021-11-24T11:01:04","modified_gmt":"2021-11-24T10:01:04","slug":"caracterisation-des-microstructures-et-des-surfaces-cms","status":"publish","type":"page","link":"https:\/\/www.mines-stetienne.fr\/lgf\/plateaux\/plateaux-dinstruments\/caracterisation-des-microstructures-et-des-surfaces-cms\/","title":{"rendered":"Caract\u00e9risation des Microstructures et des Surfaces (CMS)"},"content":{"rendered":"<div class=\"wpb-content-wrapper\">[vc_row css_animation=&#8221;fadeIn&#8221;][vc_column][vc_column_text]\n<p>Le plateau CMS regroupe les moyens de caract\u00e9risation permettant d&#8217;acc\u00e9der \u00e0 des informations chimiques, structurales et microstructurales sur des \u00e9chelles allant de la centaine de micron jusqu\u2018au nanom\u00e8tre. Ce plateau offre des outils d\u2019analyses performants en soutien des activit\u00e9s de recherche du laboratoire et des demandes d\u2019expertises provenant de partenaires acad\u00e9miques et industriels notamment comme le vieillissement et l\u2019endommagement des mat\u00e9riaux (s\u00e9gr\u00e9gation\/diffusion d\u2019\u00e9l\u00e9ments traces dans les m\u00e9taux), la mise en forme des mat\u00e9riaux (\u00e9volution microstructurale et recristallisation), le comportement m\u00e9canique \u00e0 l\u2019\u00e9chelle locale ou le rendu visuel et tactile d\u2019une surface.<\/p>\n<p>\n\nLe fonctionnement de ce plateau est assur\u00e9 par 3 ing\u00e9nieurs et 2 techniciens.<\/p>\n[\/vc_column_text][vc_column_text]\n<p>I am text block. Click edit button to change this text. Lorem ipsum dolor sit amet, consectetur adipiscing elit. Ut elit tellus, luctus nec ullamcorper mattis, pulvinar dapibus leo.<\/p>\n[\/vc_column_text][\/vc_column][\/vc_row][vc_row][vc_column css_animation=&#8221;fadeIn&#8221; width=&#8221;1\/3&#8243; css_animation_delay=&#8221;0.5&#8243;]<h2 class=\"vcex-heading vcex-heading-plain vcex-module wpex-heading wpex-text-2xl\"><span class=\"vcex-heading-inner wpex-inline-block\">Responsable<\/span><\/h2>[vc_column_text]\n<ul>\n<li><strong>Vincent Barnier<\/strong><br \/><a href=\"&#x6d;&#x61;&#x69;&#x6c;&#x74;&#111;&#58;&#98;&#97;rni&#x65;&#x72;&#x40;&#x6d;&#x69;&#x6e;&#101;&#115;&#45;ste&#x74;&#x69;&#x65;&#x6e;&#x6e;&#x65;&#46;&#102;&#114;\">&#98;&#x61;&#114;&#x6e;&#105;&#x65;r&#x40;m&#x69;n&#101;&#x73;&#45;&#x73;&#116;&#x65;&#116;&#x69;e&#x6e;n&#x65;&#46;&#102;&#x72;<\/a><\/li>\n<\/ul>\n[\/vc_column_text][\/vc_column][vc_column css_animation=&#8221;fadeIn&#8221; width=&#8221;2\/3&#8243; css_animation_delay=&#8221;0.5&#8243;]<h3 class=\"vcex-heading vcex-heading-plain vcex-module wpex-heading wpex-text-2xl\"><span class=\"vcex-heading-inner wpex-inline-block\">Animateurs<\/span><\/h3>[vc_column_text]<\/p>\n<ul class=\"wp-block-list\">\n<li>Sergio Sao Joao<\/li>\n<li>Marilyne Mondon<\/li>\n<li>Yoann Garnier<\/li>\n<\/ul>\n[\/vc_column_text][\/vc_column][\/vc_row][vc_row content_placement=&#8221;top&#8221; column_spacing=&#8221;20&#8243; gap=&#8221;20&#8243; full_height=&#8221;yes&#8221; columns_placement=&#8221;top&#8221; equal_height=&#8221;yes&#8221;][vc_column css_animation=&#8221;fadeInRight&#8221; width=&#8221;1\/4&#8243; css=&#8221;.vc_custom_1657716690037{background-color: rgba(129,215,66,0.35) !important;*background-color: rgb(129,215,66) !important;}&#8221; min_height=&#8221;10 vw&#8221; css_animation_delay=&#8221;1&#8243;][vc_column_text child_inherit_color=&#8221;false&#8221; text_align=&#8221;center&#8221; css=&#8221;.vc_custom_1657715991040{padding-top: 20px !important;}&#8221; color=&#8221;#020202&#8243;]\n<p><span class=\"wpex-text-xl\">Analyses de surface<\/span><\/p>\n[\/vc_column_text][vc_single_image image=&#8221;5231&#8243; css_animation=&#8221;fadeIn&#8221; alignment=&#8221;center&#8221; css=&#8221;.vc_custom_1657715399996{padding-top: 20px !important;padding-bottom: 20px !important;}&#8221;][vc_column_text color=&#8221;#000000&#8243; css=&#8221;.vc_custom_1657716261762{margin-bottom: 20px !important;}&#8221;]\n<p class=\"has-text-align-center\">Spectroscopie de photo\u00e9lectrons<\/p>\n<p class=\"has-text-align-center\">Spectroscopie Auger<\/p>\n<p class=\"has-text-align-center\">Microscopie \u00e0 force atomique<\/p>\n[\/vc_column_text][\/vc_column][vc_column css_animation=&#8221;fadeInRight&#8221; width=&#8221;1\/4&#8243; css=&#8221;.vc_custom_1657716702715{background-color: rgba(30,115,190,0.35) !important;*background-color: rgb(30,115,190) !important;}&#8221; css_animation_delay=&#8221;1.25&#8243;][vc_column_text child_inherit_color=&#8221;false&#8221; text_align=&#8221;center&#8221; css=&#8221;.vc_custom_1657715944953{padding-top: 20px !important;}&#8221; color=&#8221;#020202&#8243;]\n<p><span class=\"wpex-text-2xl wpex-text-xl\">Micro\/nano m\u00e9canique<\/span><\/p>\n[\/vc_column_text][vc_single_image image=&#8221;5233&#8243; alignment=&#8221;center&#8221; css=&#8221;.vc_custom_1657716188140{padding-top: 20px !important;padding-bottom: 20px !important;}&#8221;][vc_column_text css=&#8221;.vc_custom_1657716256693{margin-bottom: 20px !important;}&#8221;]\n<p class=\"has-text-align-center\">Nanoindentation<\/p>\n<p class=\"has-text-align-center\">Microm\u00e9canique in-situ<\/p>\n<p class=\"has-text-align-center\">Microscopie \u00e0 force atomique<\/p>\n[\/vc_column_text][\/vc_column][vc_column css_animation=&#8221;fadeInRight&#8221; width=&#8221;1\/4&#8243; css=&#8221;.vc_custom_1657716720515{background-color: rgba(221,117,117,0.35) !important;*background-color: rgb(221,117,117) !important;}&#8221; css_animation_delay=&#8221;1.5&#8243;][vc_column_text child_inherit_color=&#8221;false&#8221; text_align=&#8221;center&#8221; css=&#8221;.vc_custom_1657715965406{padding-top: 20px !important;}&#8221; color=&#8221;#020202&#8243;]\n<p><span class=\"wpex-text-xl\">Microscopie \u00e9lectronique<\/span><\/p>\n[\/vc_column_text][vc_single_image image=&#8221;5234&#8243; alignment=&#8221;center&#8221; css=&#8221;.vc_custom_1657716196330{padding-top: 20px !important;padding-bottom: 20px !important;}&#8221;][vc_column_text css=&#8221;.vc_custom_1657716229344{margin-bottom: 20px !important;}&#8221;]\n<p class=\"has-text-align-center\">Microscopie \u00e9lectronique \u00e0 balayage<\/p>\n<p class=\"has-text-align-center\">Microscopie \u00e9lectronique \u00e0 transmission<\/p>\n<p class=\"has-text-align-center\">Analyse chimique et microstructurale<\/p>\n[\/vc_column_text][\/vc_column][vc_column css_animation=&#8221;fadeInRight&#8221; width=&#8221;1\/4&#8243; css=&#8221;.vc_custom_1657716731166{background-color: rgba(226,226,226,0.35) !important;*background-color: rgb(226,226,226) !important;}&#8221; css_animation_delay=&#8221;1.75&#8243;][vc_column_text child_inherit_color=&#8221;false&#8221; text_align=&#8221;center&#8221; css=&#8221;.vc_custom_1657715975290{padding-top: 20px !important;}&#8221; color=&#8221;#020202&#8243;]\n<p><span class=\"wpex-text-xl\">Propri\u00e9t\u00e9s d\u2019aspect des surfaces<\/span><\/p>\n[\/vc_column_text][vc_single_image image=&#8221;5235&#8243; alignment=&#8221;center&#8221; css=&#8221;.vc_custom_1657716204174{padding-top: 20px !important;padding-bottom: 20px !important;}&#8221;][vc_column_text css=&#8221;.vc_custom_1657716249361{margin-bottom: 20px !important;}&#8221;]\n<p class=\"has-text-align-center\">Rendu visuel<\/p>\n<p class=\"has-text-align-center\">Rendu tactile<\/p>\n[\/vc_column_text][\/vc_column][\/vc_row][vc_row content_placement=&#8221;middle&#8221;][vc_column css_animation=&#8221;fadeInRight&#8221; css=&#8221;.vc_custom_1657716757618{background-color: #e2e2e2 !important;}&#8221; css_animation_delay=&#8221;2&#8243;][vc_column_text child_inherit_color=&#8221;false&#8221; text_align=&#8221;center&#8221; css=&#8221;.vc_custom_1657716531698{margin-top: 10px !important;margin-bottom: 10px !important;padding-top: 20px !important;padding-bottom: 20px !important;background-color: #ffffff !important;}&#8221; color=&#8221;#020202&#8243;]\n<p><span class=\"wpex-text-xl\">Pr\u00e9paration de surface<\/span><\/p>\n[\/vc_column_text][\/vc_column][\/vc_row]<\/div>","protected":false},"excerpt":{"rendered":"<p>Ce plateau regroupe les moyens de caract\u00e9risation permettant d&#8217;acc\u00e9der \u00e0 des informations chimiques, structurales et microstructurales sur des \u00e9chelles allant de la centaine de micron jusqu\u2018au nanom\u00e8tre.<\/p>\n","protected":false},"author":2,"featured_media":0,"parent":5739,"menu_order":10,"comment_status":"closed","ping_status":"closed","template":"","meta":{"_relevanssi_hide_post":"","_relevanssi_hide_content":"","_relevanssi_pin_for_all":"","_relevanssi_pin_keywords":"","_relevanssi_unpin_keywords":"","_relevanssi_related_keywords":"","_relevanssi_related_include_ids":"","_relevanssi_related_exclude_ids":"","_relevanssi_related_no_append":"","_relevanssi_related_not_related":"","_relevanssi_related_posts":"","_relevanssi_noindex_reason":"","footnotes":""},"tags":[],"class_list":["post-4845","page","type-page","status-publish","hentry","entry","no-media"],"pp_statuses_selecting_workflow":false,"pp_workflow_action":"current","pp_status_selection":"publish","pp_force_visibility":null,"pp_subpost_visibility":null,"pp_inherited_force_visibility":null,"pp_inherited_subpost_visibility":null,"yoast_head":"<!-- This site is optimized with the Yoast SEO plugin v27.5 - https:\/\/yoast.com\/product\/yoast-seo-wordpress\/ -->\n<title>Caract\u00e9risation des Microstructures et des Surfaces (CMS) - Laboratoire Georges Friedel<\/title>\n<meta name=\"robots\" content=\"index, follow, max-snippet:-1, max-image-preview:large, max-video-preview:-1\" \/>\n<link rel=\"canonical\" href=\"https:\/\/www.mines-stetienne.fr\/lgf\/plateaux\/plateaux-dinstruments\/caracterisation-des-microstructures-et-des-surfaces-cms\/\" \/>\n<meta property=\"og:locale\" content=\"fr_FR\" \/>\n<meta property=\"og:type\" content=\"article\" \/>\n<meta property=\"og:title\" content=\"Caract\u00e9risation des Microstructures et des Surfaces (CMS) - Laboratoire Georges Friedel\" \/>\n<meta property=\"og:description\" content=\"Ce plateau regroupe les moyens de caract\u00e9risation permettant d&#039;acc\u00e9der \u00e0 des informations chimiques, structurales et microstructurales sur des \u00e9chelles allant de la centaine de micron jusqu\u2018au nanom\u00e8tre.\" \/>\n<meta property=\"og:url\" content=\"https:\/\/www.mines-stetienne.fr\/lgf\/plateaux\/plateaux-dinstruments\/caracterisation-des-microstructures-et-des-surfaces-cms\/\" \/>\n<meta property=\"og:site_name\" content=\"Laboratoire Georges Friedel\" \/>\n<meta name=\"twitter:card\" content=\"summary_large_image\" \/>\n<meta name=\"twitter:label1\" content=\"Dur\u00e9e de lecture estim\u00e9e\" \/>\n\t<meta name=\"twitter:data1\" content=\"2 minutes\" \/>\n<script type=\"application\/ld+json\" class=\"yoast-schema-graph\">{\"@context\":\"https:\\\/\\\/schema.org\",\"@graph\":[{\"@type\":\"WebPage\",\"@id\":\"https:\\\/\\\/www.mines-stetienne.fr\\\/lgf\\\/plateaux\\\/plateaux-dinstruments\\\/caracterisation-des-microstructures-et-des-surfaces-cms\\\/\",\"url\":\"https:\\\/\\\/www.mines-stetienne.fr\\\/lgf\\\/plateaux\\\/plateaux-dinstruments\\\/caracterisation-des-microstructures-et-des-surfaces-cms\\\/\",\"name\":\"Caract\u00e9risation des Microstructures et des Surfaces (CMS) - Laboratoire Georges Friedel\",\"isPartOf\":{\"@id\":\"https:\\\/\\\/www.mines-stetienne.fr\\\/lgf\\\/#website\"},\"datePublished\":\"2021-11-24T10:01:04+00:00\",\"breadcrumb\":{\"@id\":\"https:\\\/\\\/www.mines-stetienne.fr\\\/lgf\\\/plateaux\\\/plateaux-dinstruments\\\/caracterisation-des-microstructures-et-des-surfaces-cms\\\/#breadcrumb\"},\"inLanguage\":\"fr-FR\",\"potentialAction\":[{\"@type\":\"ReadAction\",\"target\":[\"https:\\\/\\\/www.mines-stetienne.fr\\\/lgf\\\/plateaux\\\/plateaux-dinstruments\\\/caracterisation-des-microstructures-et-des-surfaces-cms\\\/\"]}]},{\"@type\":\"BreadcrumbList\",\"@id\":\"https:\\\/\\\/www.mines-stetienne.fr\\\/lgf\\\/plateaux\\\/plateaux-dinstruments\\\/caracterisation-des-microstructures-et-des-surfaces-cms\\\/#breadcrumb\",\"itemListElement\":[{\"@type\":\"ListItem\",\"position\":1,\"name\":\"Plateaux\",\"item\":\"https:\\\/\\\/www.mines-stetienne.fr\\\/lgf\\\/plateaux\\\/\"},{\"@type\":\"ListItem\",\"position\":2,\"name\":\"Plateaux d\u2019instruments\",\"item\":\"https:\\\/\\\/www.mines-stetienne.fr\\\/lgf\\\/plateaux\\\/plateaux-dinstruments\\\/\"},{\"@type\":\"ListItem\",\"position\":3,\"name\":\"Caract\u00e9risation des Microstructures et des Surfaces (CMS)\"}]},{\"@type\":\"WebSite\",\"@id\":\"https:\\\/\\\/www.mines-stetienne.fr\\\/lgf\\\/#website\",\"url\":\"https:\\\/\\\/www.mines-stetienne.fr\\\/lgf\\\/\",\"name\":\"Laboratoire Georges Friedel\",\"description\":\"\",\"publisher\":{\"@id\":\"https:\\\/\\\/www.mines-stetienne.fr\\\/lgf\\\/#organization\"},\"potentialAction\":[{\"@type\":\"SearchAction\",\"target\":{\"@type\":\"EntryPoint\",\"urlTemplate\":\"https:\\\/\\\/www.mines-stetienne.fr\\\/lgf\\\/?s={search_term_string}\"},\"query-input\":{\"@type\":\"PropertyValueSpecification\",\"valueRequired\":true,\"valueName\":\"search_term_string\"}}],\"inLanguage\":\"fr-FR\"},{\"@type\":\"Organization\",\"@id\":\"https:\\\/\\\/www.mines-stetienne.fr\\\/lgf\\\/#organization\",\"name\":\"Laboratoire Georges Friedel\",\"url\":\"https:\\\/\\\/www.mines-stetienne.fr\\\/lgf\\\/\",\"logo\":{\"@type\":\"ImageObject\",\"inLanguage\":\"fr-FR\",\"@id\":\"https:\\\/\\\/www.mines-stetienne.fr\\\/lgf\\\/#\\\/schema\\\/logo\\\/image\\\/\",\"url\":\"https:\\\/\\\/www.mines-stetienne.fr\\\/lgf\\\/wp-content\\\/uploads\\\/sites\\\/6\\\/2024\\\/07\\\/EMSE_LGF_CNRS_logo.png\",\"contentUrl\":\"https:\\\/\\\/www.mines-stetienne.fr\\\/lgf\\\/wp-content\\\/uploads\\\/sites\\\/6\\\/2024\\\/07\\\/EMSE_LGF_CNRS_logo.png\",\"width\":1930,\"height\":440,\"caption\":\"Laboratoire Georges Friedel\"},\"image\":{\"@id\":\"https:\\\/\\\/www.mines-stetienne.fr\\\/lgf\\\/#\\\/schema\\\/logo\\\/image\\\/\"}}]}<\/script>\n<!-- \/ Yoast SEO plugin. -->","yoast_head_json":{"title":"Caract\u00e9risation des Microstructures et des Surfaces (CMS) - Laboratoire Georges Friedel","robots":{"index":"index","follow":"follow","max-snippet":"max-snippet:-1","max-image-preview":"max-image-preview:large","max-video-preview":"max-video-preview:-1"},"canonical":"https:\/\/www.mines-stetienne.fr\/lgf\/plateaux\/plateaux-dinstruments\/caracterisation-des-microstructures-et-des-surfaces-cms\/","og_locale":"fr_FR","og_type":"article","og_title":"Caract\u00e9risation des Microstructures et des Surfaces (CMS) - Laboratoire Georges Friedel","og_description":"Ce plateau regroupe les moyens de caract\u00e9risation permettant d'acc\u00e9der \u00e0 des informations chimiques, structurales et microstructurales sur des \u00e9chelles allant de la centaine de micron jusqu\u2018au nanom\u00e8tre.","og_url":"https:\/\/www.mines-stetienne.fr\/lgf\/plateaux\/plateaux-dinstruments\/caracterisation-des-microstructures-et-des-surfaces-cms\/","og_site_name":"Laboratoire Georges Friedel","twitter_card":"summary_large_image","twitter_misc":{"Dur\u00e9e de lecture estim\u00e9e":"2 minutes"},"schema":{"@context":"https:\/\/schema.org","@graph":[{"@type":"WebPage","@id":"https:\/\/www.mines-stetienne.fr\/lgf\/plateaux\/plateaux-dinstruments\/caracterisation-des-microstructures-et-des-surfaces-cms\/","url":"https:\/\/www.mines-stetienne.fr\/lgf\/plateaux\/plateaux-dinstruments\/caracterisation-des-microstructures-et-des-surfaces-cms\/","name":"Caract\u00e9risation des Microstructures et des Surfaces (CMS) - Laboratoire Georges Friedel","isPartOf":{"@id":"https:\/\/www.mines-stetienne.fr\/lgf\/#website"},"datePublished":"2021-11-24T10:01:04+00:00","breadcrumb":{"@id":"https:\/\/www.mines-stetienne.fr\/lgf\/plateaux\/plateaux-dinstruments\/caracterisation-des-microstructures-et-des-surfaces-cms\/#breadcrumb"},"inLanguage":"fr-FR","potentialAction":[{"@type":"ReadAction","target":["https:\/\/www.mines-stetienne.fr\/lgf\/plateaux\/plateaux-dinstruments\/caracterisation-des-microstructures-et-des-surfaces-cms\/"]}]},{"@type":"BreadcrumbList","@id":"https:\/\/www.mines-stetienne.fr\/lgf\/plateaux\/plateaux-dinstruments\/caracterisation-des-microstructures-et-des-surfaces-cms\/#breadcrumb","itemListElement":[{"@type":"ListItem","position":1,"name":"Plateaux","item":"https:\/\/www.mines-stetienne.fr\/lgf\/plateaux\/"},{"@type":"ListItem","position":2,"name":"Plateaux d\u2019instruments","item":"https:\/\/www.mines-stetienne.fr\/lgf\/plateaux\/plateaux-dinstruments\/"},{"@type":"ListItem","position":3,"name":"Caract\u00e9risation des Microstructures et des Surfaces (CMS)"}]},{"@type":"WebSite","@id":"https:\/\/www.mines-stetienne.fr\/lgf\/#website","url":"https:\/\/www.mines-stetienne.fr\/lgf\/","name":"Laboratoire Georges Friedel","description":"","publisher":{"@id":"https:\/\/www.mines-stetienne.fr\/lgf\/#organization"},"potentialAction":[{"@type":"SearchAction","target":{"@type":"EntryPoint","urlTemplate":"https:\/\/www.mines-stetienne.fr\/lgf\/?s={search_term_string}"},"query-input":{"@type":"PropertyValueSpecification","valueRequired":true,"valueName":"search_term_string"}}],"inLanguage":"fr-FR"},{"@type":"Organization","@id":"https:\/\/www.mines-stetienne.fr\/lgf\/#organization","name":"Laboratoire Georges Friedel","url":"https:\/\/www.mines-stetienne.fr\/lgf\/","logo":{"@type":"ImageObject","inLanguage":"fr-FR","@id":"https:\/\/www.mines-stetienne.fr\/lgf\/#\/schema\/logo\/image\/","url":"https:\/\/www.mines-stetienne.fr\/lgf\/wp-content\/uploads\/sites\/6\/2024\/07\/EMSE_LGF_CNRS_logo.png","contentUrl":"https:\/\/www.mines-stetienne.fr\/lgf\/wp-content\/uploads\/sites\/6\/2024\/07\/EMSE_LGF_CNRS_logo.png","width":1930,"height":440,"caption":"Laboratoire Georges Friedel"},"image":{"@id":"https:\/\/www.mines-stetienne.fr\/lgf\/#\/schema\/logo\/image\/"}}]}},"_links":{"self":[{"href":"https:\/\/www.mines-stetienne.fr\/lgf\/wp-json\/wp\/v2\/pages\/4845","targetHints":{"allow":["GET"]}}],"collection":[{"href":"https:\/\/www.mines-stetienne.fr\/lgf\/wp-json\/wp\/v2\/pages"}],"about":[{"href":"https:\/\/www.mines-stetienne.fr\/lgf\/wp-json\/wp\/v2\/types\/page"}],"author":[{"embeddable":true,"href":"https:\/\/www.mines-stetienne.fr\/lgf\/wp-json\/wp\/v2\/users\/2"}],"replies":[{"embeddable":true,"href":"https:\/\/www.mines-stetienne.fr\/lgf\/wp-json\/wp\/v2\/comments?post=4845"}],"version-history":[{"count":0,"href":"https:\/\/www.mines-stetienne.fr\/lgf\/wp-json\/wp\/v2\/pages\/4845\/revisions"}],"up":[{"embeddable":true,"href":"https:\/\/www.mines-stetienne.fr\/lgf\/wp-json\/wp\/v2\/pages\/5739"}],"wp:attachment":[{"href":"https:\/\/www.mines-stetienne.fr\/lgf\/wp-json\/wp\/v2\/media?parent=4845"}],"wp:term":[{"taxonomy":"post_tag","embeddable":true,"href":"https:\/\/www.mines-stetienne.fr\/lgf\/wp-json\/wp\/v2\/tags?post=4845"}],"curies":[{"name":"wp","href":"https:\/\/api.w.org\/{rel}","templated":true}]}}