{"id":409,"date":"2023-01-10T16:29:27","date_gmt":"2023-01-10T15:29:27","guid":{"rendered":"https:\/\/www.mines-stetienne.fr\/fayol\/?page_id=409"},"modified":"2023-01-10T16:29:28","modified_gmt":"2023-01-10T15:29:28","slug":"these-preparee-par-lyes-mazari","status":"publish","type":"page","link":"https:\/\/www.mines-stetienne.fr\/fayol\/theses\/these-preparee-par-lyes-mazari\/","title":{"rendered":"Th\u00e8se pr\u00e9par\u00e9e par Lyes MAZARI"},"content":{"rendered":"<p style=\"text-align: center\"><a href=\"https:\/\/www.mines-stetienne.fr\/fayol\/recherche\/management-responsable-et-innovation\/\">| D\u00e9partement Management responsable et innovation |<\/a><a href=\"https:\/\/www.mines-stetienne.fr\/recherche\/departements\/departement-management-responsable-et-innovation\/projets\/\"><br \/>\n<\/a><a href=\"https:\/\/www.mines-stetienne.fr\/fayol\/recherche\/management-responsable-et-innovation\/projets\/\">| Projets<\/a> | <em><a href=\"https:\/\/www.mines-stetienne.fr\/fayol\/recherche\/management-responsable-et-innovation\/equipe\/\">\u00c9quipe<\/a><\/em> | <a href=\"https:\/\/www.mines-stetienne.fr\/fayol\/recherche\/management-responsable-et-innovation\/publication\/\">Publications<\/a> | <a href=\"https:\/\/www.mines-stetienne.fr\/fayol\/recherche\/management-responsable-et-innovation\/partenaires\/\">Partenaires |<\/a><\/p>\n<p><strong>Titre :<\/strong> <span id=\"messageContent\">Effets de la RSE sur le management de la reprise des PME\u00a0: Une analyse par la l\u00e9gitimit\u00e9 du repreneur externe vis-\u00e0-vis de ses salari\u00e9s<\/span>.<\/p>\n<p><strong>R\u00e9sum\u00e9 :<\/strong><\/p>\n<p class=\"entry-content\">Cette th\u00e8se combine par son objet d\u2019\u00e9tude deux d\u00e9fis importants auxquels sont confront\u00e9es les PME fran\u00e7aises : la RSE et la reprise d\u2019entreprise. Elle propose d\u2019explorer les impacts de la d\u00e9marche RSE initi\u00e9e par un repreneur externe sur sa l\u00e9gitimit\u00e9 aupr\u00e8s des salari\u00e9s. Dans la premi\u00e8re partie de cette th\u00e8se, apr\u00e8s une revue de litt\u00e9rature sur les concepts de la l\u00e9gitimit\u00e9 et de la RSE en contexte des PME, nous mettons en \u00e9vidence une convergence entre les implications manag\u00e9riales de la RSE et les d\u00e9terminants de la l\u00e9gitimit\u00e9. La deuxi\u00e8me partie s\u2019attache \u00e0 \u00e9tudier empiriquement cette relation. Sur le plan m\u00e9thodologique, cette recherche s\u2019inscrit dans une approche exploratoire, combinant une \u00e9tude de cas multiples (9 cas analys\u00e9s, 46 entretiens) et une enqu\u00eate par questionnaire aupr\u00e8s d\u2019un \u00e9chantillon de 80 repreneurs.<br \/>\nLes r\u00e9sultats permettent d\u2019abord d\u2019apporter un \u00e9clairage sur les moyens \u00e0 disposition d\u2019un repreneur pour construire sa l\u00e9gitimit\u00e9 aupr\u00e8s de ses salari\u00e9s. Ensuite de montrer un impact positif de la RSE sur les trois d\u00e9terminants de la l\u00e9gitimit\u00e9 d\u2019un repreneur : a) instrumental, en permettant au repreneur de d\u00e9velopper son entreprise et de satisfaire les int\u00e9r\u00eats \u00e9conomiques des salari\u00e9s ; b) relationnel, en orientant ses pratiques RH vers plus de justice et d\u2019\u00e9quit\u00e9 ; c) moral, en lui offrant l&rsquo;occasion de construire un projet de reprise autour d\u2019un ensemble de valeurs \u00e9thiques et morales appr\u00e9ci\u00e9es et partag\u00e9es par les salari\u00e9s. Enfin, cette recherche identifie les diff\u00e9rents m\u00e9canismes psychologiques par lesquels la RSE participe \u00e0 la l\u00e9gitimit\u00e9 d\u2019un repreneur, ainsi que leurs facteurs d\u2019influence.<\/p>\n<p><strong>Financeur : <\/strong>R\u00e9gion AuRA &#8211; ARC 8<strong><br \/>\n<\/strong><\/p>\n<p><strong>Soutenance :\u00a0<\/strong> 30 novembre 2018<\/p>\n<p><strong> Mots cl\u00e9s :\u00a0<\/strong> <span lang=\"EN-US\">RSE, PME, l\u00e9gitimit\u00e9, reprise d\u2019entreprise par une personne physique externe.<\/span><\/p>\n<p><strong>Directeurs de th\u00e8se : <\/strong>Pr. Sandrine BERGER-DOUCE<\/p>\n<p><strong>Jury\u00a0:<\/strong><\/p>\n<p>Mme Berger-Douce Sandrine, Professeure de l\u2019Institut Mines Telecom, Mines de Saint-Etienne\/ Co-directrice de th\u00e8se<br \/>\nM. Courrent Jean-Marie, Professeur des Universit\u00e9s, Universit\u00e9 Montpellier\/ Rapporteur<br \/>\nMme Deschamps B\u00e9rang\u00e8re, Professeure des Universit\u00e9s, Universit\u00e9 Grenoble Alpes\/ Co-directrice de th\u00e8se<br \/>\nMme Th\u00e9venard-Puthod Catherine, Professeure des Universit\u00e9s, Universit\u00e9 Savoie-Mont Blanc\/ Rapporteur<br \/>\nMme S\u00e9ville Martine, Professeur des Universit\u00e9s, Universit\u00e9 Lyon 2\/ Suffragant<br \/>\nM. Pascal Tardy, G\u00e9rant des soci\u00e9t\u00e9s TYCA Investissements et de SICAM \/ Suffragant<\/p>\n<p><strong>\u00a0<a href=\"https:\/\/tel.archives-ouvertes.fr\/tel-02087431\">T\u00e9l\u00e9charger la th\u00e8se<\/a><br \/>\n<\/strong><\/p>\n<p style=\"text-align: center\"><a href=\"https:\/\/www.mines-stetienne.fr\/fayol\/recherche\/management-responsable-et-innovation\/\">| D\u00e9partement Management responsable et innovation |<\/a><a href=\"https:\/\/www.mines-stetienne.fr\/recherche\/departements\/departement-management-responsable-et-innovation\/projets\/\"><br \/>\n<\/a><a href=\"https:\/\/www.mines-stetienne.fr\/fayol\/recherche\/management-responsable-et-innovation\/projets\/\">| Projets<\/a> | <em><a href=\"https:\/\/www.mines-stetienne.fr\/fayol\/recherche\/management-responsable-et-innovation\/equipe\/\">\u00c9quipe<\/a><\/em> | <a href=\"https:\/\/www.mines-stetienne.fr\/fayol\/recherche\/management-responsable-et-innovation\/publication\/\">Publications<\/a> | <a href=\"https:\/\/www.mines-stetienne.fr\/fayol\/recherche\/management-responsable-et-innovation\/partenaires\/\">Partenaires |<\/a><\/p>\n","protected":false},"excerpt":{"rendered":"<p>| D\u00e9partement Management responsable et innovation | | Projets | \u00c9quipe | Publications | Partenaires | Titre : Effets de la RSE sur le management de la reprise des PME\u00a0: Une analyse par la l\u00e9gitimit\u00e9 du repreneur externe vis-\u00e0-vis de &hellip;<\/p>\n","protected":false},"author":1536,"featured_media":0,"parent":286,"menu_order":0,"comment_status":"closed","ping_status":"closed","template":"","meta":{"footnotes":""},"tags":[],"class_list":["post-409","page","type-page","status-publish","hentry"],"pp_statuses_selecting_workflow":false,"pp_workflow_action":"current","pp_status_selection":"publish","pp_force_visibility":null,"pp_subpost_visibility":null,"pp_inherited_force_visibility":null,"pp_inherited_subpost_visibility":null,"yoast_head":"<!-- This site is optimized with the Yoast SEO plugin v27.5 - https:\/\/yoast.com\/product\/yoast-seo-wordpress\/ -->\n<title>Th\u00e8se pr\u00e9par\u00e9e par Lyes MAZARI - Institut Henri Fayol<\/title>\n<meta name=\"robots\" content=\"index, follow, max-snippet:-1, max-image-preview:large, max-video-preview:-1\" \/>\n<link rel=\"canonical\" href=\"https:\/\/www.mines-stetienne.fr\/fayol\/theses\/these-preparee-par-lyes-mazari\/\" \/>\n<meta property=\"og:locale\" content=\"fr_FR\" \/>\n<meta property=\"og:type\" content=\"article\" \/>\n<meta property=\"og:title\" content=\"Th\u00e8se pr\u00e9par\u00e9e par Lyes MAZARI - Institut Henri Fayol\" \/>\n<meta property=\"og:description\" content=\"| D\u00e9partement Management responsable et innovation | | Projets | \u00c9quipe | Publications | Partenaires | Titre : Effets de la RSE sur le management de la reprise des PME\u00a0: Une analyse par la l\u00e9gitimit\u00e9 du repreneur externe vis-\u00e0-vis de &hellip;\" \/>\n<meta property=\"og:url\" content=\"https:\/\/www.mines-stetienne.fr\/fayol\/theses\/these-preparee-par-lyes-mazari\/\" \/>\n<meta property=\"og:site_name\" content=\"Institut Henri Fayol\" \/>\n<meta property=\"article:publisher\" content=\"https:\/\/www.facebook.com\/MinesSaintEtienne\" \/>\n<meta property=\"article:modified_time\" content=\"2023-01-10T15:29:28+00:00\" \/>\n<meta name=\"twitter:card\" content=\"summary_large_image\" \/>\n<meta name=\"twitter:site\" content=\"@MINES_StEtienne\" \/>\n<meta name=\"twitter:label1\" content=\"Dur\u00e9e de lecture estim\u00e9e\" \/>\n\t<meta name=\"twitter:data1\" content=\"3 minutes\" \/>\n<script type=\"application\/ld+json\" class=\"yoast-schema-graph\">{\"@context\":\"https:\\\/\\\/schema.org\",\"@graph\":[{\"@type\":\"WebPage\",\"@id\":\"https:\\\/\\\/www.mines-stetienne.fr\\\/fayol\\\/theses\\\/these-preparee-par-lyes-mazari\\\/\",\"url\":\"https:\\\/\\\/www.mines-stetienne.fr\\\/fayol\\\/theses\\\/these-preparee-par-lyes-mazari\\\/\",\"name\":\"Th\u00e8se pr\u00e9par\u00e9e par Lyes MAZARI - Institut Henri Fayol\",\"isPartOf\":{\"@id\":\"https:\\\/\\\/www.mines-stetienne.fr\\\/fayol\\\/#website\"},\"datePublished\":\"2023-01-10T15:29:27+00:00\",\"dateModified\":\"2023-01-10T15:29:28+00:00\",\"breadcrumb\":{\"@id\":\"https:\\\/\\\/www.mines-stetienne.fr\\\/fayol\\\/theses\\\/these-preparee-par-lyes-mazari\\\/#breadcrumb\"},\"inLanguage\":\"fr-FR\",\"potentialAction\":[{\"@type\":\"ReadAction\",\"target\":[\"https:\\\/\\\/www.mines-stetienne.fr\\\/fayol\\\/theses\\\/these-preparee-par-lyes-mazari\\\/\"]}]},{\"@type\":\"BreadcrumbList\",\"@id\":\"https:\\\/\\\/www.mines-stetienne.fr\\\/fayol\\\/theses\\\/these-preparee-par-lyes-mazari\\\/#breadcrumb\",\"itemListElement\":[{\"@type\":\"ListItem\",\"position\":1,\"name\":\"Accueil\",\"item\":\"https:\\\/\\\/www.mines-stetienne.fr\\\/fayol\\\/\"},{\"@type\":\"ListItem\",\"position\":2,\"name\":\"Recherche\",\"item\":\"https:\\\/\\\/www.mines-stetienne.fr\\\/fayol\\\/theses\\\/\"},{\"@type\":\"ListItem\",\"position\":3,\"name\":\"Th\u00e8se pr\u00e9par\u00e9e par Lyes MAZARI\"}]},{\"@type\":\"WebSite\",\"@id\":\"https:\\\/\\\/www.mines-stetienne.fr\\\/fayol\\\/#website\",\"url\":\"https:\\\/\\\/www.mines-stetienne.fr\\\/fayol\\\/\",\"name\":\"Institut Henri Fayol\",\"description\":\"\",\"publisher\":{\"@id\":\"https:\\\/\\\/www.mines-stetienne.fr\\\/fayol\\\/#organization\"},\"potentialAction\":[{\"@type\":\"SearchAction\",\"target\":{\"@type\":\"EntryPoint\",\"urlTemplate\":\"https:\\\/\\\/www.mines-stetienne.fr\\\/fayol\\\/?s={search_term_string}\"},\"query-input\":{\"@type\":\"PropertyValueSpecification\",\"valueRequired\":true,\"valueName\":\"search_term_string\"}}],\"inLanguage\":\"fr-FR\"},{\"@type\":\"Organization\",\"@id\":\"https:\\\/\\\/www.mines-stetienne.fr\\\/fayol\\\/#organization\",\"name\":\"Institut Henri Fayol\",\"url\":\"https:\\\/\\\/www.mines-stetienne.fr\\\/fayol\\\/\",\"logo\":{\"@type\":\"ImageObject\",\"inLanguage\":\"fr-FR\",\"@id\":\"https:\\\/\\\/www.mines-stetienne.fr\\\/fayol\\\/#\\\/schema\\\/logo\\\/image\\\/\",\"url\":\"https:\\\/\\\/www.mines-stetienne.fr\\\/fayol\\\/wp-content\\\/uploads\\\/sites\\\/18\\\/2022\\\/09\\\/Mines_Saint_Etienne_IMT_RVB.png\",\"contentUrl\":\"https:\\\/\\\/www.mines-stetienne.fr\\\/fayol\\\/wp-content\\\/uploads\\\/sites\\\/18\\\/2022\\\/09\\\/Mines_Saint_Etienne_IMT_RVB.png\",\"width\":316,\"height\":315,\"caption\":\"Institut Henri Fayol\"},\"image\":{\"@id\":\"https:\\\/\\\/www.mines-stetienne.fr\\\/fayol\\\/#\\\/schema\\\/logo\\\/image\\\/\"},\"sameAs\":[\"https:\\\/\\\/www.facebook.com\\\/MinesSaintEtienne\",\"https:\\\/\\\/x.com\\\/MINES_StEtienne\",\"https:\\\/\\\/www.youtube.com\\\/channel\\\/UCVSdpdmJccvUngjJ2on1n3A\"]}]}<\/script>\n<!-- \/ Yoast SEO plugin. -->","yoast_head_json":{"title":"Th\u00e8se pr\u00e9par\u00e9e par Lyes MAZARI - Institut Henri Fayol","robots":{"index":"index","follow":"follow","max-snippet":"max-snippet:-1","max-image-preview":"max-image-preview:large","max-video-preview":"max-video-preview:-1"},"canonical":"https:\/\/www.mines-stetienne.fr\/fayol\/theses\/these-preparee-par-lyes-mazari\/","og_locale":"fr_FR","og_type":"article","og_title":"Th\u00e8se pr\u00e9par\u00e9e par Lyes MAZARI - Institut Henri Fayol","og_description":"| D\u00e9partement Management responsable et innovation | | Projets | \u00c9quipe | Publications | Partenaires | Titre : Effets de la RSE sur le management de la reprise des PME\u00a0: Une analyse par la l\u00e9gitimit\u00e9 du repreneur externe vis-\u00e0-vis de &hellip;","og_url":"https:\/\/www.mines-stetienne.fr\/fayol\/theses\/these-preparee-par-lyes-mazari\/","og_site_name":"Institut Henri Fayol","article_publisher":"https:\/\/www.facebook.com\/MinesSaintEtienne","article_modified_time":"2023-01-10T15:29:28+00:00","twitter_card":"summary_large_image","twitter_site":"@MINES_StEtienne","twitter_misc":{"Dur\u00e9e de lecture estim\u00e9e":"3 minutes"},"schema":{"@context":"https:\/\/schema.org","@graph":[{"@type":"WebPage","@id":"https:\/\/www.mines-stetienne.fr\/fayol\/theses\/these-preparee-par-lyes-mazari\/","url":"https:\/\/www.mines-stetienne.fr\/fayol\/theses\/these-preparee-par-lyes-mazari\/","name":"Th\u00e8se pr\u00e9par\u00e9e par Lyes MAZARI - Institut Henri Fayol","isPartOf":{"@id":"https:\/\/www.mines-stetienne.fr\/fayol\/#website"},"datePublished":"2023-01-10T15:29:27+00:00","dateModified":"2023-01-10T15:29:28+00:00","breadcrumb":{"@id":"https:\/\/www.mines-stetienne.fr\/fayol\/theses\/these-preparee-par-lyes-mazari\/#breadcrumb"},"inLanguage":"fr-FR","potentialAction":[{"@type":"ReadAction","target":["https:\/\/www.mines-stetienne.fr\/fayol\/theses\/these-preparee-par-lyes-mazari\/"]}]},{"@type":"BreadcrumbList","@id":"https:\/\/www.mines-stetienne.fr\/fayol\/theses\/these-preparee-par-lyes-mazari\/#breadcrumb","itemListElement":[{"@type":"ListItem","position":1,"name":"Accueil","item":"https:\/\/www.mines-stetienne.fr\/fayol\/"},{"@type":"ListItem","position":2,"name":"Recherche","item":"https:\/\/www.mines-stetienne.fr\/fayol\/theses\/"},{"@type":"ListItem","position":3,"name":"Th\u00e8se pr\u00e9par\u00e9e par Lyes MAZARI"}]},{"@type":"WebSite","@id":"https:\/\/www.mines-stetienne.fr\/fayol\/#website","url":"https:\/\/www.mines-stetienne.fr\/fayol\/","name":"Institut Henri Fayol","description":"","publisher":{"@id":"https:\/\/www.mines-stetienne.fr\/fayol\/#organization"},"potentialAction":[{"@type":"SearchAction","target":{"@type":"EntryPoint","urlTemplate":"https:\/\/www.mines-stetienne.fr\/fayol\/?s={search_term_string}"},"query-input":{"@type":"PropertyValueSpecification","valueRequired":true,"valueName":"search_term_string"}}],"inLanguage":"fr-FR"},{"@type":"Organization","@id":"https:\/\/www.mines-stetienne.fr\/fayol\/#organization","name":"Institut Henri Fayol","url":"https:\/\/www.mines-stetienne.fr\/fayol\/","logo":{"@type":"ImageObject","inLanguage":"fr-FR","@id":"https:\/\/www.mines-stetienne.fr\/fayol\/#\/schema\/logo\/image\/","url":"https:\/\/www.mines-stetienne.fr\/fayol\/wp-content\/uploads\/sites\/18\/2022\/09\/Mines_Saint_Etienne_IMT_RVB.png","contentUrl":"https:\/\/www.mines-stetienne.fr\/fayol\/wp-content\/uploads\/sites\/18\/2022\/09\/Mines_Saint_Etienne_IMT_RVB.png","width":316,"height":315,"caption":"Institut Henri Fayol"},"image":{"@id":"https:\/\/www.mines-stetienne.fr\/fayol\/#\/schema\/logo\/image\/"},"sameAs":["https:\/\/www.facebook.com\/MinesSaintEtienne","https:\/\/x.com\/MINES_StEtienne","https:\/\/www.youtube.com\/channel\/UCVSdpdmJccvUngjJ2on1n3A"]}]}},"_links":{"self":[{"href":"https:\/\/www.mines-stetienne.fr\/fayol\/wp-json\/wp\/v2\/pages\/409","targetHints":{"allow":["GET"]}}],"collection":[{"href":"https:\/\/www.mines-stetienne.fr\/fayol\/wp-json\/wp\/v2\/pages"}],"about":[{"href":"https:\/\/www.mines-stetienne.fr\/fayol\/wp-json\/wp\/v2\/types\/page"}],"author":[{"embeddable":true,"href":"https:\/\/www.mines-stetienne.fr\/fayol\/wp-json\/wp\/v2\/users\/1536"}],"replies":[{"embeddable":true,"href":"https:\/\/www.mines-stetienne.fr\/fayol\/wp-json\/wp\/v2\/comments?post=409"}],"version-history":[{"count":1,"href":"https:\/\/www.mines-stetienne.fr\/fayol\/wp-json\/wp\/v2\/pages\/409\/revisions"}],"predecessor-version":[{"id":410,"href":"https:\/\/www.mines-stetienne.fr\/fayol\/wp-json\/wp\/v2\/pages\/409\/revisions\/410"}],"up":[{"embeddable":true,"href":"https:\/\/www.mines-stetienne.fr\/fayol\/wp-json\/wp\/v2\/pages\/286"}],"wp:attachment":[{"href":"https:\/\/www.mines-stetienne.fr\/fayol\/wp-json\/wp\/v2\/media?parent=409"}],"wp:term":[{"taxonomy":"post_tag","embeddable":true,"href":"https:\/\/www.mines-stetienne.fr\/fayol\/wp-json\/wp\/v2\/tags?post=409"}],"curies":[{"name":"wp","href":"https:\/\/api.w.org\/{rel}","templated":true}]}}