{"id":403,"date":"2022-12-14T17:25:40","date_gmt":"2022-12-14T16:25:40","guid":{"rendered":"https:\/\/www.mines-stetienne.fr\/fayol\/?page_id=403"},"modified":"2022-12-14T17:26:31","modified_gmt":"2022-12-14T16:26:31","slug":"these-preparee-par-jalila-elbousserghini","status":"publish","type":"page","link":"https:\/\/www.mines-stetienne.fr\/fayol\/theses\/these-preparee-par-jalila-elbousserghini\/","title":{"rendered":"Th\u00e8se pr\u00e9par\u00e9e par Jalila ELBOUSSERGHINI"},"content":{"rendered":"\n<p class=\"has-text-align-center\"><a href=\"https:\/\/www.mines-stetienne.fr\/recherche\/departements\/departement-genie-de-l-environnement-et-des-organisations\/partenaires\/\">\u00a0<\/a><a href=\"https:\/\/www.mines-stetienne.fr\/fayol\/recherche\/management-responsable-et-innovation\/\">| D\u00e9partement Management responsable et innovation |<\/a><a href=\"https:\/\/www.mines-stetienne.fr\/recherche\/departements\/departement-management-responsable-et-innovation\/projets\/\"><br><\/a><a href=\"https:\/\/www.mines-stetienne.fr\/fayol\/recherche\/management-responsable-et-innovation\/projets\/\">| Projets<\/a><a href=\"https:\/\/www.mines-stetienne.fr\/recherche\/departements\/departement-genie-de-l-environnement-et-des-organisations\/partenaires\/\">\u00a0|\u00a0<\/a><em><a href=\"https:\/\/www.mines-stetienne.fr\/fayol\/recherche\/management-responsable-et-innovation\/equipe\/\">\u00c9quipe<\/a><\/em>\u00a0|\u00a0<a href=\"https:\/\/www.mines-stetienne.fr\/fayol\/recherche\/management-responsable-et-innovation\/publication\/\">Publications<\/a><a href=\"https:\/\/www.mines-stetienne.fr\/recherche\/departements\/departement-genie-de-l-environnement-et-des-organisations\/partenaires\/\">\u00a0|\u00a0<\/a><a href=\"https:\/\/www.mines-stetienne.fr\/fayol\/recherche\/management-responsable-et-innovation\/partenaires\/\">Partenaires |<\/a><\/p>\n\n\n\n<p><strong>Titre :<\/strong> L\u2019int\u00e9gration de la RSE dans la vision strat\u00e9gique des dirigeants. Cas des PME marocaines labellis\u00e9es<\/p>\n\n\n\n<p><strong>R\u00e9sum\u00e9 :<\/strong><\/p>\n\n\n\n<p>Les PME incarnent des mod\u00e8les de gestion distincts et d\u00e9ploient des modes d\u2019actions qui leur sont propres (Jenkins, 2004 ; Torr\u00e8s, 2007). Pour cerner leur capacit\u00e9 \u00e0 int\u00e9grer un concept aussi complexe que le DD, il s\u2019agit d\u2019articuler les principes de RSE qui \u00e9taient propres aux grandes entreprises, avec les sp\u00e9cificit\u00e9s de gestion des PME.<\/p>\n\n\n\n<p>Toute recherche dans le champ de PME n\u00e9cessite d\u2019appr\u00e9hender les sp\u00e9cificit\u00e9s de ce type d\u2019entreprise, et plus sp\u00e9cifiquement de son acteur principal qui est le dirigeant, souvent propri\u00e9taire. Afin de cerner la RSE en PME, il faut l\u2019\u00e9tudier sous l\u2019angle de l\u2019organisation et de son dirigeant, et plus sp\u00e9cifiquement la vision strat\u00e9gique de celui-ci car elle illustre la posture de l\u2019entreprise en mati\u00e8re de RSE. Une vision qui int\u00e8gre les principes de durabilit\u00e9 permet en effet une int\u00e9gration strat\u00e9gique de la RSE. L\u2019objectif de travail doctoral est d\u2019explorer la vision strat\u00e9gique de dirigeants de PME labellis\u00e9es RSE et les principes de durabilit\u00e9 associ\u00e9s dans le contexte marocain.<\/p>\n\n\n\n<p>Les r\u00e9alit\u00e9s locales sont \u00e0 prendre en consid\u00e9ration en \u00e9tudiant la RSE des PME (Jenkins 2004, 2009&nbsp;; Labelle et St-Pierre, 2015&nbsp;; Vives, 2006). La litt\u00e9rature a montr\u00e9 un int\u00e9r\u00eat croissant pour des contextes peu \u00e9tudi\u00e9s notamment des pays du Sud, o\u00f9 les r\u00e9alit\u00e9s relatives \u00e0 la RSE, aux PME sont particuli\u00e8res (Ben Boubaker Gherib et al., 2009&nbsp;; Biwol\u00e9, 2014&nbsp;; Frimousse, 2013&nbsp;; Hattabou et Louitri, 2011&nbsp;; Labaronne et Gana-Oueslati, 2011&nbsp;; M\u2019Hamdi et Trid, 2009&nbsp;; Spence et al., 2011&nbsp;; Turki, 2014). Le contexte marocain est particulier et rev\u00eat d\u2019importantes particularit\u00e9s sociales, culturelles, politiques et \u00e9conomiques. Ce travail approfondit l\u2019\u00e9tude de la RSE des PME marocaines en adoptant une d\u00e9marche de \u00ab&nbsp;contextualisation&nbsp;\u00bb (Louitri &amp; Sahraoui, 2014) pour bien mettre en \u00e9vidence les sp\u00e9cificit\u00e9s du contexte, qui nous permettent avec un cadre th\u00e9orique appropri\u00e9, d\u2019analyser les r\u00e9sultats d\u2019une \u00e9tude qualitative exploratoire men\u00e9 aupr\u00e8s de quatre PME marocaines labellis\u00e9es RSE.<\/p>\n\n\n\n<p><strong>Financeur : <\/strong>Au Maroc, bourse du minist\u00e8re pendant les 3 premi\u00e8res ann\u00e9es. En France&nbsp;: F\u00e9vrier \u2013 Juillet 2015, bourse de mobilit\u00e9 internationale PALSE (Programme Avenir Lyon Saint-Etienne). Avril \u2013 Septembre 2016, financement personnel<\/p>\n\n\n\n<p><strong>Soutenance pr\u00e9vue :&nbsp;<\/strong> 26 juin 2018<\/p>\n\n\n\n<p><strong>Mots cl\u00e9s :&nbsp;<\/strong> RSE \u2013 PME \u2013 Vision strat\u00e9gique \u2013 Dirigeant \u2013 Contexte marocain<\/p>\n\n\n\n<p><strong>Directeurs de th\u00e8se : <\/strong>Pr. Youssef JAMAL (Maroc), Pr. Sandrine BERGER-DOUCE (France)<\/p>\n\n\n\n<p><strong>Cotutelle :<\/strong> Universit\u00e9 Hassan II de Casablanca\/ Facult\u00e9 des Sciences Juridiques Economiques et Sociales de Mohammedia, Maroc<\/p>\n\n\n\n<p><a href=\"https:\/\/tel.archives-ouvertes.fr\/tel-02174836\" target=\"_blank\" rel=\"noreferrer noopener\">T\u00e9l\u00e9charger la th\u00e8se<\/a><\/p>\n\n\n\n<p class=\"has-text-align-center\"><a href=\"https:\/\/www.mines-stetienne.fr\/recherche\/departements\/departement-genie-de-l-environnement-et-des-organisations\/partenaires\/\">\u00a0<\/a><a href=\"https:\/\/www.mines-stetienne.fr\/fayol\/recherche\/management-responsable-et-innovation\/\">| D\u00e9partement Management responsable et innovation |<\/a><a href=\"https:\/\/www.mines-stetienne.fr\/recherche\/departements\/departement-management-responsable-et-innovation\/projets\/\"><br><\/a><a href=\"https:\/\/www.mines-stetienne.fr\/fayol\/recherche\/management-responsable-et-innovation\/projets\/\">| Projets<\/a><a href=\"https:\/\/www.mines-stetienne.fr\/recherche\/departements\/departement-genie-de-l-environnement-et-des-organisations\/partenaires\/\">\u00a0|\u00a0<\/a><em><a href=\"https:\/\/www.mines-stetienne.fr\/fayol\/recherche\/management-responsable-et-innovation\/equipe\/\">\u00c9quipe<\/a><\/em>\u00a0|\u00a0<a href=\"https:\/\/www.mines-stetienne.fr\/fayol\/recherche\/management-responsable-et-innovation\/publication\/\">Publications<\/a><a href=\"https:\/\/www.mines-stetienne.fr\/recherche\/departements\/departement-genie-de-l-environnement-et-des-organisations\/partenaires\/\">\u00a0|\u00a0<\/a><a href=\"https:\/\/www.mines-stetienne.fr\/fayol\/recherche\/management-responsable-et-innovation\/partenaires\/\">Partenaires |<\/a><\/p>\n","protected":false},"excerpt":{"rendered":"<p>\u00a0| D\u00e9partement Management responsable et innovation || Projets\u00a0|\u00a0\u00c9quipe\u00a0|\u00a0Publications\u00a0|\u00a0Partenaires | Titre : L\u2019int\u00e9gration de la RSE dans la vision strat\u00e9gique des dirigeants. Cas des PME marocaines labellis\u00e9es R\u00e9sum\u00e9 : Les PME incarnent des mod\u00e8les de gestion distincts et d\u00e9ploient des modes &hellip;<\/p>\n","protected":false},"author":1536,"featured_media":0,"parent":286,"menu_order":0,"comment_status":"closed","ping_status":"closed","template":"","meta":{"footnotes":""},"tags":[],"class_list":["post-403","page","type-page","status-publish","hentry"],"pp_statuses_selecting_workflow":false,"pp_workflow_action":"current","pp_status_selection":"publish","pp_force_visibility":null,"pp_subpost_visibility":null,"pp_inherited_force_visibility":null,"pp_inherited_subpost_visibility":null,"yoast_head":"<!-- This site is optimized with the Yoast SEO plugin v27.5 - https:\/\/yoast.com\/product\/yoast-seo-wordpress\/ -->\n<title>Th\u00e8se pr\u00e9par\u00e9e par Jalila ELBOUSSERGHINI - Institut Henri Fayol<\/title>\n<meta name=\"robots\" content=\"index, follow, max-snippet:-1, max-image-preview:large, max-video-preview:-1\" \/>\n<link rel=\"canonical\" href=\"https:\/\/www.mines-stetienne.fr\/fayol\/theses\/these-preparee-par-jalila-elbousserghini\/\" \/>\n<meta property=\"og:locale\" content=\"fr_FR\" \/>\n<meta property=\"og:type\" content=\"article\" \/>\n<meta property=\"og:title\" content=\"Th\u00e8se pr\u00e9par\u00e9e par Jalila ELBOUSSERGHINI - Institut Henri Fayol\" \/>\n<meta property=\"og:description\" content=\"\u00a0| D\u00e9partement Management responsable et innovation || Projets\u00a0|\u00a0\u00c9quipe\u00a0|\u00a0Publications\u00a0|\u00a0Partenaires | Titre : L\u2019int\u00e9gration de la RSE dans la vision strat\u00e9gique des dirigeants. Cas des PME marocaines labellis\u00e9es R\u00e9sum\u00e9 : Les PME incarnent des mod\u00e8les de gestion distincts et d\u00e9ploient des modes &hellip;\" \/>\n<meta property=\"og:url\" content=\"https:\/\/www.mines-stetienne.fr\/fayol\/theses\/these-preparee-par-jalila-elbousserghini\/\" \/>\n<meta property=\"og:site_name\" content=\"Institut Henri Fayol\" \/>\n<meta property=\"article:publisher\" content=\"https:\/\/www.facebook.com\/MinesSaintEtienne\" \/>\n<meta property=\"article:modified_time\" content=\"2022-12-14T16:26:31+00:00\" \/>\n<meta name=\"twitter:card\" content=\"summary_large_image\" \/>\n<meta name=\"twitter:site\" content=\"@MINES_StEtienne\" \/>\n<meta name=\"twitter:label1\" content=\"Dur\u00e9e de lecture estim\u00e9e\" \/>\n\t<meta name=\"twitter:data1\" content=\"3 minutes\" \/>\n<script type=\"application\/ld+json\" class=\"yoast-schema-graph\">{\"@context\":\"https:\\\/\\\/schema.org\",\"@graph\":[{\"@type\":\"WebPage\",\"@id\":\"https:\\\/\\\/www.mines-stetienne.fr\\\/fayol\\\/theses\\\/these-preparee-par-jalila-elbousserghini\\\/\",\"url\":\"https:\\\/\\\/www.mines-stetienne.fr\\\/fayol\\\/theses\\\/these-preparee-par-jalila-elbousserghini\\\/\",\"name\":\"Th\u00e8se pr\u00e9par\u00e9e par Jalila ELBOUSSERGHINI - Institut Henri Fayol\",\"isPartOf\":{\"@id\":\"https:\\\/\\\/www.mines-stetienne.fr\\\/fayol\\\/#website\"},\"datePublished\":\"2022-12-14T16:25:40+00:00\",\"dateModified\":\"2022-12-14T16:26:31+00:00\",\"breadcrumb\":{\"@id\":\"https:\\\/\\\/www.mines-stetienne.fr\\\/fayol\\\/theses\\\/these-preparee-par-jalila-elbousserghini\\\/#breadcrumb\"},\"inLanguage\":\"fr-FR\",\"potentialAction\":[{\"@type\":\"ReadAction\",\"target\":[\"https:\\\/\\\/www.mines-stetienne.fr\\\/fayol\\\/theses\\\/these-preparee-par-jalila-elbousserghini\\\/\"]}]},{\"@type\":\"BreadcrumbList\",\"@id\":\"https:\\\/\\\/www.mines-stetienne.fr\\\/fayol\\\/theses\\\/these-preparee-par-jalila-elbousserghini\\\/#breadcrumb\",\"itemListElement\":[{\"@type\":\"ListItem\",\"position\":1,\"name\":\"Accueil\",\"item\":\"https:\\\/\\\/www.mines-stetienne.fr\\\/fayol\\\/\"},{\"@type\":\"ListItem\",\"position\":2,\"name\":\"Recherche\",\"item\":\"https:\\\/\\\/www.mines-stetienne.fr\\\/fayol\\\/theses\\\/\"},{\"@type\":\"ListItem\",\"position\":3,\"name\":\"Th\u00e8se pr\u00e9par\u00e9e par Jalila ELBOUSSERGHINI\"}]},{\"@type\":\"WebSite\",\"@id\":\"https:\\\/\\\/www.mines-stetienne.fr\\\/fayol\\\/#website\",\"url\":\"https:\\\/\\\/www.mines-stetienne.fr\\\/fayol\\\/\",\"name\":\"Institut Henri Fayol\",\"description\":\"\",\"publisher\":{\"@id\":\"https:\\\/\\\/www.mines-stetienne.fr\\\/fayol\\\/#organization\"},\"potentialAction\":[{\"@type\":\"SearchAction\",\"target\":{\"@type\":\"EntryPoint\",\"urlTemplate\":\"https:\\\/\\\/www.mines-stetienne.fr\\\/fayol\\\/?s={search_term_string}\"},\"query-input\":{\"@type\":\"PropertyValueSpecification\",\"valueRequired\":true,\"valueName\":\"search_term_string\"}}],\"inLanguage\":\"fr-FR\"},{\"@type\":\"Organization\",\"@id\":\"https:\\\/\\\/www.mines-stetienne.fr\\\/fayol\\\/#organization\",\"name\":\"Institut Henri Fayol\",\"url\":\"https:\\\/\\\/www.mines-stetienne.fr\\\/fayol\\\/\",\"logo\":{\"@type\":\"ImageObject\",\"inLanguage\":\"fr-FR\",\"@id\":\"https:\\\/\\\/www.mines-stetienne.fr\\\/fayol\\\/#\\\/schema\\\/logo\\\/image\\\/\",\"url\":\"https:\\\/\\\/www.mines-stetienne.fr\\\/fayol\\\/wp-content\\\/uploads\\\/sites\\\/18\\\/2022\\\/09\\\/Mines_Saint_Etienne_IMT_RVB.png\",\"contentUrl\":\"https:\\\/\\\/www.mines-stetienne.fr\\\/fayol\\\/wp-content\\\/uploads\\\/sites\\\/18\\\/2022\\\/09\\\/Mines_Saint_Etienne_IMT_RVB.png\",\"width\":316,\"height\":315,\"caption\":\"Institut Henri Fayol\"},\"image\":{\"@id\":\"https:\\\/\\\/www.mines-stetienne.fr\\\/fayol\\\/#\\\/schema\\\/logo\\\/image\\\/\"},\"sameAs\":[\"https:\\\/\\\/www.facebook.com\\\/MinesSaintEtienne\",\"https:\\\/\\\/x.com\\\/MINES_StEtienne\",\"https:\\\/\\\/www.youtube.com\\\/channel\\\/UCVSdpdmJccvUngjJ2on1n3A\"]}]}<\/script>\n<!-- \/ Yoast SEO plugin. -->","yoast_head_json":{"title":"Th\u00e8se pr\u00e9par\u00e9e par Jalila ELBOUSSERGHINI - Institut Henri Fayol","robots":{"index":"index","follow":"follow","max-snippet":"max-snippet:-1","max-image-preview":"max-image-preview:large","max-video-preview":"max-video-preview:-1"},"canonical":"https:\/\/www.mines-stetienne.fr\/fayol\/theses\/these-preparee-par-jalila-elbousserghini\/","og_locale":"fr_FR","og_type":"article","og_title":"Th\u00e8se pr\u00e9par\u00e9e par Jalila ELBOUSSERGHINI - Institut Henri Fayol","og_description":"\u00a0| D\u00e9partement Management responsable et innovation || Projets\u00a0|\u00a0\u00c9quipe\u00a0|\u00a0Publications\u00a0|\u00a0Partenaires | Titre : L\u2019int\u00e9gration de la RSE dans la vision strat\u00e9gique des dirigeants. Cas des PME marocaines labellis\u00e9es R\u00e9sum\u00e9 : Les PME incarnent des mod\u00e8les de gestion distincts et d\u00e9ploient des modes &hellip;","og_url":"https:\/\/www.mines-stetienne.fr\/fayol\/theses\/these-preparee-par-jalila-elbousserghini\/","og_site_name":"Institut Henri Fayol","article_publisher":"https:\/\/www.facebook.com\/MinesSaintEtienne","article_modified_time":"2022-12-14T16:26:31+00:00","twitter_card":"summary_large_image","twitter_site":"@MINES_StEtienne","twitter_misc":{"Dur\u00e9e de lecture estim\u00e9e":"3 minutes"},"schema":{"@context":"https:\/\/schema.org","@graph":[{"@type":"WebPage","@id":"https:\/\/www.mines-stetienne.fr\/fayol\/theses\/these-preparee-par-jalila-elbousserghini\/","url":"https:\/\/www.mines-stetienne.fr\/fayol\/theses\/these-preparee-par-jalila-elbousserghini\/","name":"Th\u00e8se pr\u00e9par\u00e9e par Jalila ELBOUSSERGHINI - Institut Henri Fayol","isPartOf":{"@id":"https:\/\/www.mines-stetienne.fr\/fayol\/#website"},"datePublished":"2022-12-14T16:25:40+00:00","dateModified":"2022-12-14T16:26:31+00:00","breadcrumb":{"@id":"https:\/\/www.mines-stetienne.fr\/fayol\/theses\/these-preparee-par-jalila-elbousserghini\/#breadcrumb"},"inLanguage":"fr-FR","potentialAction":[{"@type":"ReadAction","target":["https:\/\/www.mines-stetienne.fr\/fayol\/theses\/these-preparee-par-jalila-elbousserghini\/"]}]},{"@type":"BreadcrumbList","@id":"https:\/\/www.mines-stetienne.fr\/fayol\/theses\/these-preparee-par-jalila-elbousserghini\/#breadcrumb","itemListElement":[{"@type":"ListItem","position":1,"name":"Accueil","item":"https:\/\/www.mines-stetienne.fr\/fayol\/"},{"@type":"ListItem","position":2,"name":"Recherche","item":"https:\/\/www.mines-stetienne.fr\/fayol\/theses\/"},{"@type":"ListItem","position":3,"name":"Th\u00e8se pr\u00e9par\u00e9e par Jalila ELBOUSSERGHINI"}]},{"@type":"WebSite","@id":"https:\/\/www.mines-stetienne.fr\/fayol\/#website","url":"https:\/\/www.mines-stetienne.fr\/fayol\/","name":"Institut Henri Fayol","description":"","publisher":{"@id":"https:\/\/www.mines-stetienne.fr\/fayol\/#organization"},"potentialAction":[{"@type":"SearchAction","target":{"@type":"EntryPoint","urlTemplate":"https:\/\/www.mines-stetienne.fr\/fayol\/?s={search_term_string}"},"query-input":{"@type":"PropertyValueSpecification","valueRequired":true,"valueName":"search_term_string"}}],"inLanguage":"fr-FR"},{"@type":"Organization","@id":"https:\/\/www.mines-stetienne.fr\/fayol\/#organization","name":"Institut Henri Fayol","url":"https:\/\/www.mines-stetienne.fr\/fayol\/","logo":{"@type":"ImageObject","inLanguage":"fr-FR","@id":"https:\/\/www.mines-stetienne.fr\/fayol\/#\/schema\/logo\/image\/","url":"https:\/\/www.mines-stetienne.fr\/fayol\/wp-content\/uploads\/sites\/18\/2022\/09\/Mines_Saint_Etienne_IMT_RVB.png","contentUrl":"https:\/\/www.mines-stetienne.fr\/fayol\/wp-content\/uploads\/sites\/18\/2022\/09\/Mines_Saint_Etienne_IMT_RVB.png","width":316,"height":315,"caption":"Institut Henri Fayol"},"image":{"@id":"https:\/\/www.mines-stetienne.fr\/fayol\/#\/schema\/logo\/image\/"},"sameAs":["https:\/\/www.facebook.com\/MinesSaintEtienne","https:\/\/x.com\/MINES_StEtienne","https:\/\/www.youtube.com\/channel\/UCVSdpdmJccvUngjJ2on1n3A"]}]}},"_links":{"self":[{"href":"https:\/\/www.mines-stetienne.fr\/fayol\/wp-json\/wp\/v2\/pages\/403","targetHints":{"allow":["GET"]}}],"collection":[{"href":"https:\/\/www.mines-stetienne.fr\/fayol\/wp-json\/wp\/v2\/pages"}],"about":[{"href":"https:\/\/www.mines-stetienne.fr\/fayol\/wp-json\/wp\/v2\/types\/page"}],"author":[{"embeddable":true,"href":"https:\/\/www.mines-stetienne.fr\/fayol\/wp-json\/wp\/v2\/users\/1536"}],"replies":[{"embeddable":true,"href":"https:\/\/www.mines-stetienne.fr\/fayol\/wp-json\/wp\/v2\/comments?post=403"}],"version-history":[{"count":2,"href":"https:\/\/www.mines-stetienne.fr\/fayol\/wp-json\/wp\/v2\/pages\/403\/revisions"}],"predecessor-version":[{"id":406,"href":"https:\/\/www.mines-stetienne.fr\/fayol\/wp-json\/wp\/v2\/pages\/403\/revisions\/406"}],"up":[{"embeddable":true,"href":"https:\/\/www.mines-stetienne.fr\/fayol\/wp-json\/wp\/v2\/pages\/286"}],"wp:attachment":[{"href":"https:\/\/www.mines-stetienne.fr\/fayol\/wp-json\/wp\/v2\/media?parent=403"}],"wp:term":[{"taxonomy":"post_tag","embeddable":true,"href":"https:\/\/www.mines-stetienne.fr\/fayol\/wp-json\/wp\/v2\/tags?post=403"}],"curies":[{"name":"wp","href":"https:\/\/api.w.org\/{rel}","templated":true}]}}