{"id":395,"date":"2022-12-14T09:22:24","date_gmt":"2022-12-14T08:22:24","guid":{"rendered":"https:\/\/www.mines-stetienne.fr\/fayol\/?page_id=395"},"modified":"2022-12-14T09:22:25","modified_gmt":"2022-12-14T08:22:25","slug":"these-preparee-par-arnaud-gautier","status":"publish","type":"page","link":"https:\/\/www.mines-stetienne.fr\/fayol\/theses\/these-preparee-par-arnaud-gautier\/","title":{"rendered":"Th\u00e8se pr\u00e9par\u00e9e par Arnaud GAUTIER"},"content":{"rendered":"<p style=\"text-align: center\"><a href=\"https:\/\/www.mines-stetienne.fr\/recherche\/departements\/departement-genie-de-l-environnement-et-des-organisations\/partenaires\/\">\u00a0<\/a><a href=\"https:\/\/www.mines-stetienne.fr\/fayol\/recherche\/management-responsable-et-innovation\/\">| D\u00e9partement Management responsable et innovation |<\/a><a href=\"https:\/\/www.mines-stetienne.fr\/recherche\/departements\/departement-management-responsable-et-innovation\/projets\/\"><br \/>\n<\/a><a href=\"https:\/\/www.mines-stetienne.fr\/fayol\/recherche\/management-responsable-et-innovation\/projets\/\">| Projets<\/a><a href=\"https:\/\/www.mines-stetienne.fr\/recherche\/departements\/departement-genie-de-l-environnement-et-des-organisations\/partenaires\/\">\u00a0|\u00a0<\/a><em><a href=\"https:\/\/www.mines-stetienne.fr\/fayol\/recherche\/management-responsable-et-innovation\/equipe\/\">\u00c9quipe<\/a><\/em>\u00a0|\u00a0<a href=\"https:\/\/www.mines-stetienne.fr\/fayol\/recherche\/management-responsable-et-innovation\/publication\/\">Publications<\/a><a href=\"https:\/\/www.mines-stetienne.fr\/recherche\/departements\/departement-genie-de-l-environnement-et-des-organisations\/partenaires\/\">\u00a0|\u00a0<\/a><a href=\"https:\/\/www.mines-stetienne.fr\/fayol\/recherche\/management-responsable-et-innovation\/partenaires\/\">Partenaires |<\/a><\/p>\n<div class=\"entry-content\">\n<p><strong>Titre :<\/strong> La labellisation comme dispositif d\u2019appropriation de la RSE. Le cas d\u2019inter-clusters du num\u00e9rique.<\/p>\n<p><strong>R\u00e9sum\u00e9 :<\/strong><\/p>\n<p>Depuis le rapport Brutland (1987) le nombre de labels et de normes ayant trait \u00e0 la RSE se multiplie, d\u00fb \u00e0 ce qu\u2019Acquier (2007) qualifie d\u2019un ensemble expansif de vagues de rationalisation. Bien qu\u2019historiquement les premiers travaux et outils relatifs \u00e0 la RSE soient tourn\u00e9s vers les grandes entreprises, les PME sont de plus en plus concern\u00e9es par cette th\u00e9matique (Jenkins, 2004). Rappelons que celles-ci repr\u00e9sentent un poids consid\u00e9rable dans l\u2019\u00e9conomie (Spence, Perrini, 2009), et concernent\u00a0plus de 90% des entreprises dans les pays \u00e0 travers le monde (Ondoua-Biwol\u00e9, et al., 2008\u00a0; Torr\u00e8s, 2003). Parmi ces organisations, nous nous int\u00e9ressons en particulier \u00e0 celles ancr\u00e9es dans des r\u00e9seaux territorialis\u00e9s (Porter, 1990, 1998).<\/p>\n<p>Ce travail de th\u00e8se s\u2019inscrit dans la continuit\u00e9 des travaux relatifs \u00e0 l\u2019int\u00e9gration de la RSE dans les PME\u00a0: Berger-Douce (2005, 2006, 2007a, 2007b, 2008, 2011), Courrent (2006, 2012), Jenkins (2004, 2006), Lepoutre et Heene (2006), Murillo et Lozano (2006). Il vise \u00e0 traiter la probl\u00e9matique suivante\u00a0: Comment la RSE peut-elle s\u2019institutionnaliser dans des r\u00e9seaux territorialis\u00e9s de PME au travers de dispositifs concrets\u00a0?<\/p>\n<p>Pour y r\u00e9pondre, nous \u00e9tudions le cas particulier d\u2019un contexte d\u2019inter-clusters de PME du num\u00e9rique disposant d\u2019un label RSE sectoriel. Cette \u00e9tude comprend 44 entretiens et des phases d\u2019observations aupr\u00e8s de 28 entreprises des clusters, des instances de gouvernances des clusters et des porteurs du dispositif. Les apports de ce projet de th\u00e8se sont \u00e0 un niveau manag\u00e9rial d\u2019apporter des \u00e9l\u00e9ments facilitant la valorisation de ce type de dispositif par les entreprises concern\u00e9es et par les porteurs de ces derni\u00e8res. \u00c0 un niveau acad\u00e9mique, l\u2019originalit\u00e9 de notre terrain d\u2019\u00e9tude ouvre des contributions th\u00e9oriques sur l\u2019int\u00e9gration de la RSE dans les PME, sur les relations inter-clusters et sur la gestion d\u2019un outil dans le cadre d\u2019un projet d\u2019institutionnalisation.<br \/>\n<strong>Financeur :\u00a0<\/strong>Contrat doctoral Ecole des Mines de Saint-Etienne<\/p>\n<p><strong>Soutenance :\u00a0<\/strong> 10 novembre 2015<\/p>\n<p><strong> Mots cl\u00e9s :\u00a0<\/strong> Appropriation des outils de gestion, Labellisation, PME, RSE, Secteur du num\u00e9rique<\/p>\n<p><strong>Directeurs de th\u00e8se : <\/strong>Pr. Sandrine BERGER-DOUCE<\/p>\n<p><strong>Jury\u00a0:<\/strong><\/p>\n<p>Pr. Sandrine Berger-Douce (Directrice de th\u00e8se), Ecole des Mines de Saint-Etienne ;<br \/>\nPr. Didier Chabaud (Rapporteur), Universit\u00e9 d\u2019Avignon\u00a0;<br \/>\nPr. Amaury Grimand (Pr\u00e9sident du jury), Universit\u00e9 de Poitiers\u00a0;<br \/>\nPr. Karim Messeghem (Rapporteur), Universit\u00e9 de Montpellier 1\u00a0;<br \/>\nPr. Martine S\u00e9ville (Suffragant), Universit\u00e9 de Lyon 2.<\/p>\n<p><strong>\u00a0T\u00e9l\u00e9charger la th\u00e8se<br \/>\n<\/strong><\/p>\n<p><a href=\"https:\/\/tel.archives-ouvertes.fr\/tel-01430575\/\"><img loading=\"lazy\" decoding=\"async\" class=\"alignnone  wp-image-2677\" src=\"https:\/\/www.mines-stetienne.fr\/wp-content\/uploads\/2016\/01\/these.gif\" alt=\"\" width=\"72\" height=\"72\" \/><\/a><\/p>\n<p style=\"text-align: center\"><a href=\"https:\/\/www.mines-stetienne.fr\/recherche\/departements\/departement-genie-de-l-environnement-et-des-organisations\/partenaires\/\">\u00a0<\/a><a href=\"https:\/\/www.mines-stetienne.fr\/fayol\/recherche\/management-responsable-et-innovation\/\">| D\u00e9partement Management responsable et innovation |<\/a><a href=\"https:\/\/www.mines-stetienne.fr\/recherche\/departements\/departement-management-responsable-et-innovation\/projets\/\"><br \/>\n<\/a><a href=\"https:\/\/www.mines-stetienne.fr\/fayol\/recherche\/management-responsable-et-innovation\/projets\/\">| Projets<\/a><a href=\"https:\/\/www.mines-stetienne.fr\/recherche\/departements\/departement-genie-de-l-environnement-et-des-organisations\/partenaires\/\">\u00a0|\u00a0<\/a><em><a href=\"https:\/\/www.mines-stetienne.fr\/fayol\/recherche\/management-responsable-et-innovation\/equipe\/\">\u00c9quipe<\/a><\/em>\u00a0|\u00a0<a href=\"https:\/\/www.mines-stetienne.fr\/fayol\/recherche\/management-responsable-et-innovation\/publication\/\">Publications<\/a><a href=\"https:\/\/www.mines-stetienne.fr\/recherche\/departements\/departement-genie-de-l-environnement-et-des-organisations\/partenaires\/\">\u00a0|\u00a0<\/a><a href=\"https:\/\/www.mines-stetienne.fr\/fayol\/recherche\/management-responsable-et-innovation\/partenaires\/\">Partenaires |<\/a><\/p>\n<\/div>\n","protected":false},"excerpt":{"rendered":"<p>\u00a0| D\u00e9partement Management responsable et innovation | | Projets\u00a0|\u00a0\u00c9quipe\u00a0|\u00a0Publications\u00a0|\u00a0Partenaires | Titre : La labellisation comme dispositif d\u2019appropriation de la RSE. Le cas d\u2019inter-clusters du num\u00e9rique. R\u00e9sum\u00e9 : Depuis le rapport Brutland (1987) le nombre de labels et de normes ayant &hellip;<\/p>\n","protected":false},"author":1536,"featured_media":0,"parent":286,"menu_order":0,"comment_status":"closed","ping_status":"closed","template":"","meta":{"footnotes":""},"tags":[],"class_list":["post-395","page","type-page","status-publish","hentry"],"pp_statuses_selecting_workflow":false,"pp_workflow_action":"current","pp_status_selection":"publish","pp_force_visibility":null,"pp_subpost_visibility":null,"pp_inherited_force_visibility":null,"pp_inherited_subpost_visibility":null,"yoast_head":"<!-- This site is optimized with the Yoast SEO plugin v27.5 - https:\/\/yoast.com\/product\/yoast-seo-wordpress\/ -->\n<title>Th\u00e8se pr\u00e9par\u00e9e par Arnaud GAUTIER - Institut Henri Fayol<\/title>\n<meta name=\"robots\" content=\"index, follow, max-snippet:-1, max-image-preview:large, max-video-preview:-1\" \/>\n<link rel=\"canonical\" href=\"https:\/\/www.mines-stetienne.fr\/fayol\/theses\/these-preparee-par-arnaud-gautier\/\" \/>\n<meta property=\"og:locale\" content=\"fr_FR\" \/>\n<meta property=\"og:type\" content=\"article\" \/>\n<meta property=\"og:title\" content=\"Th\u00e8se pr\u00e9par\u00e9e par Arnaud GAUTIER - Institut Henri Fayol\" \/>\n<meta property=\"og:description\" content=\"\u00a0| D\u00e9partement Management responsable et innovation | | Projets\u00a0|\u00a0\u00c9quipe\u00a0|\u00a0Publications\u00a0|\u00a0Partenaires | Titre : La labellisation comme dispositif d\u2019appropriation de la RSE. Le cas d\u2019inter-clusters du num\u00e9rique. R\u00e9sum\u00e9 : Depuis le rapport Brutland (1987) le nombre de labels et de normes ayant &hellip;\" \/>\n<meta property=\"og:url\" content=\"https:\/\/www.mines-stetienne.fr\/fayol\/theses\/these-preparee-par-arnaud-gautier\/\" \/>\n<meta property=\"og:site_name\" content=\"Institut Henri Fayol\" \/>\n<meta property=\"article:publisher\" content=\"https:\/\/www.facebook.com\/MinesSaintEtienne\" \/>\n<meta property=\"article:modified_time\" content=\"2022-12-14T08:22:25+00:00\" \/>\n<meta property=\"og:image\" content=\"https:\/\/www.mines-stetienne.fr\/wp-content\/uploads\/2016\/01\/these.gif\" \/>\n<meta name=\"twitter:card\" content=\"summary_large_image\" \/>\n<meta name=\"twitter:site\" content=\"@MINES_StEtienne\" \/>\n<meta name=\"twitter:label1\" content=\"Dur\u00e9e de lecture estim\u00e9e\" \/>\n\t<meta name=\"twitter:data1\" content=\"3 minutes\" \/>\n<script type=\"application\/ld+json\" class=\"yoast-schema-graph\">{\"@context\":\"https:\\\/\\\/schema.org\",\"@graph\":[{\"@type\":\"WebPage\",\"@id\":\"https:\\\/\\\/www.mines-stetienne.fr\\\/fayol\\\/theses\\\/these-preparee-par-arnaud-gautier\\\/\",\"url\":\"https:\\\/\\\/www.mines-stetienne.fr\\\/fayol\\\/theses\\\/these-preparee-par-arnaud-gautier\\\/\",\"name\":\"Th\u00e8se pr\u00e9par\u00e9e par Arnaud GAUTIER - Institut Henri Fayol\",\"isPartOf\":{\"@id\":\"https:\\\/\\\/www.mines-stetienne.fr\\\/fayol\\\/#website\"},\"primaryImageOfPage\":{\"@id\":\"https:\\\/\\\/www.mines-stetienne.fr\\\/fayol\\\/theses\\\/these-preparee-par-arnaud-gautier\\\/#primaryimage\"},\"image\":{\"@id\":\"https:\\\/\\\/www.mines-stetienne.fr\\\/fayol\\\/theses\\\/these-preparee-par-arnaud-gautier\\\/#primaryimage\"},\"thumbnailUrl\":\"https:\\\/\\\/www.mines-stetienne.fr\\\/wp-content\\\/uploads\\\/2016\\\/01\\\/these.gif\",\"datePublished\":\"2022-12-14T08:22:24+00:00\",\"dateModified\":\"2022-12-14T08:22:25+00:00\",\"breadcrumb\":{\"@id\":\"https:\\\/\\\/www.mines-stetienne.fr\\\/fayol\\\/theses\\\/these-preparee-par-arnaud-gautier\\\/#breadcrumb\"},\"inLanguage\":\"fr-FR\",\"potentialAction\":[{\"@type\":\"ReadAction\",\"target\":[\"https:\\\/\\\/www.mines-stetienne.fr\\\/fayol\\\/theses\\\/these-preparee-par-arnaud-gautier\\\/\"]}]},{\"@type\":\"ImageObject\",\"inLanguage\":\"fr-FR\",\"@id\":\"https:\\\/\\\/www.mines-stetienne.fr\\\/fayol\\\/theses\\\/these-preparee-par-arnaud-gautier\\\/#primaryimage\",\"url\":\"https:\\\/\\\/www.mines-stetienne.fr\\\/wp-content\\\/uploads\\\/2016\\\/01\\\/these.gif\",\"contentUrl\":\"https:\\\/\\\/www.mines-stetienne.fr\\\/wp-content\\\/uploads\\\/2016\\\/01\\\/these.gif\"},{\"@type\":\"BreadcrumbList\",\"@id\":\"https:\\\/\\\/www.mines-stetienne.fr\\\/fayol\\\/theses\\\/these-preparee-par-arnaud-gautier\\\/#breadcrumb\",\"itemListElement\":[{\"@type\":\"ListItem\",\"position\":1,\"name\":\"Accueil\",\"item\":\"https:\\\/\\\/www.mines-stetienne.fr\\\/fayol\\\/\"},{\"@type\":\"ListItem\",\"position\":2,\"name\":\"Recherche\",\"item\":\"https:\\\/\\\/www.mines-stetienne.fr\\\/fayol\\\/theses\\\/\"},{\"@type\":\"ListItem\",\"position\":3,\"name\":\"Th\u00e8se pr\u00e9par\u00e9e par Arnaud GAUTIER\"}]},{\"@type\":\"WebSite\",\"@id\":\"https:\\\/\\\/www.mines-stetienne.fr\\\/fayol\\\/#website\",\"url\":\"https:\\\/\\\/www.mines-stetienne.fr\\\/fayol\\\/\",\"name\":\"Institut Henri Fayol\",\"description\":\"\",\"publisher\":{\"@id\":\"https:\\\/\\\/www.mines-stetienne.fr\\\/fayol\\\/#organization\"},\"potentialAction\":[{\"@type\":\"SearchAction\",\"target\":{\"@type\":\"EntryPoint\",\"urlTemplate\":\"https:\\\/\\\/www.mines-stetienne.fr\\\/fayol\\\/?s={search_term_string}\"},\"query-input\":{\"@type\":\"PropertyValueSpecification\",\"valueRequired\":true,\"valueName\":\"search_term_string\"}}],\"inLanguage\":\"fr-FR\"},{\"@type\":\"Organization\",\"@id\":\"https:\\\/\\\/www.mines-stetienne.fr\\\/fayol\\\/#organization\",\"name\":\"Institut Henri Fayol\",\"url\":\"https:\\\/\\\/www.mines-stetienne.fr\\\/fayol\\\/\",\"logo\":{\"@type\":\"ImageObject\",\"inLanguage\":\"fr-FR\",\"@id\":\"https:\\\/\\\/www.mines-stetienne.fr\\\/fayol\\\/#\\\/schema\\\/logo\\\/image\\\/\",\"url\":\"https:\\\/\\\/www.mines-stetienne.fr\\\/fayol\\\/wp-content\\\/uploads\\\/sites\\\/18\\\/2022\\\/09\\\/Mines_Saint_Etienne_IMT_RVB.png\",\"contentUrl\":\"https:\\\/\\\/www.mines-stetienne.fr\\\/fayol\\\/wp-content\\\/uploads\\\/sites\\\/18\\\/2022\\\/09\\\/Mines_Saint_Etienne_IMT_RVB.png\",\"width\":316,\"height\":315,\"caption\":\"Institut Henri Fayol\"},\"image\":{\"@id\":\"https:\\\/\\\/www.mines-stetienne.fr\\\/fayol\\\/#\\\/schema\\\/logo\\\/image\\\/\"},\"sameAs\":[\"https:\\\/\\\/www.facebook.com\\\/MinesSaintEtienne\",\"https:\\\/\\\/x.com\\\/MINES_StEtienne\",\"https:\\\/\\\/www.youtube.com\\\/channel\\\/UCVSdpdmJccvUngjJ2on1n3A\"]}]}<\/script>\n<!-- \/ Yoast SEO plugin. -->","yoast_head_json":{"title":"Th\u00e8se pr\u00e9par\u00e9e par Arnaud GAUTIER - Institut Henri Fayol","robots":{"index":"index","follow":"follow","max-snippet":"max-snippet:-1","max-image-preview":"max-image-preview:large","max-video-preview":"max-video-preview:-1"},"canonical":"https:\/\/www.mines-stetienne.fr\/fayol\/theses\/these-preparee-par-arnaud-gautier\/","og_locale":"fr_FR","og_type":"article","og_title":"Th\u00e8se pr\u00e9par\u00e9e par Arnaud GAUTIER - Institut Henri Fayol","og_description":"\u00a0| D\u00e9partement Management responsable et innovation | | Projets\u00a0|\u00a0\u00c9quipe\u00a0|\u00a0Publications\u00a0|\u00a0Partenaires | Titre : La labellisation comme dispositif d\u2019appropriation de la RSE. Le cas d\u2019inter-clusters du num\u00e9rique. R\u00e9sum\u00e9 : Depuis le rapport Brutland (1987) le nombre de labels et de normes ayant &hellip;","og_url":"https:\/\/www.mines-stetienne.fr\/fayol\/theses\/these-preparee-par-arnaud-gautier\/","og_site_name":"Institut Henri Fayol","article_publisher":"https:\/\/www.facebook.com\/MinesSaintEtienne","article_modified_time":"2022-12-14T08:22:25+00:00","og_image":[{"url":"https:\/\/www.mines-stetienne.fr\/wp-content\/uploads\/2016\/01\/these.gif","type":"","width":"","height":""}],"twitter_card":"summary_large_image","twitter_site":"@MINES_StEtienne","twitter_misc":{"Dur\u00e9e de lecture estim\u00e9e":"3 minutes"},"schema":{"@context":"https:\/\/schema.org","@graph":[{"@type":"WebPage","@id":"https:\/\/www.mines-stetienne.fr\/fayol\/theses\/these-preparee-par-arnaud-gautier\/","url":"https:\/\/www.mines-stetienne.fr\/fayol\/theses\/these-preparee-par-arnaud-gautier\/","name":"Th\u00e8se pr\u00e9par\u00e9e par Arnaud GAUTIER - Institut Henri Fayol","isPartOf":{"@id":"https:\/\/www.mines-stetienne.fr\/fayol\/#website"},"primaryImageOfPage":{"@id":"https:\/\/www.mines-stetienne.fr\/fayol\/theses\/these-preparee-par-arnaud-gautier\/#primaryimage"},"image":{"@id":"https:\/\/www.mines-stetienne.fr\/fayol\/theses\/these-preparee-par-arnaud-gautier\/#primaryimage"},"thumbnailUrl":"https:\/\/www.mines-stetienne.fr\/wp-content\/uploads\/2016\/01\/these.gif","datePublished":"2022-12-14T08:22:24+00:00","dateModified":"2022-12-14T08:22:25+00:00","breadcrumb":{"@id":"https:\/\/www.mines-stetienne.fr\/fayol\/theses\/these-preparee-par-arnaud-gautier\/#breadcrumb"},"inLanguage":"fr-FR","potentialAction":[{"@type":"ReadAction","target":["https:\/\/www.mines-stetienne.fr\/fayol\/theses\/these-preparee-par-arnaud-gautier\/"]}]},{"@type":"ImageObject","inLanguage":"fr-FR","@id":"https:\/\/www.mines-stetienne.fr\/fayol\/theses\/these-preparee-par-arnaud-gautier\/#primaryimage","url":"https:\/\/www.mines-stetienne.fr\/wp-content\/uploads\/2016\/01\/these.gif","contentUrl":"https:\/\/www.mines-stetienne.fr\/wp-content\/uploads\/2016\/01\/these.gif"},{"@type":"BreadcrumbList","@id":"https:\/\/www.mines-stetienne.fr\/fayol\/theses\/these-preparee-par-arnaud-gautier\/#breadcrumb","itemListElement":[{"@type":"ListItem","position":1,"name":"Accueil","item":"https:\/\/www.mines-stetienne.fr\/fayol\/"},{"@type":"ListItem","position":2,"name":"Recherche","item":"https:\/\/www.mines-stetienne.fr\/fayol\/theses\/"},{"@type":"ListItem","position":3,"name":"Th\u00e8se pr\u00e9par\u00e9e par Arnaud GAUTIER"}]},{"@type":"WebSite","@id":"https:\/\/www.mines-stetienne.fr\/fayol\/#website","url":"https:\/\/www.mines-stetienne.fr\/fayol\/","name":"Institut Henri Fayol","description":"","publisher":{"@id":"https:\/\/www.mines-stetienne.fr\/fayol\/#organization"},"potentialAction":[{"@type":"SearchAction","target":{"@type":"EntryPoint","urlTemplate":"https:\/\/www.mines-stetienne.fr\/fayol\/?s={search_term_string}"},"query-input":{"@type":"PropertyValueSpecification","valueRequired":true,"valueName":"search_term_string"}}],"inLanguage":"fr-FR"},{"@type":"Organization","@id":"https:\/\/www.mines-stetienne.fr\/fayol\/#organization","name":"Institut Henri Fayol","url":"https:\/\/www.mines-stetienne.fr\/fayol\/","logo":{"@type":"ImageObject","inLanguage":"fr-FR","@id":"https:\/\/www.mines-stetienne.fr\/fayol\/#\/schema\/logo\/image\/","url":"https:\/\/www.mines-stetienne.fr\/fayol\/wp-content\/uploads\/sites\/18\/2022\/09\/Mines_Saint_Etienne_IMT_RVB.png","contentUrl":"https:\/\/www.mines-stetienne.fr\/fayol\/wp-content\/uploads\/sites\/18\/2022\/09\/Mines_Saint_Etienne_IMT_RVB.png","width":316,"height":315,"caption":"Institut Henri Fayol"},"image":{"@id":"https:\/\/www.mines-stetienne.fr\/fayol\/#\/schema\/logo\/image\/"},"sameAs":["https:\/\/www.facebook.com\/MinesSaintEtienne","https:\/\/x.com\/MINES_StEtienne","https:\/\/www.youtube.com\/channel\/UCVSdpdmJccvUngjJ2on1n3A"]}]}},"_links":{"self":[{"href":"https:\/\/www.mines-stetienne.fr\/fayol\/wp-json\/wp\/v2\/pages\/395","targetHints":{"allow":["GET"]}}],"collection":[{"href":"https:\/\/www.mines-stetienne.fr\/fayol\/wp-json\/wp\/v2\/pages"}],"about":[{"href":"https:\/\/www.mines-stetienne.fr\/fayol\/wp-json\/wp\/v2\/types\/page"}],"author":[{"embeddable":true,"href":"https:\/\/www.mines-stetienne.fr\/fayol\/wp-json\/wp\/v2\/users\/1536"}],"replies":[{"embeddable":true,"href":"https:\/\/www.mines-stetienne.fr\/fayol\/wp-json\/wp\/v2\/comments?post=395"}],"version-history":[{"count":1,"href":"https:\/\/www.mines-stetienne.fr\/fayol\/wp-json\/wp\/v2\/pages\/395\/revisions"}],"predecessor-version":[{"id":396,"href":"https:\/\/www.mines-stetienne.fr\/fayol\/wp-json\/wp\/v2\/pages\/395\/revisions\/396"}],"up":[{"embeddable":true,"href":"https:\/\/www.mines-stetienne.fr\/fayol\/wp-json\/wp\/v2\/pages\/286"}],"wp:attachment":[{"href":"https:\/\/www.mines-stetienne.fr\/fayol\/wp-json\/wp\/v2\/media?parent=395"}],"wp:term":[{"taxonomy":"post_tag","embeddable":true,"href":"https:\/\/www.mines-stetienne.fr\/fayol\/wp-json\/wp\/v2\/tags?post=395"}],"curies":[{"name":"wp","href":"https:\/\/api.w.org\/{rel}","templated":true}]}}