{"id":392,"date":"2022-12-14T09:08:03","date_gmt":"2022-12-14T08:08:03","guid":{"rendered":"https:\/\/www.mines-stetienne.fr\/fayol\/?page_id=392"},"modified":"2022-12-14T09:08:04","modified_gmt":"2022-12-14T08:08:04","slug":"these-preparee-par-anastasia-wolff","status":"publish","type":"page","link":"https:\/\/www.mines-stetienne.fr\/fayol\/theses\/these-preparee-par-anastasia-wolff\/","title":{"rendered":"Th\u00e8se pr\u00e9par\u00e9e par Anastasia Wolff"},"content":{"rendered":"<p style=\"text-align: center\"><a href=\"https:\/\/www.mines-stetienne.fr\/recherche\/departements\/departement-genie-de-l-environnement-et-des-organisations\/partenaires\/\">\u00a0<\/a><a href=\"\/fayol\/recherche\/management-responsable-et-innovation\/\">| D\u00e9partement Management responsable et innovation |<\/a><a href=\"https:\/\/www.mines-stetienne.fr\/recherche\/departements\/departement-management-responsable-et-innovation\/projets\/\"><br \/>\n<\/a><a href=\"\/fayol\/recherche\/management-responsable-et-innovation\/projets\/\">| Projets<\/a><a href=\"https:\/\/www.mines-stetienne.fr\/recherche\/departements\/departement-genie-de-l-environnement-et-des-organisations\/partenaires\/\"> | <\/a><em><a href=\"\/fayol\/recherche\/management-responsable-et-innovation\/equipe\/\">\u00c9quipe<\/a><\/em> | <a href=\"\/fayol\/recherche\/management-responsable-et-innovation\/publication\/\">Publications<\/a><a href=\"https:\/\/www.mines-stetienne.fr\/recherche\/departements\/departement-genie-de-l-environnement-et-des-organisations\/partenaires\/\"> | <\/a><a href=\"\/fayol\/recherche\/management-responsable-et-innovation\/partenaires\/\">Partenaires |<\/a><\/p>\n<p><strong>Titre :\u00a0<\/strong>\u00a0Responsabilit\u00e9 soci\u00e9tale : quelles contributions des entreprises \u00e0 la conservation de la biodiversit\u00e9 ?<\/p>\n<p><strong>R\u00e9sum\u00e9 :\u00a0<\/strong>Alors que nous faisons face \u00e0 une crise biologique majeure, acteurs institutionnel et ONGs exhortent les entreprises \u00e0 s\u2019engager pour enrayer cette \u00e9rosion \u00e9cologique. L\u2019objectif de la th\u00e8se est d\u2019analyser, \u00e9valuer et faire \u00e9voluer la contribution potentielle des entreprises \u00e0 la conservation de la biodiversit\u00e9 dans le cadre de leur responsabilit\u00e9 soci\u00e9tale (RSE).<br \/>\nUn cadre d\u2019analyse est d\u00e9velopp\u00e9 pour \u00e9valuer la prise en charge par une entreprise de ses responsabilit\u00e9s \u00e9cologiques en termes de moyens \u2013 les initiatives RSE a priori favorables \u00e0 la biodiversit\u00e9 mises en \u0153uvre \u2013 et de r\u00e9sultats \u2013 la compatibilit\u00e9 des activit\u00e9s de l\u2019entreprise avec la conservation de la biodiversit\u00e9. Apr\u00e8s avoir caract\u00e9ris\u00e9 les initiatives RSE \u00e0 partir de l\u2019\u00e9tude de cas des engagements d\u2019entreprises endoss\u00e9s comme contributions \u00e0 la Strat\u00e9gie nationale pour la biodiversit\u00e9, une m\u00e9thode est propos\u00e9e pour tester si les activit\u00e9s d\u2019une entreprise sont \u00e9cologiquement non-durables. Le postulat est que le respect des capacit\u00e9s de charge des \u00e9cosyst\u00e8mes est un pr\u00e9requis \u00e0 la conservation effective de la biodiversit\u00e9. Cette m\u00e9thode, adapt\u00e9e de l\u2019\u00e9valuation environnementale absolue de la durabilit\u00e9, est appliqu\u00e9e, dans le cadre de deux projets de recherche-intervention, au portfolio alimentaire du Groupe Casino et au cycle de vie de deux installations de stockage de d\u00e9chets dangereux de SARP Industries. Cette objectivation des performances au regard des contraintes \u00e9cologiques sert d\u2019appui pour proposer des orientations strat\u00e9giques dans la logique de la s\u00e9quence \u00e9viter-r\u00e9duire-compenser. Soulignant l\u2019importance de renforcer la prise en charge des pressions \u00e9tendues, cette th\u00e8se ouvre plus largement des perspectives pour les secteurs d\u2019activit\u00e9 et les politiques publiques.<\/p>\n<p><strong>Soutenance :\u00a0<\/strong>1er d\u00e9cembre 2017<\/p>\n<p><strong>Directeurs de th\u00e8se :<\/strong><\/p>\n<ul>\n<li style=\"list-style-type: none\">\n<ul>\n<li>Christian BRODHAG : Directeur de recherche \u00e0 Mines Saint Etienne, UMR 5600 EVS<\/li>\n<li>Natacha GONDRAN\u00a0: Ma\u00eetre-assistante \u00e0 Mines Saint Etienne, UMR 5600 EVS<\/li>\n<\/ul>\n<\/li>\n<\/ul>\n<p><strong>\u00a0<\/strong><\/p>\n<p><strong>Jury\u00a0:<\/strong><\/p>\n<p>Nathalie FRASCARIA-LACOSTE, AgroParistech (Rapporteure)<br \/>\nPere FULLANA i PALMER, ESCI-UPF (Rapporteur)<br \/>\nDominique BOURG, Universit\u00e9 de Lausanne (Examinateur)<br \/>\nAudrey COREAU, Agence fran\u00e7aise pour la biodiversit\u00e9 (Examinatrice)<br \/>\nJacques RICHARD, Universit\u00e9 Paris Dauphine (Examinateur)<br \/>\nChristian BRODHAG, Mines Saint-Etienne (Directeur de th\u00e8se)<br \/>\nNatacha GONDRAN, Mines Saint-Etienne (Co-directrice de th\u00e8se)<\/p>\n<p><strong>\u00a0T\u00e9l\u00e9charger le support de pr\u00e9sentation de th\u00e8se<br \/>\n<\/strong><\/p>\n<p><a href=\"https:\/\/www.mediaterre.org\/users\/Gondran\/docs\/awolff-soutenance-these-diffusion.pdf\"><img loading=\"lazy\" decoding=\"async\" class=\"wp-image-2576 size-full aligncenter\" src=\"https:\/\/www.mines-stetienne.fr\/wp-content\/uploads\/2016\/01\/publi.gif\" alt=\"\" width=\"50\" height=\"50\" \/><\/a> <strong>\u00a0<\/strong><\/p>\n<p><strong>T\u00e9l\u00e9charger la th\u00e8se<\/strong><a href=\"https:\/\/tel.archives-ouvertes.fr\/tel-01695744\/document\"><img loading=\"lazy\" decoding=\"async\" class=\"aligncenter wp-image-2677\" src=\"https:\/\/www.mines-stetienne.fr\/wp-content\/uploads\/2016\/01\/these.gif\" alt=\"\" width=\"50\" height=\"50\" \/><\/a><\/p>\n<p style=\"text-align: center\"><a href=\"https:\/\/www.mines-stetienne.fr\/recherche\/departements\/departement-genie-de-l-environnement-et-des-organisations\/partenaires\/\">\u00a0<\/a><a href=\"\/fayol\/recherche\/management-responsable-et-innovation\/\">| D\u00e9partement Management responsable et innovation |<\/a><a href=\"https:\/\/www.mines-stetienne.fr\/recherche\/departements\/departement-management-responsable-et-innovation\/projets\/\"><br \/>\n<\/a><a href=\"\/fayol\/recherche\/management-responsable-et-innovation\/projets\/\">| Projets<\/a><a href=\"https:\/\/www.mines-stetienne.fr\/recherche\/departements\/departement-genie-de-l-environnement-et-des-organisations\/partenaires\/\"> | <\/a><em><a href=\"\/fayol\/recherche\/management-responsable-et-innovation\/equipe\/\">\u00c9quipe<\/a><\/em> | <a href=\"\/fayol\/recherche\/management-responsable-et-innovation\/publication\/\">Publications<\/a><a href=\"https:\/\/www.mines-stetienne.fr\/recherche\/departements\/departement-genie-de-l-environnement-et-des-organisations\/partenaires\/\"> | <\/a><a href=\"\/fayol\/recherche\/management-responsable-et-innovation\/partenaires\/\">Partenaires |<\/a><\/p>\n","protected":false},"excerpt":{"rendered":"<p>\u00a0| D\u00e9partement Management responsable et innovation | | Projets | \u00c9quipe | Publications | Partenaires | Titre :\u00a0\u00a0Responsabilit\u00e9 soci\u00e9tale : quelles contributions des entreprises \u00e0 la conservation de la biodiversit\u00e9 ? R\u00e9sum\u00e9 :\u00a0Alors que nous faisons face \u00e0 une crise &hellip;<\/p>\n","protected":false},"author":1536,"featured_media":0,"parent":286,"menu_order":0,"comment_status":"closed","ping_status":"closed","template":"","meta":{"footnotes":""},"tags":[],"class_list":["post-392","page","type-page","status-publish","hentry"],"pp_statuses_selecting_workflow":false,"pp_workflow_action":"current","pp_status_selection":"publish","pp_force_visibility":null,"pp_subpost_visibility":null,"pp_inherited_force_visibility":null,"pp_inherited_subpost_visibility":null,"yoast_head":"<!-- This site is optimized with the Yoast SEO plugin v27.5 - https:\/\/yoast.com\/product\/yoast-seo-wordpress\/ -->\n<title>Th\u00e8se pr\u00e9par\u00e9e par Anastasia Wolff - Institut Henri Fayol<\/title>\n<meta name=\"robots\" content=\"index, follow, max-snippet:-1, max-image-preview:large, max-video-preview:-1\" \/>\n<link rel=\"canonical\" href=\"https:\/\/www.mines-stetienne.fr\/fayol\/theses\/these-preparee-par-anastasia-wolff\/\" \/>\n<meta property=\"og:locale\" content=\"fr_FR\" \/>\n<meta property=\"og:type\" content=\"article\" \/>\n<meta property=\"og:title\" content=\"Th\u00e8se pr\u00e9par\u00e9e par Anastasia Wolff - Institut Henri Fayol\" \/>\n<meta property=\"og:description\" content=\"\u00a0| D\u00e9partement Management responsable et innovation | | Projets | \u00c9quipe | Publications | Partenaires | Titre :\u00a0\u00a0Responsabilit\u00e9 soci\u00e9tale : quelles contributions des entreprises \u00e0 la conservation de la biodiversit\u00e9 ? R\u00e9sum\u00e9 :\u00a0Alors que nous faisons face \u00e0 une crise &hellip;\" \/>\n<meta property=\"og:url\" content=\"https:\/\/www.mines-stetienne.fr\/fayol\/theses\/these-preparee-par-anastasia-wolff\/\" \/>\n<meta property=\"og:site_name\" content=\"Institut Henri Fayol\" \/>\n<meta property=\"article:publisher\" content=\"https:\/\/www.facebook.com\/MinesSaintEtienne\" \/>\n<meta property=\"article:modified_time\" content=\"2022-12-14T08:08:04+00:00\" \/>\n<meta property=\"og:image\" content=\"https:\/\/www.mines-stetienne.fr\/wp-content\/uploads\/2016\/01\/publi.gif\" \/>\n<meta name=\"twitter:card\" content=\"summary_large_image\" \/>\n<meta name=\"twitter:site\" content=\"@MINES_StEtienne\" \/>\n<meta name=\"twitter:label1\" content=\"Dur\u00e9e de lecture estim\u00e9e\" \/>\n\t<meta name=\"twitter:data1\" content=\"3 minutes\" \/>\n<script type=\"application\/ld+json\" class=\"yoast-schema-graph\">{\"@context\":\"https:\\\/\\\/schema.org\",\"@graph\":[{\"@type\":\"WebPage\",\"@id\":\"https:\\\/\\\/www.mines-stetienne.fr\\\/fayol\\\/theses\\\/these-preparee-par-anastasia-wolff\\\/\",\"url\":\"https:\\\/\\\/www.mines-stetienne.fr\\\/fayol\\\/theses\\\/these-preparee-par-anastasia-wolff\\\/\",\"name\":\"Th\u00e8se pr\u00e9par\u00e9e par Anastasia Wolff - Institut Henri Fayol\",\"isPartOf\":{\"@id\":\"https:\\\/\\\/www.mines-stetienne.fr\\\/fayol\\\/#website\"},\"primaryImageOfPage\":{\"@id\":\"https:\\\/\\\/www.mines-stetienne.fr\\\/fayol\\\/theses\\\/these-preparee-par-anastasia-wolff\\\/#primaryimage\"},\"image\":{\"@id\":\"https:\\\/\\\/www.mines-stetienne.fr\\\/fayol\\\/theses\\\/these-preparee-par-anastasia-wolff\\\/#primaryimage\"},\"thumbnailUrl\":\"https:\\\/\\\/www.mines-stetienne.fr\\\/wp-content\\\/uploads\\\/2016\\\/01\\\/publi.gif\",\"datePublished\":\"2022-12-14T08:08:03+00:00\",\"dateModified\":\"2022-12-14T08:08:04+00:00\",\"breadcrumb\":{\"@id\":\"https:\\\/\\\/www.mines-stetienne.fr\\\/fayol\\\/theses\\\/these-preparee-par-anastasia-wolff\\\/#breadcrumb\"},\"inLanguage\":\"fr-FR\",\"potentialAction\":[{\"@type\":\"ReadAction\",\"target\":[\"https:\\\/\\\/www.mines-stetienne.fr\\\/fayol\\\/theses\\\/these-preparee-par-anastasia-wolff\\\/\"]}]},{\"@type\":\"ImageObject\",\"inLanguage\":\"fr-FR\",\"@id\":\"https:\\\/\\\/www.mines-stetienne.fr\\\/fayol\\\/theses\\\/these-preparee-par-anastasia-wolff\\\/#primaryimage\",\"url\":\"https:\\\/\\\/www.mines-stetienne.fr\\\/wp-content\\\/uploads\\\/2016\\\/01\\\/publi.gif\",\"contentUrl\":\"https:\\\/\\\/www.mines-stetienne.fr\\\/wp-content\\\/uploads\\\/2016\\\/01\\\/publi.gif\"},{\"@type\":\"BreadcrumbList\",\"@id\":\"https:\\\/\\\/www.mines-stetienne.fr\\\/fayol\\\/theses\\\/these-preparee-par-anastasia-wolff\\\/#breadcrumb\",\"itemListElement\":[{\"@type\":\"ListItem\",\"position\":1,\"name\":\"Accueil\",\"item\":\"https:\\\/\\\/www.mines-stetienne.fr\\\/fayol\\\/\"},{\"@type\":\"ListItem\",\"position\":2,\"name\":\"Recherche\",\"item\":\"https:\\\/\\\/www.mines-stetienne.fr\\\/fayol\\\/theses\\\/\"},{\"@type\":\"ListItem\",\"position\":3,\"name\":\"Th\u00e8se pr\u00e9par\u00e9e par Anastasia Wolff\"}]},{\"@type\":\"WebSite\",\"@id\":\"https:\\\/\\\/www.mines-stetienne.fr\\\/fayol\\\/#website\",\"url\":\"https:\\\/\\\/www.mines-stetienne.fr\\\/fayol\\\/\",\"name\":\"Institut Henri Fayol\",\"description\":\"\",\"publisher\":{\"@id\":\"https:\\\/\\\/www.mines-stetienne.fr\\\/fayol\\\/#organization\"},\"potentialAction\":[{\"@type\":\"SearchAction\",\"target\":{\"@type\":\"EntryPoint\",\"urlTemplate\":\"https:\\\/\\\/www.mines-stetienne.fr\\\/fayol\\\/?s={search_term_string}\"},\"query-input\":{\"@type\":\"PropertyValueSpecification\",\"valueRequired\":true,\"valueName\":\"search_term_string\"}}],\"inLanguage\":\"fr-FR\"},{\"@type\":\"Organization\",\"@id\":\"https:\\\/\\\/www.mines-stetienne.fr\\\/fayol\\\/#organization\",\"name\":\"Institut Henri Fayol\",\"url\":\"https:\\\/\\\/www.mines-stetienne.fr\\\/fayol\\\/\",\"logo\":{\"@type\":\"ImageObject\",\"inLanguage\":\"fr-FR\",\"@id\":\"https:\\\/\\\/www.mines-stetienne.fr\\\/fayol\\\/#\\\/schema\\\/logo\\\/image\\\/\",\"url\":\"https:\\\/\\\/www.mines-stetienne.fr\\\/fayol\\\/wp-content\\\/uploads\\\/sites\\\/18\\\/2022\\\/09\\\/Mines_Saint_Etienne_IMT_RVB.png\",\"contentUrl\":\"https:\\\/\\\/www.mines-stetienne.fr\\\/fayol\\\/wp-content\\\/uploads\\\/sites\\\/18\\\/2022\\\/09\\\/Mines_Saint_Etienne_IMT_RVB.png\",\"width\":316,\"height\":315,\"caption\":\"Institut Henri Fayol\"},\"image\":{\"@id\":\"https:\\\/\\\/www.mines-stetienne.fr\\\/fayol\\\/#\\\/schema\\\/logo\\\/image\\\/\"},\"sameAs\":[\"https:\\\/\\\/www.facebook.com\\\/MinesSaintEtienne\",\"https:\\\/\\\/x.com\\\/MINES_StEtienne\",\"https:\\\/\\\/www.youtube.com\\\/channel\\\/UCVSdpdmJccvUngjJ2on1n3A\"]}]}<\/script>\n<!-- \/ Yoast SEO plugin. -->","yoast_head_json":{"title":"Th\u00e8se pr\u00e9par\u00e9e par Anastasia Wolff - Institut Henri Fayol","robots":{"index":"index","follow":"follow","max-snippet":"max-snippet:-1","max-image-preview":"max-image-preview:large","max-video-preview":"max-video-preview:-1"},"canonical":"https:\/\/www.mines-stetienne.fr\/fayol\/theses\/these-preparee-par-anastasia-wolff\/","og_locale":"fr_FR","og_type":"article","og_title":"Th\u00e8se pr\u00e9par\u00e9e par Anastasia Wolff - Institut Henri Fayol","og_description":"\u00a0| D\u00e9partement Management responsable et innovation | | Projets | \u00c9quipe | Publications | Partenaires | Titre :\u00a0\u00a0Responsabilit\u00e9 soci\u00e9tale : quelles contributions des entreprises \u00e0 la conservation de la biodiversit\u00e9 ? R\u00e9sum\u00e9 :\u00a0Alors que nous faisons face \u00e0 une crise &hellip;","og_url":"https:\/\/www.mines-stetienne.fr\/fayol\/theses\/these-preparee-par-anastasia-wolff\/","og_site_name":"Institut Henri Fayol","article_publisher":"https:\/\/www.facebook.com\/MinesSaintEtienne","article_modified_time":"2022-12-14T08:08:04+00:00","og_image":[{"url":"https:\/\/www.mines-stetienne.fr\/wp-content\/uploads\/2016\/01\/publi.gif","type":"","width":"","height":""}],"twitter_card":"summary_large_image","twitter_site":"@MINES_StEtienne","twitter_misc":{"Dur\u00e9e de lecture estim\u00e9e":"3 minutes"},"schema":{"@context":"https:\/\/schema.org","@graph":[{"@type":"WebPage","@id":"https:\/\/www.mines-stetienne.fr\/fayol\/theses\/these-preparee-par-anastasia-wolff\/","url":"https:\/\/www.mines-stetienne.fr\/fayol\/theses\/these-preparee-par-anastasia-wolff\/","name":"Th\u00e8se pr\u00e9par\u00e9e par Anastasia Wolff - Institut Henri Fayol","isPartOf":{"@id":"https:\/\/www.mines-stetienne.fr\/fayol\/#website"},"primaryImageOfPage":{"@id":"https:\/\/www.mines-stetienne.fr\/fayol\/theses\/these-preparee-par-anastasia-wolff\/#primaryimage"},"image":{"@id":"https:\/\/www.mines-stetienne.fr\/fayol\/theses\/these-preparee-par-anastasia-wolff\/#primaryimage"},"thumbnailUrl":"https:\/\/www.mines-stetienne.fr\/wp-content\/uploads\/2016\/01\/publi.gif","datePublished":"2022-12-14T08:08:03+00:00","dateModified":"2022-12-14T08:08:04+00:00","breadcrumb":{"@id":"https:\/\/www.mines-stetienne.fr\/fayol\/theses\/these-preparee-par-anastasia-wolff\/#breadcrumb"},"inLanguage":"fr-FR","potentialAction":[{"@type":"ReadAction","target":["https:\/\/www.mines-stetienne.fr\/fayol\/theses\/these-preparee-par-anastasia-wolff\/"]}]},{"@type":"ImageObject","inLanguage":"fr-FR","@id":"https:\/\/www.mines-stetienne.fr\/fayol\/theses\/these-preparee-par-anastasia-wolff\/#primaryimage","url":"https:\/\/www.mines-stetienne.fr\/wp-content\/uploads\/2016\/01\/publi.gif","contentUrl":"https:\/\/www.mines-stetienne.fr\/wp-content\/uploads\/2016\/01\/publi.gif"},{"@type":"BreadcrumbList","@id":"https:\/\/www.mines-stetienne.fr\/fayol\/theses\/these-preparee-par-anastasia-wolff\/#breadcrumb","itemListElement":[{"@type":"ListItem","position":1,"name":"Accueil","item":"https:\/\/www.mines-stetienne.fr\/fayol\/"},{"@type":"ListItem","position":2,"name":"Recherche","item":"https:\/\/www.mines-stetienne.fr\/fayol\/theses\/"},{"@type":"ListItem","position":3,"name":"Th\u00e8se pr\u00e9par\u00e9e par Anastasia Wolff"}]},{"@type":"WebSite","@id":"https:\/\/www.mines-stetienne.fr\/fayol\/#website","url":"https:\/\/www.mines-stetienne.fr\/fayol\/","name":"Institut Henri Fayol","description":"","publisher":{"@id":"https:\/\/www.mines-stetienne.fr\/fayol\/#organization"},"potentialAction":[{"@type":"SearchAction","target":{"@type":"EntryPoint","urlTemplate":"https:\/\/www.mines-stetienne.fr\/fayol\/?s={search_term_string}"},"query-input":{"@type":"PropertyValueSpecification","valueRequired":true,"valueName":"search_term_string"}}],"inLanguage":"fr-FR"},{"@type":"Organization","@id":"https:\/\/www.mines-stetienne.fr\/fayol\/#organization","name":"Institut Henri Fayol","url":"https:\/\/www.mines-stetienne.fr\/fayol\/","logo":{"@type":"ImageObject","inLanguage":"fr-FR","@id":"https:\/\/www.mines-stetienne.fr\/fayol\/#\/schema\/logo\/image\/","url":"https:\/\/www.mines-stetienne.fr\/fayol\/wp-content\/uploads\/sites\/18\/2022\/09\/Mines_Saint_Etienne_IMT_RVB.png","contentUrl":"https:\/\/www.mines-stetienne.fr\/fayol\/wp-content\/uploads\/sites\/18\/2022\/09\/Mines_Saint_Etienne_IMT_RVB.png","width":316,"height":315,"caption":"Institut Henri Fayol"},"image":{"@id":"https:\/\/www.mines-stetienne.fr\/fayol\/#\/schema\/logo\/image\/"},"sameAs":["https:\/\/www.facebook.com\/MinesSaintEtienne","https:\/\/x.com\/MINES_StEtienne","https:\/\/www.youtube.com\/channel\/UCVSdpdmJccvUngjJ2on1n3A"]}]}},"_links":{"self":[{"href":"https:\/\/www.mines-stetienne.fr\/fayol\/wp-json\/wp\/v2\/pages\/392","targetHints":{"allow":["GET"]}}],"collection":[{"href":"https:\/\/www.mines-stetienne.fr\/fayol\/wp-json\/wp\/v2\/pages"}],"about":[{"href":"https:\/\/www.mines-stetienne.fr\/fayol\/wp-json\/wp\/v2\/types\/page"}],"author":[{"embeddable":true,"href":"https:\/\/www.mines-stetienne.fr\/fayol\/wp-json\/wp\/v2\/users\/1536"}],"replies":[{"embeddable":true,"href":"https:\/\/www.mines-stetienne.fr\/fayol\/wp-json\/wp\/v2\/comments?post=392"}],"version-history":[{"count":1,"href":"https:\/\/www.mines-stetienne.fr\/fayol\/wp-json\/wp\/v2\/pages\/392\/revisions"}],"predecessor-version":[{"id":393,"href":"https:\/\/www.mines-stetienne.fr\/fayol\/wp-json\/wp\/v2\/pages\/392\/revisions\/393"}],"up":[{"embeddable":true,"href":"https:\/\/www.mines-stetienne.fr\/fayol\/wp-json\/wp\/v2\/pages\/286"}],"wp:attachment":[{"href":"https:\/\/www.mines-stetienne.fr\/fayol\/wp-json\/wp\/v2\/media?parent=392"}],"wp:term":[{"taxonomy":"post_tag","embeddable":true,"href":"https:\/\/www.mines-stetienne.fr\/fayol\/wp-json\/wp\/v2\/tags?post=392"}],"curies":[{"name":"wp","href":"https:\/\/api.w.org\/{rel}","templated":true}]}}