{"id":286,"date":"2022-12-07T16:07:59","date_gmt":"2022-12-07T15:07:59","guid":{"rendered":"https:\/\/www.mines-stetienne.fr\/fayol\/?page_id=286"},"modified":"2024-11-15T09:56:57","modified_gmt":"2024-11-15T08:56:57","slug":"theses","status":"publish","type":"page","link":"https:\/\/www.mines-stetienne.fr\/fayol\/theses\/","title":{"rendered":"Recherche"},"content":{"rendered":"\n<div class=\"fixed-top-menu-spacer\" style=\"height: 65px\">\n                  <ul class=\"fixed-top-menu\">\n\n<li class=\"page_item page-item-631 current_page_item\"><a href=\"#\">Laboratoires<\/a><\/li>\n<li class=\"page_item page-item-643\"><a href=\"2\/\">D\u00e9partements<\/a><\/li>\n<li class=\"page_item page-item-637\"><a href=\"3\/\">IMT<\/a><\/li>\n<li class=\"page_item page-item-652\"><a href=\"4\/\">Th\u00e8ses<\/a><\/li>\n\n                    <\/ul>\n                <\/div>\n\n\n\n<p><img loading=\"lazy\" decoding=\"async\" class=\" wp-image-24759 alignright\" src=\"https:\/\/www.mines-stetienne.fr\/wp-content\/uploads\/2021\/04\/fayolwordcloud-05-sm.png\" alt=\"\" width=\"310\" height=\"311\">L\u2019Institut Henri Fayol d\u00e9ploie une large palette de comp\u00e9tences scientifiques relevant des domaines des math\u00e9matiques et du g\u00e9nie industriel, de l\u2019informatique, de l\u2019Intelligence Artificielle et des Sciences des donn\u00e9es, de l\u2019environnement et de l\u2019\u00e9conomie circulaire, du management et de la responsabilit\u00e9 sociale des entreprises. Ces comp\u00e9tences sont mises en \u0153uvre au sein de d\u00e9partements de formation et de recherche ainsi qu\u2019au sein de laboratoires de recherche disciplinaires. Elles sont mobilis\u00e9es pour r\u00e9pondre aux probl\u00e9matiques et d\u00e9fis de l\u2019<strong>Industrie et des Territoires du futur<\/strong>. Consid\u00e9rer les perspectives techniques et \u00e9conomiques, mais aussi sociales, environnementales et territoriales de ces domaines &nbsp;permet d\u2019inscrire les r\u00e9ponses apport\u00e9es dans une d\u00e9marche de d\u00e9veloppement durable et de responsabilit\u00e9 soci\u00e9tale.<\/p>\n\n\n\n<h3 class=\"wp-block-heading\">Appartenances acad\u00e9miques<\/h3>\n\n\n\n<p class=\"has-text-align-left\">L\u2019Institut Henri Fayol d\u00e9veloppe son excellence scientifique disciplinaire au sein du LIMOS UMR CNRS 6458, EVS UMR CNRS 5600, COACTIS EA 4161. Ces laboratoires f\u00e9d\u00e8rent les comp\u00e9tences des enseignants chercheurs de l\u2019institut structur\u00e9s en 4 d\u00e9partements de recherche et de formation : <strong>G<\/strong>\u00e9nie <strong>M<\/strong>ath\u00e9matique et <strong>I<\/strong>ndustriel (<strong>GMI<\/strong>), <strong>I<\/strong>nformatique et <strong>S<\/strong>yst\u00e8mes <strong>I<\/strong>ntelligents (<strong>ISI<\/strong>), <strong>G<\/strong>\u00e9nie de l\u2019<strong>E<\/strong>nvironnement pour les <strong>O<\/strong>rganisations (<strong>GEO<\/strong>) et <strong>M<\/strong>anagement <strong>R<\/strong>esponsable et <strong>I<\/strong>nnovation (<strong>MRI<\/strong>).&nbsp;<\/p>\n\n\n\n<div class=\"ListeFormations-item col-md-3 col-md-3 col-sm-3 col-xs-6\">\n<div style=\"background-color:#FFFFFF\" align=\"middle\"><a href=\"https:\/\/limos.fr\/\"><img decoding=\"async\" class=\"alignnone  wp-image-22889\" src=\"https:\/\/www.mines-stetienne.fr\/wp-content\/uploads\/2021\/03\/limos-300x179.png\" alt=\"\" width=\"55\"><\/a><br><img decoding=\"async\" src=\"https:\/\/www.mines-stetienne.fr\/wp-content\/uploads\/2021\/05\/px-blanc.png\" alt=\"\" class=\"wp-image-25516\" width=\"110\"><\/div>\n<div class=\"Formation click\">\n<p class=\"Formation-title\" style=\"font-size:18px\"><a class=\"\" href=\"https:\/\/www.mines-stetienne.fr\/recherche\/departements\/departement-genie-mathematique-et-industriel\/\">GMI<\/a><\/p>\n<p style=\"font-size:14px\"><strong>G\u00e9nie Math\u00e9matique et Industriel<\/strong>\n<\/p>\n<p class=\"Formation-contentHover\">Applied Mathematics\n<\/p>\n<\/div>\n<\/div>\n<div class=\"ListeFormations-item col-md-3 col-md-3 col-sm-3 col-xs-6\">\n<div style=\"background-color:#FFFFFF\" align=\"middle\"><a href=\"https:\/\/limos.fr\/\"><img decoding=\"async\" class=\"alignnone  wp-image-22889\" src=\"https:\/\/www.mines-stetienne.fr\/wp-content\/uploads\/2021\/03\/limos-300x179.png\" alt=\"\" width=\"55\"><\/a><br><img decoding=\"async\" src=\"https:\/\/www.mines-stetienne.fr\/wp-content\/uploads\/2021\/05\/px-blanc.png\" alt=\"\" class=\"wp-image-25516\" width=\"110\"><\/div>\n<div class=\"Formation click\">\n<p class=\"Formation-title\" style=\"font-size:18px\"><a class=\"\" href=\"https:\/\/www.mines-stetienne.fr\/recherche\/departements\/departement-informatique-et-systemes-intelligents\/\">ISI<\/a><\/p>\n<p style=\"font-size:14px\"><strong>Informatique et Syst\u00e8mes Intelligents<\/strong><\/p>\n<p class=\"Formation-contentHover\">Computer Science\n<\/p>\n<\/div>\n<\/div>\n<div class=\"ListeFormations-item col-md-3 col-md-3 col-sm-3 col-xs-6\">\n<div style=\"background-color:#FFFFFF\" align=\"middle\"><a href=\"https:\/\/umr5600.cnrs.fr\/fr\/accueil\/\"><img decoding=\"async\" align=\"middle\" src=\"https:\/\/www.mines-stetienne.fr\/wp-content\/uploads\/2021\/05\/EVS-web.png\" alt=\"\" width=\"120\"><\/a><br><img decoding=\"async\" src=\"https:\/\/www.mines-stetienne.fr\/wp-content\/uploads\/2021\/05\/px-blanc.png\" alt=\"\" class=\"wp-image-25516\" width=\"100\"><\/div>\n<div class=\"Formation click\"><p class=\"Formation-title\" style=\"font-size:18px\"><a class=\"\" href=\"https:\/\/www.mines-stetienne.fr\/recherche\/departements\/departement-genie-de-l-environnement-et-des-organisations\/\">GEO<\/a><\/p>\n<p style=\"font-size:14px\"><strong>G\u00e9nie de l\u2019environnement pour les organisations<\/strong>\n<\/p>\n<p class=\"Formation-contentHover\">Industrial Engineering and Environmental Sciences\n<\/p>\n<\/div>\n<\/div>\n<div class=\"ListeFormations-item col-md-3 col-md-3 col-sm-3 col-xs-6\">\n<div style=\"background-color:#FFFFFF\" align=\"middle\"><a href=\"https:\/\/coactis.org\/\"><img decoding=\"async\" align=\"middle\" src=\"https:\/\/www.mines-stetienne.fr\/wp-content\/uploads\/2021\/03\/logo-coactis-300x90-1.gif\" alt=\"\" width=\"120\"><\/a><br><img decoding=\"async\" src=\"https:\/\/www.mines-stetienne.fr\/wp-content\/uploads\/2021\/05\/px-blanc.png\" alt=\"\" class=\"wp-image-25516\" width=\"100\"><\/div>\n<div class=\"Formation click\"><p class=\"Formation-title\" style=\"font-size:18px\"><a class=\"\" href=\"https:\/\/www.mines-stetienne.fr\/recherche\/departements\/departement-management-responsable-et-innovation\/\">MRI<\/a><\/p>\n<p style=\"font-size:14px\"><strong>Management Responsable et Innovation<\/strong>\n<\/p>\n<p class=\"Formation-contentHover\">Managerial Sciences\n<\/p>\n<\/div>\n<\/div>\n\n\n\n<div style=\"height:146px\" aria-hidden=\"true\" class=\"wp-block-spacer\"><\/div>\n\n\n\n\n\n<figure class=\"wp-block-image size-large is-resized\"><a href=\"https:\/\/www.mines-stetienne.fr\/wp-content\/uploads\/2021\/05\/px-blanc.png\"><img decoding=\"async\" src=\"https:\/\/www.mines-stetienne.fr\/wp-content\/uploads\/2021\/05\/px-blanc.png\" alt=\"\" class=\"wp-image-25516\" style=\"width:105px;height:30px\" \/><\/a><\/figure>\n\n\n\n<!--nextpage-->\n\n\n\n<div class=\"fixed-top-menu-spacer\" style=\"height: 65px\">\n                    <ul class=\"fixed-top-menu\">\n\n<li class=\"page_item page-item-631\"><a href=\"https:\/\/www.mines-stetienne.fr\/recherche\/5-centres-de-formation-et-de-recherche\/institut-henri-fayol\/recherche\/\">Laboratoires<\/a><\/li>\n<li class=\"page_item page-item-643 current_page_item\"><a href=\"#\">D\u00e9partements<\/a><\/li>\n<li class=\"page_item page-item-637\"><a href=\"..\/3\/\">IMT<\/a><\/li>\n<li class=\"page_item page-item-652\"><a href=\"..\/4\/\">Th\u00e8ses<\/a><\/li>\n\n                    <\/ul>\n                <\/div>\n\n\n\n<h3 class=\"wp-block-heading\">4 d\u00e9partements scientifiques<\/h3>\n\n\n\n<table class=\" aligncenter\" style=\"width: 100%;border-color: #805bb5\" cellpadding=\"10\" border=\"0\">\n<tbody>\n<tr>\n<td style=\"width: 40%;text-align: left;vertical-align: top\">\n<h4 style=\"text-align: center\"><a href=\"https:\/\/www.mines-stetienne.fr\/recherche\/centres-et-departements\/departement-informatique-et-systemes-intelligents\/\">Informatique et syst\u00e8mes intelligents<\/a><\/h4>\n<p>Responsable :&nbsp;<a href=\"ma&#105;&#108;&#116;&#x6f;&#x3a;&#x7a;&#x69;&#x6d;me&#114;&#109;&#97;&#x6e;&#x6e;&#x40;&#x6d;&#x69;ne&#115;&#45;&#115;&#x74;&#x65;&#x74;&#x69;&#x65;nn&#101;&#46;&#102;&#x72;\">Antoine Zimmermann<\/a><\/p>\n<p>Inter-connection de contenus, de services, d\u2019objets et de personnes<\/p>\n<table style=\"width: 99%\" cellspacing=\"0\" cellpadding=\"0\" border=\"0\">\n<tbody>\n<tr>\n<td style=\"width: 40%;text-align: left\" colspan=\"2\"><img loading=\"lazy\" decoding=\"async\" class=\"alignnone wp-image-2859 size-full\" src=\"https:\/\/www.mines-stetienne.fr\/wp-content\/uploads\/2016\/01\/puce4.gif\" width=\"26\" height=\"25\">Intelligence artificielle<br><img loading=\"lazy\" decoding=\"async\" class=\"alignnone wp-image-2859 size-full\" src=\"https:\/\/www.mines-stetienne.fr\/wp-content\/uploads\/2016\/01\/puce4.gif\" width=\"26\" height=\"25\">Repr\u00e9sentation des connaissances<br><img loading=\"lazy\" decoding=\"async\" class=\"alignnone wp-image-2859 size-full\" src=\"https:\/\/www.mines-stetienne.fr\/wp-content\/uploads\/2016\/01\/puce4.gif\" width=\"26\" height=\"25\">Web s\u00e9mantique<\/td>\n<\/tr>\n<tr>\n<td style=\"width: 40%;text-align: left;vertical-align: top\"><img loading=\"lazy\" decoding=\"async\" class=\"alignnone wp-image-2859 size-full\" src=\"https:\/\/www.mines-stetienne.fr\/wp-content\/uploads\/2016\/01\/puce4.gif\" width=\"26\" height=\"25\">Recherche d\u2019information<br><img loading=\"lazy\" decoding=\"async\" class=\"alignnone wp-image-2859 size-full\" src=\"https:\/\/www.mines-stetienne.fr\/wp-content\/uploads\/2016\/01\/puce4.gif\" width=\"26\" height=\"25\">Data mining<br><img loading=\"lazy\" decoding=\"async\" class=\"alignnone wp-image-2859 size-full\" src=\"https:\/\/www.mines-stetienne.fr\/wp-content\/uploads\/2016\/01\/puce4.gif\" width=\"26\" height=\"25\">Syst\u00e8mes multi-agents<br><img loading=\"lazy\" decoding=\"async\" class=\"alignnone wp-image-2859 size-full\" src=\"https:\/\/www.mines-stetienne.fr\/wp-content\/uploads\/2016\/01\/puce4.gif\" width=\"26\" height=\"25\">S\u00e9curit\u00e9, Confiance<\/td>\n<td style=\"width: 35%;text-align: left\"><img decoding=\"async\" class=\"aligncenter wp-image-3378\" src=\"https:\/\/www.mines-stetienne.fr\/wp-content\/uploads\/2016\/01\/image005-bis.jpg\" alt=\"\" width=\"140\"><\/td>\n<\/tr>\n<\/tbody>\n<\/table>\n<\/td><td>&nbsp;<\/td>\n<td style=\"width: 40%;text-align: left;vertical-align: top\">\n<h4 style=\"text-align: center\"><a href=\"https:\/\/www.mines-stetienne.fr\/recherche\/centres-et-departements\/departement-genie-mathematique-et-industriel\/\">G\u00e9nie math\u00e9matique et industriel<\/a><\/h4>\n<p>Responsable : <a>Xavier Delorme<\/a><\/p>\n<p>Math\u00e9matiques pour l\u2019aide \u00e0 la d\u00e9cision<\/p>\n<table style=\"width: 90%\" cellspacing=\"0\" cellpadding=\"0\" border=\"0\">\n<tbody>\n<tr>\n<td style=\"width: 40%;text-align: left\" colspan=\"2\"><img loading=\"lazy\" decoding=\"async\" class=\"alignnone wp-image-2859 size-full\" src=\"https:\/\/www.mines-stetienne.fr\/wp-content\/uploads\/2016\/01\/puce4.gif\" width=\"26\" height=\"25\">Simulation<br><img loading=\"lazy\" decoding=\"async\" class=\"alignnone wp-image-2859 size-full\" src=\"https:\/\/www.mines-stetienne.fr\/wp-content\/uploads\/2016\/01\/puce4.gif\" width=\"26\" height=\"25\">Pr\u00e9vision et optimisation de syst\u00e8mes<br>physiques et industriels<br><img loading=\"lazy\" decoding=\"async\" class=\"alignnone wp-image-2859 size-full\" src=\"https:\/\/www.mines-stetienne.fr\/wp-content\/uploads\/2016\/01\/puce4.gif\" width=\"26\" height=\"25\">Gestion des incertitudes<\/td>\n<\/tr>\n<tr>\n<td style=\"width: 40%;text-align: left;vertical-align: top\">&nbsp;<\/td>\n<td style=\"width: 40%;text-align: left\"><img decoding=\"async\" class=\"wp-image-3379 alignright\" src=\"https:\/\/www.mines-stetienne.fr\/wp-content\/uploads\/2016\/01\/image007-bis-300x226.jpg\" alt=\"\" width=\"140\"><\/td>\n<\/tr>\n<\/tbody>\n<\/table>\n<\/td>\n<\/tr>\n<tr>\n<td style=\"width: 40%text-align: left;vertical-align: top\" bgcolor=\"#EFEFEF\">\n<table style=\"width: 90%\">\n<tbody>\n<tr>\n<td><a href=\"https:\/\/www.mines-stetienne.fr\/recherche\/centres-et-departements\/departement-informatique-et-systemes-intelligents\/projets\/\"><img loading=\"lazy\" decoding=\"async\" class=\"alignnone wp-image-2574 size-full\" src=\"https:\/\/www.mines-stetienne.fr\/wp-content\/uploads\/2016\/01\/projets.gif\" alt=\"projets\" width=\"50\" height=\"50\"><\/a><\/td>\n<td><a href=\"https:\/\/www.mines-stetienne.fr\/recherche\/centres-et-departements\/departement-informatique-et-systemes-intelligents\/equipe\/\"><img loading=\"lazy\" decoding=\"async\" class=\"alignnone wp-image-2575 size-full\" src=\"https:\/\/www.mines-stetienne.fr\/wp-content\/uploads\/2016\/01\/equipe.gif\" alt=\"equipe\" width=\"50\" height=\"50\"><\/a><\/td>\n<td><a href=\"https:\/\/www.mines-stetienne.fr\/recherche\/centres-et-departements\/departement-informatique-et-systemes-intelligents\/publications\/\"><img loading=\"lazy\" decoding=\"async\" class=\"alignnone wp-image-2576 size-full\" src=\"https:\/\/www.mines-stetienne.fr\/wp-content\/uploads\/2016\/01\/publi.gif\" alt=\"publi\" width=\"50\" height=\"50\"><\/a><\/td>\n<td><a href=\"https:\/\/www.mines-stetienne.fr\/recherche\/centres-et-departements\/departement-informatique-et-systemes-intelligents\/partenaires\/\"><img loading=\"lazy\" decoding=\"async\" class=\"alignnone size-full wp-image-2577\" src=\"https:\/\/www.mines-stetienne.fr\/wp-content\/uploads\/2016\/01\/partenaires.gif\" alt=\"partenaires\" width=\"50\" height=\"50\"><\/a><\/td>\n<\/tr>\n<\/tbody>\n<\/table>\n<hr><\/td><td>&nbsp;<\/td>\n<td style=\"width: 40%;text-align: left;vertical-align: top\" bgcolor=\"#EFEFEF\">\n<table style=\"width: 90%\">\n<tbody>\n<tr>\n<td><a href=\"https:\/\/www.mines-stetienne.fr\/recherche\/centres-et-departements\/departement-genie-mathematique-et-industriel\/projets\/\"><img loading=\"lazy\" decoding=\"async\" class=\"alignnone size-full wp-image-2574\" src=\"https:\/\/www.mines-stetienne.fr\/wp-content\/uploads\/2016\/01\/projets.gif\" alt=\"projets\" width=\"50\" height=\"50\"><\/a><\/td>\n<td><a href=\"https:\/\/www.mines-stetienne.fr\/recherche\/centres-et-departements\/departement-genie-mathematique-et-industriel\/equipe\/\"><img loading=\"lazy\" decoding=\"async\" class=\"alignnone size-full wp-image-2575\" src=\"https:\/\/www.mines-stetienne.fr\/wp-content\/uploads\/2016\/01\/equipe.gif\" alt=\"equipe\" width=\"50\" height=\"50\"><\/a><\/td>\n<td><a href=\"https:\/\/www.mines-stetienne.fr\/recherche\/centres-et-departements\/departement-genie-mathematique-et-industriel\/publications\/\"><img loading=\"lazy\" decoding=\"async\" class=\"alignnone size-full wp-image-2576\" src=\"https:\/\/www.mines-stetienne.fr\/wp-content\/uploads\/2016\/01\/publi.gif\" alt=\"publi\" width=\"50\" height=\"50\"><\/a><\/td>\n<td><a href=\"https:\/\/www.mines-stetienne.fr\/recherche\/centres-et-departements\/departement-genie-mathematique-et-industriel\/partenaires\/\"><img loading=\"lazy\" decoding=\"async\" class=\"alignnone size-full wp-image-2577\" src=\"https:\/\/www.mines-stetienne.fr\/wp-content\/uploads\/2016\/01\/partenaires.gif\" alt=\"partenaires\" width=\"50\" height=\"50\"><\/a><\/td>\n<\/tr>\n<\/tbody>\n<\/table>\n<hr><\/td>\n<\/tr>\n<tr>\n<td style=\"width: 40%;text-align: left;vertical-align: top\">\n<h4 style=\"text-align: center\"><a href=\"https:\/\/www.mines-stetienne.fr\/recherche\/centres-et-departements\/departement-genie-de-l-environnement-et-des-organisations\/\">G\u00e9nie de l\u2019environnement et des organisations<\/a><\/h4>\n<p>Responsable : <a href=\"&#x6d;&#97;i&#x6c;&#116;o&#x3a;&#118;i&#x6c;&#108;o&#x74;&#64;m&#x69;&#x6e;e&#x73;&#x2d;&#115;&#x74;&#x65;&#116;&#x69;&#x65;&#110;n&#x65;&#46;f&#x72;\">Jonathan Villot<\/a><br>Performances \u00e9conomiques, environnementales et soci\u00e9tales des syst\u00e8mes de production et des territoires<\/p>\n<table style=\"width: 90%\" cellspacing=\"0\" cellpadding=\"0\" border=\"0\">\n<tbody>\n<tr>\n<td style=\"width: 40%;text-align: left\" colspan=\"2\"><img loading=\"lazy\" decoding=\"async\" class=\"alignnone wp-image-2859 size-full\" src=\"https:\/\/www.mines-stetienne.fr\/wp-content\/uploads\/2016\/01\/puce4.gif\" width=\"26\" height=\"25\">\u00c9valuation environnementale<br><img loading=\"lazy\" decoding=\"async\" class=\"alignnone wp-image-2859 size-full\" src=\"https:\/\/www.mines-stetienne.fr\/wp-content\/uploads\/2016\/01\/puce4.gif\" width=\"26\" height=\"25\">Logistique durable<img decoding=\"async\" class=\"alignright wp-image-3381\" src=\"https:\/\/www.mines-stetienne.fr\/wp-content\/uploads\/2016\/01\/image009-bis-300x214.jpg\" alt=\"\" width=\"140\"><br><img loading=\"lazy\" decoding=\"async\" class=\"alignnone wp-image-2859 size-full\" src=\"https:\/\/www.mines-stetienne.fr\/wp-content\/uploads\/2016\/01\/puce4.gif\" width=\"26\" height=\"25\">Servicisation<br><img loading=\"lazy\" decoding=\"async\" class=\"alignnone wp-image-2859 size-full\" src=\"https:\/\/www.mines-stetienne.fr\/wp-content\/uploads\/2016\/01\/puce4.gif\" width=\"26\" height=\"25\">R\u00e9silience des territoires.<\/td>\n<\/tr>\n<tr>\n<td style=\"width: 40%;text-align: left;vertical-align: top\">&nbsp;<\/td>\n<td style=\"width: 40%;text-align: left\">&nbsp;<\/td>\n<\/tr>\n<\/tbody>\n<\/table>\n<\/td><td style=\"width: 3%;vertical-align: top\">&nbsp;<\/td>\n<td style=\"width: 40%;vertical-align: top\">\n<h4 style=\"text-align: center\"><a href=\"https:\/\/www.mines-stetienne.fr\/recherche\/centres-et-departements\/departement-management-responsable-et-innovation\/\">Management responsable et innovation<\/a><\/h4>\n<p>Responsable :&nbsp;<a href=\"m&#97;&#105;&#x6c;&#x74;&#x6f;:&#112;&#101;&#x69;&#x6c;&#x6c;on&#64;&#x65;&#x6d;&#x73;e&#46;&#102;&#114;\">Sophie Peillon<\/a><br>Performance globale des entreprises par l\u2019innovation<br>durable<\/p>\n<p><img loading=\"lazy\" decoding=\"async\" class=\"alignnone wp-image-2859 size-full\" src=\"https:\/\/www.mines-stetienne.fr\/wp-content\/uploads\/2016\/01\/puce4.gif\" width=\"26\" height=\"25\"><img decoding=\"async\" class=\"size-full wp-image-3386 alignright\" src=\"https:\/\/www.mines-stetienne.fr\/wp-content\/uploads\/2016\/01\/image018-bis.jpg\" alt=\"\" width=\"140\">Plateformes collaboratives pour l\u2019innovation durable RSE<br><img loading=\"lazy\" decoding=\"async\" class=\"alignnone wp-image-2859 size-full\" src=\"https:\/\/www.mines-stetienne.fr\/wp-content\/uploads\/2016\/01\/puce4.gif\" width=\"26\" height=\"25\">Innovation et cr\u00e9ation de valeur en PME<br><img loading=\"lazy\" decoding=\"async\" class=\"alignnone wp-image-2859 size-full\" src=\"https:\/\/www.mines-stetienne.fr\/wp-content\/uploads\/2016\/01\/puce4.gif\" width=\"26\" height=\"25\">Pratiques manag\u00e9riales et organisationnelles<\/p>\n<\/td>\n<\/tr>\n<tr>\n<td style=\"width: 40%;text-align: left;vertical-align: top\" bgcolor=\"#EFEFEF\">\n<table style=\"width: 100%\">\n<tbody>\n<tr>\n<td><a href=\"https:\/\/www.mines-stetienne.fr\/recherche\/centres-et-departements\/departement-genie-de-l-environnement-et-des-organisations\/projets\/\"><img loading=\"lazy\" decoding=\"async\" class=\"alignnone size-full wp-image-2574\" src=\"https:\/\/www.mines-stetienne.fr\/wp-content\/uploads\/2016\/01\/projets.gif\" alt=\"projets\" width=\"50\" height=\"50\"><\/a><\/td>\n<td><a href=\"https:\/\/www.mines-stetienne.fr\/recherche\/centres-et-departements\/departement-genie-de-l-environnement-et-des-organisations\/equipe\/\"><img loading=\"lazy\" decoding=\"async\" class=\"alignnone size-full wp-image-2575\" src=\"https:\/\/www.mines-stetienne.fr\/wp-content\/uploads\/2016\/01\/equipe.gif\" alt=\"equipe\" width=\"50\" height=\"50\"><\/a><\/td>\n<td><a href=\"https:\/\/www.mines-stetienne.fr\/recherche\/centres-et-departements\/departement-genie-de-l-environnement-et-des-organisations\/publications\/\"><img loading=\"lazy\" decoding=\"async\" class=\"alignnone size-full wp-image-2576\" src=\"https:\/\/www.mines-stetienne.fr\/wp-content\/uploads\/2016\/01\/publi.gif\" alt=\"publi\" width=\"50\" height=\"50\"><\/a><\/td>\n<td><a href=\"https:\/\/www.mines-stetienne.fr\/recherche\/centres-et-departements\/departement-genie-de-l-environnement-et-des-organisations\/partenaires\/\"><img loading=\"lazy\" decoding=\"async\" class=\"alignnone size-full wp-image-2577\" src=\"https:\/\/www.mines-stetienne.fr\/wp-content\/uploads\/2016\/01\/partenaires.gif\" alt=\"partenaires\" width=\"50\" height=\"50\"><\/a><\/td>\n<\/tr>\n<\/tbody>\n<\/table>\n<hr><\/td><td>&nbsp;<\/td>\n<td style=\"width: 40%;vertical-align: top\" bgcolor=\"#EFEFEF\">\n<table style=\"width: 100%\">\n<tbody>\n<tr>\n<td><a href=\"https:\/\/www.mines-stetienne.fr\/recherche\/centres-et-departements\/departement-management-responsable-et-innovation\/projets\/\"><img loading=\"lazy\" decoding=\"async\" class=\"alignnone size-full wp-image-2574\" src=\"https:\/\/www.mines-stetienne.fr\/wp-content\/uploads\/2016\/01\/projets.gif\" alt=\"projets\" width=\"50\" height=\"50\"><\/a><\/td>\n<td><a href=\"https:\/\/www.mines-stetienne.fr\/recherche\/centres-et-departements\/departement-management-responsable-et-innovation\/equipe\/\"><img loading=\"lazy\" decoding=\"async\" class=\"alignnone size-full wp-image-2575\" src=\"https:\/\/www.mines-stetienne.fr\/wp-content\/uploads\/2016\/01\/equipe.gif\" alt=\"equipe\" width=\"50\" height=\"50\"><\/a><\/td>\n<td><a href=\"https:\/\/www.mines-stetienne.fr\/recherche\/centres-et-departements\/departement-management-responsable-et-innovation\/publication\/\"><img loading=\"lazy\" decoding=\"async\" class=\"alignnone size-full wp-image-2576\" src=\"https:\/\/www.mines-stetienne.fr\/wp-content\/uploads\/2016\/01\/publi.gif\" alt=\"publi\" width=\"50\" height=\"50\"><\/a><\/td>\n<td><a href=\"https:\/\/www.mines-stetienne.fr\/recherche\/centres-et-departements\/departement-management-responsable-et-innovation\/partenaires\/\"><img loading=\"lazy\" decoding=\"async\" class=\"alignnone size-full wp-image-2577\" src=\"https:\/\/www.mines-stetienne.fr\/wp-content\/uploads\/2016\/01\/partenaires.gif\" alt=\"partenaires\" width=\"50\" height=\"50\"><\/a><\/td>\n<\/tr>\n<\/tbody>\n<\/table>\n<hr><\/td>\n<\/tr>\n<\/tbody>\n<\/table>\n\n\n\n<!--nextpage-->\n\n\n\n<div class=\"fixed-top-menu-spacer\" style=\"height: 65px\">\n                    <ul class=\"fixed-top-menu\">\n\n<li class=\"page_item page-item-631\"><a href=\"https:\/\/www.mines-stetienne.fr\/recherche\/5-centres-de-formation-et-de-recherche\/institut-henri-fayol\/recherche\/\">Laboratoires<\/a><\/li>\n<li class=\"page_item page-item-643 \"><a href=\"..\/2\/\">D\u00e9partements<\/a><\/li>\n<li class=\"page_item page-item-637 current_page_item\"><a href=\"#\">IMT<\/a><\/li>\n<li class=\"page_item page-item-652\"><a href=\"..\/4\/\">Th\u00e8ses<\/a><\/li>\n\n                    <\/ul>\n                <\/div>\n\n\n\n<h3 class=\"wp-block-heading\">L&rsquo;Institut Fayol et l&rsquo;Institut Mines-T\u00e9l\u00e9com<\/h3>\n\n\n\n<p>L&rsquo;Institut Fayol participe et s&rsquo;implique dans les communaut\u00e9s scientifiques de l&rsquo;Institut Mines-T\u00e9l\u00e9com.<\/p>\n\n\n\n<blockquote class=\"wp-block-quote is-layout-flow wp-block-quote-is-layout-flow\">\n<h4 class=\"wp-block-heading\">Transformations num\u00e9riques<\/h4>\n\n\n\n<p>Les technologies de l\u2019information et de la communication (TIC) sont des facteurs majeurs d\u2019\u00e9volution depuis plusieurs d\u00e9cennies. Les \u00e9coles de l\u2019IMT, qui associent des \u00e9coles du num\u00e9rique et des \u00e9coles d\u00e9di\u00e9es aux syst\u00e8mes industriels, mais traitent aussi de sant\u00e9, de mobilit\u00e9 ou d\u2019environnement, conduisent de nombreux travaux de recherche en TIC, dans de nombreux champs, selon trois axes majeurs que sont les sciences de donn\u00e9es et l\u2019intelligence artificielle, les risques et la cybers\u00e9curit\u00e9 ou enfin les r\u00e9seaux et l\u2019Internet des objets&#8230;<\/p>\n\n\n\n<ul class=\"wp-block-list\">\n<li><strong><a href=\"https:\/\/www.imt.fr\/recherche-innovation\/recherche\/axes-thematiques\/risques-cybersecurite\/\">Risques et Cybers\u00e9curit\u00e9<\/a><\/strong><\/li>\n\n\n\n<li><strong><a href=\"https:\/\/www.imt.fr\/recherche-innovation\/recherche\/axes-thematiques\/data-analytics-et-intelligence-artificielle\/\">Data analytics et Intelligence artificielle<\/a><\/strong><\/li>\n\n\n\n<li><a href=\"https:\/\/www.imt.fr\/recherche-innovation\/recherche\/axes-thematiques\/reseaux-et-internet-des-objets\/\" target=\"_blank\" rel=\"noreferrer noopener\"><strong>R\u00e9seaux &amp; Internet des objets<\/strong><\/a><\/li>\n<\/ul>\n<\/blockquote>\n\n\n\n<hr class=\"wp-block-separator has-alpha-channel-opacity\" \/>\n\n\n\n<blockquote class=\"wp-block-quote is-layout-flow wp-block-quote-is-layout-flow\">\n<h4 class=\"wp-block-heading\">Transformations \u00e9conomiques et soci\u00e9tales<\/h4>\n\n\n\n<p>Dans un monde fascin\u00e9 par les technologies (IA, robotique, etc.), les organisations ne peuvent que constater le r\u00f4le et la place pr\u00e9pond\u00e9rants que prend l\u2019Humain, notamment parce que les relations, reposant sur des \u00e9changes bas\u00e9s sur un langage proprement humain, demeurent le plus souvent la base de la performance&#8230;<\/p>\n\n\n\n<ul class=\"wp-block-list\">\n<li><strong><a href=\"https:\/\/www.imt.fr\/recherche-innovation\/recherche\/axes-thematiques\/transformation-numerique-responsable-des-organisations\/\" target=\"_blank\" rel=\"noreferrer noopener\">Transformation num\u00e9rique responsable des organisations<\/a><\/strong><\/li>\n<\/ul>\n<\/blockquote>\n\n\n\n<hr class=\"wp-block-separator has-alpha-channel-opacity\" \/>\n\n\n\n<blockquote class=\"wp-block-quote is-layout-flow wp-block-quote-is-layout-flow\">\n<h4 class=\"wp-block-heading\">Transformations industrielles<\/h4>\n\n\n\n<p>Au-del\u00e0 des transformations num\u00e9riques, l\u2019industrie subit de fortes \u00e9volutions en lien avec les besoins d\u2019optimisation croissants, de r\u00e9activit\u00e9 et d\u2019agilit\u00e9 qui deviennent cruciaux et enfin, de n\u00e9cessit\u00e9 d\u2019innover pour produire plus l\u00e9ger, plus durable, et \u00e0 partir de mati\u00e8res renouvelables.&nbsp;on, la maintenance et la logistique interne ou externe&#8230;<\/p>\n\n\n\n<ul class=\"wp-block-list\">\n<li><strong><a href=\"https:\/\/www.imt.fr\/recherche-innovation\/recherche\/axes-thematiques\/systemes-de-production\/\">Syst\u00e8mes de production<\/a><\/strong><\/li>\n<\/ul>\n<\/blockquote>\n\n\n\n<hr class=\"wp-block-separator has-alpha-channel-opacity\" \/>\n\n\n\n<blockquote class=\"wp-block-quote is-layout-flow wp-block-quote-is-layout-flow\">\n<h4 class=\"wp-block-heading\">Transformations \u00e9nerg\u00e9tiques, \u00e9cologiques et urbaines<\/h4>\n\n\n\n<p>Comment r\u00e9pondre aux d\u00e9s\u00e9quilibres entre le besoin humain en termes de ressources naturelles et leurs disponibilit\u00e9s&nbsp;?<\/p>\n\n\n\n<ul class=\"wp-block-list\">\n<li><a href=\"https:\/\/www.imt.fr\/recherche-innovation\/recherche\/axes-thematiques\/energie-renouvelable-et-ressources\/\" target=\"_blank\" rel=\"noreferrer noopener\"><strong>\u00c9nergies renouvelables &amp; Ressources<\/strong><\/a><\/li>\n\n\n\n<li><a href=\"https:\/\/www.imt.fr\/recherche-innovation\/recherche\/axes-thematiques\/mobilite-intelligente\/\"><strong>Mobilit\u00e9 intelligente<\/strong><\/a><\/li>\n<\/ul>\n<\/blockquote>\n\n\n\n<!--nextpage-->\n\n\n\n<div class=\"fixed-top-menu-spacer\" style=\"height: 65px\">\n                    <ul class=\"fixed-top-menu\">\n\n<li class=\"page_item page-item-631\"><a href=\"https:\/\/www.mines-stetienne.fr\/recherche\/5-centres-de-formation-et-de-recherche\/institut-henri-fayol\/recherche\/\">Laboratoires<\/a><\/li>\n<li class=\"page_item page-item-643 \"><a href=\"..\/2\/\">D\u00e9partements<\/a><\/li>\n<li class=\"page_item page-item-637 \"><a href=\"..\/3\/\">IMT<\/a><\/li>\n<li class=\"page_item page-item-652 current_page_item\"><a href=\"#\">Th\u00e8ses<\/a><\/li>\n\n                    <\/ul>\n                <\/div>\n\n\n\n<h3 class=\"wp-block-heading\">Th\u00e8ses en cours<\/h3>\n\n\n\n<table id=\"tablepress-19\" class=\"tablepress tablepress-id-19\">\n<thead>\n<tr class=\"row-1\">\n\t<th class=\"column-1\"><strong>Pr\u00e9nom \u2013\u00a0Nom<\/strong><\/th><th class=\"column-2\"><strong>Laboratoire<\/strong><\/th><th class=\"column-3\"><strong>Publications<\/strong><\/th><th class=\"column-4\"><strong>Th\u00e8se<\/strong><\/th>\n<\/tr>\n<\/thead>\n<tbody class=\"row-striping row-hover\">\n<tr class=\"row-2\">\n\t<td class=\"column-1\"><a href=\"&#109;a&#x69;l&#x74;o&#x3a;&#116;&#x61;&#110;&#x67;&#117;y&#x2e;a&#x70;p&#x72;&#105;&#x6f;&#117;&#x40;&#109;&#x69;&#110;e&#x73;-&#x73;t&#x65;&#116;&#x69;&#101;&#x6e;&#110;&#x65;&#46;f&#x72;\">Tanguy APPRIOU<\/a> <\/td><td class=\"column-2\"><a href=\"https:\/\/limos.fr\/\"><img decoding=\"async\" class=\"alignnone  wp-image-22889\" src=\"https:\/\/www.mines-stetienne.fr\/wp-content\/uploads\/2021\/03\/limos-300x179.png\" alt=\"\" width=\"50\"><\/a><\/td><td class=\"column-3\"><\/td><td class=\"column-4\"><a href=\"https:\/\/www.mines-stetienne.fr\/recherche\/centres-et-departements\/institut-henri-fayol\/actualites\/these-preparee-par-tanguy-appriou\/\"><img decoding=\"async\" loading=\"lazy\" class=\"aligncenter wp-image-2677\" src=\"https:\/\/www.mines-stetienne.fr\/wp-content\/uploads\/2016\/01\/these.gif\" alt=\"these\" width=\"32\" height=\"32\" \/><\/a><\/td>\n<\/tr>\n<tr class=\"row-3\">\n\t<td class=\"column-1\"><a href=\"&#x6d;&#97;i&#x6c;&#116;&#111;&#x3a;&#x6e;&#97;d&#x61;&#46;b&#x65;&#x6e;&#100;a&#x68;&#109;a&#x6e;&#x65;&#64;e&#x6d;&#115;e&#x2e;&#x66;&#114;\">Nada BENDAHMANE\u00a0<\/a><\/td><td class=\"column-2\"><a href=\"https:\/\/umr5600.cnrs.fr\/fr\/accueil\/\"><img decoding=\"async\" align=\"middle\" src=\"https:\/\/www.mines-stetienne.fr\/wp-content\/uploads\/2021\/05\/EVS-web.png\" alt=\"\" width=\"90\"><\/a><\/td><td class=\"column-3\"><a href=\"https:\/\/www.emse.fr\/statique\/publications\/index.php?motcle=&amp;annee=&amp;auteurs=Nada,BENDAHMANE&amp;labos=&amp;collection=PIESO-ENSMSE&amp;langue=fr&amp;bandeau=ON\" target=\"_blank\" rel=\"noopener noreferrer\"><img decoding=\"async\" loading=\"lazy\" class=\"aligncenter wp-image-644 size-full\" src=\"https:\/\/www.mines-stetienne.fr\/wp-content\/uploads\/2016\/01\/tamponHAL.gif\" alt=\"tamponHAL\" width=\"32\" height=\"32\" \/><\/a><\/td><td class=\"column-4\"><a href=\"https:\/\/www.mines-stetienne.fr\/recherche\/5-centres-de-formation-et-de-recherche\/institut-henri-fayol\/actualites\/these-preparee-par-nada-bendahmane\/\"><img decoding=\"async\" loading=\"lazy\" class=\"aligncenter wp-image-2677\" src=\"https:\/\/www.mines-stetienne.fr\/wp-content\/uploads\/2016\/01\/these.gif\" alt=\"these\" width=\"32\" height=\"32\" \/><\/a><\/td>\n<\/tr>\n<tr class=\"row-4\">\n\t<td class=\"column-1\">\u00a0<a href=\"&#x6d;&#x61;&#x69;&#x6c;&#116;&#111;&#58;q&#46;&#x64;&#x61;&#x73;&#x73;&#x69;&#98;&#97;&#116;&#64;e&#x6d;&#x73;&#x65;&#x2e;&#x66;&#114;\">Quentin DASSIBAT<\/a><\/td><td class=\"column-2\"><a href=\"https:\/\/umr5600.cnrs.fr\/fr\/accueil\/\"><img decoding=\"async\" align=\"middle\" src=\"https:\/\/www.mines-stetienne.fr\/wp-content\/uploads\/2021\/05\/EVS-web.png\" alt=\"\" width=\"90\"><\/a><\/td><td class=\"column-3\"><a href=\"http:\/\/www.emse.fr\/statique\/publications\/index.php?motcle=&amp;annee=&amp;auteurs=Quentin,dassibat&amp;labos=&amp;collection=PIESO-ENSMSE&amp;langue=fr&amp;bandeau=ON\" target=\"_blank\" rel=\"noopener noreferrer\"><img decoding=\"async\" loading=\"lazy\" class=\"aligncenter wp-image-644 size-full\" src=\"https:\/\/www.mines-stetienne.fr\/wp-content\/uploads\/2016\/01\/tamponHAL.gif\" alt=\"tamponHAL\" width=\"32\" height=\"32\" \/><\/a><\/td><td class=\"column-4\"><a href=\"https:\/\/www.mines-stetienne.fr\/recherche\/5-centres-de-formation-et-de-recherche\/institut-henri-fayol\/these-preparee-par-quentin-dassibat\/\"><img decoding=\"async\" loading=\"lazy\" class=\"aligncenter wp-image-2677\" src=\"https:\/\/www.mines-stetienne.fr\/wp-content\/uploads\/2016\/01\/these.gif\" alt=\"these\" width=\"32\" height=\"32\" \/><\/a><\/td>\n<\/tr>\n<tr class=\"row-5\">\n\t<td class=\"column-1\"><a href=\"&#x6d;&#x61;&#105;l&#x74;&#x6f;&#58;&#109;a&#x68;&#x64;&#105;&#46;e&#x6c;&#x2d;&#97;la&#x6f;&#x75;&#105;&#64;&#x6d;&#x69;&#110;&#101;s&#x2d;&#x73;&#116;&#101;t&#x69;&#x65;&#110;ne&#x2e;&#x66;&#114;\">Mahdi EL-ALAOUI-EL-ABDELLAOUI<\/a><\/td><td class=\"column-2\"><a href=\"https:\/\/limos.fr\/\"><img decoding=\"async\" class=\"alignnone  wp-image-22889\" src=\"https:\/\/www.mines-stetienne.fr\/wp-content\/uploads\/2021\/03\/limos-300x179.png\" alt=\"\" width=\"50\"><\/a><\/td><td class=\"column-3\">\u00a0<\/td><td class=\"column-4\"><a href=\"https:\/\/www.mines-stetienne.fr\/recherche\/5-centres-de-formation-et-de-recherche\/institut-henri-fayol\/these-preparee-par-mahdi-el-alaoui-el-abdellaoui\/\"><img decoding=\"async\" loading=\"lazy\" class=\"aligncenter wp-image-2677\" src=\"https:\/\/www.mines-stetienne.fr\/wp-content\/uploads\/2016\/01\/these.gif\" alt=\"these\" width=\"32\" height=\"32\" \/><\/a><\/td>\n<\/tr>\n<tr class=\"row-6\">\n\t<td class=\"column-1\"><a href=\"m&#101;&#x6c;&#x69;&#x73;s&#97;&#x2e;&#x65;&#x73;c&#111;&#x62;&#x61;&#x72;&#46;&#99;&#x40;&#x6d;&#x69;n&#101;&#x73;&#x2d;&#x73;t&#101;&#x74;&#x69;&#x65;n&#110;&#x65;&#x2e;&#x66;r\">Melissa Betsabe ESCOBAR CISTERNAS <\/a><\/td><td class=\"column-2\"><a href=\"https:\/\/umr5600.cnrs.fr\/fr\/accueil\/\"><img decoding=\"async\" align=\"middle\" src=\"https:\/\/www.mines-stetienne.fr\/wp-content\/uploads\/2021\/05\/EVS-web.png\" alt=\"\" width=\"90\"><\/a><\/td><td class=\"column-3\"><a href=\"http:\/\/www.emse.fr\/statique\/publications\/index.php?motcle=&amp;annee=&amp;auteurs=Melissa,Escobar Cisternas&amp;labos=&amp;collection=PIESO-ENSMSE&amp;langue=fr&amp;bandeau=ON\" target=\"_blank\" rel=\"noopener noreferrer\"><img decoding=\"async\" loading=\"lazy\" class=\"aligncenter wp-image-644 size-full\" src=\"https:\/\/www.mines-stetienne.fr\/wp-content\/uploads\/2016\/01\/tamponHAL.gif\" alt=\"tamponHAL\" width=\"32\" height=\"32\" \/><\/a><\/td><td class=\"column-4\"><a href=\"https:\/\/www.mines-stetienne.fr\/recherche\/5-centres-de-formation-et-de-recherche\/institut-henri-fayol\/these-preparee-par-melissa-escobar-cisternas\/\"><img decoding=\"async\" loading=\"lazy\" class=\"aligncenter wp-image-2677\" src=\"https:\/\/www.mines-stetienne.fr\/wp-content\/uploads\/2016\/01\/these.gif\" alt=\"these\" width=\"32\" height=\"32\" \/><\/a><\/td>\n<\/tr>\n<tr class=\"row-7\">\n\t<td class=\"column-1\"><a href=\"mailto&#58;&#105;&#102;&#101;&#97;&#110;&#121;&#x69;&#x2e;&#x65;&#x7a;&#x75;&#x6b;&#x77;&#x6f;&#x6b;&#x65;&#x40;&#x65;mse&#46;fr\">Kenneth-Ifeanyi EZUKWOKE<\/a><\/td><td class=\"column-2\"><a href=\"https:\/\/limos.fr\/\"><img decoding=\"async\" class=\"alignnone  wp-image-22889\" src=\"https:\/\/www.mines-stetienne.fr\/wp-content\/uploads\/2021\/03\/limos-300x179.png\" alt=\"\" width=\"50\"><\/a><\/td><td class=\"column-3\"><\/td><td class=\"column-4\"><a href=\"https:\/\/www.mines-stetienne.fr\/recherche\/5-centres-de-formation-et-de-recherche\/institut-henri-fayol\/these-preparee-par-kenneth-ifeanyi-ezukwoke\/\"><img decoding=\"async\" loading=\"lazy\" class=\"aligncenter wp-image-2677\" src=\"https:\/\/www.mines-stetienne.fr\/wp-content\/uploads\/2016\/01\/these.gif\" alt=\"these\" width=\"32\" height=\"32\" \/><\/a><\/td>\n<\/tr>\n<tr class=\"row-8\">\n\t<td class=\"column-1\"><a href=\"&#109;a&#x69;l&#x74;o&#x3a;a&#x2e;f&#x65;k&#x69;&#104;&#x40;&#101;&#x6d;&#115;&#x65;&#46;&#x66;&#114;\">Abir FEKIH<\/a><\/td><td class=\"column-2\"><a href=\"https:\/\/umr5600.cnrs.fr\/fr\/accueil\/\"><img decoding=\"async\" align=\"middle\" src=\"https:\/\/www.mines-stetienne.fr\/wp-content\/uploads\/2021\/05\/EVS-web.png\" alt=\"\" width=\"90\"><\/a><\/td><td class=\"column-3\"><a href=\"https:\/\/www.emse.fr\/statique\/publications\/index.php?&amp;auteurs=Abir,Fekih&amp;collection=EPICE-ENSMSE&amp;langue=fr&amp;bandeau=ON\"><img decoding=\"async\" loading=\"lazy\" class=\"aligncenter wp-image-644 size-full\" src=\"https:\/\/www.mines-stetienne.fr\/wp-content\/uploads\/2016\/01\/tamponHAL.gif\" alt=\"tamponHAL\" width=\"32\" height=\"32\" \/><\/a><\/td><td class=\"column-4\"><a href=\"https:\/\/www.mines-stetienne.fr\/recherche\/5-centres-de-formation-et-de-recherche\/institut-henri-fayol\/these-preparee-par-abir-fekih\/\"><img decoding=\"async\" loading=\"lazy\" class=\"aligncenter wp-image-2677\" src=\"https:\/\/www.mines-stetienne.fr\/wp-content\/uploads\/2016\/01\/these.gif\" alt=\"these\" width=\"32\" height=\"32\" \/><\/a><\/td>\n<\/tr>\n<tr class=\"row-9\">\n\t<td class=\"column-1\"><a href=\"ma&#105;&#108;&#116;&#x6f;&#x3a;&#x6d;&#x61;&#x72;c&#46;&#103;&#114;&#111;&#x73;&#x73;&#x6f;&#x75;&#x76;re&#64;&#101;&#109;&#x73;&#x65;&#x2e;&#x66;&#x72;\">Marc GROSSOUVRE<\/a><\/td><td class=\"column-2\"><a href=\"https:\/\/limos.fr\/\"><img decoding=\"async\" class=\"alignnone  wp-image-22889\" src=\"https:\/\/www.mines-stetienne.fr\/wp-content\/uploads\/2021\/03\/limos-300x179.png\" alt=\"\" width=\"50\"><\/a><\/td><td class=\"column-3\"><a href=\"https:\/\/www.emse.fr\/statique\/publications\/index.php?motcle=&amp;annee=&amp;auteurs=marc,grossouvre&amp;labos=&amp;collection=DEMO-ENSMSE&amp;langue=en&amp;bandeau=ON\" target=\"_blank\" rel=\"noopener noreferrer\"><img decoding=\"async\" loading=\"lazy\" class=\"aligncenter wp-image-644 size-full\" src=\"https:\/\/www.mines-stetienne.fr\/wp-content\/uploads\/2016\/01\/tamponHAL.gif\" alt=\"tamponHAL\" width=\"32\" height=\"32\" \/><\/a><\/td><td class=\"column-4\"><a href=\"https:\/\/www.mines-stetienne.fr\/recherche\/5-centres-de-formation-et-de-recherche\/institut-henri-fayol\/these-preparee-par-marc-grossouvre\/\"><img decoding=\"async\" loading=\"lazy\" class=\"aligncenter wp-image-2677\" src=\"https:\/\/www.mines-stetienne.fr\/wp-content\/uploads\/2016\/01\/these.gif\" alt=\"these\" width=\"32\" height=\"32\" \/><\/a><\/td>\n<\/tr>\n<tr class=\"row-10\">\n\t<td class=\"column-1\"><a href=\"&#109;&#x61;&#105;&#x6c;&#116;&#x6f;:&#x72;o&#109;&#x61;&#105;&#x6e;&#46;&#x67;u&#x69;l&#108;&#x65;&#114;&#x6d;&#64;&#x65;&#109;&#x73;e&#x2e;f&#114;\">Romain GUILLERM<\/a><\/td><td class=\"column-2\"><a href=\"https:\/\/umr5600.cnrs.fr\/fr\/accueil\/\"><img decoding=\"async\" align=\"middle\" src=\"https:\/\/www.mines-stetienne.fr\/wp-content\/uploads\/2021\/05\/EVS-web.png\" alt=\"\" width=\"90\"><\/a><\/td><td class=\"column-3\"><\/td><td class=\"column-4\"><a href=\"https:\/\/www.mines-stetienne.fr\/recherche\/centres-et-departements\/institut-henri-fayol\/actualites\/these-preparee-par-romain-guillerm\/\"><img decoding=\"async\" loading=\"lazy\" class=\"aligncenter wp-image-2677\" src=\"https:\/\/www.mines-stetienne.fr\/wp-content\/uploads\/2016\/01\/these.gif\" alt=\"these\" width=\"32\" height=\"32\" \/><\/a><\/td>\n<\/tr>\n<tr class=\"row-11\">\n\t<td class=\"column-1\"><a href=\"&#x6d;&#97;i&#x6c;&#116;o&#x3a;&#109;h&#x61;&#114;i&#x74;&#104;&#46;&#x69;&#x62;r&#x61;&#x68;&#105;&#x6d;&#x40;&#109;&#x69;&#x6e;&#101;s&#x2d;&#115;t&#x65;&#116;i&#x65;&#110;n&#x65;&#46;f&#x72;\">Mohamed Harith Ibrahim<\/a><\/td><td class=\"column-2\"><a href=\"https:\/\/limos.fr\/\"><img decoding=\"async\" class=\"alignnone  wp-image-22889\" src=\"https:\/\/www.mines-stetienne.fr\/wp-content\/uploads\/2021\/03\/limos-300x179.png\" alt=\"\" width=\"50\"><\/a><\/td><td class=\"column-3\"><\/td><td class=\"column-4\"><a href=\"https:\/\/www.mines-stetienne.fr\/recherche\/centres-et-departements\/institut-henri-fayol\/actualites\/these-preparee-par-mohamed-harith-ibrahim\/\"><img decoding=\"async\" loading=\"lazy\" class=\"aligncenter wp-image-2677\" src=\"https:\/\/www.mines-stetienne.fr\/wp-content\/uploads\/2016\/01\/these.gif\" alt=\"these\" width=\"32\" height=\"32\" \/><\/a><\/td>\n<\/tr>\n<tr class=\"row-12\">\n\t<td class=\"column-1\"><a href=\"&#109;a&#x69;l&#x74;&#111;&#x3a;&#122;&#x65;&#104;o&#x72;-&#x74;&#104;&#x69;&#108;&#x6c;&#101;&#x6c;&#105;&#46;&#x68;o&#x75;&#110;&#x61;&#115;&#x40;&#101;d&#x66;&#46;&#x66;&#114;\">Zehor-Thilleli HOUNAS<\/a><\/td><td class=\"column-2\"><a href=\"https:\/\/limos.fr\/\"><img decoding=\"async\" class=\"alignnone  wp-image-22889\" src=\"https:\/\/www.mines-stetienne.fr\/wp-content\/uploads\/2021\/03\/limos-300x179.png\" alt=\"\" width=\"50\"><\/a><\/td><td class=\"column-3\"><\/td><td class=\"column-4\"><a href=\"https:\/\/www.mines-stetienne.fr\/recherche\/centres-et-departements\/institut-henri-fayol\/these-preparee-par-zehor-thilleli-hounas\/\"><img decoding=\"async\" loading=\"lazy\" class=\"aligncenter wp-image-2677\" src=\"https:\/\/www.mines-stetienne.fr\/wp-content\/uploads\/2016\/01\/these.gif\" alt=\"these\" width=\"32\" height=\"32\" \/><\/a><\/td>\n<\/tr>\n<tr class=\"row-13\">\n\t<td class=\"column-1\"><a href=\"&#x6d;&#97;&#105;l&#x74;&#x6f;&#58;s&#x68;&#x65;&#114;v&#x69;&#x6e;&#46;a&#x68;&#x6d;&#97;d&#x69;&#x40;&#101;m&#x73;&#x65;&#46;&#102;r\">Shervin KADKHODA-AHMADI<\/a><\/td><td class=\"column-2\"><a href=\"https:\/\/limos.fr\/\"><img decoding=\"async\" class=\"alignnone  wp-image-22889\" src=\"https:\/\/www.mines-stetienne.fr\/wp-content\/uploads\/2021\/03\/limos-300x179.png\" alt=\"\" width=\"50\"><\/a><a href=\"https:\/\/umr5600.cnrs.fr\/fr\/accueil\/\"><img decoding=\"async\" align=\"middle\" src=\"https:\/\/www.mines-stetienne.fr\/wp-content\/uploads\/2021\/05\/EVS-web.png\" alt=\"\" width=\"90\"><\/a><\/td><td class=\"column-3\"><a href=\"https:\/\/www.emse.fr\/statique\/publications\/index.php?&amp;auteurs=shervin,kadkhoda-ahmadi&amp;collection=PIESO-ENSMSE&amp;langue=fr&amp;bandeau=ON\"><img decoding=\"async\" loading=\"lazy\" class=\"aligncenter wp-image-644 size-full\" src=\"https:\/\/www.mines-stetienne.fr\/wp-content\/uploads\/2016\/01\/tamponHAL.gif\" alt=\"tamponHAL\" width=\"32\" height=\"32\" \/><\/a><\/td><td class=\"column-4\"><a href=\"https:\/\/www.mines-stetienne.fr\/recherche\/5-centres-de-formation-et-de-recherche\/institut-henri-fayol\/these-preparee-par-shervin-kadkhoda-ahmadi\/\"><img decoding=\"async\" loading=\"lazy\" class=\"aligncenter wp-image-2677\" src=\"https:\/\/www.mines-stetienne.fr\/wp-content\/uploads\/2016\/01\/these.gif\" alt=\"these\" width=\"32\" height=\"32\" \/><\/a><\/td>\n<\/tr>\n<tr class=\"row-14\">\n\t<td class=\"column-1\"><a href=\"&#x6d;&#97;&#x69;&#x6c;&#116;&#x6f;&#58;m&#x69;&#99;h&#x65;&#108;&#46;&#x6b;&#97;m&#x65;&#108;&#x40;&#x6d;&#105;&#x6e;&#x65;&#115;&#x2d;&#115;t&#x65;&#116;i&#x65;&#110;n&#x65;&#46;f&#x72;\">Michel KAMEL <\/a><\/td><td class=\"column-2\"><a href=\"https:\/\/limos.fr\/\"><img decoding=\"async\" class=\"alignnone  wp-image-22889\" src=\"https:\/\/www.mines-stetienne.fr\/wp-content\/uploads\/2021\/03\/limos-300x179.png\" alt=\"\" width=\"50\"><\/a><\/td><td class=\"column-3\"><\/td><td class=\"column-4\"><a href=\"https:\/\/www.mines-stetienne.fr\/recherche\/centres-et-departements\/institut-henri-fayol\/actualites\/these-preparee-par-michel-kamel\/\"><img decoding=\"async\" loading=\"lazy\" class=\"aligncenter wp-image-2677\" src=\"https:\/\/www.mines-stetienne.fr\/wp-content\/uploads\/2016\/01\/these.gif\" alt=\"these\" width=\"32\" height=\"32\" \/><\/a><\/td>\n<\/tr>\n<tr class=\"row-15\">\n\t<td class=\"column-1\"><a href=\"&#x6d;&#x61;&#x69;&#x6c;&#x74;&#x6f;&#x3a;&#x63;&#x2e;&#x6c;&#x61;&#x62;&#x6f;&#x75;&#x6c;&#x66;&#x69;&#x65;&#x40;&#x65;&#x6d;&#x73;&#101;&#46;&#102;&#114;\">Cl\u00e9ment LABOULFIE<\/a><\/td><td class=\"column-2\"><a href=\"https:\/\/limos.fr\/\"><img decoding=\"async\" class=\"alignnone  wp-image-22889\" src=\"https:\/\/www.mines-stetienne.fr\/wp-content\/uploads\/2021\/03\/limos-300x179.png\" alt=\"\" width=\"50\"><\/a><\/td><td class=\"column-3\"><\/td><td class=\"column-4\"><a href=\"https:\/\/www.mines-stetienne.fr\/recherche\/5-centres-de-formation-et-de-recherche\/institut-henri-fayol\/these-preparee-par-clement-laboulfie\/\"><img decoding=\"async\" loading=\"lazy\" class=\"aligncenter wp-image-2677\" src=\"https:\/\/www.mines-stetienne.fr\/wp-content\/uploads\/2016\/01\/these.gif\" alt=\"these\" width=\"32\" height=\"32\" \/><\/a><\/td>\n<\/tr>\n<tr class=\"row-16\">\n\t<td class=\"column-1\"><a href=\"&#x6d;a&#x69;&#108;t&#x6f;&#58;&#x79;&#97;s&#x73;&#105;&#x6e;&#101;&#46;&#x6d;&#101;&#x68;&#x72;o&#x73;&#64;e&#x6d;&#115;&#x65;&#46;f&#x72;\">Yassine MEHROS<\/a><\/td><td class=\"column-2\"><a href=\"http:\/\/coactis.org\/\"><img decoding=\"async\" align=\"middle\" src=\"https:\/\/www.mines-stetienne.fr\/wp-content\/uploads\/2021\/03\/logo-coactis-300x90-1.gif\" alt=\"\" width=\"80\"><\/a><\/td><td class=\"column-3\"><a href=\"https:\/\/www.emse.fr\/statique\/publications\/index.php?&amp;auteurs=Yassine,MEHROS&amp;collection=EPICE-ENSMSE&amp;langue=fr&amp;bandeau=ON\"><img decoding=\"async\" loading=\"lazy\" class=\"aligncenter wp-image-644 size-full\" src=\"https:\/\/www.mines-stetienne.fr\/wp-content\/uploads\/2016\/01\/tamponHAL.gif\" alt=\"tamponHAL\" width=\"32\" height=\"32\" \/><\/a><\/td><td class=\"column-4\"><a href=\"https:\/\/www.mines-stetienne.fr\/recherche\/5-centres-de-formation-et-de-recherche\/institut-henri-fayol\/these-preparee-par-yassine-mehros\/\"><img decoding=\"async\" loading=\"lazy\" class=\"aligncenter wp-image-2677\" src=\"https:\/\/www.mines-stetienne.fr\/wp-content\/uploads\/2016\/01\/these.gif\" alt=\"these\" width=\"32\" height=\"32\" \/><\/a><\/td>\n<\/tr>\n<tr class=\"row-17\">\n\t<td class=\"column-1\"><a href=\"&#109;a&#x69;l&#x74;o&#x3a;&#97;&#x6d;&#105;&#x6e;&#101;&#46;&#x6d;e&#x6c;a&#x6b;&#104;&#x73;&#111;&#x75;&#64;&#x65;&#109;s&#x65;&#46;&#x66;r\">Amine MELAKHSOU<\/a><\/td><td class=\"column-2\"><a href=\"https:\/\/limos.fr\/\"><img decoding=\"async\" class=\"alignnone  wp-image-22889\" src=\"https:\/\/www.mines-stetienne.fr\/wp-content\/uploads\/2021\/03\/limos-300x179.png\" alt=\"\" width=\"50\"><\/a><\/td><td class=\"column-3\"><\/td><td class=\"column-4\"><a href=\"https:\/\/www.mines-stetienne.fr\/recherche\/5-centres-de-formation-et-de-recherche\/institut-henri-fayol\/these-preparee-par-abdallah-amine-melakhsou\/\"><img decoding=\"async\" loading=\"lazy\" class=\"aligncenter wp-image-2677\" src=\"https:\/\/www.mines-stetienne.fr\/wp-content\/uploads\/2016\/01\/these.gif\" alt=\"these\" width=\"32\" height=\"32\" \/><\/a><\/td>\n<\/tr>\n<tr class=\"row-18\">\n\t<td class=\"column-1\"><a href=\"m&#97;&#105;&#x6c;&#x74;o:&#103;&#46;&#x70;&#x75;ig&#115;&#97;&#x6d;&#x70;er&#64;&#x65;&#x6d;&#x73;e&#46;&#102;&#x72;\">Gonzalo PUIG-SAMPER NARANJO<\/a><\/td><td class=\"column-2\"><a href=\"https:\/\/umr5600.cnrs.fr\/fr\/accueil\/\"><img decoding=\"async\" align=\"middle\" src=\"https:\/\/www.mines-stetienne.fr\/wp-content\/uploads\/2021\/05\/EVS-web.png\" alt=\"\" width=\"90\"><\/a><\/td><td class=\"column-3\"><\/td><td class=\"column-4\"><a href=\"https:\/\/www.mines-stetienne.fr\/recherche\/centres-et-departements\/institut-henri-fayol\/actualites\/these-preparee-par-gonzalo-puig-samper-naranjo\/\"><img decoding=\"async\" loading=\"lazy\" class=\"aligncenter wp-image-2677\" src=\"https:\/\/www.mines-stetienne.fr\/wp-content\/uploads\/2016\/01\/these.gif\" alt=\"these\" width=\"32\" height=\"32\" \/><\/a><\/td>\n<\/tr>\n<tr class=\"row-19\">\n\t<td class=\"column-1\"><a href=\"&#x6d;a&#x69;&#108;t&#x6f;&#58;&#x6e;&#105;c&#x6f;&#108;&#x61;&#115;&#46;&#x73;&#97;&#x75;&#x7a;e&#x61;&#116;&#64;&#x65;&#109;&#x73;&#101;&#46;&#x66;&#114;\">Nicolas SAUZEAT <\/a><\/td><td class=\"column-2\"><a href=\"http:\/\/coactis.org\/\"><img decoding=\"async\" align=\"middle\" src=\"https:\/\/www.mines-stetienne.fr\/wp-content\/uploads\/2021\/03\/logo-coactis-300x90-1.gif\" alt=\"\" width=\"80\"><\/a><a href=\"https:\/\/limos.fr\/\"><img decoding=\"async\" class=\"alignnone  wp-image-22889\" src=\"https:\/\/www.mines-stetienne.fr\/wp-content\/uploads\/2021\/03\/limos-300x179.png\" alt=\"\" width=\"50\"><\/a><\/td><td class=\"column-3\"><\/td><td class=\"column-4\"><a href=\"https:\/\/www.mines-stetienne.fr\/recherche\/centres-et-departements\/institut-henri-fayol\/actualites\/these-preparee-par-nicolas-sauzeat\/\"><img decoding=\"async\" loading=\"lazy\" class=\"aligncenter wp-image-2677\" src=\"https:\/\/www.mines-stetienne.fr\/wp-content\/uploads\/2016\/01\/these.gif\" alt=\"these\" width=\"32\" height=\"32\" \/><\/a><\/td>\n<\/tr>\n<tr class=\"row-20\">\n\t<td class=\"column-1\"><a href=\"&#x6d;&#x61;&#x69;&#x6c;&#x74;&#x6f;&#x3a;&#x63;&#x68;&#x61;&#x72;&#x6c;&#x69;&#x65;&#x2e;&#x73;&#x69;&#x72;&#x65;&#x40;&#x65;&#x6d;&#115;&#101;&#46;&#102;&#114;\">Charlie SIRE <\/a><\/td><td class=\"column-2\"><a href=\"https:\/\/limos.fr\/\"><img decoding=\"async\" class=\"alignnone  wp-image-22889\" src=\"https:\/\/www.mines-stetienne.fr\/wp-content\/uploads\/2021\/03\/limos-300x179.png\" alt=\"\" width=\"50\"><\/a><\/td><td class=\"column-3\"><\/td><td class=\"column-4\"><a href=\"https:\/\/www.mines-stetienne.fr\/recherche\/5-centres-de-formation-et-de-recherche\/institut-henri-fayol\/these-preparee-par-charlie-sire\/\"><img decoding=\"async\" loading=\"lazy\" class=\"aligncenter wp-image-2677\" src=\"https:\/\/www.mines-stetienne.fr\/wp-content\/uploads\/2016\/01\/these.gif\" alt=\"these\" width=\"32\" height=\"32\" \/><\/a><\/td>\n<\/tr>\n<tr class=\"row-21\">\n\t<td class=\"column-1\"><a href=\"mai&#108;&#116;&#111;&#58;&#x73;&#x61;&#x77;&#x73;&#x73;&#x65;&#x6e;&#46;so&#117;&#105;&#100;&#101;&#110;&#x40;&#x6d;&#x69;&#x6e;&#x65;&#x73;-ste&#116;&#105;&#101;&#110;&#x6e;&#x65;&#x2e;&#x66;&#x72;\">Sawssen SOUIDEN<\/a><\/td><td class=\"column-2\"><a href=\"https:\/\/limos.fr\/\"><img decoding=\"async\" class=\"alignnone  wp-image-22889\" src=\"https:\/\/www.mines-stetienne.fr\/wp-content\/uploads\/2021\/03\/limos-300x179.png\" alt=\"\" width=\"50\"><\/a><\/td><td class=\"column-3\">\u00a0<\/td><td class=\"column-4\"><a href=\"https:\/\/www.mines-stetienne.fr\/recherche\/5-centres-de-formation-et-de-recherche\/institut-henri-fayol\/these-preparee-par-sawssen-souiden\/\"><img decoding=\"async\" loading=\"lazy\" class=\"aligncenter wp-image-2677\" src=\"https:\/\/www.mines-stetienne.fr\/wp-content\/uploads\/2016\/01\/these.gif\" alt=\"these\" width=\"32\" height=\"32\" \/><\/a><\/td>\n<\/tr>\n<tr class=\"row-22\">\n\t<td class=\"column-1\"> <a href=\"&#x6d;&#x61;&#105;lt&#x6f;&#x3a;&#98;&#97;b&#x61;&#x63;&#97;&#114;&#46;&#x73;&#x6f;&#x77;&#64;mi&#x6e;&#x65;&#115;&#45;s&#x74;&#x65;&#116;&#105;e&#x6e;&#x6e;&#101;&#46;f&#x72;\">Babacar SOW <\/a><\/td><td class=\"column-2\"><a href=\"https:\/\/limos.fr\/\"><img decoding=\"async\" class=\"alignnone  wp-image-22889\" src=\"https:\/\/www.mines-stetienne.fr\/wp-content\/uploads\/2021\/03\/limos-300x179.png\" alt=\"\" width=\"50\"><\/a><\/td><td class=\"column-3\"><a href=\"https:\/\/www.emse.fr\/statique\/publications\/index.php?&amp;auteurs=Babacar,SOW&amp;collection=EPICE-ENSMSE&amp;langue=fr&amp;bandeau=ON\"><img decoding=\"async\" loading=\"lazy\" class=\"aligncenter wp-image-644 size-full\" src=\"https:\/\/www.mines-stetienne.fr\/wp-content\/uploads\/2016\/01\/tamponHAL.gif\" alt=\"tamponHAL\" width=\"32\" height=\"32\" \/><\/a><\/td><td class=\"column-4\"><a href=\"https:\/\/www.mines-stetienne.fr\/recherche\/centres-et-departements\/institut-henri-fayol\/actualites\/these-preparee-par-babacar-sow\/\"><img decoding=\"async\" loading=\"lazy\" class=\"aligncenter wp-image-2677\" src=\"https:\/\/www.mines-stetienne.fr\/wp-content\/uploads\/2016\/01\/these.gif\" alt=\"these\" width=\"32\" height=\"32\" \/><\/a><\/td>\n<\/tr>\n<tr class=\"row-23\">\n\t<td class=\"column-1\"><a href=\"m&#97;&#105;&#108;&#x74;&#x6f;&#x3a;ra&#100;&#105;&#x61;&#x2e;&#x73;&#x70;ig&#97;&#64;&#x6d;&#x69;&#x6e;&#x65;s&#45;&#115;&#116;&#x65;&#x74;&#x69;en&#110;&#101;&#46;&#x66;&#x72;\">Radia SPIGA<\/a><\/td><td class=\"column-2\"><a href=\"https:\/\/limos.fr\/\"><img decoding=\"async\" class=\"alignnone  wp-image-22889\" src=\"https:\/\/www.mines-stetienne.fr\/wp-content\/uploads\/2021\/03\/limos-300x179.png\" alt=\"\" width=\"50\"><\/a><\/td><td class=\"column-3\"><a href=\"https:\/\/www.emse.fr\/statique\/publications\/index.php?motcle=&amp;annee=&amp;auteurs=Radia%2CSPIGA+&amp;labos=&amp;collection=DEMO-ENSMSE&amp;langue=fr&amp;bandeau=ON\" target=\"_blank\" rel=\"noopener noreferrer\"><img decoding=\"async\" loading=\"lazy\" class=\"aligncenter wp-image-644 size-full\" src=\"https:\/\/www.mines-stetienne.fr\/wp-content\/uploads\/2016\/01\/tamponHAL.gif\" alt=\"tamponHAL\" width=\"32\" height=\"32\" \/><\/a><\/td><td class=\"column-4\"><a href=\"https:\/\/www.mines-stetienne.fr\/recherche\/5-centres-de-formation-et-de-recherche\/institut-henri-fayol\/these-preparee-par-radia-spiga\/\"><img decoding=\"async\" loading=\"lazy\" class=\"aligncenter wp-image-2677\" src=\"https:\/\/www.mines-stetienne.fr\/wp-content\/uploads\/2016\/01\/these.gif\" alt=\"these\" width=\"32\" height=\"32\" \/><\/a><\/td>\n<\/tr>\n<tr class=\"row-24\">\n\t<td class=\"column-1\"><a href=\"m&#97;&#x69;&#x6c;t&#111;&#58;&#x79;&#x6f;u&#115;&#x6f;&#x75;f&#46;&#116;&#x61;&#x67;h&#122;&#x6f;&#x75;t&#105;&#64;&#x65;&#x6d;s&#101;&#x2e;&#x66;r\">Yousouf TAGHZOUTI<\/a><\/td><td class=\"column-2\"><a href=\"https:\/\/limos.fr\/\"><img decoding=\"async\" class=\"alignnone  wp-image-22889\" src=\"https:\/\/www.mines-stetienne.fr\/wp-content\/uploads\/2021\/03\/limos-300x179.png\" alt=\"\" width=\"50\"><\/a><\/td><td class=\"column-3\"><\/td><td class=\"column-4\"><a href=\"https:\/\/www.mines-stetienne.fr\/recherche\/5-centres-de-formation-et-de-recherche\/institut-henri-fayol\/these-preparee-par-yousouf-taghzouti\/\"><img decoding=\"async\" loading=\"lazy\" class=\"aligncenter wp-image-2677\" src=\"https:\/\/www.mines-stetienne.fr\/wp-content\/uploads\/2016\/01\/these.gif\" alt=\"these\" width=\"32\" height=\"32\" \/><\/a><\/td>\n<\/tr>\n<tr class=\"row-25\">\n\t<td class=\"column-1\"><a>Sara TAGUEMOUNT<\/A> <\/td><td class=\"column-2\"><a href=\"https:\/\/limos.fr\/\"><img decoding=\"async\" class=\"alignnone  wp-image-22889\" src=\"https:\/\/www.mines-stetienne.fr\/wp-content\/uploads\/2021\/03\/limos-300x179.png\" alt=\"\" width=\"50\"><\/a><\/td><td class=\"column-3\"><\/td><td class=\"column-4\"><a href=\"https:\/\/www.mines-stetienne.fr\/recherche\/centres-et-departements\/institut-henri-fayol\/actualites\/these-preparee-par-sara-taguemount\/\"><img decoding=\"async\" loading=\"lazy\" class=\"aligncenter wp-image-2677\" src=\"https:\/\/www.mines-stetienne.fr\/wp-content\/uploads\/2016\/01\/these.gif\" alt=\"these\" width=\"32\" height=\"32\" \/><\/a><\/td>\n<\/tr>\n<tr class=\"row-26\">\n\t<td class=\"column-1\"><a href=\"m&#97;&#x69;&#x6c;&#x74;o&#58;&#x6a;&#x70;&#x74;o&#112;&#x70;&#x69;&#x61;&#64;&#104;&#x6f;&#x74;&#x6d;a&#105;&#x6c;&#x2e;&#x63;o&#109;\">Jean-Philippe TOPPIA<\/a><\/td><td class=\"column-2\"><a href=\"http:\/\/coactis.org\/\"><img decoding=\"async\" align=\"middle\" src=\"https:\/\/www.mines-stetienne.fr\/wp-content\/uploads\/2021\/03\/logo-coactis-300x90-1.gif\" alt=\"\" width=\"80\"><\/a><\/td><td class=\"column-3\"><a href=\"https:\/\/www.emse.fr\/statique\/publications\/index.php?motcle=&amp;annee=&amp;auteurs=Jean-Philippe,Toppia&amp;labos=&amp;collection=EPICE-ENSMSE&amp;langue=fr&amp;bandeau=ON\"><img decoding=\"async\" loading=\"lazy\" class=\"aligncenter wp-image-644 size-full\" src=\"https:\/\/www.mines-stetienne.fr\/wp-content\/uploads\/2016\/01\/tamponHAL.gif\" alt=\"tamponHAL\" width=\"32\" height=\"32\" \/><\/a><\/td><td class=\"column-4\"><a href=\"https:\/\/www.mines-stetienne.fr\/recherche\/centres-et-departements\/institut-henri-fayol\/these-preparee-par-jean-philippe-toppia\/\"><img decoding=\"async\" loading=\"lazy\" class=\"aligncenter wp-image-2677\" src=\"https:\/\/www.mines-stetienne.fr\/wp-content\/uploads\/2016\/01\/these.gif\" alt=\"these\" width=\"32\" height=\"32\" \/><\/a><\/td>\n<\/tr>\n<\/tbody>\n<\/table>\n<!-- #tablepress-19 from cache -->\n\n\n\n<h3 class=\"wp-block-heading\">Th\u00e8ses soutenues <\/h3>\n\n\n\n<h4>2023<\/h4>\n<p><strong>Amine Melakhsou.<\/strong> <a href=\"https:\/\/www.mines-stetienne.fr\/recherche\/5-centres-de-formation-et-de-recherche\/institut-henri-fayol\/these-preparee-par-abdallah-amine-melakhsou\/\">Apprentissage statistique et automatique pour la d\u00e9tection des d\u00e9fauts de soudures : application \u00e0 la fabrication de ballons d\u2019eau chaude sanitaire <\/a><\/p>\n<p><strong>Michel Kamel. <\/strong><a href=\"https:\/\/www.mines-stetienne.fr\/recherche\/centres-et-departements\/institut-henri-fayol\/actualites\/these-preparee-par-michel-kamel\/\">Advanced Probabilistic &amp; Statistical\/Machine learning Models For Anomaly Detection: Application in Telecommunication Industry<\/a><\/p>\n<p><strong>Abir Fekih. <\/strong><a href=\"https:\/\/www.mines-stetienne.fr\/recherche\/5-centres-de-formation-et-de-recherche\/institut-henri-fayol\/these-preparee-par-abir-fekih\/\">La face cach\u00e9e du GreenIT&nbsp;: Comprendre l\u2019\u00e9mergence des paradoxes lors de la mise en place de la transformation num\u00e9rique<\/a><\/p>\n<p><strong>Nada Bendahmane. <\/strong><a href=\"https:\/\/www.mines-stetienne.fr\/recherche\/5-centres-de-formation-et-de-recherche\/institut-henri-fayol\/actualites\/these-preparee-par-nada-bendahmane\/\">D\u00e9veloppement d\u2019indicateurs d\u2019approvisionnement en mat\u00e9riaux min\u00e9raux et m\u00e9talliques issus de l\u2019\u00e9conomie circulaire dans une approche d\u2019\u00e9valuation absolue de la soutenabilit\u00e9 dans le secteur du b\u00e2timent<\/a><\/p>\n<p><strong>St\u00e9phanie Bayard. <\/strong><a href=\"https:\/\/www.mines-stetienne.fr\/recherche\/centres-et-departements\/institut-henri-fayol\/these-preparee-par-stephanie-bayard\/\">Proposition d\u2019un cadre m\u00e9thodologique adaptable pour l\u2019\u00e9valuation de la performance d\u2019un syst\u00e8me de planification de la production : Application \u00e0 Demand Driven MRP<\/a><strong><br><\/strong><\/p>\n<h4>2022<\/h4>\n<p><strong> Jhouben Janyk Cuesta Ramirez.<\/strong> <a href=\"https:\/\/theses.hal.science\/tel-03845141\">Optimization of a computationally expensive simulator with quantitative and qualitative inputs<\/a><\/p>\n<p><strong> Camilo Murillo-Coba.<\/strong> <a href=\"https:\/\/www.mines-stetienne.fr\/recherche\/centres-et-departements\/institut-henri-fayol\/these-preparee-par-andres-camilo-murillo-coba\/\">M\u00e9thode de conception int\u00e9gr\u00e9e de Syst\u00e8mes Produits-Services avec configuration des cha\u00eenes de cr\u00e9ation de valeur et de leurs mod\u00e8les \u00e9conomiques<\/a><\/p>\n<p><strong>Alaa DAOUD. <\/strong><a href=\"https:\/\/www.mines-stetienne.fr\/recherche\/centres-et-departements\/institut-henri-fayol\/these-preparee-par-alaa-daoud\/\">Decentralized On-Demand Resource Allocation for Autonomous Vehicle Fleets<\/a><\/p>\n<h4>2021<\/h4>\n<p><strong>Iago-Felipe TRENTIN<\/strong>. <a href=\"https:\/\/www.mines-stetienne.fr\/recherche\/centres-et-departements\/institut-henri-fayol\/these-preparee-par-iago-felipe-trentin\/\">Adaptation d&rsquo;environnements intelligents centr\u00e9e sur l&rsquo;Humain : une Approche de Raisonnement Multi-agents et bas\u00e9e sur les valeurs<\/a><\/p>\n<p><strong>Carlos Alberto MORENO-CAMACHO.<\/strong><a href=\"https:\/\/www.mines-stetienne.fr\/recherche\/5-centres-de-formation-et-de-recherche\/institut-henri-fayol\/actualites\/these-preparee-par-carlos-alberto-moreno-camacho\/\"> Agrifood Supply Chain Network Design Under Sustainable Development Policies<\/a>.<\/p>\n<p><strong>Tran\u2010Vivi Elodie Perrin. <\/strong><a href=\"https:\/\/www.mines-stetienne.fr\/recherche\/5-centres-de-formation-et-de-recherche\/institut-henri-fayol\/these-preparee-par-elodie-tran-vivi-perrin\/\">Propagation des incertitudes et calibration de simulations num\u00e9riques pour l\u2019\u00e9valuation des co\u00fbts li\u00e9s aux inondations marines<\/a><\/p>\n<p><strong>Omar EZZAT<\/strong>. <a href=\"https:\/\/www.mines-stetienne.fr\/recherche\/5-centres-de-formation-et-de-recherche\/institut-henri-fayol\/actualites\/these-preparee-par-omar-ahmed-mostafa-ezzat\/\">Gestion de la diversit\u00e9 de produits et services dans le contexte de personnalisation de masse<\/a><\/p>\n<h4>2020<\/h4>\n<p><strong>Amaury Delamaire.&nbsp; <\/strong>Semantic ressource building based on specific concepts extracted from collaborative productions such as forums or social networks<\/p>\n<p><strong>Marie Dellise.&nbsp;<\/strong><a href=\"https:\/\/www.mines-stetienne.fr\/recherche\/5-centres-de-formation-et-de-recherche\/institut-henri-fayol\/actualites\/these-preparee-par-marie-dellise\/\">M\u00e9thodologie d&rsquo;\u00e9valuation des performances environnementales des installations industrielles au regard des Meilleures Techniques Disponibles \u00e0 l&rsquo;\u00e9chelle locale : Cas de l&rsquo;absence de r\u00e9f\u00e9rentiel europ\u00e9en<\/a> <a href=\"https:\/\/www.theses.fr\/2020LYSEM026\" target=\"_blank\" rel=\"noopener\">\u27e8NNT : 2020LYSEM026\u27e9<\/a>&nbsp;<\/p>\n<p><strong>Serena Finco. <\/strong><a href=\"https:\/\/www.mines-stetienne.fr\/these-presentee-par-serena-finco\/\">Integrating ergonomics principles in assembly design and balancing techniques<\/a><\/p>\n<p><strong>Nicolas Garland. <\/strong><a href=\"https:\/\/www.mines-stetienne.fr\/recherche\/5-centres-de-formation-et-de-recherche\/institut-henri-fayol\/these-presentee-par-nicolas-garland\/\">M\u00e9ta-mod\u00e9lisation introspective pour l&rsquo;analyse des ph\u00e9nom\u00e8nes physiques simul\u00e9s. Formalisation dans le cadre du co-krigeage et int\u00e9gration algorithmique en optimisation en inversion <\/a><a href=\"https:\/\/www.theses.fr\/s121321\" target=\"_blank\" rel=\"noopener\">\u27e8NNT : 2020LYSEM017\u27e9<\/a><\/p>\n<p><strong>Ozge Kose<\/strong>.&nbsp;R\u00f4le potentiel de nanoparticules inhal\u00e9es biopersistantes dans le d\u00e9veloppement de pathologies pulmonaires idiopathiques<\/p>\n<p><strong>Adrien Spagnol<\/strong>. <a href=\"https:\/\/www.mines-stetienne.fr\/these-presentee-par-adrien-spagnol\/\">Synth\u00e8se des mesures de risques pour l&rsquo;optimisation sous incertitudes <\/a><a href=\"http:\/\/www.theses.fr\/2020LYSEM012\" target=\"_blank\" rel=\"noopener\">\u27e8NNT : 2020LYSEM012\u27e9<\/a><\/p>\n<h4>2019<\/h4>\n<p><strong>Mohammed-Amine Abdous<\/strong>. <a href=\"https:\/\/theses.hal.science\/tel-02953642\" target=\"_blank\" rel=\"noopener\">Conception optimale des syst\u00e8mes de production avec ergonomie : application aux lignes d assemblage<\/a>&nbsp;<a href=\"https:\/\/www.theses.fr\/2019LYSEM034\" target=\"_blank\" rel=\"noopener\">\u27e8NNT : 2019LYSEM034\u27e9<\/a><\/p>\n<p><strong>David Gaudrie. <\/strong><a href=\"https:\/\/theses.hal.science\/tel-02356349\" target=\"_blank\" rel=\"noopener\">Optimisation bay\u00e9sienne multi-objectif en haute dimension<\/a> <a href=\"https:\/\/www.theses.fr\/2019LYSEM026\" target=\"_blank\" rel=\"noopener\">\u27e8NNT : 2019LYSEM026\u27e9<\/a>.<\/p>\n<p><strong>Sonagnon Hounwanou<\/strong>. <a href=\"https:\/\/theses.hal.science\/tel-02949625\" target=\"_blank\" rel=\"noopener\">Pour une approche territoriale de la logistique urbaine : choix individuels de d\u00e9placement, localisation commerciale et impact sur l\u2019environnement des flux de transport de marchandises en ville<\/a>. &nbsp;<a href=\"https:\/\/www.theses.fr\/2019LYSEM013\" target=\"_blank\" rel=\"noopener\">\u27e8NNT : 2019LYSEM013\u27e9<\/a><\/p>\n<p><strong>Andr\u00e9s-Felipe Lopez-Lopera. <\/strong><a href=\"https:\/\/theses.hal.science\/tel-02863891\" target=\"_blank\" rel=\"noopener\">Mod\u00e9lisation par processus gaussiens sous contraintes d\u2019in\u00e9galit\u00e9<\/a>&nbsp;<a href=\"https:\/\/www.theses.fr\/2019LYSEM020\" target=\"_blank\" rel=\"noopener\">\u27e8NNT : 2019LYSEM020\u27e9<\/a>.&nbsp;<\/p>\n<p><strong>Martha Orellano<\/strong>. Modalit\u00e9s organisationnelles et business models de l&rsquo;innovation collaborative Produit\/Service<\/p>\n<p><strong>Laura-Vanessa Palacios-Arguello<\/strong>. <a href=\"https:\/\/theses.hal.science\/tel-02862123\" target=\"_blank\" rel=\"noopener noreferrer\">Simuler et estimer les impacts des sch\u00e9mas innovants de logistique alimentaire en milieu urbain <\/a>&nbsp;&nbsp;<a href=\"https:\/\/www.theses.fr\/2019LYSEM018\" target=\"_blank\" rel=\"noopener\">\u27e8NNT : 2019LYSEM018\u27e9<\/a><\/p>\n<p><strong>Pierre Rust.<\/strong> Coordination spontan\u00e9e des objets connect\u00e9s (Self IoT)<\/p>\n<p><a href=\"https:\/\/hal-emse.ccsd.cnrs.fr\/search\/index\/q\/*\/authFullName_s\/Nahla+Salameh+Bchara\" target=\"_blank\" rel=\"noopener noreferrer\"><strong>Nahla Salameh-Bchara<\/strong><\/a>.&nbsp;<a href=\"https:\/\/www.mines-stetienne.fr\/recherche\/5-centres-de-formation-et-de-recherche\/institut-henri-fayol\/actualites\/calame-bchara\/\">L&rsquo;int\u00e9gration de la RSO dans une association de l&rsquo;ESS: cas de la GRH<\/a><\/p>\n<h4>2018<\/h4>\n<p><strong>Mohammad Noorani Bakerally. <\/strong>Technologies du Web s\u00e9mantique pour la gestion d donn\u00e9es li\u00e9es temps r\u00e9el dans les villes intelligentes. Mines Saint-\u00c9tienne<\/p>\n<p><strong>Malek Ben Salem<\/strong>. <a href=\"https:\/\/theses.hal.science\/tel-03097719\" target=\"_blank\" rel=\"noopener\">S\u00e9lection de mod\u00e8le et \u00e9chantillonnage s\u00e9quentiel en m\u00e9tamod\u00e9lisation: Krigeage et au-del\u00e0<\/a>&nbsp;<a href=\"\/Users\/fbreuil\/Downloads\/malekben-salem-diff.pdf\" target=\"_blank\" rel=\"noopener\">\u27e8NNT : 2018LYSEM006\u27e9<\/a><em><br><\/em><\/p>\n<p><strong>Jean-Charles Croix<\/strong>.&nbsp; <a href=\"https:\/\/theses.hal.science\/tel-02862789\" target=\"_blank\" rel=\"noopener\">Une nouvelle d\u00e9composition des \u00e9l\u00e9ments al\u00e9atoires gaussiens dans les espaces de Banach et application \u00e0 l\u2019inversion Bay\u00e9sienne<\/a>&nbsp;<a href=\"https:\/\/www.theses.fr\/2018LYSEM019\" target=\"_blank\" rel=\"noopener\">\u27e8NNT : 2018LYSEM019\u27e9<\/a><\/p>\n<p><strong><a href=\"https:\/\/theses.hal.science\/tel-01844263\">Benjamin Doualle<\/a>.&nbsp;<\/strong><a title=\"Voir la ressource\" href=\"https:\/\/theses.hal.science\/tel-01844263\" target=\"_blank\" rel=\"noopener noreferrer\">M\u00e9thode d&rsquo;\u00e9valuation de la soutenabilit\u00e9 en conception de Syst\u00e8mes Produits-Services (PSS) <\/a><a href=\"https:\/\/www.theses.fr\/2018LYSEM002\" target=\"_blank\" rel=\"noopener noreferrer\">\u27e8NNT : 2018LYSEM002\u27e9<\/a><\/p>\n<p><strong><a href=\"https:\/\/www.emse.fr\/statique\/publications\/index.php?publis_dept=departement&amp;motcle=&amp;annee=&amp;auteurs=Jalila%2CElbousserghini&amp;labos=&amp;collection=EPICE-ENSMSE&amp;langue=en&amp;bandeau=ON\">J<\/a><a href=\"https:\/\/www.emse.fr\/statique\/publications\/index.php?publis_dept=departement&amp;motcle=&amp;annee=&amp;auteurs=Jalila%2CElbousserghini&amp;labos=&amp;collection=EPICE-ENSMSE&amp;langue=en&amp;bandeau=ON\">alila<\/a><a href=\"https:\/\/www.emse.fr\/statique\/publications\/index.php?publis_dept=departement&amp;motcle=&amp;annee=&amp;auteurs=Jalila%2CElbousserghini&amp;labos=&amp;collection=EPICE-ENSMSE&amp;langue=en&amp;bandeau=ON\"> Elbousserghini<\/a><\/strong>.&nbsp;<a href=\"https:\/\/www.mines-stetienne.fr\/recherche\/5-centres-de-formation-et-de-recherche\/institut-henri-fayol\/actualites\/these-preparee-jalila-elbousserghini\/\">L\u2019int\u00e9gration de la RSE dans la vision strat\u00e9gique des dirigeants. Cas des PME marocaines labellis\u00e9es.<\/a>&nbsp;<\/p>\n<p><a href=\"https:\/\/www.emse.fr\/statique\/publications\/index.php?publis_dept=departement&amp;motcle=&amp;annee=&amp;auteurs=Lyes%2CMazari&amp;labos=&amp;collection=EPICE-ENSMSE&amp;langue=en&amp;bandeau=ON\"><strong>Oudom KEM. <\/strong><\/a><a href=\"https:\/\/theses.hal.science\/tel-02880717\" target=\"_blank\" rel=\"noopener\">Mod\u00e9lisation et exploitation des connaissances de l\u2019environnement : une approche multi-agents pour la recherche d\u2019itin\u00e9raires multi-objectifs dans des environnements ubiquitaires<\/a><a href=\"https:\/\/www.emse.fr\/statique\/publications\/index.php?publis_dept=departement&amp;motcle=&amp;annee=&amp;auteurs=Lyes%2CMazari&amp;labos=&amp;collection=EPICE-ENSMSE&amp;langue=en&amp;bandeau=ON\">,<\/a><a href=\"https:\/\/theses.fr\/2018LYSEM023\" target=\"_blank\" rel=\"noopener\">\u27e8NNT : 2018LYSEM023\u27e9<\/a><\/p>\n<p><a href=\"https:\/\/www.emse.fr\/statique\/publications\/index.php?publis_dept=departement&amp;motcle=&amp;annee=&amp;auteurs=Lyes%2CMazari&amp;labos=&amp;collection=EPICE-ENSMSE&amp;langue=en&amp;bandeau=ON\"><strong>Lyes Mazari<\/strong><\/a>.&nbsp;<a href=\"https:\/\/theses.hal.science\/tel-02087431\">Effets de la RSE sur le management de la reprise des PME : une analyse par la l\u00e9gitimit\u00e9 du repreneur externe vis-\u00e0-vis de ses salari\u00e9s.<\/a> <a href=\"https:\/\/www.theses.fr\/2018LYSES053\" target=\"_blank\" rel=\"noopener noreferrer\">\u27e8NNT : 2018LYSES053\u27e9<\/a><\/p>\n<h4>2017<\/h4>\n<p><a href=\"https:\/\/theses.hal.science\/tel-01665142\"><strong>Simon Carladous<\/strong>. Approche int\u00e9gr\u00e9e d\u2019aide \u00e0 la d\u00e9cision bas\u00e9e sur la propagation de l\u2019imperfection de l\u2019information \u2013 application \u00e0 l\u2019efficacit\u00e9 des mesures de protection torrentielle<\/a><a href=\"https:\/\/www.theses.fr\/2017LYSEM008\" target=\"_blank\" rel=\"noopener noreferrer\">\u3008NNT : 2017LYSEM008\u3009<\/a><\/p>\n<p><a href=\"https:\/\/theses.hal.science\/tel-01851485\"><strong>Nicolas Cointe<\/strong>. Jugement \u00e9thique pour la d\u00e9cision et la coop\u00e9ration dans les syst\u00e8mes multi-agents<\/a><a href=\"https:\/\/theses.fr\/2017LYSEM043\" target=\"_blank\" rel=\"noopener noreferrer\">\u3008NNT : 2017LYSEM043\u3009<\/a><\/p>\n<p><strong>Muhammad Khoirul Khakim HABIBI<\/strong>. <a href=\"https:\/\/theses.hal.science\/tel-02956465\" target=\"_blank\" rel=\"noopener\">Optimisation d&rsquo;une cha\u00eene logistique inverse avec la prise en compte des processus de d\u00e9sassemblage<\/a>&nbsp; <a href=\"https:\/\/www.theses.fr\/2017LYSEM005\" target=\"_blank\" rel=\"noopener\">\u27e8NNT : 2017LYSEM005\u27e9<\/a>.<\/p>\n<p><strong><a href=\"https:\/\/theses.hal.science\/search\/index\/q\/*\/authFullName_s\/Marilys+Pradel\/\">Marilys Pradel<\/a>. <\/strong><a href=\"https:\/\/theses.hal.science\/tel-01654530\">Proposition d&rsquo;une m\u00e9thode d&rsquo;allocation par r\u00e9partition param\u00e8tre-d\u00e9pendant pour l&rsquo;Analyse du Cycle de Vie des produits d\u00e9chet-sourc\u00e9s Application aux fertilisants phosphat\u00e9s boue-sourc\u00e9s<\/a>&nbsp;<a href=\"https:\/\/hal.archives-ouvertes.fr\/tel-01654530\" target=\"_blank\" rel=\"noopener noreferrer\">\u3008tel-01654530\u3009<\/a><\/p>\n<p><a href=\"https:\/\/theses.hal.science\/tel-01848797\"><strong>Christian Serrano Montero<\/strong>. <\/a><a href=\"https:\/\/theses.hal.science\/tel-03081286\" target=\"_blank\" rel=\"noopener\">Planification et ordonnancement des activit\u00e9s dans un centre de crossdock international<\/a><a href=\"https:\/\/theses.hal.science\/tel-01848797\">, 2017 &nbsp;<\/a><a href=\"https:\/\/www.theses.fr\/2017LYSEM029\" target=\"_blank\" rel=\"noopener\">\u27e8NNT : 2017LYSEM029\u27e9<\/a><a href=\"https:\/\/theses.hal.science\/tel-01848797\">.<\/a><\/p>\n<p><a href=\"https:\/\/theses.hal.science\/tel-01848797\"><strong>Audrey Tanguy<\/strong>. Approche territoriale de la valorisation des d\u00e9chets : \u00e9laboration d\u2019un mod\u00e8le pour la conception de fili\u00e8res adapt\u00e9es au territoire<\/a>&nbsp;<a href=\"https:\/\/www.theses.fr\/2017LYSEM016\" target=\"_blank\" rel=\"noopener noreferrer\">\u3008NNT : 2017LYSEM016\u3009<\/a><\/p>\n<h4>2016<\/h4>\n<div>\n<p><a style=\"font-size: inherit\" href=\"https:\/\/theses.hal.science\/tel-01665129\"><strong>Andrei-Nicolae Ciortea.<\/strong> <\/a><a style=\"font-size: inherit\" href=\"https:\/\/theses.hal.science\/tel-01451195\" target=\"_blank\" rel=\"noopener noreferrer\">Tisser le Web Social des Objets : Permettre une Interaction Autonome et Flexible dans l\u2019Internet des Objets<\/a><a style=\"font-size: inherit\" href=\"https:\/\/theses.fr\/2016LYSEM813\" target=\"_blank\" rel=\"noopener noreferrer\">\u27e8NNT : 2016EMSE0813\u27e9<\/a><\/p>\n<\/div>\n<p><a href=\"https:\/\/theses.hal.science\/tel-01665212\" target=\"_blank\" rel=\"noopener noreferrer\"><strong>Damien Evrard<\/strong><\/a><a href=\"https:\/\/theses.hal.science\/tel-01665129\">.&nbsp;<\/a><a href=\"https:\/\/theses.hal.science\/tel-01665212\" target=\"_blank\" rel=\"noopener noreferrer\">Approche int\u00e9gr\u00e9e pour une \u00e9valuation multicrit\u00e8re des meilleures techniques disponibles<\/a><a href=\"https:\/\/www.theses.fr\/2016LYSEM015\" target=\"_blank\" rel=\"noopener noreferrer\">\u3008NNT : 2016LYSEM015\u3009<\/a><\/p>\n<p><a href=\"https:\/\/theses.hal.science\/tel-01665129\"><strong>Sergey Malyutin<\/strong>. Algorithms and Software for Decision Support in Design of Assembly and Transfer Lines<\/a> <a href=\"https:\/\/www.theses.fr\/2016LYSEM020\" target=\"_blank\" rel=\"noopener noreferrer\">\u3008NNT : 2016LYSEM020\u3009<\/a><\/p>\n<p><a href=\"https:\/\/theses.hal.science\/view\/index\/?identifiant=tel-01438684&amp;2=v2&amp;version=2&amp;lang=fr\"><strong>Esperan Padonou<\/strong>. Statistical Learning on Circular Domains For Advanced Process Control in Microelectronics<\/a>&nbsp;<a href=\"https:\/\/www.theses.fr\/2016LYSEM009\" target=\"_blank\" rel=\"noopener noreferrer\">\u3008NNT : 2016LYSEM009\u3009<\/a><\/p>\n<h4>2015<\/h4>\n<p class=\"clearer\"><strong><a title=\"\" href=\"https:\/\/theses.hal.science\/search\/index\/q\/%2A\/authFullName_s\/Sarra+Dahmani\/\">Sarra Dahmani<\/a><\/strong>.&nbsp;<a title=\"\" href=\"https:\/\/theses.hal.science\/tel-01258186\">Proposition d\u2019un cadre m\u00e9thodologique pour la gestion du processus de servicisation en entreprise industrielle : approche bas\u00e9e sur les risques d\u00e9cisionnels<\/a>&nbsp;<a href=\"http:\/\/www.theses.fr\/2015EMSE0789\" target=\"_blank\" rel=\"noopener noreferrer\">&lt;NNT : 2015EMSE0789&gt;<\/a><\/p>\n<p class=\"clearer\"><a href=\"https:\/\/hal-emse.ccsd.cnrs.fr\/search\/index\/q\/*\/authFullName_s\/Arnaud+Gautier\/\"><strong>Lucile Faure.<\/strong>&nbsp;<\/a><a title=\"\" href=\"https:\/\/theses.hal.science\/tel-01299541\">Evaluation de la performance \u00e9conomique des Centres de Distribution Urbaine <\/a><a href=\"https:\/\/www.theses.fr\/2015EMSE0803\" target=\"_blank\" rel=\"noopener noreferrer\">&lt;NNT : 2015EMSE0803&gt;<\/a><\/p>\n<p class=\"clearer\"><a title=\"\" href=\"https:\/\/hal-emse.ccsd.cnrs.fr\/search\/index\/q\/%2A\/authFullName_s\/Jana+Fruth\/\"><strong>Jana Fruth<\/strong><\/a><a href=\"https:\/\/hal-emse.ccsd.cnrs.fr\/search\/index\/q\/*\/authFullName_s\/Arnaud+Gautier\/\">.&nbsp;<\/a><a title=\"\" href=\"https:\/\/hal-emse.ccsd.cnrs.fr\/tel-01151170\">Sensitivy analysis and graph-based methods for black-box functions with on application to sheet metal forming<\/a> <a href=\"https:\/\/www.theses.fr\/2015EMSE0779\" target=\"_blank\" rel=\"noopener noreferrer\">&lt;NNT : 2015EMSE0779&gt;<\/a><\/p>\n<p class=\"clearer\"><strong><a href=\"https:\/\/hal-emse.ccsd.cnrs.fr\/search\/index\/q\/*\/authFullName_s\/Arnaud+Gautier\/\">Arnaud Gautier<\/a><\/strong>.&nbsp;<a href=\"https:\/\/theses.hal.science\/tel-01430575\">La labellisation comme dispositif d\u2019appropriation de la RSE en PME : le cas d\u2019inter-clusters du num\u00e9rique<\/a><a href=\"https:\/\/www.theses.fr\/2015STETT123\" target=\"_blank\" rel=\"noopener noreferrer\">\u3008NNT : 2015STETT123\u3009<\/a><\/p>\n<p><a title=\"\" href=\"https:\/\/theses.hal.science\/search\/index\/q\/%2A\/authFullName_s\/Sophie+Grazilhon\/\"><strong>Sophie Grazilhon<\/strong><\/a>.&nbsp;<a title=\"\" href=\"https:\/\/theses.hal.science\/tel-01258041\">M\u00e9thodologie d\u2019aide \u00e0 la d\u00e9cision pour la qualit\u00e9 des effluents industriels &#8211; Une approche territoriale orient\u00e9e sur les besoins vis-\u00e0-vis des services \u00e9cosyst\u00e9miques produits par les milieux r\u00e9cepteurs<\/a>&nbsp;<a href=\"https:\/\/www.theses.fr\/2015EMSE0787\" target=\"_blank\" rel=\"noopener noreferrer\">&lt;NNT : 2015EMSE0787&gt;<\/a><\/p>\n<p><strong><a title=\"\" href=\"https:\/\/hal-emse.ccsd.cnrs.fr\/search\/index\/q\/%2A\/authFullName_s\/Hassan+Maatouk\/\">Hassan Maatouk<\/a><\/strong><a href=\"https:\/\/hal-emse.ccsd.cnrs.fr\/search\/index\/q\/*\/authFullName_s\/Anastasia+Wolff\/\" target=\"_blank\" rel=\"noopener noreferrer\">.&nbsp;<\/a><a title=\"\" href=\"https:\/\/hal-emse.ccsd.cnrs.fr\/tel-01282224\">Correspondance entre r\u00e9gression par processus Gaussien et splines d&rsquo;interpolation sous contraintes lin\u00e9aires de type in\u00e9galit\u00e9. Th\u00e9orie et applications<\/a>&nbsp;<a href=\"https:\/\/www.theses.fr\/2015EMSE0791\" target=\"_blank\" rel=\"noopener noreferrer\">&lt;NNT : 2015EMSE0791&gt;<\/a><\/p>\n<p><strong><a title=\"\" href=\"https:\/\/theses.hal.science\/ISCOD-ENSMSE\/search\/index\/q\/%2A\/authFullName_s\/Alexandru+Sorici\/\">Alexandru Sorici<\/a><\/strong><a title=\"\" href=\"https:\/\/theses.hal.science\/ISCOD-ENSMSE\/search\/index\/q\/%2A\/authFullName_s\/Bissan+Audeh\/\">.&nbsp;<\/a><a title=\"\" href=\"https:\/\/theses.hal.science\/ISCOD-ENSMSE\/tel-01258912\">Multi-Agent Context Management in Support of Ambient Intelligence Applications<\/a>&nbsp;<a href=\"https:\/\/theses.fr\/2015EMSE0790\" target=\"_blank\" rel=\"noopener noreferrer\">&lt;NNT : 2015EMSE0790&gt;<\/a><\/p>\n<p><strong><a href=\"https:\/\/hal-emse.ccsd.cnrs.fr\/search\/index\/q\/*\/authFullName_s\/Anastasia+Wolff\/\" target=\"_blank\" rel=\"noopener noreferrer\">Anastasia Wolff<\/a><\/strong>.&nbsp;<a href=\"https:\/\/hal-emse.ccsd.cnrs.fr\/tel-01695744\" target=\"_blank\" rel=\"noopener noreferrer\">Responsabilit\u00e9 soci\u00e9tale : quelles contributions des entreprises \u00e0 la conservation de la biodiversit\u00e9<\/a><a href=\"https:\/\/hal-emse.ccsd.cnrs.fr\/tel-01695744\" target=\"_blank\" rel=\"noopener noreferrer\"> ?<\/a>&nbsp;<\/p>\n<p><a title=\"\" href=\"https:\/\/theses.hal.science\/search\/index\/q\/%2A\/authFullName_s\/Hasna+Yahyaoui\/\"><strong>Hasna Yahyaoui<\/strong><\/a>.&nbsp;<a title=\"\" href=\"https:\/\/theses.hal.science\/tel-01282255\">Me\u0301thode d&rsquo;analyse de donne\u0301es pour le diagnostic a posteriori de de\u0301fauts de production &#8211; Application au secteur de la microe\u0301lectronique<\/a>&nbsp;<a href=\"https:\/\/www.theses.fr\/2015EMSE0795\" target=\"_blank\" rel=\"noopener noreferrer\">&lt;NNT : 2015EMSE0795&gt;<\/a><\/p>\n<h4 class=\"clearer\">2014<\/h4>\n<p><a title=\"\" href=\"https:\/\/theses.hal.science\/ISCOD-ENSMSE\/search\/index\/q\/%2A\/authFullName_s\/Bissan+Audeh\/\"><strong>Bissan Audeh<\/strong><\/a><a href=\"https:\/\/www.theses.fr\/181727374\" rel=\"dcterms:creator\">.&nbsp;<\/a><a title=\"\" href=\"https:\/\/theses.hal.science\/ISCOD-ENSMSE\/tel-01126932\">Reformulation s\u00e9mantique des requ\u00eates pour la recherche d\u2019information ad hoc sur le Web<\/a><br><a href=\"https:\/\/theses.fr\/2014EMSE0750\" target=\"_blank\" rel=\"noopener noreferrer\">&lt;NNT : 2014EMSE0750&gt;<\/a><\/p>\n<p><a title=\"\" href=\"https:\/\/hal-emse.ccsd.cnrs.fr\/search\/index\/q\/%2A\/authFullName_s\/Mohand+Lounes+Bentaha\/\"><strong>Mohand Lounes Bentaha<\/strong><\/a>.&nbsp;<a title=\"\" href=\"https:\/\/hal-emse.ccsd.cnrs.fr\/tel-01134500\">Conception combinatoire des lignes de d\u00e9sassemblage sous incertitudes<\/a> <a href=\"https:\/\/www.theses.fr\/2014EMSE0758\" target=\"_blank\" rel=\"noopener noreferrer\">&lt;NNT : 2014EMSE0758&gt;<\/a><\/p>\n<p><a title=\"\" href=\"https:\/\/theses.hal.science\/search\/index\/q\/%2A\/authFullName_s\/Malik-Eddine+Chalal\/\"><strong>Malik-Eddine Chalal<\/strong><\/a><a href=\"https:\/\/www.theses.fr\/181727374\" rel=\"dcterms:creator\">.&nbsp;<\/a><a title=\"\" href=\"https:\/\/theses.hal.science\/tel-01132699\">Aide \u00e0 la d\u00e9cision pour la servicisation des PME industrielles : une approche par mod\u00e9lisation et simulation<\/a>&nbsp;<a href=\"https:\/\/www.theses.fr\/2014EMSE0754\" target=\"_blank\" rel=\"noopener noreferrer\">&lt;NNT : 2014EMSE0754&gt;<\/a><\/p>\n<p><a href=\"https:\/\/www.theses.fr\/181727374\" rel=\"dcterms:creator\"><strong>Sandrine Dumoulinneuf<\/strong>. <\/a>Evaluation a priori des impacts et performances d&rsquo;actions propos\u00e9es dans le cadre de la d\u00e9marche de responsabilit\u00e9 soci\u00e9tale d&rsquo;une entreprise de distribution<\/p>\n<p><a title=\"\" href=\"https:\/\/theses.hal.science\/search\/index\/q\/%2A\/authFullName_s\/Samuel+Le+Feon\/\"><strong>Samuel Le Feon<\/strong><\/a>.&nbsp;<a title=\"\" href=\"https:\/\/theses.hal.science\/tel-00980187\">Evaluation environnementale des besoins de mobilit\u00e9 des grandes aires urbaines en France &#8211; Approche par Analyse de Cycle de Vie<\/a>&nbsp;<a href=\"https:\/\/www.theses.fr\/2014EMSE0729\" target=\"_blank\" rel=\"noopener noreferrer\">&lt;NNT : 2014EMSE0729&gt;<\/a><\/p>\n<p><a title=\"\" href=\"https:\/\/theses.hal.science\/search\/index\/q\/%2A\/authFullName_s\/Cl%C3%A9ment+Girard\/\"><strong>Cl\u00e9ment Girard<\/strong><\/a>.&nbsp;<a title=\"\" href=\"https:\/\/theses.hal.science\/tel-01127337\">Diagnostic des Dysfonctionnements des Plans de Secours pour la Gestion des Risques Majeurs<\/a>&nbsp;<a href=\"https:\/\/www.theses.fr\/2014EMSE0763\" target=\"_blank\" rel=\"noopener noreferrer\">&lt;NNT : 2014EMSE0763&gt;<\/a><\/p>\n<p><strong><a title=\"\" href=\"https:\/\/hal-emse.ccsd.cnrs.fr\/DEMO-ENSMSE\/search\/index\/q\/%2A\/authFullName_s\/Eric+Lalot\/\">Eric Lalot<\/a>.<\/strong>&nbsp;<a title=\"\" href=\"https:\/\/hal-emse.ccsd.cnrs.fr\/DEMO-ENSMSE\/tel-00993370\">Analyse des signaux piezom\u00e9triques et mod\u00e9lisation pour l&rsquo;\u00e9valuation quantitative et la caract\u00e9risation des \u00e9changes hydrauliques entre aquif\u00e8res alluviaux et rivi\u00e8res &#8211; Application au Rh\u00f4ne<\/a>&nbsp;<a href=\"https:\/\/www.theses.fr\/2014EMSE0734\" target=\"_blank\" rel=\"noopener noreferrer\">&lt;NNT : 2014EMSE0734&gt;<\/a><\/p>\n<p><strong><a title=\"\" href=\"https:\/\/hal-emse.ccsd.cnrs.fr\/search\/index\/q\/%2A\/authFullName_s\/Fatme+Makssoud\/\">Fatme Makssoud<\/a><\/strong>.&nbsp;<a title=\"\" href=\"https:\/\/hal-emse.ccsd.cnrs.fr\/tel-01084135\">Apport de l&rsquo;optimisation combinatoire pour la reconfiguration des lignes de production<\/a>&nbsp;<a href=\"https:\/\/www.theses.fr\/2014EMSE0742\" target=\"_blank\" rel=\"noopener noreferrer\">&lt;NNT : 2014EMSE0742&gt;<\/a><\/p>\n<h4 class=\"clearer\">2013<\/h4>\n<p><strong><a title=\"\" href=\"https:\/\/theses.hal.science\/search\/index\/q\/%2A\/authFullName_s\/Carine+El+Hajj\/\">Carine El Hajj<\/a>.<\/strong>&nbsp;<a title=\"\" href=\"https:\/\/theses.hal.science\/tel-00979309\">M\u00e9thodologie pour l&rsquo;analyse et la pr\u00e9vention du risque d&rsquo;accidents technologiques induits par l&rsquo;inondation (Natech) d&rsquo;un site industriel<\/a> <a href=\"https:\/\/www.theses.fr\/2013EMSE0719\" target=\"_blank\" rel=\"noopener noreferrer\">&lt;NNT : 2013EMSE0719&gt;<\/a><\/p>\n<p><a title=\"\" href=\"https:\/\/hal-emse.ccsd.cnrs.fr\/search\/index\/q\/%2A\/authFullName_s\/Christophe+Gbossou\/\"><strong>Christophe Gbossou<\/strong><\/a>.&nbsp;<a title=\"\" href=\"https:\/\/hal-emse.ccsd.cnrs.fr\/tel-00904378\">Mise en place d\u2019un p\u00f4le int\u00e9gr\u00e9 d\u2019excellence pour les \u00e9nergies renouvelables. Cas de l\u2019\u00e9nergie solaire en Afrique de l\u2019Ouest<\/a> <a href=\"http:\/\/www.theses.fr\/2013EMSE0694\" target=\"_blank\" rel=\"noopener noreferrer\">&lt;NNT : 2013EMSE0694&gt;<\/a><\/p>\n<p><strong><a title=\"\" href=\"https:\/\/theses.hal.science\/search\/index\/q\/%2A\/authFullName_s\/Imtiaz+Ibrahim\/\">Imtiaz Ibrahim<\/a><\/strong>.&nbsp;<a title=\"\" href=\"https:\/\/theses.hal.science\/tel-00864198\">Etude de l&rsquo;applicabilit\u00e9 des \u00e9chantillonneurs passifs POCIS et Chemcatcher pour le suivi des pesticides en milieux aquatiques<\/a> <a href=\"https:\/\/www.theses.fr\/2013EMSE0692\" target=\"_blank\" rel=\"noopener noreferrer\">&lt;NNT : 2013EMSE0692&gt;<\/a><\/p>\n<p><strong><a title=\"\" href=\"https:\/\/theses.hal.science\/search\/index\/q\/%2A\/authFullName_s\/Michel+Lutz\/\">Michel Lutz<\/a><\/strong>.&nbsp;<a title=\"\" href=\"https:\/\/theses.hal.science\/tel-00849870\">M\u00e9thodes socio-statistiques pour l&rsquo;aide \u00e0 la d\u00e9cision en milieu industriel : Application \u00e0 la gestion des capacit\u00e9s d&rsquo;un syst\u00e8me d&rsquo;information en industrie micro-\u00e9lectronique<\/a>&nbsp;<a href=\"https:\/\/www.theses.fr\/2013EMSE0688\" target=\"_blank\" rel=\"noopener noreferrer\">&lt;NNT : 2013EMSE0688&gt;<\/a><\/p>\n<p><a title=\"\" href=\"https:\/\/theses.hal.science\/search\/index\/q\/%2A\/authFullName_s\/Khaled+Medini\/\"><strong>Khaled Medini<\/strong><\/a>.&nbsp;<a title=\"\" href=\"https:\/\/theses.hal.science\/tel-01155226\">\u00c9valuation de la performance d\u2019entreprises dans le contexte de la personnalisation de masse durable<\/a><\/p>\n<p><a title=\"\" href=\"https:\/\/hal-emse.ccsd.cnrs.fr\/search\/index\/q\/%2A\/authFullName_s\/Azedine+Tahiri\/\"><strong>Azedine Tahiri<\/strong><\/a>.&nbsp;<a title=\"\" href=\"https:\/\/hal-emse.ccsd.cnrs.fr\/tel-00849592\">Innovation par la responsabilit\u00e9 soci\u00e9tale dans la gestion de projet d\u2019ing\u00e9nierie : cas de l\u2019ing\u00e9nierie pharmaceutique<\/a> <a href=\"https:\/\/www.theses.fr\/2013EMSE0682\" target=\"_blank\" rel=\"noopener noreferrer\">&lt;NNT : 2013EMSE0682&gt;<\/a>&nbsp;<\/p>\n<h4>2012<\/h4>\n<p><a title=\"\" href=\"https:\/\/hal-emse.ccsd.cnrs.fr\/DEMO-ENSMSE\/search\/index\/q\/%2A\/authFullName_s\/Sergey+Kovalev\/\"><strong>Sergey Kovalev<\/strong><\/a><strong>.<\/strong>&nbsp;<a title=\"\" href=\"https:\/\/hal-emse.ccsd.cnrs.fr\/DEMO-ENSMSE\/tel-00849179\">PROBL\u00c8MES COMBINATOIRES EN CONFIGURATION DES LIGNES DE FABRICATION : ANALYSE DE COMPLEXIT\u00c9 ET OPTIMISATION<\/a>&nbsp;<a href=\"https:\/\/www.theses.fr\/2012EMSE0672\" target=\"_blank\" rel=\"noopener noreferrer\">&lt;NNT : 2012EMSE0672&gt;<\/a><\/p>\n<p><a title=\"\" href=\"https:\/\/theses.hal.science\/search\/index\/q\/%2A\/authFullName_s\/Valentine+Moreau\/\"><strong>Valentine Moreau<\/strong><\/a>.&nbsp;<a title=\"\" href=\"https:\/\/theses.hal.science\/tel-00843151\">M\u00e9thodologie de repr\u00e9sentation des impacts environnementaux locaux et plan\u00e9taires, directs et indirects &#8211; Application aux technologies de l&rsquo;information<\/a>&nbsp;<a href=\"https:\/\/www.theses.fr\/2012EMSE0659\" target=\"_blank\" rel=\"noopener noreferrer\">&lt;NNT : 2012EMSE0659&gt;<\/a><\/p>\n<p><strong><a title=\"\" href=\"https:\/\/hal-emse.ccsd.cnrs.fr\/DEMO-ENSMSE\/search\/index\/q\/%2A\/authFullName_s\/Jordan+Re-Bahuaud\/\">Jordan Re-Bahuaud<\/a><\/strong>.&nbsp;<a title=\"\" href=\"https:\/\/hal-emse.ccsd.cnrs.fr\/DEMO-ENSMSE\/tel-00783984\">Apports d&rsquo;une approche coupl\u00e9e physique et g\u00e9ochimie des eaux souterraines pour caract\u00e9riser les fonctionnements hydrodynamiques transitoires. Cas de la plaine alluviale du Forez<\/a> <a href=\"https:\/\/www.theses.fr\/2012EMSE0666\" target=\"_blank\" rel=\"noopener noreferrer\">&lt;NNT : 2012EMSE0666&gt;<\/a><\/p>\n<p><a title=\"\" href=\"https:\/\/theses.hal.science\/search\/index\/q\/%2A\/authFullName_s\/Florian+Tena-Chollet\/\"><strong>Florian Tena-Chollet<\/strong><\/a>.&nbsp;<a title=\"\" href=\"https:\/\/theses.hal.science\/tel-00741941\">Elaboration d&rsquo;un environnement semi-virtuel de formation \u00e0 la gestion strat\u00e9gique de crise, bas\u00e9 sur la simulation multi-agents<\/a>&nbsp;<a href=\"https:\/\/www.theses.fr\/2012EMSE0651\" target=\"_blank\" rel=\"noopener noreferrer\">&lt;NNT : 2012EMSE0651&gt;<\/a><\/p>\n<p><a title=\"\" href=\"https:\/\/theses.hal.science\/search\/index\/q\/%2A\/authFullName_s\/Jonathan+Villot\/\"><strong>Jonathan Villot<\/strong><\/a>.&nbsp;<a title=\"\" href=\"https:\/\/theses.hal.science\/tel-00739707\">B\u00e2timents et facteur 4, de l&rsquo;\u00e9mergence d&rsquo;un objectif global \u00e0 son application au niveau local. : Analyse des probl\u00e9matiques de r\u00e9novation dans le secteur r\u00e9sidentiel \u00e0 caract\u00e8re social<\/a> <a href=\"https:\/\/www.theses.fr\/2012EMSE0649\" target=\"_blank\" rel=\"noopener noreferrer\">&lt;NNT : 2012EMSE0649&gt;<\/a><\/p>\n<h4>2011<\/h4>\n<p><strong><a title=\"\" href=\"https:\/\/hal-emse.ccsd.cnrs.fr\/ISCOD-ENSMSE\/search\/index\/q\/%2A\/authFullName_s\/Yazid+Benazzouz\/\">Yazid Benazzouz<\/a><\/strong>.&nbsp;<a title=\"\" href=\"https:\/\/hal-emse.ccsd.cnrs.fr\/ISCOD-ENSMSE\/tel-00733013\">D\u00e9couverte de contexte pour une adaptation automatique de services en intelligence ambiante<\/a>&nbsp;<a href=\"https:\/\/theses.fr\/2011EMSE0617\" target=\"_blank\" rel=\"noopener noreferrer\">&lt;NNT : 2011EMSE0617&gt;<\/a><\/p>\n<p><a title=\"\" href=\"https:\/\/hal-emse.ccsd.cnrs.fr\/DEMO-ENSMSE\/search\/index\/q\/%2A\/authFullName_s\/Matthieu+Canaud\/\"><strong>Matthieu Canaud<\/strong><\/a>.&nbsp;<a title=\"\" href=\"https:\/\/hal-emse.ccsd.cnrs.fr\/DEMO-ENSMSE\/tel-00677758\">Estimation de param\u00e8tres et planification d&rsquo;exp\u00e9riences adapt\u00e9e aux probl\u00e8mes de cin\u00e9tique &#8211; Application \u00e0 la d\u00e9pollution des fum\u00e9es en sortie des moteurs<\/a>&nbsp;<a href=\"https:\/\/www.theses.fr\/2011EMSE0619\" target=\"_blank\" rel=\"noopener noreferrer\">&lt;NNT : 2011 EMSE 0619&gt;<\/a><\/p>\n<p><a title=\"\" href=\"https:\/\/hal-emse.ccsd.cnrs.fr\/ISCOD-ENSMSE\/search\/index\/q\/%2A\/authFullName_s\/Julien+Dumont\/\"><strong>Julien Dumont<\/strong><\/a>.&nbsp;<a title=\"\" href=\"https:\/\/hal-emse.ccsd.cnrs.fr\/ISCOD-ENSMSE\/tel-00844133\">Syst\u00e8mes multi-<\/a><a id=\"HDR\"><\/a><a title=\"\" href=\"https:\/\/hal-emse.ccsd.cnrs.fr\/ISCOD-ENSMSE\/tel-00844133\">agent pour le diagnostic pluri-disciplinaire<\/a>&nbsp;<a href=\"https:\/\/theses.fr\/2011EMSE0603\" target=\"_blank\" rel=\"noopener noreferrer\">&lt;NNT : 2011EMSE0603&gt;<\/a><\/p>\n<p><a title=\"\" href=\"https:\/\/hal-emse.ccsd.cnrs.fr\/search\/index\/q\/%2A\/authFullName_s\/Nicolas+Durrande\/\"><strong>Nicolas Durrande<\/strong><\/a>.&nbsp;<a title=\"\" href=\"https:\/\/hal-emse.ccsd.cnrs.fr\/tel-00770625\">\u00c9tude de classes de noyaux adapt\u00e9es \u00e0 la simplification et \u00e0 l&rsquo;interpr\u00e9tation des mod\u00e8les d&rsquo;approximation. Une approche fonctionnelle et probabiliste.<\/a><\/p>\n<p><a title=\"\" href=\"https:\/\/hal-emse.ccsd.cnrs.fr\/DEMO-ENSMSE\/search\/index\/q\/%2A\/authFullName_s\/Bertrand+Gauthier\/\"><strong>Bertrand Gauthier<\/strong><\/a>.&nbsp;<a title=\"\" href=\"https:\/\/hal-emse.ccsd.cnrs.fr\/DEMO-ENSMSE\/tel-00631252\">Approche spectrale pour l&rsquo;interpolation \u00e0 noyaux et positivit\u00e9 conditionnelle<\/a>&nbsp;<a href=\"https:\/\/www.theses.fr\/2011EMSE0615\" target=\"_blank\" rel=\"noopener noreferrer\">&lt;NNT : 2011 EMSE 0615&gt;<\/a><\/p>\n<p><a title=\"\" href=\"https:\/\/theses.hal.science\/search\/index\/q\/%2A\/authFullName_s\/Aur%C3%A9lia+Lassauce\/\"><strong>Aur\u00e9lia Lassauce<\/strong><\/a>.&nbsp;<a title=\"\" href=\"https:\/\/theses.hal.science\/tel-00667898\">Visualisation, granulom\u00e9trie et \u00e9vaporation de gouttes et de sprays \u2013 Etude dans une atmosph\u00e8re close et pressuris\u00e9e<\/a>&nbsp;<a href=\"https:\/\/www.theses.fr\/2011EMSE0601\" target=\"_blank\" rel=\"noopener noreferrer\">&lt;NNT : 2011EMSE0601&gt;<\/a><\/p>\n<p><strong><a title=\"\" href=\"https:\/\/hal-emse.ccsd.cnrs.fr\/ISCOD-ENSMSE\/search\/index\/q\/%2A\/authFullName_s\/Rosine+Kitio+Teussop\/\">Rosine Kitio Teussop<\/a><\/strong>.&nbsp;<a title=\"\" href=\"https:\/\/hal-emse.ccsd.cnrs.fr\/ISCOD-ENSMSE\/tel-00721828\">Gestion de l&rsquo;ouverture au sein d&rsquo;organisations multi-agents : une approche bas\u00e9e sur des artefacts organisationnels<\/a>&nbsp;<a href=\"https:\/\/theses.fr\/2011EMSE0630\" target=\"_blank\" rel=\"noopener noreferrer\">&lt;NNT : 2011EMSE0630&gt;<\/a><\/p>\n<p><a id=\"HDR\"><\/a><strong><a title=\"\" href=\"https:\/\/hal-emse.ccsd.cnrs.fr\/DEMO-ENSMSE\/search\/index\/q\/%2A\/authFullName_s\/Mamy+Anjara+Herisolo+Tombozafy\/\">Mamy Anjara Herisolo Tombozafy<\/a><\/strong>. <a title=\"\" href=\"https:\/\/hal-emse.ccsd.cnrs.fr\/DEMO-ENSMSE\/tel-00666996\">M\u00e9thodologie d&rsquo;analyse de <\/a><a id=\"P2019\"><\/a><a title=\"\" href=\"https:\/\/hal-emse.ccsd.cnrs.fr\/DEMO-ENSMSE\/tel-00666996\">l&rsquo;enfoncement du lit mineur d&rsquo;un fleuve : approche combin\u00e9e mod\u00e9lisation hydraulique-g\u00e9ochimie. Application \u00e0 la Loire For\u00e9zienne (France)<\/a>&nbsp;<a href=\"https:\/\/www.theses.fr\/2010EMSE0596\" target=\"_blank\" rel=\"noopener noreferrer\">&lt;NNT : 2010EMSE0596&gt;<\/a><\/p>\n\n\n\n<!--nextpage-->\n\n\n\n<div class=\"fixed-top-menu-spacer\" style=\"height: 65px\">\n                    <ul class=\"fixed-top-menu\">\n\n<li class=\"page_item page-item-631\"><a href=\"https:\/\/www.mines-stetienne.fr\/recherche\/5-centres-de-formation-et-de-recherche\/institut-henri-fayol\/recherche\/\">Laboratoires<\/a><\/li>\n<li class=\"page_item page-item-643 \"><a href=\"..\/2\/\">D\u00e9partements<\/a><\/li>\n<li class=\"page_item page-item-637 \"><a href=\"..\/3\/\">IMT<\/a><\/li>\n<li class=\"page_item page-item-652 current_page_item\"><a href=\"#\">Publications<\/a><\/li>\n\n                    <\/ul>\n                <\/div>\n\n\n\n<h3 class=\"wp-block-heading\">Toutes nos publications<\/h3>\n\n\n\n<p>La liste compl\u00e8te des publications de l&rsquo;Institut Henri Fayol<em>&nbsp;<\/em>peut \u00eatre consult\u00e9e sur l&rsquo;archive HAL CCSD CNRS via notre&nbsp;<a href=\"https:\/\/hal-emse.ccsd.cnrs.fr\/FAYOL-ENSMSE\/?lang=fr\" target=\"_blank\" rel=\"noopener noreferrer\">portail HAL-EMSE<\/a>.<\/p>\n\n\n\n<h3 class=\"wp-block-heading\">Nos derni\u00e8res publications sur l&rsquo;archive HAL CCSD CNRS<\/h3>\n\n\n<ul class=\"has-dates has-excerpts wp-block-rss\"><li class='wp-block-rss__item'><div class='wp-block-rss__item-title'><a href='https:\/\/hal-emse.ccsd.cnrs.fr\/emse-04209601v1'>[emse-04209601] Business Process Reengineering in Agile Manufacturing \u2013 A Mixed Method Research<\/a><\/div><time datetime=\"2026-04-21T13:22:55+02:00\" class=\"wp-block-rss__item-publish-date\">21 avril 2026<\/time> <div class=\"wp-block-rss__item-excerpt\">Business process reengineering has been successfully deployed to improve efficiency, reduce cost, and improve customer satisfaction and organizational agility. The aim of this paper is to provide an overview of the applications of BPR in the context of agile manufacturing and to identify the barriers and drivers of BPR adoption in practice. To this end, [&hellip;]<\/div><\/li><li class='wp-block-rss__item'><div class='wp-block-rss__item-title'><a href='https:\/\/hal.science\/hal-05591384v1'>[hal-05591384] La permaentreprise : un nouveau mod\u00e8le organisationnel promouvant des pratiques post-RSE pour r\u00e9pondre aux d\u00e9fis socio-\u00e9cologiques contemporains ?<\/a><\/div><time datetime=\"2026-04-14T16:53:48+02:00\" class=\"wp-block-rss__item-publish-date\">14 avril 2026<\/time> <div class=\"wp-block-rss__item-excerpt\">[&hellip;]<\/div><\/li><li class='wp-block-rss__item'><div class='wp-block-rss__item-title'><a href='https:\/\/hal.science\/hal-05591361v1'>[hal-05591361] Le mod\u00e8le permaindustriel, une strat\u00e9gie d\u2019anticipation pour le vivant sous le regard des capacit\u00e9s dynamiques<\/a><\/div><time datetime=\"2026-04-14T16:45:31+02:00\" class=\"wp-block-rss__item-publish-date\">14 avril 2026<\/time> <div class=\"wp-block-rss__item-excerpt\">[&hellip;]<\/div><\/li><li class='wp-block-rss__item'><div class='wp-block-rss__item-title'><a href='https:\/\/hal.science\/hal-05590119v1'>[hal-05590119] Temporary or transformative? How actors shape the organizational implications of projects<\/a><\/div><time datetime=\"2026-04-13T17:18:04+02:00\" class=\"wp-block-rss__item-publish-date\">13 avril 2026<\/time> <div class=\"wp-block-rss__item-excerpt\">Projects are widely used to address complex organizational challenges, yet we still know relatively little about how actors experience and enact their temporariness and how this affects their organizational implications. Drawing on two qualitative case studies, we show that it is not project temporariness itself, but how actors frame and mobilize it in practice, that [&hellip;]<\/div><\/li><li class='wp-block-rss__item'><div class='wp-block-rss__item-title'><a href='https:\/\/hal.science\/hal-05390105v1'>[hal-05390105] New trends in line balancing and model sequencing in assembly, disassembly and manufacturing environments<\/a><\/div><time datetime=\"2026-04-13T17:14:39+02:00\" class=\"wp-block-rss__item-publish-date\">13 avril 2026<\/time> <div class=\"wp-block-rss__item-excerpt\">The Assembly Line Balancing Problem (ALBP), first formally introduced by Salveson in 1955, has long been a foundational topic in operations research and production management. Over the past seven decades, ALBP has evolved significantly\u2014from a straightforward task-to-station assignment problem to a complex, multi-objective optimization challenge that reflects the intricacies of contemporary manufacturing systems. This transformation [&hellip;]<\/div><\/li><li class='wp-block-rss__item'><div class='wp-block-rss__item-title'><a href='https:\/\/hal-emse.ccsd.cnrs.fr\/tel-04891817v1'>[tel-04891817] Integrated design method for Product-Service Systems with configuration of value creation chains and their economic models<\/a><\/div><time datetime=\"2026-03-26T19:41:31+01:00\" class=\"wp-block-rss__item-publish-date\">26 mars 2026<\/time> <div class=\"wp-block-rss__item-excerpt\">Many manufacturers have launched service-based offerings to gain a competitive advantage. These offerings are all-inclusive solutions made possible by digital platforms that bring together physical and digital products and services. The marketing of these offerings known as \u2018Smart PSS\u2019 involves new sources of risk for the financial sustainability of the players in the value network. [&hellip;]<\/div><\/li><\/ul>\n\n\n<h3 class=\"wp-block-heading\">Nos derni\u00e8res publications en texte int\u00e9gral<\/h3>\n\n\n<ul class=\"has-dates has-excerpts wp-block-rss\"><li class='wp-block-rss__item'><div class='wp-block-rss__item-title'><a href='https:\/\/hal.science\/hal-05390105v1'>[hal-05390105] New trends in line balancing and model sequencing in assembly, disassembly and manufacturing environments<\/a><\/div><time datetime=\"2026-04-13T17:14:39+02:00\" class=\"wp-block-rss__item-publish-date\">13 avril 2026<\/time> <div class=\"wp-block-rss__item-excerpt\">The Assembly Line Balancing Problem (ALBP), first formally introduced by Salveson in 1955, has long been a foundational topic in operations research and production management. Over the past seven decades, ALBP has evolved significantly\u2014from a straightforward task-to-station assignment problem to a complex, multi-objective optimization challenge that reflects the intricacies of contemporary manufacturing systems. This transformation [&hellip;]<\/div><\/li><li class='wp-block-rss__item'><div class='wp-block-rss__item-title'><a href='https:\/\/hal.science\/hal-05572770v1'>[hal-05572770] Symbioses Territoriales Andr\u00e9zieux-Bouth\u00e9on<\/a><\/div><time datetime=\"2026-03-30T18:40:33+02:00\" class=\"wp-block-rss__item-publish-date\">30 mars 2026<\/time> <div class=\"wp-block-rss__item-excerpt\">[&hellip;]<\/div><\/li><li class='wp-block-rss__item'><div class='wp-block-rss__item-title'><a href='https:\/\/hal.science\/hal-05386967v1'>[hal-05386967] New trends in line balancing and model sequencing in assembly, disassembly and machining environments<\/a><\/div><time datetime=\"2026-03-09T12:11:39+01:00\" class=\"wp-block-rss__item-publish-date\">9 mars 2026<\/time> <div class=\"wp-block-rss__item-excerpt\">The Assembly Line Balancing Problem (ALBP), first formally introduced by Salveson in 1955, has long been a foundational topic in operations research and production management. Over the past seven decades, ALBP has evolved significantly\u2014from a straightforward task-to-station assignment problem to a complex, multi-objective optimization challenge that reflects the intricacies of contemporary manufacturing systems. This transformation [&hellip;]<\/div><\/li><li class='wp-block-rss__item'><div class='wp-block-rss__item-title'><a href='https:\/\/hal.science\/hal-05524247v2'>[hal-05524247] Scalable multitask Gaussian processes for complex mechanical systems with functional covariates<\/a><\/div><time datetime=\"2026-03-06T18:50:55+01:00\" class=\"wp-block-rss__item-publish-date\">6 mars 2026<\/time> <div class=\"wp-block-rss__item-excerpt\">Functional covariates arise in many scientific and engineering applications when model inputs take the form of time-dependent or spatially distributed profiles, such as varying boundary conditions or changing material behaviours. In addition, new practices in digital simulation require predictions accompanied by confidence intervals. Models based on Gaussian processes (GPs) provide principled uncertainty quantification. However, GPs [&hellip;]<\/div><\/li><li class='wp-block-rss__item'><div class='wp-block-rss__item-title'><a href='https:\/\/hal.science\/hal-05536947v1'>[hal-05536947] Column Generation for Semiconductor Manufacturing Scheduling with Family Qualification and Secondary Resource Constraints<\/a><\/div><time datetime=\"2026-03-04T19:05:40+01:00\" class=\"wp-block-rss__item-publish-date\">4 mars 2026<\/time> <div class=\"wp-block-rss__item-excerpt\">[&hellip;]<\/div><\/li><li class='wp-block-rss__item'><div class='wp-block-rss__item-title'><a href='https:\/\/hal.science\/hal-05536901v1'>[hal-05536901] Un algorithme it\u00e9ratif pour l\u2019optimisation des co\u00fbts \u00e9nerg\u00e9tiques pour la planification d\u2019un syst\u00e8me reconfigurable<\/a><\/div><time datetime=\"2026-03-04T18:42:51+01:00\" class=\"wp-block-rss__item-publish-date\">4 mars 2026<\/time> <div class=\"wp-block-rss__item-excerpt\">[&hellip;]<\/div><\/li><li class='wp-block-rss__item'><div class='wp-block-rss__item-title'><a href='https:\/\/hal.science\/hal-05534817v1'>[hal-05534817] A skill-based multi-objective optimization model for job rotation and job variety in a last-mile delivery station<\/a><\/div><time datetime=\"2026-03-03T16:57:17+01:00\" class=\"wp-block-rss__item-publish-date\">3 mars 2026<\/time> <div class=\"wp-block-rss__item-excerpt\">Workforce scheduling\u2014the systematic assignment of workers to workstations\u2014is fundamental for optimizing productivity and promoting employee well-being. Traditional scheduling models mainly emphasize shift coverage and cost minimization, often overlooking factors such as ergonomic safety. This can lead to increased musculoskeletal disorders (MSDs)\u2014one of the primary causes of work-related illness\u2014particularly in physically demanding sectors such as logistics [&hellip;]<\/div><\/li><li class='wp-block-rss__item'><div class='wp-block-rss__item-title'><a href='https:\/\/hal.science\/tel-05508561v1'>[tel-05508561] A hybrid approach combining semantic modeling and simulation for better consideration of physical phenomena in a smart building<\/a><\/div><time datetime=\"2026-02-13T10:49:28+01:00\" class=\"wp-block-rss__item-publish-date\">13 f\u00e9vrier 2026<\/time> <div class=\"wp-block-rss__item-excerpt\">Improving energy efficiency in buildings requires optimized decision-making from the early design phase to the operational stage. Building Performance Simulation (BPS) tools and Internet of Things (IoT) technologies are both widely used to support this goal. BPS allows virtual modeling of a building\u2019s behavior, while IoT enables real-time monitoring and control of building systems. However, [&hellip;]<\/div><\/li><li class='wp-block-rss__item'><div class='wp-block-rss__item-title'><a href='https:\/\/hal.science\/hal-05508311v1'>[hal-05508311] Synchronous vs Asynchronous Active Learning<\/a><\/div><time datetime=\"2026-02-13T02:38:14+01:00\" class=\"wp-block-rss__item-publish-date\">13 f\u00e9vrier 2026<\/time> <div class=\"wp-block-rss__item-excerpt\">These slides are a short class summarizing the main result in synchronous and asynchronous optimization. The material covers batch acquisition criteria, their theoretical step-ahead pendants, and the asynchronous versions.<\/div><\/li><li class='wp-block-rss__item'><div class='wp-block-rss__item-title'><a href='https:\/\/hal.science\/hal-05490858v1'>[hal-05490858] A Record-Based Block Method for Anomaly Detection in Nonlinear Time Series<\/a><\/div><time datetime=\"2026-02-03T13:41:52+01:00\" class=\"wp-block-rss__item-publish-date\">3 f\u00e9vrier 2026<\/time> <div class=\"wp-block-rss__item-excerpt\">Let {X_t , t \u2265 1} be a real-valued time series. A changepoint is said to occur at time t when the local dynamics of the process exhibit a persistent deviation from a reference regime. Motivated by record theory, we introduce a distribution-free framework for changepoint detection based on local power statistics aggregated over sliding [&hellip;]<\/div><\/li><\/ul>\n\n","protected":false},"excerpt":{"rendered":"<p>Laboratoires D\u00e9partements IMT Th\u00e8ses Appartenances acad\u00e9miques L\u2019Institut Henri Fayol d\u00e9veloppe son excellence scientifique disciplinaire au sein du LIMOS UMR CNRS 6458, EVS UMR CNRS 5600, COACTIS EA 4161. Ces laboratoires f\u00e9d\u00e8rent les comp\u00e9tences des enseignants chercheurs de l\u2019institut structur\u00e9s en &hellip;<\/p>\n","protected":false},"author":1536,"featured_media":0,"parent":0,"menu_order":0,"comment_status":"closed","ping_status":"closed","template":"","meta":{"footnotes":""},"tags":[],"class_list":["post-286","page","type-page","status-publish","hentry"],"pp_statuses_selecting_workflow":false,"pp_workflow_action":"current","pp_status_selection":"publish","pp_force_visibility":null,"pp_subpost_visibility":null,"pp_inherited_force_visibility":null,"pp_inherited_subpost_visibility":null,"yoast_head":"<!-- This site is optimized with the Yoast SEO plugin v27.5 - https:\/\/yoast.com\/product\/yoast-seo-wordpress\/ -->\n<title>Recherche - Institut Henri Fayol<\/title>\n<meta name=\"robots\" content=\"index, follow, max-snippet:-1, max-image-preview:large, max-video-preview:-1\" \/>\n<link rel=\"canonical\" href=\"https:\/\/www.mines-stetienne.fr\/fayol\/theses\/\" \/>\n<link rel=\"next\" href=\"https:\/\/www.mines-stetienne.fr\/fayol\/theses\/2\/\" \/>\n<meta property=\"og:locale\" content=\"fr_FR\" \/>\n<meta property=\"og:type\" content=\"article\" \/>\n<meta property=\"og:title\" content=\"Recherche - Institut Henri Fayol\" \/>\n<meta property=\"og:description\" content=\"Laboratoires D\u00e9partements IMT Th\u00e8ses Appartenances acad\u00e9miques L\u2019Institut Henri Fayol d\u00e9veloppe son excellence scientifique disciplinaire au sein du LIMOS UMR CNRS 6458, EVS UMR CNRS 5600, COACTIS EA 4161. Ces laboratoires f\u00e9d\u00e8rent les comp\u00e9tences des enseignants chercheurs de l\u2019institut structur\u00e9s en &hellip;\" \/>\n<meta property=\"og:url\" content=\"https:\/\/www.mines-stetienne.fr\/fayol\/theses\/\" \/>\n<meta property=\"og:site_name\" content=\"Institut Henri Fayol\" \/>\n<meta property=\"article:publisher\" content=\"https:\/\/www.facebook.com\/MinesSaintEtienne\" \/>\n<meta property=\"article:modified_time\" content=\"2024-11-15T08:56:57+00:00\" \/>\n<meta name=\"twitter:card\" content=\"summary_large_image\" \/>\n<meta name=\"twitter:site\" content=\"@MINES_StEtienne\" \/>\n<meta name=\"twitter:label1\" content=\"Dur\u00e9e de lecture estim\u00e9e\" \/>\n\t<meta name=\"twitter:data1\" content=\"20 minutes\" \/>\n<script type=\"application\/ld+json\" class=\"yoast-schema-graph\">{\"@context\":\"https:\\\/\\\/schema.org\",\"@graph\":[{\"@type\":\"WebPage\",\"@id\":\"https:\\\/\\\/www.mines-stetienne.fr\\\/fayol\\\/theses\\\/\",\"url\":\"https:\\\/\\\/www.mines-stetienne.fr\\\/fayol\\\/theses\\\/\",\"name\":\"Recherche - Institut Henri Fayol\",\"isPartOf\":{\"@id\":\"https:\\\/\\\/www.mines-stetienne.fr\\\/fayol\\\/#website\"},\"primaryImageOfPage\":{\"@id\":\"https:\\\/\\\/www.mines-stetienne.fr\\\/fayol\\\/theses\\\/#primaryimage\"},\"image\":{\"@id\":\"https:\\\/\\\/www.mines-stetienne.fr\\\/fayol\\\/theses\\\/#primaryimage\"},\"thumbnailUrl\":\"https:\\\/\\\/www.mines-stetienne.fr\\\/wp-content\\\/uploads\\\/2021\\\/04\\\/fayolwordcloud-05-sm.png\",\"datePublished\":\"2022-12-07T15:07:59+00:00\",\"dateModified\":\"2024-11-15T08:56:57+00:00\",\"inLanguage\":\"fr-FR\",\"potentialAction\":[{\"@type\":\"ReadAction\",\"target\":[\"https:\\\/\\\/www.mines-stetienne.fr\\\/fayol\\\/theses\\\/\"]}]},{\"@type\":\"ImageObject\",\"inLanguage\":\"fr-FR\",\"@id\":\"https:\\\/\\\/www.mines-stetienne.fr\\\/fayol\\\/theses\\\/#primaryimage\",\"url\":\"https:\\\/\\\/www.mines-stetienne.fr\\\/wp-content\\\/uploads\\\/2021\\\/04\\\/fayolwordcloud-05-sm.png\",\"contentUrl\":\"https:\\\/\\\/www.mines-stetienne.fr\\\/wp-content\\\/uploads\\\/2021\\\/04\\\/fayolwordcloud-05-sm.png\"},{\"@type\":\"WebSite\",\"@id\":\"https:\\\/\\\/www.mines-stetienne.fr\\\/fayol\\\/#website\",\"url\":\"https:\\\/\\\/www.mines-stetienne.fr\\\/fayol\\\/\",\"name\":\"Institut Henri Fayol\",\"description\":\"\",\"publisher\":{\"@id\":\"https:\\\/\\\/www.mines-stetienne.fr\\\/fayol\\\/#organization\"},\"potentialAction\":[{\"@type\":\"SearchAction\",\"target\":{\"@type\":\"EntryPoint\",\"urlTemplate\":\"https:\\\/\\\/www.mines-stetienne.fr\\\/fayol\\\/?s={search_term_string}\"},\"query-input\":{\"@type\":\"PropertyValueSpecification\",\"valueRequired\":true,\"valueName\":\"search_term_string\"}}],\"inLanguage\":\"fr-FR\"},{\"@type\":\"Organization\",\"@id\":\"https:\\\/\\\/www.mines-stetienne.fr\\\/fayol\\\/#organization\",\"name\":\"Institut Henri Fayol\",\"url\":\"https:\\\/\\\/www.mines-stetienne.fr\\\/fayol\\\/\",\"logo\":{\"@type\":\"ImageObject\",\"inLanguage\":\"fr-FR\",\"@id\":\"https:\\\/\\\/www.mines-stetienne.fr\\\/fayol\\\/#\\\/schema\\\/logo\\\/image\\\/\",\"url\":\"https:\\\/\\\/www.mines-stetienne.fr\\\/fayol\\\/wp-content\\\/uploads\\\/sites\\\/18\\\/2022\\\/09\\\/Mines_Saint_Etienne_IMT_RVB.png\",\"contentUrl\":\"https:\\\/\\\/www.mines-stetienne.fr\\\/fayol\\\/wp-content\\\/uploads\\\/sites\\\/18\\\/2022\\\/09\\\/Mines_Saint_Etienne_IMT_RVB.png\",\"width\":316,\"height\":315,\"caption\":\"Institut Henri Fayol\"},\"image\":{\"@id\":\"https:\\\/\\\/www.mines-stetienne.fr\\\/fayol\\\/#\\\/schema\\\/logo\\\/image\\\/\"},\"sameAs\":[\"https:\\\/\\\/www.facebook.com\\\/MinesSaintEtienne\",\"https:\\\/\\\/x.com\\\/MINES_StEtienne\",\"https:\\\/\\\/www.youtube.com\\\/channel\\\/UCVSdpdmJccvUngjJ2on1n3A\"]}]}<\/script>\n<!-- \/ Yoast SEO plugin. -->","yoast_head_json":{"title":"Recherche - Institut Henri Fayol","robots":{"index":"index","follow":"follow","max-snippet":"max-snippet:-1","max-image-preview":"max-image-preview:large","max-video-preview":"max-video-preview:-1"},"canonical":"https:\/\/www.mines-stetienne.fr\/fayol\/theses\/","next":"https:\/\/www.mines-stetienne.fr\/fayol\/theses\/2\/","og_locale":"fr_FR","og_type":"article","og_title":"Recherche - Institut Henri Fayol","og_description":"Laboratoires D\u00e9partements IMT Th\u00e8ses Appartenances acad\u00e9miques L\u2019Institut Henri Fayol d\u00e9veloppe son excellence scientifique disciplinaire au sein du LIMOS UMR CNRS 6458, EVS UMR CNRS 5600, COACTIS EA 4161. Ces laboratoires f\u00e9d\u00e8rent les comp\u00e9tences des enseignants chercheurs de l\u2019institut structur\u00e9s en &hellip;","og_url":"https:\/\/www.mines-stetienne.fr\/fayol\/theses\/","og_site_name":"Institut Henri Fayol","article_publisher":"https:\/\/www.facebook.com\/MinesSaintEtienne","article_modified_time":"2024-11-15T08:56:57+00:00","twitter_card":"summary_large_image","twitter_site":"@MINES_StEtienne","twitter_misc":{"Dur\u00e9e de lecture estim\u00e9e":"20 minutes"},"schema":{"@context":"https:\/\/schema.org","@graph":[{"@type":"WebPage","@id":"https:\/\/www.mines-stetienne.fr\/fayol\/theses\/","url":"https:\/\/www.mines-stetienne.fr\/fayol\/theses\/","name":"Recherche - Institut Henri Fayol","isPartOf":{"@id":"https:\/\/www.mines-stetienne.fr\/fayol\/#website"},"primaryImageOfPage":{"@id":"https:\/\/www.mines-stetienne.fr\/fayol\/theses\/#primaryimage"},"image":{"@id":"https:\/\/www.mines-stetienne.fr\/fayol\/theses\/#primaryimage"},"thumbnailUrl":"https:\/\/www.mines-stetienne.fr\/wp-content\/uploads\/2021\/04\/fayolwordcloud-05-sm.png","datePublished":"2022-12-07T15:07:59+00:00","dateModified":"2024-11-15T08:56:57+00:00","inLanguage":"fr-FR","potentialAction":[{"@type":"ReadAction","target":["https:\/\/www.mines-stetienne.fr\/fayol\/theses\/"]}]},{"@type":"ImageObject","inLanguage":"fr-FR","@id":"https:\/\/www.mines-stetienne.fr\/fayol\/theses\/#primaryimage","url":"https:\/\/www.mines-stetienne.fr\/wp-content\/uploads\/2021\/04\/fayolwordcloud-05-sm.png","contentUrl":"https:\/\/www.mines-stetienne.fr\/wp-content\/uploads\/2021\/04\/fayolwordcloud-05-sm.png"},{"@type":"WebSite","@id":"https:\/\/www.mines-stetienne.fr\/fayol\/#website","url":"https:\/\/www.mines-stetienne.fr\/fayol\/","name":"Institut Henri Fayol","description":"","publisher":{"@id":"https:\/\/www.mines-stetienne.fr\/fayol\/#organization"},"potentialAction":[{"@type":"SearchAction","target":{"@type":"EntryPoint","urlTemplate":"https:\/\/www.mines-stetienne.fr\/fayol\/?s={search_term_string}"},"query-input":{"@type":"PropertyValueSpecification","valueRequired":true,"valueName":"search_term_string"}}],"inLanguage":"fr-FR"},{"@type":"Organization","@id":"https:\/\/www.mines-stetienne.fr\/fayol\/#organization","name":"Institut Henri Fayol","url":"https:\/\/www.mines-stetienne.fr\/fayol\/","logo":{"@type":"ImageObject","inLanguage":"fr-FR","@id":"https:\/\/www.mines-stetienne.fr\/fayol\/#\/schema\/logo\/image\/","url":"https:\/\/www.mines-stetienne.fr\/fayol\/wp-content\/uploads\/sites\/18\/2022\/09\/Mines_Saint_Etienne_IMT_RVB.png","contentUrl":"https:\/\/www.mines-stetienne.fr\/fayol\/wp-content\/uploads\/sites\/18\/2022\/09\/Mines_Saint_Etienne_IMT_RVB.png","width":316,"height":315,"caption":"Institut Henri Fayol"},"image":{"@id":"https:\/\/www.mines-stetienne.fr\/fayol\/#\/schema\/logo\/image\/"},"sameAs":["https:\/\/www.facebook.com\/MinesSaintEtienne","https:\/\/x.com\/MINES_StEtienne","https:\/\/www.youtube.com\/channel\/UCVSdpdmJccvUngjJ2on1n3A"]}]}},"_links":{"self":[{"href":"https:\/\/www.mines-stetienne.fr\/fayol\/wp-json\/wp\/v2\/pages\/286","targetHints":{"allow":["GET"]}}],"collection":[{"href":"https:\/\/www.mines-stetienne.fr\/fayol\/wp-json\/wp\/v2\/pages"}],"about":[{"href":"https:\/\/www.mines-stetienne.fr\/fayol\/wp-json\/wp\/v2\/types\/page"}],"author":[{"embeddable":true,"href":"https:\/\/www.mines-stetienne.fr\/fayol\/wp-json\/wp\/v2\/users\/1536"}],"replies":[{"embeddable":true,"href":"https:\/\/www.mines-stetienne.fr\/fayol\/wp-json\/wp\/v2\/comments?post=286"}],"version-history":[{"count":4,"href":"https:\/\/www.mines-stetienne.fr\/fayol\/wp-json\/wp\/v2\/pages\/286\/revisions"}],"predecessor-version":[{"id":679,"href":"https:\/\/www.mines-stetienne.fr\/fayol\/wp-json\/wp\/v2\/pages\/286\/revisions\/679"}],"wp:attachment":[{"href":"https:\/\/www.mines-stetienne.fr\/fayol\/wp-json\/wp\/v2\/media?parent=286"}],"wp:term":[{"taxonomy":"post_tag","embeddable":true,"href":"https:\/\/www.mines-stetienne.fr\/fayol\/wp-json\/wp\/v2\/tags?post=286"}],"curies":[{"name":"wp","href":"https:\/\/api.w.org\/{rel}","templated":true}]}}