{"id":245,"date":"2022-12-07T10:30:43","date_gmt":"2022-12-07T09:30:43","guid":{"rendered":"https:\/\/www.mines-stetienne.fr\/fayol\/?page_id=245"},"modified":"2023-05-12T09:47:58","modified_gmt":"2023-05-12T07:47:58","slug":"actualites","status":"publish","type":"page","link":"https:\/\/www.mines-stetienne.fr\/fayol\/actualites\/","title":{"rendered":"Actualit\u00e9s"},"content":{"rendered":"\n<div class=\"fixed-top-menu-spacer\" style=\"height: 65px\">\n                    <ul class=\"fixed-top-menu\">\n\n<li class=\"page_item page-item-631 current_page_item\"><a href=\"#\">Au fil de l&rsquo;eau<\/a><\/li>\n<li class=\"page_item page-item-643\"><a href=\"2\/\">Offres<\/a><\/li>\n<li class=\"page_item page-item-637\"><a href=\"3\/\">Ev\u00e9nements<\/a><\/li>\n<li class=\"page_item page-item-652\"><a href=\"journees-fayol\/\">Journ\u00e9es Fayol<\/a><\/li>\n<li class=\"page_item page-item-637\"><a href=\"archives-2021-2022\/\">Archives 2021-2022<\/a><\/li>\n<li class=\"page_item page-item-637\"><a href=\"archives-2018-2020\/\">Archives 2018-2020<\/a><\/li>\n\n\n                    <\/ul>\n                <\/div>\n\n\n\n<h3 class=\"wp-block-heading\" id=\"au-fil-de-l-eau\">Au fil de l&rsquo;eau<\/h3>\n\n\n<header class=\"single-entry-header\">\n<p class=\"entry-title\"><strong>Bienvenue \u00e0 nos nouveaux stagiaires<\/strong><\/p>\n<p><sup><span class=\"entry-date\">14\/03\/2023<\/span>&nbsp;<\/sup><\/p>\n<\/header>\n<div class=\"single-entry-content\">\n<p>L\u2019institut Fayol accueille quatre nouveaux stagiaires (de gauche \u00e0 droite) : Imen Ghazouani, au d\u00e9partement&nbsp;<strong>G<\/strong>\u00e9nie&nbsp;<strong>M<\/strong>ath\u00e9matique et&nbsp;<strong>I<\/strong>ndustriel (<strong>GMI<\/strong>), Aidar Gaffarov, au d\u00e9partement&nbsp;<strong>I<\/strong>nformatique et&nbsp;<strong>S<\/strong>yst\u00e8mes&nbsp;<strong>I<\/strong>ntelligents (<strong>ISI<\/strong>), Clothilde Gagne et Jules Hardouin au D\u00e9partement&nbsp;<strong>G<\/strong>\u00e9nie de l\u2019<strong>E<\/strong>nvironnement pour les&nbsp;<strong>O<\/strong>rganisations (<strong>GEO<\/strong>).<\/p>\n<p><\/p>\n<p><img loading=\"lazy\" decoding=\"async\" class=\"alignnone size-full wp-image-3221\" src=\"https:\/\/fayol.wp.imt.fr\/files\/2023\/03\/2023-03-stagiaires.jpg\" alt=\"\" width=\"877\" height=\"659\"><\/p>\n<p>Nous leur souhaitons la bienvenue.<\/p>\n<p><a href=\"https:\/\/umr5600.cnrs.fr\/fr\/accueil\/\">#EVS&nbsp;<\/a><a href=\"http:\/\/coactis.org\/\">#Coactis&nbsp;<\/a><a href=\"https:\/\/limos.fr\/\">#LIMOS<\/a><\/p>\n<\/div>\n\n\n<hr class=\"wp-block-separator has-alpha-channel-opacity\" \/>\n\n\n<header class=\"single-entry-header\">\n<p class=\"entry-title\"><strong>Le Jumeau Num\u00e9rique, levier majeur de la transformation digitale de l\u2019Industrie<\/strong><\/p>\n<p><sup><span class=\"entry-date\">13\/03\/2023<\/span>&nbsp;<\/sup><\/p>\n<\/header>\n<div class=\"single-entry-content\">\n<p><img loading=\"lazy\" decoding=\"async\" class=\"alignleft\" src=\"https:\/\/fayol.wp.imt.fr\/files\/2023\/03\/jumeau-num.jpg\" width=\"315\" height=\"314\">A l\u2019occasion du salon Global Industrie (Lyon, 7 au 10 Mars 2023), la Fili\u00e8re \u00ab&nbsp;Solutions Industrie du Futur&nbsp;\u00bb port\u00e9e par l\u2019Alliance Industrie du Futur, publie une nouvelle brochure&nbsp;sur&nbsp;<em><strong>\u00ab Le&nbsp;Jumeau Num\u00e9rique, levier majeur de la transformation digitale de l\u2019industrie&nbsp;\u00bb<\/strong><\/em>.<\/p>\n<p>Un travail collaboratif auquel a particip\u00e9&nbsp;<strong>Damien Lamy<\/strong>, enseignant chercheur au d\u00e9partement G\u00e9nie Math\u00e9matique et Industriel \u00e0 l\u2019Institut Henri Fayol de Mines Saint-Etienne, membre du laboratoire LIMOS et de l\u2019IMT, en tant que membre du Comit\u00e9 Technique \u00ab&nbsp;Jumeau Num\u00e9rique&nbsp;\u00bb.<\/p>\n<p>Ce document, a l\u2019ambition de faire un premier \u00e9tat des lieux sur la p\u00e9n\u00e9tration de ce concept dans l\u2019industrie en France et propose un certain de nombre de jalons dont le premier est atteint avec une&nbsp;d\u00e9finition coll\u00e9giale claire et synth\u00e9tique du Jumeau Num\u00e9rique, accompagn\u00e9e d\u2019une&nbsp;cartographie des cas d\u2019usages industriels&nbsp;(tir\u00e9s notamment des Vitrines Industrie du Futur, labellis\u00e9es par l\u2019AIF) et de la&nbsp;valeur cr\u00e9\u00e9e.<\/p>\n<p><a href=\"http:\/\/www.industrie-dufutur.org\/content\/uploads\/2023\/03\/AIF_JumeauNumerique.pdf\" target=\"_blank\" rel=\"noopener\">T\u00e9l\u00e9charger la brochure<\/a><\/p>\n<p><a href=\"https:\/\/limos.fr\/\">#LIMOS<\/a><\/p>\n<\/div>\n\n\n<hr class=\"wp-block-separator has-alpha-channel-opacity\" \/>\n\n\n<header class=\"single-entry-header\">\n<p class=\"entry-title\"><strong>Nouvelle parution \u00ab&nbsp;\u00c9thique, num\u00e9rique et id\u00e9ologies&nbsp;\u00bb aux Presses des Mines<\/strong><\/p>\n<p><sup><span class=\"entry-date\">13\/03\/2023<\/span>&nbsp;<\/sup><\/p>\n<\/header>\n<div class=\"single-entry-content\">\n<div class=\"elementor elementor-3199\" data-elementor-type=\"wp-post\" data-elementor-id=\"3199\">\n<section class=\"elementor-section elementor-top-section elementor-element elementor-element-719f1c80 elementor-section-boxed elementor-section-height-default elementor-section-height-default\" data-id=\"719f1c80\" data-element_type=\"section\">\n<div class=\"elementor-container elementor-column-gap-default\">\n<div class=\"elementor-column elementor-col-100 elementor-top-column elementor-element elementor-element-457886ee\" data-id=\"457886ee\" data-element_type=\"column\">\n<div class=\"elementor-widget-wrap elementor-element-populated\">\n<div class=\"elementor-element elementor-element-726509a2 elementor-widget elementor-widget-text-editor\" data-id=\"726509a2\" data-element_type=\"widget\" data-widget_type=\"text-editor.default\">\n<div class=\"elementor-widget-container\">\n<p><strong>Nadine Dubruc<\/strong>, enseignante chercheure \u00e0 l\u2019Institut Henri Fayol de Mines Saint-Etienne, membres du laboratoire COACTIS, a \u00e9t\u00e9 invit\u00e9e \u00e0 intervenir dans le nouvel ouvrage \u00ab&nbsp;<strong>\u00c9thique, num\u00e9rique et id\u00e9ologies<\/strong>&nbsp;\u00bb paru aux Presses des Mines.<\/p>\n<p><img loading=\"lazy\" decoding=\"async\" class=\" wp-image-3200 alignleft\" src=\"https:\/\/fayol.wp.imt.fr\/files\/2023\/03\/Ethique-front-scaled-1.jpg\" alt=\"\" width=\"214\" height=\"316\"><\/p>\n<div>Elle signe un chapitre intitul\u00e9&nbsp;<strong>\u00abPenser le sens du travail pour appr\u00e9hender les enjeux \u00e9thiques \u00bb<\/strong>&nbsp;sous la forme d\u2019un dialogue avec&nbsp;<strong>Camille Roelens<\/strong>, chercheur au Centre Interdisciplinaire de Recherche en \u00c9thique, Universit\u00e9 de Lausanne et coauteur de l\u2019ouvrage.<p><\/p>\n<\/div>\n<div>&nbsp;<\/div>\n<div>\n<div>\u00ab La question du sens du travail est cruciale pour appr\u00e9hender les enjeux \u00e9thiques de la num\u00e9risation du monde \u00bb. Entre psychologie sociale et sciences de gestion, les enjeux \u00e9thiques de la num\u00e9risation du monde du travail peuvent s\u2019appr\u00e9hender \u00e0 plusieurs \u00e9chelles mais avant tout \u00e0 travers comment cela remet en cause le sens du travail pour les individus, les collectifs de travail et les organisations. Que ce soit en appui sur l\u2019observation de plus de 20 ans de formation d\u2019ing\u00e9nieurs ou d\u2019analyse d\u2019organisations \u00ab classiques \u00bb ou de l\u2019Economie Sociale et Solidaire, la num\u00e9risation du travail met en exergue une question fondamentale : comment permettre \u00e0 une personne de faire du bon travail ?&nbsp;<\/div>\n<div>&nbsp;<\/div>\n<div>La prescription des dispositifs techniques ne prend sens qu\u2019au travers des perception que l\u2019on peut en avoir, et en fonction de ce que ceux-ci permettent en termes de confiance, d\u2019autonomie et de prise de d\u00e9cision. Et, \u00e0 travers les \u00e9volutions socio-\u00e9conomiques, le num\u00e9rique prend tout son sens autour de la place du travail pour les individus et la soci\u00e9t\u00e9.<\/div>\n<div>&nbsp;<\/div>\n<\/div>\n<p><a href=\"https:\/\/www.pressesdesmines.com\/produit\/ethique-numerique-et-ideologies\/\" target=\"_blank\" rel=\"noopener\">Pour en savoir plus<\/a><\/p>\n<p><a href=\"http:\/\/coactis.org\/\">#Coactis<\/a><\/p>\n<\/div>\n<\/div>\n<\/div>\n<\/div>\n<\/div>\n<\/section>\n<\/div>\n<\/div>\n\n\n<hr class=\"wp-block-separator has-alpha-channel-opacity\" \/>\n\n\n<header class=\"single-entry-header\">\n<p class=\"entry-title\"><strong>L\u2019Institut Fayol mobilis\u00e9 pour les Semaines de l\u2019Egalit\u00e9 2023 \u00e0 St-Etienne<\/strong><\/p>\n<p><sup><span class=\"entry-date\">13\/03\/2023<\/span>&nbsp;<\/sup><\/p>\n<\/header>\n<div class=\"single-entry-content\">\n<div class=\"elementor elementor-3169\" data-elementor-type=\"wp-post\" data-elementor-id=\"3169\">\n<section class=\"elementor-section elementor-top-section elementor-element elementor-element-49e2007 elementor-section-boxed elementor-section-height-default elementor-section-height-default\" data-id=\"49e2007\" data-element_type=\"section\">\n<div class=\"elementor-container elementor-column-gap-default\">\n<div class=\"elementor-column elementor-col-100 elementor-top-column elementor-element elementor-element-7b306fb\" data-id=\"7b306fb\" data-element_type=\"column\">\n<div class=\"elementor-widget-wrap elementor-element-populated\">\n<div class=\"elementor-element elementor-element-df1083f elementor-widget elementor-widget-text-editor\" data-id=\"df1083f\" data-element_type=\"widget\" data-widget_type=\"text-editor.default\">\n<div class=\"elementor-widget-container\">\n<p><img loading=\"lazy\" decoding=\"async\" class=\"alignnone size-full wp-image-3176\" src=\"https:\/\/fayol.wp.imt.fr\/files\/2023\/03\/semaine-egalite-001.jpg\" alt=\"\" width=\"609\" height=\"234\">Sandrine Berger-Douce, Professeure en management strat\u00e9gique \u00e0 l\u2019Institut Henri Fayol, a particip\u00e9 \u00e0 la table-ronde \u00ab&nbsp;La mixit\u00e9, un atout pour d\u00e9velopper la marque employeur&nbsp;\u00bb organis\u00e9e \u00e0 Mines St-Etienne le 9 mars 2023 par Saint-Etienne M\u00e9tropole (SEM). Anim\u00e9e par le CREPI Loire, cette table-ronde r\u00e9unissait des intervenants de divers horizons&nbsp;: la STAS, SFI Multim\u00e9dia, Chocolartisan et l\u2019AGASEF Loire.<\/p>\n<p><img loading=\"lazy\" decoding=\"async\" class=\"alignnone size-full wp-image-3170\" src=\"https:\/\/fayol.wp.imt.fr\/files\/2023\/03\/semaines-egalite.jpg\" alt=\"\" width=\"606\" height=\"275\">A cette occasion, les termes de mixit\u00e9, de parit\u00e9 et d\u2019\u00e9galit\u00e9 ont \u00e9t\u00e9 contextualis\u00e9s en lien avec la diversit\u00e9 qui constitue le volet social de la RSE (Responsabilit\u00e9 Soci\u00e9tale des Entreprises). De riches \u00e9changes ont permis d\u2019aborder des sujets comme la n\u00e9cessaire sensibilisation tout au long de la vie (de l\u2019\u00e9cole \u00e0 l\u2019entreprise)&nbsp;; la r\u00e9alit\u00e9 ou le mythe d\u2019un management et d\u2019un leadership au f\u00e9minin&nbsp;; le r\u00f4le pr\u00e9sum\u00e9 ou r\u00e9el des lois pour faire bouger les lignes et \u00e9voluer les mentalit\u00e9s&nbsp;; l\u2019impact de la mixit\u00e9 sur la performance gr\u00e2ce \u00e0 la marque employeur&nbsp;; les chemins \u00e0 suivre pour s\u2019engager dans ces d\u00e9marches de mixit\u00e9 (\u00e9change de bonnes pratiques, accompagnement par des consultants, labels). Au final, la mixit\u00e9 est certes un formidable atout pour la marque employeur en termes d\u2019attractivit\u00e9 de talents, de fid\u00e9lisation des collaborateurs, d\u2019innovation et de cr\u00e9ativit\u00e9 dans les \u00e9quipes, d\u2019agilit\u00e9, en bref une source de cr\u00e9ation de valeur. Pour autant, elle demeure un levier parmi tant d\u2019autres d\u2019un management responsable, gage d\u2019une performance globale et durable.<\/p>\n<\/div>\n<\/div>\n<\/div>\n<\/div>\n<\/div>\n<\/section>\n<section class=\"elementor-section elementor-top-section elementor-element elementor-element-5ac47d4 elementor-section-boxed elementor-section-height-default elementor-section-height-default\" data-id=\"5ac47d4\" data-element_type=\"section\">\n<div class=\"elementor-container elementor-column-gap-default\">\n<div class=\"elementor-column elementor-col-100 elementor-top-column elementor-element elementor-element-85d197f\" data-id=\"85d197f\" data-element_type=\"column\">\n<div class=\"elementor-widget-wrap elementor-element-populated\">\n<div class=\"elementor-element elementor-element-b869bb5 elementor-widget elementor-widget-text-editor\" data-id=\"b869bb5\" data-element_type=\"widget\" data-widget_type=\"text-editor.default\">\n<div class=\"elementor-widget-container\">\n<p>Le podcast est disponible sur&nbsp;<a href=\"https:\/\/www.radio-ondaine.fr\/2023\/03\/10\/la-mixite-un-atout-pour-developper-la-marque-employeur-semaines-de-legalite-de-saint-etienne-metropole\/\" target=\"_blank\" rel=\"noopener\">Radio Ondaine<\/a>&nbsp;:&nbsp;<\/p>\n<p><a href=\"https:\/\/www.radio-ondaine.fr\/2023\/03\/10\/la-mixite-un-atout-pour-developper-la-marque-employeur-semaines-de-legalite-de-saint-etienne-metropole\/\"><img loading=\"lazy\" decoding=\"async\" src=\"https:\/\/fayol.wp.imt.fr\/files\/2023\/03\/radio-ondaine.jpg\" alt=\"\" width=\"190\" height=\"60\"><\/a><\/p>\n<p><img loading=\"lazy\" decoding=\"async\" src=\"https:\/\/fayol.wp.imt.fr\/files\/2023\/03\/semaine-egalite-002.jpg\" alt=\"\" width=\"609\" height=\"200\"><\/p>\n<p><a href=\"http:\/\/coactis.org\/\">#Coactis&nbsp;<\/a><\/p>\n<\/div>\n<\/div>\n<\/div>\n<\/div>\n<\/div>\n<\/section>\n<\/div>\n<\/div>\n\n\n<hr class=\"wp-block-separator has-alpha-channel-opacity\" \/>\n\n\n<header class=\"single-entry-header\">\n<p class=\"entry-title\"><strong>L\u2019institut Fayol est fier d\u2019annoncer le renouvellement de l\u2019accr\u00e9ditation de son Mast\u00e8re Sp\u00e9cialis\u00e9 \u00abManagement de la Transition Industrielle\u00bb<\/strong><\/p>\n<p><sup><span class=\"entry-date\">8\/03\/2023<\/span>&nbsp;<\/sup><\/p>\n<\/header>\n<div class=\"single-entry-content\">\n<div class=\"elementor elementor-3164\" data-elementor-type=\"wp-post\" data-elementor-id=\"3164\">\n<section class=\"elementor-section elementor-top-section elementor-element elementor-element-21e40f85 elementor-section-boxed elementor-section-height-default elementor-section-height-default\" data-id=\"21e40f85\" data-element_type=\"section\">\n<div class=\"elementor-container elementor-column-gap-default\">\n<div class=\"elementor-column elementor-col-100 elementor-top-column elementor-element elementor-element-a9de3fb\" data-id=\"a9de3fb\" data-element_type=\"column\">\n<div class=\"elementor-widget-wrap elementor-element-populated\">\n<div class=\"elementor-element elementor-element-449a676f elementor-widget elementor-widget-text-editor\" data-id=\"449a676f\" data-element_type=\"widget\" data-widget_type=\"text-editor.default\">\n<div class=\"elementor-widget-container\">\n<p>La Conf\u00e9rence des Grandes Ecoles a renouvel\u00e9 l\u2019accr\u00e9ditation de notre Mast\u00e8re Sp\u00e9cialis\u00e9 \u00abManagement de la Transition Industrielle\u00bb pour une nouvelle p\u00e9riode de 3 ans. C\u2019est une immense satisfaction pour notre Ecole, notre Institut ainsi que pour les enseignants chercheurs qui participent \u00e0 un enseignement d\u2019excellence dans le cadre de cette formation.<\/p>\n<p><a href=\"https:\/\/www.mines-stetienne.fr\/formation\/mastere-specialise-management-de-transition-industrielle\/\"><img loading=\"lazy\" decoding=\"async\" class=\"alignleft\" src=\"https:\/\/www.mines-stetienne.fr\/wp-content\/uploads\/2022\/10\/Plaquette-MS-MTI_09.22_V7.png\" width=\"200\" height=\"284\"><\/a>Le programme \u201cMast\u00e8re Sp\u00e9cialis\u00e9\u201d Management de la Transition Industrielle, propos\u00e9 par l\u2019Institut Fayol de Mines Saint-Etienne, a pour vocation d\u2019aider les industries \u00e0 mener \u00e0 bien la transition digitale et environnementale de leurs entreprises vers l\u2019industrie 4.0 en pla\u00e7ant l\u2019Humain au c\u0153ur de cette transformation. Mines Saint-Etienne forme la personne \u201cChef d\u2019orchestre\u201d qui pourra d\u00e9ployer de mani\u00e8re op\u00e9rationnelle la strat\u00e9gie \u201cindustrie du futur\u201d sur l\u2019ensemble de la cha\u00eene de valeurs : la conception \u00e0 la fin de vie en passant par la production et la logistique.<\/p>\n<p>Le mast\u00e8re sp\u00e9cialis\u00e9 est un label de la CGE (Conf\u00e9rence des grandes \u00e9coles), association regroupant des grandes \u00e9coles d\u2019ing\u00e9nieurs et de management reconnues par l\u2019\u00c9tat. C\u2019est un dipl\u00f4me professionnalisant de&nbsp;<strong>niveau bac + 6<\/strong>.<\/p>\n<p>Un grand bravo aux principaux contributeurs de cette r\u00e9ussite, Khaled Medini (chercheur \u00e0 l\u2019Institut Henri Fayol, IMT, membre du laboratoire LIMOS) en collaboration avec la direction de Fayol et Sara Lapillonne (Charg\u00e9e de Gestion Formation Professionnelle et Partenariats, DPI) en collaboration avec la direction de la DPI.<\/p>\n<p><a href=\"https:\/\/www.mines-stetienne.fr\/formation\/mastere-specialise-management-de-transition-industrielle\/\">Pour en savoir plus sur le Mast\u00e8re Sp\u00e9cialis\u00e9&nbsp;<\/a><\/p>\n<p><a href=\"https:\/\/limos.fr\/\">#LIMOS<\/a><\/p>\n<\/div>\n<\/div>\n<\/div>\n<\/div>\n<\/div>\n<\/section>\n<\/div>\n<\/div>\n\n\n<hr class=\"wp-block-separator has-alpha-channel-opacity\" \/>\n\n\n<header class=\"single-entry-header\">\n<p class=\"entry-title\"><strong>\u00ab Sciences en tous genres \u00bb, visite de l\u2019IT\u2019m Factory<\/strong><\/p>\n<p><sup><span class=\"entry-date\">7\/03\/2023<\/span><\/sup><\/p>\n<\/header>\n<div class=\"single-entry-content\">\n<div class=\"elementor elementor-3142\" data-elementor-type=\"wp-post\" data-elementor-id=\"3142\">\n<section class=\"elementor-section elementor-top-section elementor-element elementor-element-2e49657e elementor-section-boxed elementor-section-height-default elementor-section-height-default\" data-id=\"2e49657e\" data-element_type=\"section\">\n<div class=\"elementor-container elementor-column-gap-default\">\n<div class=\"elementor-column elementor-col-100 elementor-top-column elementor-element elementor-element-51a16b15\" data-id=\"51a16b15\" data-element_type=\"column\">\n<div class=\"elementor-widget-wrap elementor-element-populated\">\n<div class=\"elementor-element elementor-element-2f79b97a elementor-widget elementor-widget-text-editor\" data-id=\"2f79b97a\" data-element_type=\"widget\" data-widget_type=\"text-editor.default\">\n<div class=\"elementor-widget-container\">\n<p><img loading=\"lazy\" decoding=\"async\" src=\"https:\/\/fayol.wp.imt.fr\/files\/2023\/03\/20230307_142318-scaled.jpg\" alt=\"\" width=\"2560\" height=\"1922\">Dans le cadre de l\u2019initiative \u00ab Sciences en tous genres \u00bb des coll\u00e9giennes et lyc\u00e9ennes sont venu \u00e0 l\u2019IT\u2019m Factory pour d\u00e9couvrir les m\u00e9tiers et technologies de l\u2019Industrie du futur pr\u00e9sent\u00e9s par&nbsp;<strong>Nurten Messalti<\/strong>, ing\u00e9nieur R&amp;D en charge des d\u00e9veloppements de l\u2019IT\u2019M Factory.<\/p>\n<p>L\u2019objectif est de pr\u00e9senter autrement certains m\u00e9tiers scientifiques aux coll\u00e9giennes (3e) et lyc\u00e9ennes, pour ouvrir leurs horizons de formation, faire entrer d\u2019autres possibles dans leur imaginaire professionnel mais aussi pour faciliter leur prise de parole.<\/p>\n<p>Con\u00e7u et encadr\u00e9 par La Rotonde, \u00ab Sciences en tous genres \u00bb permettra par ailleurs aux coll\u00e9giennes et lyc\u00e9ennes d\u2019\u00eatre accompagn\u00e9es, dans leur parcours, par des \u00e9tudiants de 1\u00e8re ann\u00e9e d\u2019ing\u00e9nieur de l\u2019Ecole des Mines de Saint-Etienne (dans le cadre d\u2019un&nbsp;<a href=\"https:\/\/procit.wp.imt.fr\/sciences-en-tous-genres\/\">Projet Citoyen<\/a>).<\/p>\n<p><a href=\"https:\/\/umr5600.cnrs.fr\/fr\/accueil\/\">#EVS&nbsp;<\/a><a href=\"http:\/\/coactis.org\/\">#Coactis&nbsp;<\/a><a href=\"https:\/\/limos.fr\/\">#LIMOS<\/a><\/p>\n<\/div>\n<\/div>\n<\/div>\n<\/div>\n<\/div>\n<\/section>\n<\/div>\n<\/div>\n\n\n<hr class=\"wp-block-separator has-alpha-channel-opacity\" \/>\n\n\n<header class=\"single-entry-header\">\n<\/header>\n<div class=\"single-entry-content\">\n<p><strong style=\"font-size: revert;color: initial\">Campus Matin parle de Tamo Laviva<\/strong><\/p>\n<header class=\"single-entry-header\">\n<p><sup><span class=\"entry-date\">3\/03\/202<\/span><\/sup><\/p>\n<\/header>\n<div class=\"single-entry-content\">\n<div class=\"elementor elementor-3120\" data-elementor-type=\"wp-post\" data-elementor-id=\"3120\">\n<section class=\"elementor-section elementor-top-section elementor-element elementor-element-32dbce81 elementor-section-boxed elementor-section-height-default elementor-section-height-default\" data-id=\"32dbce81\" data-element_type=\"section\">\n<div class=\"elementor-container elementor-column-gap-default\">\n<div class=\"elementor-column elementor-col-100 elementor-top-column elementor-element elementor-element-24cf7ec5\" data-id=\"24cf7ec5\" data-element_type=\"column\">\n<div class=\"elementor-widget-wrap elementor-element-populated\">\n<div class=\"elementor-element elementor-element-18af4e36 elementor-widget elementor-widget-text-editor\" data-id=\"18af4e36\" data-element_type=\"widget\" data-widget_type=\"text-editor.default\">\n<div class=\"elementor-widget-container\">\n<p><a href=\"https:\/\/fayol.wp.imt.fr\/2023\/03\/03\/campus-matin-parle-de-tamo-laviva\/\"><img loading=\"lazy\" decoding=\"async\" class=\"attachment-thumbnail size-thumbnail wp-post-image alignleft\" src=\"https:\/\/fayol.wp.imt.fr\/files\/2023\/03\/campus-matin-01-150x150.jpg\" alt=\"\" width=\"150\" height=\"150\"><\/a>Dans son article du 23 f\u00e9vrier 2023, Campus Matin publie un article intitul\u00e9 \u00ab Les multiples facettes du jeu de r\u00f4le en p\u00e9dagogie \u00bb.<\/p>\n<p>L\u2019article dresse un panel des innovations p\u00e9dagogiques par la \u00ab&nbsp;gamification&nbsp;\u00bb et met en lumi\u00e8re les \u00ab&nbsp;enseignants passionn\u00e9s ou de rares personnalit\u00e9s qui popularisent cette pratique&nbsp;\u00bb.<\/p>\n<p><img loading=\"lazy\" decoding=\"async\" class=\" wp-image-3122 alignright\" src=\"https:\/\/fayol.wp.imt.fr\/files\/2023\/03\/campus-matin-02.jpg\" alt=\"\" width=\"363\" height=\"254\"><\/p>\n<p>C\u2019est dans ce cadre que&nbsp;<strong>Marine Dessaux<\/strong>, responsable \u00e9ditoriale de Campus Matin, a interview\u00e9&nbsp;<strong>Val\u00e9rie Laforest<\/strong>, responsable de l\u2019unit\u00e9 p\u00e9dagogique \u00e9cologie industrielle et territoriale \u00e0 Mines Saint-\u00c9tienne, pour relater l\u2019exp\u00e9rience du jeu de r\u00f4le&nbsp;<strong>Tamo Laviva<\/strong>&nbsp;dans lequel, les \u00e9tudiants sont plong\u00e9s dans l\u2019univers de la gestion des d\u00e9chets m\u00e9nagers sur l\u2019ile virtuelle de TAMO LAVIVA avec toutes les contraintes associ\u00e9es \u00e0 cette situation insulaire particuli\u00e8re.<\/p>\n<p><strong>Tamo Laviva&nbsp;<\/strong>a obtenu le prix du&nbsp;<strong>dispositif \u00e9mergent&nbsp;<\/strong>de l\u2019innovation p\u00e9dagogique 2022 d\u00e9cern\u00e9 par&nbsp;l\u2019Institut Mines-T\u00e9l\u00e9com (IMT) pour son \u00ab Engagement, P\u00e9dagogie et Enseignement \u00bb .<\/p>\n<p>Une belle reconnaissance pour l\u2019ensemble des chercheurs et animateurs qui ont con\u00e7u&nbsp;<strong>Tamo Laviva<\/strong>.<\/p>\n<p><a href=\"https:\/\/www.campusmatin.com\/numerique\/pedagogie\/pratiques\/les-multiples-facettes-du-jeu-de-role-en-pedagogie.html\">Pour lire l\u2019article<\/a><\/p>\n<p><a href=\"https:\/\/umr5600.cnrs.fr\/fr\/accueil\/\">#EVS&nbsp;<\/a><a href=\"https:\/\/umr5600.cnrs.fr\/fr\/accueil\/\">#Coactis <\/a><\/p>\n<\/div>\n<\/div>\n<\/div>\n<\/div>\n<\/div>\n<\/section>\n<\/div>\n<\/div>\n<\/div>\n\n\n<hr class=\"wp-block-separator has-alpha-channel-opacity\" \/>\n\n\n<div class=\"single-entry-details\"><strong><span style=\"color: revert;font-size: revert\">Le PSSM : former \u00e0 la sant\u00e9 mentale, un levier positif pour agir<\/span><\/strong><\/div>\n<header class=\"single-entry-header\">\n<p><sup><span class=\"entry-date\">24\/02\/2023<\/span>&nbsp;<\/sup><\/p>\n<\/header>\n<div class=\"single-entry-content\">\n<div class=\"et_pb_module et_pb_text et_pb_text_0 et_pb_text_align_left et_pb_bg_layout_light\">\n<div class=\"et_pb_text_inner\">\n<p><strong><a href=\"https:\/\/fayol.wp.imt.fr\/2023\/02\/24\/le-pssm-former-a-la-sante-mentale-un-levier-positif-pour-agir\/\"><img loading=\"lazy\" decoding=\"async\" class=\"attachment-thumbnail size-thumbnail wp-post-image alignleft\" src=\"https:\/\/fayol.wp.imt.fr\/files\/2023\/02\/mental-health-g82c85fa33_640-150x150.jpg\" alt=\"\" width=\"150\" height=\"150\"><\/a>Nadine Dubruc<\/strong>, enseignante chercheure \u00e0 l\u2019Institut Henri Fayol de Mines Saint-Etienne, membres du laboratoire COACTIS et&nbsp;<strong>Christine Jamen<\/strong>, directrice des Ressources Humaines de Mines Saint-Etienne signent un article pour la lettre&nbsp;<strong>Grand Angle de Conf\u00e9rence des grandes \u00e9coles.<\/strong><\/p>\n<p>Ce num\u00e9ro 143 de Grand Angle est consacr\u00e9 \u00e0 la question des \u00ab&nbsp;<strong>Prises en charge des enjeux de sant\u00e9 mentale dans les Grandes \u00e9coles<\/strong>&nbsp;\u00bb<\/p>\n<p><strong>Nadine Dubruc<\/strong>, et&nbsp;<strong>Christine Jamen&nbsp;<\/strong>exposent la d\u00e9marche de formation \u00e0 la sant\u00e9 mentale mise en place \u00e0 Mines Saint-\u00c9tienne.<\/p>\n<p>La sant\u00e9 mentale ne peut plus \u00eatre laiss\u00e9e de c\u00f4t\u00e9. Et les grandes \u00e9coles ne sont pas \u00e9pargn\u00e9es. Leurs personnels ont besoin de ressources pour \u00eatre capables d\u2019agir quand un \u00e9l\u00e8ve, un coll\u00e8gue ou un proche souffre psychiquement. Nous pensons donc que la proposition de Mines Saint-Etienne de se former aux Premiers Secours en Sant\u00e9 Mentale (PSSM) est un bel exemple d\u2019action.<\/p>\n<div>Le Service Formation du Personnel a ainsi organis\u00e9 une formation \u00ab&nbsp;<strong>Premiers Secours en&nbsp;<span id=\"DWT2994\" class=\"ZmSearchResult\"><span id=\"DWT3026\" class=\"ZmSearchResult\">Sant<\/span><\/span>\u00e9&nbsp;<span id=\"DWT2996\" class=\"ZmSearchResult\"><span id=\"DWT3028\" class=\"ZmSearchResult\">Mentale<\/span><\/span>&nbsp;\u2013 PSSM<\/strong>\u00ab&nbsp;, anim\u00e9e par un formateur de la Soci\u00e9t\u00e9 UNAFAM.&nbsp;Cette formation d\u2019une dur\u00e9e de 2 jours cons\u00e9cutifs qui se sont d\u00e9roul\u00e9es en novembre 2022 et&nbsp;<span id=\"OBJ_PREFIX_DWT2997_com_zimbra_date\" class=\"Object\" role=\"link\"><span id=\"OBJ_PREFIX_DWT3029_com_zimbra_date\" class=\"Object\" role=\"link\">janvier 2023<\/span><\/span>&nbsp;avaient&nbsp;<span id=\"page3R_mcid1\" class=\"markedContent\"><span dir=\"ltr\">pour objectif op\u00e9rationnel de pouvoir apporter un soutien initial \u00e0 une personne qui&nbsp;<\/span><\/span><span id=\"page3R_mcid2\" class=\"markedContent\"><span dir=\"ltr\">\u00e9prouve le d\u00e9but d\u2019un trouble de&nbsp;<span id=\"DWT2999\" class=\"ZmSearchResult\"><span id=\"DWT3031\" class=\"ZmSearchResult\">sant<\/span><\/span>\u00e9&nbsp;<span id=\"DWT3001\" class=\"ZmSearchResult\"><span id=\"DWT3033\" class=\"ZmSearchResult\">mentale<\/span><\/span>, une d\u00e9t\u00e9rioration d\u2019un trouble ou qui est dans une crise&nbsp;<\/span><\/span><span id=\"page3R_mcid3\" class=\"markedContent\"><span dir=\"ltr\">de&nbsp;<span id=\"DWT3003\" class=\"ZmSearchResult\"><span id=\"DWT3035\" class=\"ZmSearchResult\">sant<\/span><\/span>\u00e9&nbsp;<span id=\"DWT3005\" class=\"ZmSearchResult\"><span id=\"DWT3037\" class=\"ZmSearchResult\">mentale<\/span><\/span>.&nbsp;<\/span><\/span><span id=\"page3R_mcid4\" class=\"markedContent\"><span dir=\"ltr\">La finalit\u00e9 est de prodiguer les premiers secours jusqu\u2019\u00e0 ce qu\u2019une aide professionnelle puisse \u00eatre apport\u00e9e, ou&nbsp;<\/span><\/span><span id=\"page3R_mcid5\" class=\"markedContent\"><span dir=\"ltr\">jusqu\u2019\u00e0 ce que la crise soit r\u00e9solue.&nbsp;<\/span><\/span><\/div>\n<\/div>\n<\/div>\n<div class=\"et_pb_module et_pb_text et_pb_text_1 et_pb_text_align_left et_pb_bg_layout_light\">\n<div class=\"et_pb_text_inner\">\n<p><a href=\"https:\/\/www.cge.asso.fr\/liste-actualites\/le-pssm-former-a-la-sante-mentale-un-levier-positif-pour-agir\/\">Lire l\u2019article<\/a><\/p>\n<p><a href=\"http:\/\/coactis.org\/\">#Coactis&nbsp;<\/a><\/p>\n<\/div>\n<\/div>\n<\/div>\n\n\n<hr class=\"wp-block-separator has-alpha-channel-opacity\" \/>\n\n\n<header class=\"single-entry-header\">\n<p class=\"entry-title\"><strong>Webinaire Risques&amp;Cybers\u00e9curit\u00e9@IMT<\/strong><\/p>\n<p><sup><span class=\"entry-date\">24\/02\/2023<\/span><\/sup>&nbsp;<\/p>\n<p><a href=\"https:\/\/fayol.wp.imt.fr\/2023\/02\/24\/webinaire-risquescybersecuriteimt\/\"><img loading=\"lazy\" decoding=\"async\" class=\"attachment-thumbnail size-thumbnail wp-post-image alignleft\" src=\"https:\/\/fayol.wp.imt.fr\/files\/2023\/02\/cyber-security-gbe6b6d4e1_640-150x150.png\" alt=\"\" width=\"150\" height=\"150\"><\/a>Ce 23 f\u00e9vrier, dans le la \u00ab&nbsp;th\u00e9matique phare&nbsp;\u00bb de l\u2019Institut Mines-T\u00e9l\u00e9com,&nbsp;<strong>Philippe<\/strong>&nbsp;<strong>Jaillon,<\/strong><strong>&nbsp;<\/strong>Enseignant chercheur au d\u00e9partement Informatique et syst\u00e8mes intelligents de l\u2019Institut Henri Fayol, de Mines de Saint-\u00c9tienne, membre de l\u2019\u00e9quipe de recherche Syst\u00e8mes et Architectures S\u00e9curis\u00e9s (SAS), commune au CEA et de Mines de Saint-\u00c9tienne, est intervenu sur les \u00ab&nbsp;<strong>Canaux cach\u00e9s en pleine lumi\u00e8re ou comment la lumi\u00e8re illuminant une fibre optique pourrait permettre de retrouver les clefs de chiffrement des communication<\/strong>\u00ab&nbsp;.<\/p>\n<\/header>\n<div class=\"single-entry-content\">\n<div>\n<div>&nbsp;<\/div>\n<div>\n<div>Les infrastructures de r\u00e9seaux optiques sont&nbsp;<span id=\"OBJ_PREFIX_DWT4425_com_zimbra_date\" class=\"Object\" role=\"link\"><span id=\"OBJ_PREFIX_DWT4446_com_zimbra_date\" class=\"Object\" role=\"link\"><span id=\"OBJ_PREFIX_DWT4467_com_zimbra_date\" class=\"Object\" role=\"link\"><span id=\"OBJ_PREFIX_DWT4488_com_zimbra_date\" class=\"Object\" role=\"link\">aujourd\u2019hui<\/span><\/span><\/span><\/span>&nbsp;massivement d\u00e9ploy\u00e9es sur notre territoire. Parmi les diff\u00e9rentes technologies disponibles, le GPON (Gigabit Passive Optical Network) est sans doute le plus r\u00e9pandu.<\/div>\n<div>Lorsque l\u2019on s\u2019int\u00e9resse \u00e0 la s\u00e9curit\u00e9 des \u00e9changes sur ce type de r\u00e9seau, on se rend compte que si des pr\u00e9cautions ont bien \u00e9t\u00e9 prises au niveau protocolaire, il serait possible, en observant la lumi\u00e8re illuminant les fibres optiques d\u2019en extraire des informations qui pourraient permettre de retrouver les clefs chiffrant les communications.<\/div>\n<\/div>\n<\/div>\n<\/div>\n\n\n<hr class=\"wp-block-separator has-alpha-channel-opacity\" \/>\n\n\n<p><strong>La Lettre du Cadre territorial parle de Cit\u2019In Crise<\/strong><\/p>\n<p><sup><span class=\"entry-date\">27\/02\/2023<\/span><\/sup>&nbsp;<\/p>\n<p><a href=\"https:\/\/www.mines-stetienne.fr\/wp-content\/uploads\/2023\/02\/Capture-lettreducadre.jpg\"><img loading=\"lazy\" decoding=\"async\" class=\"size-medium wp-image-77313 alignleft\" src=\"https:\/\/www.mines-stetienne.fr\/wp-content\/uploads\/2023\/02\/Capture-lettreducadre-300x168.jpg\" alt=\"\" width=\"300\" height=\"168\"><\/a>Dans son article du 14 f\u00e9vrier 2023, la Lettre du Cadre territorial publie un article intitul\u00e9 \u00ab&nbsp;Quand les politiques publiques se prennent au jeu&nbsp;\u00bb.<\/p>\n<p>L\u2019article fait un survol de la fa\u00e7on dont certaines collectivit\u00e9s recourent aux jeux s\u00e9rieux, une approche ludique pour simuler et sensibiliser au risque, pour r\u00e9viser un document d\u2019urbanisme ou engager le dialogue avec les habitants<\/p>\n<p>C\u2019est dans ce cadre que Francesca Randrianantenaina, charg\u00e9e de mission du programme d\u2019actions et de pr\u00e9vention des inondations (PAPI), inondations au syndicat mixte AB C\u00e8ze (Gard) a pr\u00e9sent\u00e9 leur mise en \u0153uvre de \u00ab Cit\u2019in Crise \u00bb con\u00e7u par les \u00e9coles des Mines d\u2019Al\u00e8s et de Saint-\u00c9tienne.<\/p>\n<p>Une belle reconnaissance pour l\u2019ensemble des chercheurs et animateurs qui ont con\u00e7u Cit\u2019in Crise, r\u00e9alis\u00e9 en&nbsp;partenariat avec l\u2019IMT Mines Al\u00e8s, La Rotonde et Les Petits D\u00e9brouillards.<\/p>\n<p><a href=\"https:\/\/www.lettreducadre.fr\/article\/quand-les-politiques-publiques-se-prennent-au-jeu.52997\">Pour lire l\u2019article<\/a><\/p>\n<p><a href=\"https:\/\/umr5600.cnrs.fr\/fr\/accueil\/\">#EVS<\/a><\/p>\n\n\n<hr class=\"wp-block-separator has-alpha-channel-opacity\" \/>\n\n\n<div class=\"single-entry-details\"><strong style=\"font-size: revert;color: initial\">L\u2019Institut Henri Fayol fier d\u2019accueillir la r\u00e9union du projet Darween<\/strong><\/div>\n<header class=\"single-entry-header\">\n<p><sup><span class=\"entry-date\">21\/02\/2023<\/span>&nbsp;<\/sup><\/p>\n<\/header>\n<div class=\"single-entry-content\">\n<p><a href=\"https:\/\/fayol.wp.imt.fr\/2023\/02\/21\/linstitut-henri-fayol-fier-daccueillir-la-reunion-du-projet-darween\/\"><img loading=\"lazy\" decoding=\"async\" class=\"attachment-thumbnail size-thumbnail wp-post-image alignleft\" src=\"https:\/\/fayol.wp.imt.fr\/files\/2022\/11\/industry-gd951644db_640-150x150.jpg\" alt=\"\" width=\"150\" height=\"150\"><\/a>Les 6 et 7 f\u00e9vrier, les partenaires du&nbsp;<strong>projet&nbsp;<span id=\"DWT1852\" class=\"ZmSearchResult\"><span id=\"DWT1857\" class=\"ZmSearchResult\">Darween<\/span><\/span><\/strong>&nbsp;s\u2019\u00e9taient donn\u00e9 rendez-vous \u00e0 Saint-Etienne.<\/p>\n<div>Le projet&nbsp;<span id=\"DWT277\">Darween<\/span>&nbsp;vise \u00e0 identifier les donn\u00e9es n\u00e9cessaires pour l\u2019\u00e9valuation et le pilotage de l\u2019<strong>impact environnemental des entreprises<\/strong>. Un des livrables concerne notamment la d\u00e9finition d\u2019un cadre m\u00e9thodologique pour l\u2019accompagnement des entreprises et plus particuli\u00e8rement des PME\/TPE dans l\u2019identification de param\u00e8tres et d\u2019indicateurs de leur empreinte \u00e9cologique (empreinte carbone, consommation d\u2019\u00e9nergie, etc.) \u00e0 des fins de traitements ult\u00e9rieurs.<\/div>\n<div>&nbsp;<\/div>\n<div>&nbsp;<\/div>\n<div>Les participants aux projets : Xavier Delorme, Mines Saint-Etienne, Magdalena Paul &amp; Val\u00e9rie Scharmer, Institute for Machine Tools and Industrial Management, Technical University of Munich,&nbsp;<span id=\"OBJ_PREFIX_DWT1818_com_zimbra_url\" class=\"Object\" role=\"link\"><span id=\"OBJ_PREFIX_DWT1831_com_zimbra_url\" class=\"Object\" role=\"link\"><\/span><\/span>\u2013 Damien Lamy, Mines Saint-Etienne et Hichem Haddou-Benderbal, Universit\u00e9 Aix Marseille.<\/div>\n<div>\n<div>&nbsp;<\/div>\n<div>Ce projet est soutenu par l\u2019Acad\u00e9mie Franco-Allemande pour l\u2019industrie du futur, et fait intervenir l\u2019Universit\u00e9 Technique de Munich, Mines Saint-Etienne et l\u2019universit\u00e9 Aix Marseille.<\/div>\n<\/div>\n<p>L\u2019Institut Fayol \u00e9tait heureux d\u2019organiser ces journ\u00e9es qui furent riches en \u00e9changes et promettent de belles avanc\u00e9es sur le projet.<\/p>\n<p><a href=\"https:\/\/www.future-industry.org\/darween\/\" target=\"_blank\" rel=\"noopener\">Pour en savoir plus<\/a><\/p>\n<p><a href=\"https:\/\/limos.fr\/\">#LIMOS<\/a><\/p>\n<\/div>\n\n\n<hr class=\"wp-block-separator has-alpha-channel-opacity\" \/>\n\n\n<div class=\"single-entry-details\"><strong style=\"font-size: revert;color: initial\">L\u2019Institut Fayol publie un article sur les low-tech dans la revue Sustainability: Science, Practice and Policy<\/strong><\/div>\n<header class=\"single-entry-header\">\n<p><sup><span class=\"entry-date\">20\/02\/2023<\/span><\/sup>&nbsp;<\/p>\n<\/header>\n<div class=\"single-entry-content\">\n<p><a href=\"https:\/\/fayol.wp.imt.fr\/2023\/02\/20\/linstitut-fayol-publie-un-article-sur-les-low-tech-dans-la-revue-sustainability-science-practice-and-policy\/\"><img loading=\"lazy\" decoding=\"async\" class=\"attachment-thumbnail size-thumbnail wp-post-image alignleft\" src=\"https:\/\/fayol.wp.imt.fr\/files\/2021\/06\/four_solaire_CC-150x150.jpg\" alt=\"\" width=\"150\" height=\"150\"><\/a>Dans le cadre de leurs travaux men\u00e9s depuis plusieurs ann\u00e9es, sur les low-tech,&nbsp;<strong>Audrey Tanguy&nbsp;<\/strong>et&nbsp;<strong>Val\u00e9rie Laforest&nbsp;<\/strong>enseignantes-chercheures au d\u00e9partement G\u00e9nie de l\u2019Environnement pour les Organisations de l\u2019Institut Henri Fayol, Mines Saint-Etienne, membre de l\u2019IMT et du laboratoire EVS, et leur stagiaire&nbsp;<strong>Lisa Carri\u00e8re<\/strong>&nbsp;publient un article sur&nbsp;<strong>les principes cl\u00e9s de la litt\u00e9rature et de la pratique pour une approche low-tech pour la durabilit\u00e9<\/strong>.<\/p>\n<p>Les approches low-tech se sont impos\u00e9es ces derni\u00e8res ann\u00e9es, principalement en opposition au mod\u00e8le techno-optimiste propos\u00e9 pour r\u00e9soudre les crises environnementales actuelles et futures. Cependant, la pens\u00e9e low-tech est multiforme, ce qui rend le concept potentiellement riche mais aussi vague. Cet article d\u00e9veloppe un cadre en sept principes pour caract\u00e9riser&nbsp;les&nbsp;d\u00e9marches&nbsp;low-tech&nbsp; sur la base d\u2019une approche abductive qui comprenait une revue de la litt\u00e9rature et des entretiens avec des acteurs low-tech. L\u2019occurrence principale a \u00e9t\u00e9 \u00e9valu\u00e9e parmi les auteurs et les personnes interrog\u00e9es. Les r\u00e9sultats d\u00e9montrent que le mouvement low-tech implique plus qu\u2019un passage \u00e0 des artefacts techniques robustes et moins consommateurs. Alors que l\u2019efficacit\u00e9 des ressources et la r\u00e9utilisation des mat\u00e9riaux sont des caract\u00e9ristiques importantes des approches low-tech, l\u2019appropriation technique est le principe cl\u00e9 le plus fr\u00e9quemment cit\u00e9 dans la litt\u00e9rature et par les acteurs. Cette d\u00e9limitation en plusieurs principes peut aider \u00e0 diff\u00e9rencier la low-tech des autres concepts de durabilit\u00e9 li\u00e9s \u00e0 la conservation des ressources tels que les innovations frugales et l\u2019\u00e9conomie circulaire. Dans cet article, nous visons \u00e0 ouvrir une discussion sur les mani\u00e8res dont les partisans de la low-tech cherchent \u00e0 introduire des voies de d\u00e9veloppement transformatrices vers la durabilit\u00e9.<\/p>\n<p>L\u2019article publi\u00e9 le 08 f\u00e9vier 2023 dans la revue Sustainability: Science, Practice and Policy est disponible en acc\u00e8s libre.<\/p>\n<p><a href=\"https:\/\/www.tandfonline.com\/doi\/full\/10.1080\/15487733.2023.2170143\" target=\"_blank\" rel=\"noopener\">Consulter l\u2019article<\/a><\/p>\n<p><a href=\"https:\/\/umr5600.cnrs.fr\/fr\/accueil\/\">#EVS<\/a><\/p>\n<\/div>\n\n\n<hr class=\"wp-block-separator has-alpha-channel-opacity\" \/>\n\n\n<header class=\"single-entry-header\">\n<p class=\"entry-title\"><strong>Natacha Gondran intervient dans le cadre des rendez-vous \u00ab Ricochets \u00bb lanc\u00e9s par la Rotonde<\/strong><\/p>\n<p><sup><span class=\"entry-date\">10\/02\/2023<\/span><\/sup><\/p>\n<\/header>\n<div class=\"single-entry-content\">\n<p><a href=\"https:\/\/fayol.wp.imt.fr\/2023\/02\/10\/natacha-gondran-intervient-ricochets\/\"><img loading=\"lazy\" decoding=\"async\" class=\"attachment-thumbnail size-thumbnail wp-post-image alignleft\" src=\"https:\/\/fayol.wp.imt.fr\/files\/2023\/02\/ricochets-150x150.jpg\" alt=\"\" width=\"150\" height=\"150\"><\/a>Comme son nom l\u2019indique, l\u2019objectif de ces rendez-vous en public est de faire rebondir les sciences et permettre aux cercles qu\u2019elles forment d\u2019\u00e9largir nos connaissances, comme sous l\u2019effet de \u00ab&nbsp;Ricochets&nbsp;\u00bb.<\/p>\n<p>Pour sa premi\u00e8re tenue, La Rotonde (centre de culture scientifique de l\u2019\u00c9cole des Mines de Saint-\u00c9tienne) avait notamment invit\u00e9&nbsp;<strong>Natacha Gondran<\/strong>, enseignante- chercheure en \u00e9valuation environnementale au D\u00e9partement G\u00e9nie de l\u2019Environnement et des Organisations de l\u2019Institut Henri Fayol et d\u00e9l\u00e9gu\u00e9e au d\u00e9veloppement durable de Mines Saint-\u00c9tienne.<\/p>\n<p>Le th\u00e8me au c\u0153ur de l\u2019\u00e9mission &nbsp;\u00e9tait les : \u00ab&nbsp;<strong>Enjeux&nbsp;environnementaux et urgence climatique<\/strong>&nbsp;\u00bb, avec des questionnements sous-tendus comme : les priorit\u00e9s pour la recherche, les r\u00f4les des chercheurs, et la formation pour les futurs ing\u00e9nieurs.<\/p>\n<p>Un plateau partag\u00e9 avec&nbsp;<strong>Jean-Michel Herri<\/strong>, professeur et directeur du Centre SPIN (Science des Processus Industriels et Naturels) de Mines Saint-\u00c9tienne et&nbsp;<strong>Krzysztof Wolski<\/strong>, directeur adjoint de Mines Saint-\u00c9tienne, en charge des formations.<\/p>\n<p><a href=\"https:\/\/ricochets-sciences.captivate.fm\/listen\" target=\"_blank\" rel=\"noopener\">A retrouver d\u00e8s maintenant en podcast<\/a>.<\/p>\n<p><a href=\"https:\/\/umr5600.cnrs.fr\/fr\/accueil\/\">#EVS<\/a><\/p>\n<\/div>\n\n\n<hr class=\"wp-block-separator has-alpha-channel-opacity\" \/>\n\n\n<header class=\"single-entry-header\">\n<p class=\"entry-title\"><strong>L\u2019Institut Fayol renforce sa collaboration Outre-Rhin<\/strong><\/p>\n<p><span class=\"entry-date\">9\/02\/2023<\/span>&nbsp;<\/p>\n<\/header>\n<div class=\"single-entry-content\">\n<p>En ce d\u00e9but f\u00e9vrier 2023, L\u2019Institut Fayol a eu le plaisir et l\u2019honneur d\u2019accueillir, les professeurs&nbsp;<strong>Thomas S\u00fc\u00dfe de l\u2019Universit\u00e9 des sciences appliqu\u00e9es FH Bielefeld<\/strong>&nbsp;et&nbsp;<strong>Bernd-Friedrich Voigt de l\u2019Universit\u00e9 des sciences appliqu\u00e9es du Sud-Westphalie<\/strong>&nbsp;dans le cadre d\u2019un accord Erasmus.<\/p>\n<p>A l\u2019occasion de cette visite, nos \u00e9tudiants du Master M\u00e9thodes Avanc\u00e9es de G\u00e9nie Industriel (IEOR) ont eu le privil\u00e8ge de participer \u00e0 un jeu&nbsp;<strong>s\u00e9rieux sur les Product-Service Systems<\/strong>&nbsp;(dans le module UE8 \u2013 Customer centred supply chain strategies) propos\u00e9 par Thomas et Bernd-Friedrich.<\/p>\n<p>La simulation d\u2019entreprise PSS (Product-Service Systems) est une simulation informatique exigeante, mais un environnement d\u2019apprentissage et d\u2019enseignement r\u00e9aliste pour les praticiens ainsi que pour les universitaires.<br>Les participants sont en charge d\u2019une division commerciale virtuelle qui fournit des services int\u00e9gr\u00e9s solutions tout au long des cycles de vie sp\u00e9cifiques aux clients. La cl\u00e9 pour offrir une utilisation client rentable r\u00e9side dans une coordination optimis\u00e9e des d\u00e9cisions prises par une unit\u00e9 de service et une unit\u00e9 de produit. Un cockpit graphique de gestion PSS int\u00e8gre des indicateurs de performance cl\u00e9s des deux unit\u00e9s et soutient les participants dans l\u2019analyse des r\u00e9sultats et des effets de leur gestion PSS les d\u00e9cisions. Cette simulation d\u2019apprentissage par la pratique met en place un mod\u00e8le PSS r\u00e9aliste pour former \u00e0 l\u2019exp\u00e9rience m\u00e9tier de mani\u00e8re interactive, hautement dynamique et sans risque.<img loading=\"lazy\" decoding=\"async\" class=\"alignnone size-full wp-image-3035\" src=\"https:\/\/fayol.wp.imt.fr\/files\/2023\/02\/visite-Thomas-Bernd-Friedrich.jpg\" alt=\"\" width=\"877\" height=\"657\"><\/p>\n<p>Par ailleurs, sur le plan de la recherche, des \u00e9changes et r\u00e9unions se sont tenues avec les enseignants chercheurs du Centre Ing\u00e9nierie et Sant\u00e9 et de l\u2019Institut Fayol, notamment avec&nbsp;<strong>Khaled Medini<\/strong>, chercheur \u00e0 l\u2019Institut Henri Fayol, IMT, membre du laboratoire LIMOS et&nbsp;<strong>Sophie Peillon<\/strong>, chercheure \u00e0 l\u2019Institut Henri Fayol, IMT, membre du laboratoire Coactis autour des probl\u00e9matiques : Digitalisation, industrie 4.0, comp\u00e9tences, service, business mod\u00e8les, organisation.<\/p>\n<p>L\u2019opportunit\u00e9 de mettre en place un projet Erasmus\/BIP (programmes intensifs hybrides) entre nos diff\u00e9rents \u00e9tablissement d\u2019enseignement et de recherche est \u00e9galement \u00e0 l\u2019\u00e9tude.<\/p>\n<p>Une visite riche en \u00e9changes que nous esp\u00e9rons fructueux aussi bien pour nos \u00e9tudiants que nos chercheurs.<\/p>\n<p><a href=\"https:\/\/umr5600.cnrs.fr\/fr\/accueil\/\">&nbsp;<\/a><a href=\"http:\/\/coactis.org\/\">#Coactis&nbsp;<\/a><a href=\"https:\/\/limos.fr\/\">#LIMOS<\/a><\/p>\n<\/div>\n\n\n<hr class=\"wp-block-separator has-alpha-channel-opacity\" \/>\n\n\n\n<p><strong>Bienvenue aux nouveaux arrivants<\/strong><\/p>\n\n\n\n<p><sup>6\/02\/2023<\/sup><\/p>\n\n\n\n<p>A l\u2019occasion du s\u00e9minaire de d\u00e9but d\u2019ann\u00e9e, qui permet les \u00e9changes entre chaque \u00e9quipe de nos quatre d\u00e9partement de recherche, nous avons accueilli nos nouveaux arrivants : doctorants, post-doctorants, chercheurs et stagiaires.<\/p>\n\n\n\n<p>Bienvenue donc \u00e0 :&nbsp;Jocelyn Lee Ke Yin, Mohadese Basirati , Nesrine Hafiene, Rida Kheirallah, Qussay Jarrar, Thamer Mecharnia, Guillaume Muller<strong>,&nbsp;<\/strong>Artur Kramer,&nbsp; Youssef Salman et Nicolas Sauzeat.<br><img loading=\"lazy\" decoding=\"async\" width=\"875\" height=\"659\" src=\"https:\/\/fayol.wp.imt.fr\/files\/2023\/02\/nouveaux-fayol-02-23.jpg\" alt=\"\"><\/p>\n\n\n\n<p><a href=\"https:\/\/umr5600.cnrs.fr\/fr\/accueil\/\">#EVS&nbsp;<\/a><a href=\"http:\/\/coactis.org\/\">#Coactis&nbsp;<\/a><a href=\"https:\/\/limos.fr\/\">#LIMOS<\/a><\/p>\n\n\n\n<hr class=\"wp-block-separator has-alpha-channel-opacity\" \/>\n\n\n\n<p><strong>L\u2019institut Fayol impliqu\u00e9 dans l\u2019organisation de la conf\u00e9rence PRO-VE 2023<\/strong><\/p>\n\n\n\n<p><sup>6\/02\/2023<\/sup><\/p>\n\n\n<div class=\"wp-block-image\">\n<figure class=\"alignleft\"><a href=\"https:\/\/fayol.wp.imt.fr\/2023\/02\/06\/linstitut-fayol-implique-dans-lorganisation-de-la-conference-pro-ve-2023\/\"><img decoding=\"async\" src=\"https:\/\/fayol.wp.imt.fr\/files\/2023\/02\/prove2023-150x150.jpg\" alt=\"\" \/><\/a><\/figure>\n<\/div>\n\n\n<p>La conf\u00e9rence PRO-VE 2023 se tiendra du 27 au 29 septembre 2023, \u00e0 Valence en Espagne et aura comme th\u00e8me principal \u00ab&nbsp;<strong>Des r\u00e9seaux collaboratifs r\u00e9silients et responsables<\/strong>&nbsp;\u00bb.<\/p>\n\n\n\n<p>PRO-VE 2023 vise \u00e0 analyser et discuter de la contribution des r\u00e9seaux collaboratifs \u00e0 ces d\u00e9fis et \u00e0 identifier comment ces d\u00e9fis peuvent influencer nos programmes de recherche.<\/p>\n\n\n\n<p>Dans ce cadre,&nbsp;<strong>Khaled Medini<\/strong>, chercheur \u00e0 l\u2019Institut Henri Fayol, IMT, membre du laboratoire LIMOS est impliqu\u00e9 dans l\u2019organisation, en tant que copr\u00e9sident des sessions sp\u00e9ciales.<\/p>\n\n\n\n<p>Les sessions sp\u00e9ciales (dont les propositions sont ouvertes jusqu\u2019au&nbsp;<strong>13&nbsp;mars&nbsp;2023<\/strong>) peuvent concerner les th\u00e8mes suivants (de fa\u00e7on non exhaustive)&nbsp;:<\/p>\n\n\n\n<ul class=\"wp-block-list\">\n<li>IA et transformation num\u00e9rique pour les syst\u00e8mes collaboratifs<\/li>\n\n\n\n<li>Cognition distribu\u00e9e pour des syst\u00e8mes collaboratifs r\u00e9silients<\/li>\n\n\n\n<li>Jumeaux num\u00e9riques et collaboration<\/li>\n\n\n\n<li>Collaboration dans des environnements non fiables<\/li>\n\n\n\n<li>Gestion collaborative des risques<\/li>\n\n\n\n<li>Syst\u00e8mes cyber-physiques collaboratifs<\/li>\n\n\n\n<li>Collaboration homme-machine<\/li>\n\n\n\n<li>Ethique, s\u00e9curit\u00e9 et confiance<\/li>\n\n\n\n<li>Hybridation de la collaboration<\/li>\n\n\n\n<li>Environnements de collaboration-comp\u00e9tition<\/li>\n\n\n\n<li>P\u00f4les d\u2019innovation collaborative<\/li>\n\n\n\n<li>Antifragilit\u00e9 dans les \u00e9cosyst\u00e8mes d\u2019affaires<\/li>\n\n\n\n<li>Applications et \u00e9tudes de cas<\/li>\n<\/ul>\n\n\n\n<p><a href=\"https:\/\/fayol.wp.imt.fr\/files\/2023\/02\/PRO-VE_2023_Session_Proposal.pdf\">Formulaire pour soumettre une session sp\u00e9ciale<\/a>.<\/p>\n\n\n\n<p><strong>Le contexte de la conf\u00e9rence PRO-VE 2023<\/strong><\/p>\n\n\n\n<p>Les tendances de l\u2019industrie 5.0 et de la soci\u00e9t\u00e9 5.0 mettent l\u2019accent sur les syst\u00e8mes centr\u00e9s sur l\u2019humain et sur la n\u00e9cessit\u00e9 de relever les d\u00e9fis soci\u00e9taux de mani\u00e8re responsable. Au lieu des approches purement technocentriques ou m\u00eame centr\u00e9es sur les entreprises qui ont caract\u00e9ris\u00e9 la plupart des d\u00e9veloppements pass\u00e9s, nous avons besoin d\u2019une approche \u00e9quilibr\u00e9e entre \u00abl\u2019automatisation\u00bb et l\u2019implication humaine\/soci\u00e9tale contribuant au bien-\u00eatre.<\/p>\n\n\n\n<p>D\u2019autre part, nous vivons \u00e0 une \u00e9poque avec de plus en plus d\u2019\u00e9v\u00e9nements perturbateurs, y compris d\u2019origine naturelle et humaine, qui exigent des syst\u00e8mes dot\u00e9s d\u2019un haut degr\u00e9 de r\u00e9silience. Alors que les \u00e9v\u00e9nements perturbateurs fr\u00e9quents deviennent la \u00ab nouvelle normalit\u00e9 \u00bb, nous avons besoin de formes avanc\u00e9es de r\u00e9silience transformatrice et m\u00eame d\u2019antifragilit\u00e9. En d\u2019autres termes, comment concevoir et g\u00e9rer des \u00e9cosyst\u00e8mes collaboratifs capables de se renforcer et de s\u2019am\u00e9liorer tout au long d\u2019une s\u00e9quence d\u2019attaques\/perturbations.<\/p>\n\n\n\n<p><a href=\"https:\/\/pro-ve2023.webs.upv.es\/\">Pour en savoir plus<\/a><\/p>\n\n\n\n<p><a href=\"https:\/\/limos.fr\/\">#LIMOS<\/a><\/p>\n\n\n\n<hr class=\"wp-block-separator has-alpha-channel-opacity\" \/>\n\n\n\n<p><strong>L\u2019Institut Fayol participe au s\u00e9minaire de recherche Organisation, Logistique et Syst\u00e8mes d\u2019information de LARGEPA<\/strong><\/p>\n\n\n\n<p><sup>3\/02\/2023&nbsp;<\/sup><\/p>\n\n\n<div class=\"wp-block-image\">\n<figure class=\"alignleft\"><a href=\"https:\/\/fayol.wp.imt.fr\/2023\/02\/03\/linstitut-fayol-participe-au-seminaire-de-recherche-organisation-logistique-et-systemes-dinformation-de-largepa\/\"><img decoding=\"async\" src=\"https:\/\/fayol.wp.imt.fr\/files\/2023\/02\/logistics-g6f5faa105_640-150x150.jpg\" alt=\"\" \/><\/a><\/figure>\n<\/div>\n\n\n<p>L\u2019Institut Fayol est heureux de participer au du comit\u00e9 scientifique du s\u00e9minaire de recherche \u00ab&nbsp;Organisation, Logistique et Syst\u00e8mes d\u2019information 2022-2023&nbsp;\u00bb organis\u00e9 par le Laboratoire de Recherche en Sciences de Gestion Panth\u00e9on-ASSAS (LARGEPA) et qui sera accueilli par la Maison des Sciences de Gestion le 9 mars 2023.<\/p>\n\n\n\n<p>C\u2019est dans ce cadre que&nbsp;<strong>Damien Lamy<\/strong>, enseignant chercheur au d\u00e9partement G\u00e9nie Math\u00e9matique et Industriel \u00e0 l\u2019Institut Henri Fayol de Mines Saint-Etienne, membre du laboratoire LIMOS et de l\u2019IMT, est impliqu\u00e9 en tant que membre du comit\u00e9 scientifique.<\/p>\n\n\n\n<p>Cette journ\u00e9e de recherche accueillera des contributions portant sur la mani\u00e8re dont les syst\u00e8mes d\u2019information et les nouvelles technologies peuvent r\u00e9soudre les probl\u00e9matiques modernes des organisations et des cha\u00eenes logistiques. Tous types de contributions sont accept\u00e9es (conceptuelles, th\u00e9oriques et empiriques) relatives aux innovations, march\u00e9s et organisations (Logistique, Marketing et Management strat\u00e9gique) ; ainsi que les contributions relatives aux actions manag\u00e9riales publique et priv\u00e9e (Gestion des Ressources Humaines et Management Public).<\/p>\n\n\n\n<p><a href=\"https:\/\/fayol.wp.imt.fr\/files\/2023\/02\/1675158537816.pdf\">Pour en savoir plus<\/a><\/p>\n\n\n\n<p><a href=\"https:\/\/limos.fr\/\">#LIMOS<\/a><\/p>\n\n\n\n<hr class=\"wp-block-separator has-alpha-channel-opacity\" \/>\n\n\n\n<p><strong>L\u2019Institut Fayol se lance dans l\u2019initiative \u00ab Sciences en tous genres \u00bb<\/strong><\/p>\n\n\n\n<p><sup>31\/01\/2023&nbsp;<\/sup><\/p>\n\n\n<div class=\"wp-block-image\">\n<figure class=\"alignleft\"><a href=\"https:\/\/fayol.wp.imt.fr\/2023\/01\/31\/linstitut-fayol-se-lance-dans-linitiative-sciences-en-tous-genres\/\"><img decoding=\"async\" src=\"https:\/\/fayol.wp.imt.fr\/files\/2023\/01\/Sciences-en-tous-genres_date-150x150.jpeg\" alt=\"\" \/><\/a><\/figure>\n<\/div>\n\n\n<p>La Rotonde (Le Centre de Culture Scientifique Technique et Industrielle de Mines Saint-Etienne) lance l\u2019initiative \u00ab&nbsp;Sciences en tous genres&nbsp;\u00bb dont l\u2019objectif est de pr\u00e9senter autrement certains m\u00e9tiers scientifiques aux coll\u00e9giennes (3e) et lyc\u00e9ennes, pour ouvrir leurs horizons de formation, faire entrer d\u2019autres possibles dans leur imaginaire professionnel mais aussi pour faciliter leur prise de parole.<\/p>\n\n\n\n<p>La premi\u00e8re matin\u00e9e de rencontres entre des coll\u00e9giennes, lyc\u00e9ennes et femmes scientifiques se tiendra le 3 f\u00e9vrier.<\/p>\n\n\n\n<p>Au programme, deux temps de rencontre et d\u2019\u00e9change avec des femmes scientifiques : chercheuses, ing\u00e9nieures de recherche, techniciennes de labo, informaticiennes. Seront pr\u00e9sentes \u00e0 ce premier rendez-vous : Isabelle Vauglin, astrophysicienne, pr\u00e9sidente de Femmes et Sciences (partenaire de l\u2019initiative de&nbsp;<a href=\"https:\/\/www.larotonde-sciences.com\/\" target=\"_blank\" rel=\"noreferrer noopener\">La Rotonde<\/a>), Cl\u00e9mence Perronnet, sociologue sp\u00e9cialiste des questions de genre, ainsi que les 15 Marraines de l\u2019Ecole des Mines.<\/p>\n\n\n\n<p>Il est \u00e0 noter, parmi les Marraines de l\u2019Ecole des Mines, la forte mobilisation de l\u2019Institut Fayol avec&nbsp;<strong>Nadine Dubruc<\/strong>,&nbsp;<strong>Val\u00e9rie Laforest<\/strong>,&nbsp;<strong>Nurten Messalti<\/strong>,&nbsp;<strong>Michelle Mongo<\/strong>&nbsp;et&nbsp;<strong>Sophie Peillon<\/strong>.<\/p>\n\n\n\n<p>Con\u00e7u et encadr\u00e9 par La Rotonde, \u00ab&nbsp;Sciences en tous genres&nbsp;\u00bb permettra par ailleurs aux coll\u00e9giennes et lyc\u00e9ennes d\u2019\u00eatre accompagn\u00e9es, dans leur parcours, par des \u00e9tudiants de 1<sup>\u00e8re<\/sup>&nbsp;ann\u00e9e d\u2019ing\u00e9nieur de l\u2019Ecole des Mines de Saint-Etienne (dans le cadre d\u2019un&nbsp;<a href=\"https:\/\/procit.wp.imt.fr\/\" target=\"_blank\" rel=\"noreferrer noopener\">Projet Citoyen<\/a>).<\/p>\n\n\n\n<p><a href=\"https:\/\/umr5600.cnrs.fr\/fr\/accueil\/\">#EVS&nbsp;<\/a><a href=\"http:\/\/coactis.org\/\">#Coactis&nbsp;<\/a><a href=\"https:\/\/limos.fr\/\">#LIMOS<\/a><\/p>\n\n\n\n<hr class=\"wp-block-separator has-alpha-channel-opacity\" \/>\n\n\n<header class=\"single-entry-header\">\n<p class=\"entry-title\"><strong>Lancement de l\u2019Observatoire National des B\u00e2timents (ONB)&nbsp;<\/strong><\/p>\n<p><sup><span class=\"entry-date\">31\/01\/2023<\/span>&nbsp;<\/sup><\/p>\n<\/header>\n<div class=\"single-entry-content\">\n<p>La fin d\u2019ann\u00e9e 2022, a vu le lancement de l\u2019<strong>Observatoire National des B\u00e2timents (ONB)<\/strong>&nbsp;par&nbsp;<strong>U.R.B.S<\/strong>, une entreprise innovante issue de l\u2019Institut Fayol, un centre de recherche de l\u2019\u00c9cole des Mines de Saint-\u00c9tienne.<\/p>\n<p>U.R.B.S. est sp\u00e9cialis\u00e9e dans les&nbsp;<strong>sciences de la donn\u00e9e g\u00e9ographique<\/strong>&nbsp;et les&nbsp;<strong>services num\u00e9riques<\/strong>, et elle se positionne comme facilitateur et acc\u00e9l\u00e9rateur de la transition \u00e9nerg\u00e9tique, climatique, soci\u00e9tale et num\u00e9rique des territoires sur le segment de l\u2019habitat.<\/p>\n<p>En s\u2019appuyant sur cette exp\u00e9rience unique et en tant qu\u2019<strong>entreprise citoyenne, efficiente et engag\u00e9e<\/strong>&nbsp;pour la transition \u00e9cologique,&nbsp;U.R.B.S a souhait\u00e9 renouveler et renforcer son engagement afin d\u2019acc\u00e9l\u00e9rer les transitions du secteur du b\u00e2timent en lan\u00e7ant en d\u00e9cembre 2022, l\u2019<a href=\"https:\/\/www.observatoire-national-batiments.fr\/\"><strong>Observatoire National des B\u00e2timents<\/strong><\/a><strong>&nbsp;(ONB).<\/strong><\/p>\n<p><img loading=\"lazy\" decoding=\"async\" class=\"alignnone size-full wp-image-2973\" src=\"https:\/\/fayol.wp.imt.fr\/files\/2023\/01\/ONB.jpg\" alt=\"\" width=\"736\" height=\"557\"><\/p>\n<p>Cet observatoire&nbsp;concr\u00e9tise une volont\u00e9&nbsp;de d\u00e9ploiement de standards et de r\u00e9f\u00e9rentiels valid\u00e9s par les acteurs de terrain, mais aussi un d\u00e9sir de contribuer significativement \u00e0 l\u2019ouverture des donn\u00e9es et au partage des informations sur le parc b\u00e2ti.<\/p>\n<p><a href=\"https:\/\/umr5600.cnrs.fr\/fr\/accueil\/\">#EVS<\/a><\/p>\n<\/div>\n\n\n<hr class=\"wp-block-separator has-alpha-channel-opacity\" \/>\n\n\n<header class=\"single-entry-header\">\n<p class=\"entry-title\"><strong>L\u2019Institut Fayol a particip\u00e9 au dernier rapport du GIEC<\/strong><\/p>\n<p><sup><span class=\"entry-date\">30\/01\/2023<\/span>&nbsp;<\/sup><\/p>\n<\/header>\n<div class=\"single-entry-content\">\n<p><a href=\"https:\/\/fayol.wp.imt.fr\/2023\/01\/30\/linstitut-fayol-a-participe-au-dernier-rapport-du-giec\/\"><img loading=\"lazy\" decoding=\"async\" class=\"attachment-thumbnail size-thumbnail wp-post-image alignleft\" src=\"https:\/\/fayol.wp.imt.fr\/files\/2023\/01\/rapport-ippcc-6-150x150.jpg\" alt=\"\" width=\"150\" height=\"150\"><\/a>Au courant de l\u2019ann\u00e9e 2022, le&nbsp;<strong>GIEC<\/strong>&nbsp;d\u00e9voilait son Sixi\u00e8me rapport d\u2019\u00e9valuation \u00ab&nbsp;Changement climatique 2022&nbsp;\u00bb en plusieurs volets.<\/p>\n<p><strong>&nbsp;<\/strong>Le&nbsp;<strong>rapport du Groupe de travail III<\/strong>&nbsp;intitul\u00e9 \u00ab&nbsp;<strong>Att\u00e9nuation du changement climatique<\/strong>&nbsp;\u00bb fournit une \u00e9valuation mondiale actualis\u00e9e des progr\u00e8s et des engagements en mati\u00e8re d\u2019att\u00e9nuation du changement climatique, et examine les sources d\u2019\u00e9missions mondiales. Il explique l\u2019\u00e9volution des efforts de r\u00e9duction et d\u2019att\u00e9nuation des \u00e9missions, en \u00e9valuant l\u2019impact des engagements climatiques nationaux par rapport aux objectifs d\u2019\u00e9missions \u00e0 long terme.<\/p>\n<p>Ce rapport propose plusieurs chapitres sectoriels comme ; l\u2019\u00e9nergie, les villes, la construction, les transports, l\u2019industrie, etc.. C\u2019est dans ce cadre que&nbsp;<strong>Damien Lamy<\/strong>, enseignant chercheur au d\u00e9partement G\u00e9nie Math\u00e9matique et Industriel \u00e0 l\u2019Institut Henri Fayol de Mines Saint-Etienne, membre du laboratoire LIMOS et de l\u2019IMT, est intervenu comme examinateur expert sur le chapitre consacr\u00e9 \u00e0 l\u2019industrie.<\/p>\n<p>Dans le processus d\u2019\u00e9laboration des rapports du GIEC, les examinateurs experts peuvent soumettre des commentaires sur une phrase, une section d\u2019un rapport, ou sur un chapitre entier du rapport. Ils peuvent s\u2019exprimer sur la substance scientifique (le fond) ou de la structure du rapport (la forme). Ils sont encourag\u00e9s \u00e0 signaler des ressources (comme des articles publi\u00e9s) que les auteurs du rapport n\u2019auraient pas inclus dans leur \u00e9valuation, mais qui leur semblent \u00eatre pertinentes.<\/p>\n<p>Rapport :&nbsp;<a href=\"https:\/\/www.ipcc.ch\/report\/ar6\/wg3\/downloads\/report\/IPCC_AR6_WGIII_FullReport.pdf\" target=\"_blank\" rel=\"noopener\"><span class=\"markedContent\"><span dir=\"ltr\" role=\"presentation\">Climate Change 2022, Mitigation of Climate Change<\/span><\/span><\/a><\/p>\n<p><a href=\"https:\/\/limos.fr\/\">#LIMOS<\/a><\/p>\n<\/div>\n\n\n<hr class=\"wp-block-separator has-alpha-channel-opacity\" \/>\n\n\n<header class=\"single-entry-header\">\n<p class=\"entry-title\"><strong>Soutenance de th\u00e8se sur&nbsp;Optimisation de l\u2019int\u00e9gration d\u2019EnR et de batteries en soutien aux r\u00e9seaux \u00e9lectriques existants int\u00e9grant une demande variable et incertaine<\/strong><\/p>\n<p><sup><span class=\"entry-date\">30\/01\/2023<\/span>&nbsp;<\/sup><\/p>\n<\/header>\n<div class=\"single-entry-content\">\n<p><strong> <a href=\"https:\/\/fayol.wp.imt.fr\/2023\/01\/30\/soutenance-de-these-sur-optimisation-de-lintegration-denr-et-de-batteries-en-soutien-aux-reseaux-electriques-existants-integrant-une-demande-variable-et-incertaine\/\"><img loading=\"lazy\" decoding=\"async\" class=\"attachment-thumbnail size-thumbnail wp-post-image alignleft\" src=\"https:\/\/fayol.wp.imt.fr\/files\/2023\/01\/walk-g100181efa_640-150x150.jpg\" alt=\"\" width=\"150\" height=\"150\"><\/a><\/strong>L\u2019Institut Henri Fayol a \u00e9t\u00e9 honor\u00e9 de participer \u00e0 la soutenance de th\u00e8se de Sara fakih.<\/p>\n<p>Le 27 janvier 2023,&nbsp;<strong>Mireille Batton-Hubert<\/strong>,&nbsp;enseignante-chercheur et responsable du d\u00e9partement G\u00e9nie Math\u00e9matique et Industriel de l\u2019Institut Henri Fayol, membre de l\u2019IMT et du laboratoire LIMOS, a assist\u00e9, en tant que codirectrice de th\u00e8se, \u00e0 la soutenance de th\u00e8se de Sara fakih<strong>,&nbsp;<\/strong>intitul\u00e9e \u00ab&nbsp;Optimisation de l\u2019int\u00e9gration d\u2019EnR et de batteries en soutien aux r\u00e9seaux \u00e9lectriques existants int\u00e9grant une demande variable et incertaine.&nbsp;\u00bb<\/p>\n<p>La th\u00e8se pr\u00e9par\u00e9e \u00e0 IMT Atlantique, au d\u00e9partement DSEE, et laboratoire GEPEA, dans le cadre de&nbsp;\u00c9cole doctorale SPIN \u00e9tait r\u00e9alis\u00e9e sous la direction et l\u2019encadrement de Bruno Lacarri\u00e8re, Professeur, IMT Atlantique&nbsp;et de&nbsp;Mireille Batton-hubert, &nbsp;Professeur, Mines Saint-Etienne.<\/p>\n<p>Toutes nos f\u00e9licitations \u00e0&nbsp;Sara fakih.<\/p>\n<p><\/p>\n<p>R\u00e9sum\u00e9 : En raison de la transition \u00e9nerg\u00e9tique mondiale, les syst\u00e8mes d\u2019\u00e9nergie \u00e9lectrique sont soumis \u00e0 un ensemble de transformations profondes des syst\u00e8mes de production et de distribution d\u2019\u00e9nergie illustr\u00e9es par l\u2019utilisation accrue d\u2019unit\u00e9s de production d\u00e9centralis\u00e9es renouvelables ou \u00e0 faible \u00e9mission de carbone. En particulier, la production d\u2019\u00e9lectricit\u00e9 \u00e0 partir de sources renouvelables (hydraulique, \u00e9olienne et solaire photovolta\u00efque) est en passe de cro\u00eetre fortement dans le monde pour r\u00e9pondre \u00e0 l\u2019augmentation pr\u00e9vue de la demande mondiale d\u2019\u00e9lectricit\u00e9 et aux engagements des collectivit\u00e9s dans leurs politiques de transition \u00e9nerg\u00e9tique. Cependant, la pr\u00e9diction et le contr\u00f4le rigoureux de ces \u00e9nergies renouvelables augmentent la complexit\u00e9 du processus de planification du syst\u00e8me \u00e9lectrique. Pour faire face \u00e0 ces complexit\u00e9s, des mod\u00e8les de syst\u00e8mes d\u2019alimentation \u00e9lectrique (EPSM) pour la planification et l\u2019optimisation de l\u2019exploitation sont d\u00e9velopp\u00e9s. Dans cette th\u00e8se, un mod\u00e8le dynamique lin\u00e9aris\u00e9 AC-Optimal Power Flow (DLOPF) est d\u00e9velopp\u00e9 sur la base d\u2019une approche de r\u00e9solution de programmation lin\u00e9aire successive du mod\u00e8le AC OPF. Dans la premi\u00e8re \u00e9tape du travail, le mod\u00e8le DLOPF permet d\u2019identifier le besoin de production d\u2019\u00e9lectricit\u00e9 pour chaque bus du r\u00e9seau sur une base horaire, en utilisant le concept de g\u00e9n\u00e9rateurs virtuels. Ces informations permettent de g\u00e9n\u00e9rer et d\u2019\u00e9valuer des sc\u00e9narios de d\u00e9ploiement d\u2019\u00e9nergies renouvelables et d\u2019unit\u00e9s de stockage. Cette m\u00e9thodologie est test\u00e9e dans le cas d\u2019un r\u00e9seau sousdimensionn\u00e9 dans un contexte d\u2019augmentation de la demande d\u2019\u00e9lectricit\u00e9. Dans un second temps, le mod\u00e8le DLOPF est coupl\u00e9 \u00e0 une \u00e9tape d\u2019optimisation pour proposer un EPSM suivant une approche bi-niveau. Ce mod\u00e8le optimise la taille et la planification des sources d\u2019\u00e9nergie renouvelables (RES) et du stockage d\u2019\u00e9nergie par batterie (BES) tout en tenant compte de la minimisation des co\u00fbts et des contraintes d\u2019\u00e9missions carbone. Le niveau sup\u00e9rieur utilise un mod\u00e8le d\u2019optimisation par essaims de particules (PSO) et est responsable du dimensionnement et du placement des BES. Le niveau inf\u00e9rieur (DLOPF) place et dimensionne les RES dans un cadre spatio-temporel en consid\u00e9rant les r\u00e9sultats du niveau sup\u00e9rieur. Cette combinaison permet de r\u00e9partir la production et le stockage d\u2019\u00e9lectricit\u00e9 dans un r\u00e9seau dans un contexte d\u2019augmentation de la demande, en \u00e9vitant le renforcement le r\u00e9seau. Enfin, une analyse d\u2019incertitude coupl\u00e9e \u00e0 une analyse de sensibilit\u00e9 est utilis\u00e9e pour \u00e9valuer l\u2019impact de l\u2019incertitude de la demande (due \u00e0 sa variabilit\u00e9 impr\u00e9visible), \u00e0 chaque bus, sur les r\u00e9sultats de l\u2019EPSM et les indicateurs de performance du r\u00e9seau propos\u00e9s.<\/p>\n<p><a href=\"https:\/\/limos.fr\/\">#LIMOS<\/a><\/p>\n<\/div>\n\n\n<hr class=\"wp-block-separator has-alpha-channel-opacity\" \/>\n\n\n<header class=\"single-entry-header\">\n<p class=\"entry-title\"><strong>L\u2019Institut Fayol de l\u2019\u00c9cole des Mines de Saint-\u00c9tienne, heureux d\u2019accueillir le webinaire \u00ab&nbsp;Orientation vers les m\u00e9tiers de l\u2019industrie du futur&nbsp;\u00bb<\/strong><\/p>\n<p><sup><span class=\"entry-date\">25\/01\/2023<\/span>&nbsp;<\/sup><\/p>\n<\/header>\n<div class=\"single-entry-content\">\n<p>Ce mercredi 25 janvier; l\u2019Observatoire des m\u00e9tiers de l\u2019<strong>INSTITUT MINES-TELECOM<\/strong>&nbsp;vous invitait \u00e0 suivre le webinaire&nbsp;<strong>Orientation \u00ab&nbsp;Ose les m\u00e9tiers de l\u2019industrie du futur&nbsp;\u00bb de<\/strong><strong>&nbsp;l\u2019IMT.<\/strong><\/p>\n<p>Ce webinaire s\u2019est tenu depuis la plateforme IT\u2019M Factory de l\u2019\u00c9cole des Mines de Saint-Etienne o\u00f9 les participants ont \u00e9t\u00e9 accueillis par&nbsp;<strong>Fr\u00e9d\u00e9ric Grimaud<\/strong>, Chercheur \u00e0 l\u2019Institut Fayol, membre du Limos et Responsable de la plateforme R&amp;D Industrie du futur&nbsp;<a href=\"https:\/\/itm-factory.fr\/\">IT\u2019M Factory<\/a>, et&nbsp;<strong>Nurten Messalti<\/strong>, ing\u00e9nieur R&amp;D en charge des d\u00e9veloppements de l\u2019IT\u2019M Factory.<\/p>\n<p>Les diff\u00e9rents invit\u00e9s ont mis l\u2019accent sur la Data, ce marqueur de l\u2019industrie 4.0; qui est au c\u0153ur de la transformation num\u00e9rique, soci\u00e9tale et environnementale et donc au c\u0153ur des m\u00e9tiers de l\u2019industrie.<\/p>\n<p><img loading=\"lazy\" decoding=\"async\" class=\"alignnone size-full wp-image-2939\" src=\"https:\/\/fayol.wp.imt.fr\/files\/2023\/01\/webinaire-2023-01-25.jpg\" alt=\"\" width=\"831\" height=\"480\"><\/p>\n<p>IT\u2019M Factory a pour vocation de faire mieux comprendre la place de l\u2019Homme dans un environnement de plus en plus technologique li\u00e9 au 4.0 (r\u00e9alit\u00e9 virtuelle et augment\u00e9e, Scanner et Impression 3D, drone, Robot collaboratif (cobot), digital twin, Big Data, Intelligence Artificielle, Cyber s\u00e9curit\u00e9 des donn\u00e9es et des r\u00e9seaux, etc) et s\u2019interroger sur les comp\u00e9tences \u00e0 mobiliser.<\/p>\n<p><a href=\"https:\/\/limos.fr\/\">#LIMOS<\/a><\/p>\n<\/div>\n\n\n<hr class=\"wp-block-separator has-alpha-channel-opacity\" \/>\n\n\n<header class=\"single-entry-header\">\n<p class=\"entry-title\"><strong>Sandrine Berger-Douce (r\u00e9)\u00e9lue au Comit\u00e9 Territorial de Digital League (2023-2025)<\/strong><\/p>\n<p><sup><span class=\"entry-date\">23\/01\/2023<\/span>&nbsp;<\/sup><\/p>\n<\/header>\n<div class=\"single-entry-content\">\n<p><strong>Sandrine Berger-Douce,&nbsp;<\/strong>directrice adjointe de l\u2019Institut Fayol<strong>,<\/strong>&nbsp;a \u00e9t\u00e9 (r\u00e9)\u00e9lue le 17 janvier 2023 comme membre du Comit\u00e9 Territorial Loire Haute-Loire de Digital League, le cluster des entreprises du num\u00e9rique, pour la p\u00e9riode 2023-25. Elle y repr\u00e9sente Mines Saint-Etienne depuis 2021, ainsi qu\u2019au sein du Bureau r\u00e9gional de Digital League.<\/p>\n<p><img loading=\"lazy\" decoding=\"async\" class=\"alignnone size-full wp-image-2926\" src=\"https:\/\/fayol.wp.imt.fr\/files\/2023\/01\/digital-league.jpg\" alt=\"\" width=\"522\" height=\"293\"><\/p>\n<p><a href=\"https:\/\/www.digital-league.org\/\" target=\"_blank\" rel=\"noopener\">En savoir plus<\/a><\/p>\n<p><a href=\"http:\/\/coactis.org\/\">#Coactis&nbsp;<\/a><\/p>\n<\/div>\n\n\n<hr class=\"wp-block-separator has-alpha-channel-opacity\" \/>\n\n\n<header class=\"single-entry-header\">\n<p class=\"entry-title\"><strong>La croissance durable des start-ups et leurs d\u00e9marches d\u2019internationalisation : la place du Business Model et de la digitalisation.<\/strong><\/p>\n<p><span class=\"entry-date\">23\/01\/2023<\/span><\/p>\n<\/header>\n<div class=\"single-entry-content\">\n<p><a href=\"https:\/\/fayol.wp.imt.fr\/2023\/01\/23\/la-croissance-durable-des-start-ups-et-leurs-demarches-dinternationalisation-la-place-du-business-model-et-de-la-digitalisation\/\"><img loading=\"lazy\" decoding=\"async\" class=\"attachment-thumbnail size-thumbnail wp-post-image alignleft\" src=\"https:\/\/fayol.wp.imt.fr\/files\/2023\/01\/croissance-durable-des-start-ups-150x150.jpg\" alt=\"\" width=\"150\" height=\"150\"><\/a>Le lundi 16 janvier, l\u2019Institut Henri Fayol pr\u00e9sentait son projet de recherche \u00ab&nbsp;croissance durable des start-ups et leurs d\u00e9marches d\u2019internationalisation&nbsp;\u00bb \u00e0 Saint-Etienne M\u00e9tropole.<\/p>\n<p>Un projet men\u00e9 au sein du D\u00e9partement Management Responsable et Innovation par&nbsp;<strong>Jean-Michel Degeorge, Sophie Peillon et Amina Hamani<\/strong>, chercheurs \u00e0 l\u2019Institut Henri Fayol, Mines Saint-Etienne, Laboratoire Coactis, Institut Mines-T\u00e9l\u00e9com.<\/p>\n<p><a href=\"http:\/\/coactis.org\/\">#Coactis&nbsp;<\/a><\/p>\n<\/div>\n\n\n<hr class=\"wp-block-separator has-alpha-channel-opacity\" \/>\n\n\n<header class=\"single-entry-header\">\n<p class=\"entry-title\"><strong><img loading=\"lazy\" decoding=\"async\" class=\"alignleft\" src=\"https:\/\/fayol.wp.imt.fr\/files\/2023\/01\/rimha.jpg\" width=\"219\" height=\"162\">Sandrine Berger-Douce publie un article dans la revue RIMHE (Revue Interdisciplinaire Management, Homme &amp;Entreprise)<\/strong><\/p>\n<p><sup><span class=\"entry-date\">20\/01\/2023<\/span>&nbsp;<\/sup><\/p>\n<\/header>\n<div class=\"single-entry-content\">\n<p><strong>Sandrine Berger-Douce<\/strong>&nbsp;publie un article intitul\u00e9&nbsp;: \u00ab Les facteurs d\u2019engagement soci\u00e9tal des petites et moyennes entreprises&nbsp;: une \u00e9tude de cas unique dans le contexte tunisien \u00bb dans la revue&nbsp;<em>RIMHE&nbsp;<\/em>(vol.11, n\u00b049, 2022, 27-51), co-\u00e9crit avec In\u00e8s M\u2019Hissen et Jouhaina Gherib (Universit\u00e9 de Manouba, ISCAE, Tunis).<\/p>\n<p><strong>R\u00e9sum\u00e9&nbsp;:<\/strong><\/p>\n<p>L\u2019objectif de la recherche est d\u2019apporter un \u00e9clairage aux dynamiques relatives \u00e0 l\u2019engagement soci\u00e9tal des petites et moyennes entreprises (PME). Pour atteindre cet objectif, nous avons cherch\u00e9 \u00e0 retracer la trajectoire de l\u2019engagement des PME envers leurs parties prenantes (PP) et \u00e0 en identifier les facteurs explicatifs. Une \u00e9tude de cas unique d\u2019une PME a \u00e9t\u00e9 men\u00e9e dans le contexte tunisien. La collecte des donn\u00e9es s\u2019est bas\u00e9e sur une triangulation des sources de donn\u00e9es consistant en : 1) des entretiens individuels, dont certains ont \u00e9t\u00e9 r\u00e9p\u00e9t\u00e9s, avec le dirigeant et six membres du personnel ; 2) une observation non participante ; 3) des rapports sociaux et d\u2019autres documents d\u2019entreprise. Nous avons ensuite proc\u00e9d\u00e9 \u00e0 une analyse de contenu th\u00e9matique des diff\u00e9rents mat\u00e9riaux recueillis. En se positionnant dans une approche multi-parties prenantes, l\u2019analyse de l\u2019\u00e9volution de l\u2019engagement soci\u00e9tal met la lumi\u00e8re sur des fluctuations dans la trajectoire de responsabilisation sociale de l\u2019entreprise. Elle montre une orientation des pratiques responsables envers les employ\u00e9s et la soci\u00e9t\u00e9 avec une stabilit\u00e9 relative des pratiques environnementales tout au long de la trajectoire. Nos r\u00e9sultats tendent \u00e9galement \u00e0 mettre en \u00e9vidence que la lecture de l\u2019engagement soci\u00e9tal dans les PME gagnerait \u00e0 d\u00e9passer la focalisation sur les facteurs individuels propres au dirigeant pour int\u00e9grer des facteurs organisationnels et environnementaux.<\/p>\n<p><strong>Mots-cl\u00e9s<\/strong>&nbsp;: engagement soci\u00e9tal, petites et moyennes entreprises (PME), parties prenantes<\/p>\n<p><\/p>\n<p>En savoir plus&nbsp;:&nbsp;<a href=\"https:\/\/www.cairn.info\/revue-rimhe-2022-4-page-27.htm\">https:\/\/www.cairn.info\/revue-rimhe-2022-4-page-27.htm<\/a><\/p>\n<p><a href=\"http:\/\/coactis.org\/\">#Coactis&nbsp;<\/a><\/p>\n<\/div>\n\n\n<hr class=\"wp-block-separator has-alpha-channel-opacity\" \/>\n\n\n<header class=\"single-entry-header\">\n<p class=\"entry-title\"><strong>Natacha Gondran invit\u00e9e de la Croix pour parler couche d\u2019ozone<\/strong><\/p>\n<p><sup><span class=\"entry-date\">16\/01\/2023<\/span><\/sup><\/p>\n<\/header>\n<div class=\"single-entry-content\">\n<p><img loading=\"lazy\" decoding=\"async\" class=\"wp-image-2902 alignleft\" src=\"https:\/\/fayol.wp.imt.fr\/files\/2023\/01\/ozone-2022.jpg\" alt=\"\" width=\"221\" height=\"286\">Le programme de Nation Unies pour l\u2019Environnement vient de rendre public le dernier rapport sur l\u2019\u00e9tat de la couche d\u2019ozone. Selon les experts, couche d\u2019ozone devrait enti\u00e8rement se reconstituer dans les quatre d\u00e9cennies \u00e0 venir, ce qui est une bonne nouvelle.<\/p>\n<p>A l\u2019occasion de la sortie de ce rapport La Croix a interview\u00e9&nbsp;<strong>Natacha Gondran<\/strong>, enseignante-chercheur en Sciences et g\u00e9nie de l\u2019environnement \u00e0 l\u2019institut Henri Fayol de Mines Saint-Etienne, membre de l\u2019UMR 5600 EVS et d\u00e9l\u00e9gu\u00e9e au d\u00e9veloppement durable et \u00e0 la responsabilit\u00e9 sociale et environnementale de Mines Saint-Etienne.<\/p>\n<p>Natacha Gondran a nuanc\u00e9 ce succ\u00e8s en pr\u00e9cisant que parmi les neuves limites plan\u00e9taires identifi\u00e9es, la couche d\u2019ozone est la seule qui soit stabilis\u00e9e et qu\u2019il convient donc de les prendre en consid\u00e9ration d\u2019autant plus qu\u2019elles impliquent des probl\u00e9matiques plus syst\u00e9miques et plus complexes.<\/p>\n<p>Lire l\u2019article de&nbsp;<a href=\"https:\/\/www.la-croix.com\/environnement\/Couche-dozone-voie-reconstitution-peut-parler-dune-victoire-ecologique-2023-01-10-1201250042\" target=\"_blank\" rel=\"noopener\">La Croix<\/a>.<\/p>\n<p><a href=\"https:\/\/umr5600.cnrs.fr\/fr\/accueil\/\">#EVS<\/a><\/p>\n<\/div>\n\n\n<hr class=\"wp-block-separator has-alpha-channel-opacity\" \/>\n\n\n<div class=\"single-entry-details\"><strong>Le Directeur de Mines Saint-Etienne en visite \u00e0 l\u2019Institut Fayol<\/strong><\/div>\n<header class=\"single-entry-header\">\n<p><sup><span class=\"entry-date\">9\/01\/2023<\/span>&nbsp;<\/sup><\/p>\n<\/header>\n<div class=\"single-entry-content\">\n<div class=\"\">\n<div class=\"\">\n<div class=\"\">\n<div class=\"\">\n<div class=\"\"><span class=\"\"><span id=\"OBJ_PREFIX_DWT1005_com_zimbra_date\" class=\"Object\" role=\"link\"><span id=\"OBJ_PREFIX_DWT1019_com_zimbra_date\" class=\"Object\" role=\"link\"><a href=\"https:\/\/fayol.wp.imt.fr\/2023\/01\/09\/le-directeur-de-mines-saint-etienne-en-visite-a-linstitut-fayol\/\"><img loading=\"lazy\" decoding=\"async\" class=\"attachment-thumbnail size-thumbnail wp-post-image alignleft\" src=\"https:\/\/fayol.wp.imt.fr\/files\/2023\/01\/visit-ITM-Fayol-150x150.jpg\" alt=\"\" width=\"150\" height=\"150\"><\/a>Ce vendredi<\/span><\/span>&nbsp;6 janvier, Jacques Fayolle, directeur de Mines Saint-\u00c9tienne est venu \u00e0 la rencontre de l\u2019Institut Henri Fayol.<\/span><\/div>\n<\/div>\n<\/div>\n<\/div>\n<\/div>\n<div class=\"\">\n<div class=\"\">\n<div class=\"\">\n<div class=\"\">\n<div class=\"\"><span class=\"\">Nomm\u00e9 par le ministre de l\u2019\u00e9conomie, des finances et de la relance, Jacques Fayolle a pris ses fonctions de directeur de Mines Saint-\u00c9tienne au 1er&nbsp;<span id=\"OBJ_PREFIX_DWT1006_com_zimbra_date\" class=\"Object\" role=\"link\"><span id=\"OBJ_PREFIX_DWT1020_com_zimbra_date\" class=\"Object\" role=\"link\">mai 2022<\/span><\/span>&nbsp;pour un mandat de 5 ans. C\u2019est donc tout naturellement que la direction de l\u2019Institut Fayol a propos\u00e9 \u00e0 notre nouveau Directeur de venir visiter nos installations pour \u00e9changer sur nos projets et nos engagements&nbsp;<\/span>en tant que centre de formation et de recherche de Mines Saint-Etienne.<\/div>\n<\/div>\n<\/div>\n<\/div>\n<\/div>\n<blockquote class=\"\">\n<div class=\"\">\n<div class=\"\">\n<div class=\"\">\n<div class=\"\">\n<div><img loading=\"lazy\" decoding=\"async\" class=\"alignnone size-full wp-image-2892\" src=\"https:\/\/fayol.wp.imt.fr\/files\/2023\/01\/visit-ITM-Fayol.jpg\" alt=\"\" width=\"1096\" height=\"817\"><\/div>\n<\/div>\n<\/div>\n<\/div>\n<\/div>\n<\/blockquote>\n<div class=\"\">\n<div class=\"\">\n<div class=\"\">\n<div class=\"\">\n<div class=\"\"><span class=\"\">Ainsi, au programme de cette demi-journ\u00e9e intense \u00e0 l\u2019Institut Fayol, figuraient&nbsp;:<\/span><\/div>\n<\/div>\n<\/div>\n<\/div>\n<\/div>\n<div class=\"\">\n<div class=\"\">\n<div class=\"\">\n<div class=\"\">\n<ul>\n<li><span class=\"\">les pr\u00e9sentations de nos d\u00e9partements avec leurs diff\u00e9rents axes de recherche en lien avec nos laboratoires de rattachement,&nbsp;<\/span>leurs actions en formations et en valorisation,<\/li>\n<li><span class=\"\">nos ateliers pluridisciplinaires (inter-d\u00e9partements), \u00ab&nbsp;<strong>DataBat<\/strong>&nbsp;\u00bb sur la r\u00e9alisation d\u2019un jumeau num\u00e9rique de b\u00e2timent et&nbsp;<strong>BENUR<\/strong><\/span><span class=\"\">&nbsp;sur la sobri\u00e9t\u00e9 num\u00e9rique.<\/span><\/li>\n<\/ul>\n<\/div>\n<\/div>\n<\/div>\n<\/div>\n<div class=\"\">\n<div class=\"\">\n<div class=\"\">\n<div class=\"\">\n<div class=\"\"><span class=\"\">Pour terminer cet apr\u00e8s-midi, Jacques Fayolle a pu d\u00e9couvrir nos plateformes technologiques :<\/span><\/div>\n<ul>\n<li><span class=\"\">l\u2019<strong>IT\u2019m Factory<\/strong>, la plateforme de l\u2019industrie du futur, co-construite entre Mines de Saint-Etienne et l\u2019UIMM de la Loire<\/span><span class=\"\">.<\/span><\/li>\n<li><span class=\"\"><strong>Territoire<\/strong>, la plateforme d\u2019observation et d\u2019aide \u00e0 la d\u00e9cision sur des probl\u00e9matiques territoriales.<\/span><span class=\"\">&nbsp;Cette plateforme permet de visualiser \u00e0 la fois l\u2019\u00e9volution de l\u2019objet d\u2019\u00e9tude et&nbsp;des indicateurs s\u00e9lectionn\u00e9s.<\/span><\/li>\n<li><strong>Maq\u2019It<\/strong>&nbsp;qui propose un environnement robotique et logiciel con\u00e7u et dimensionn\u00e9 pour permettre d\u2019exp\u00e9rimenter, d\u2019\u00e9tudier et de former aux probl\u00e9matiques de l\u2019industrie et des territoires du futur.<\/li>\n<\/ul>\n<\/div>\n<\/div>\n<\/div>\n<\/div>\n<div class=\"\">\n<div class=\"\">\n<div class=\"\">\n<div class=\"\">\n<div class=\"\"><span class=\"\">&nbsp;<\/span><\/div>\n<div class=\"\"><span class=\"\">L\u2019Institut Fayol \u00e9tait heureux d\u2019organiser cette rencontre qui fut riche en \u00e9changes et perspectives de recherche.<\/span><\/div>\n<\/div>\n<\/div>\n<\/div>\n<\/div>\n<\/div>\n\n\n<hr class=\"wp-block-separator has-alpha-channel-opacity\" \/>\n\n\n<header class=\"single-entry-header\">\n<p class=\"entry-title\"><strong>F\u00e9licitations \u00e0 St\u00e9phanie Bayard, pour sa soutenance de th\u00e8se<\/strong><\/p>\n<p><sup><span class=\"entry-date\">6\/01\/2023<\/span><\/sup>\u00a0<\/p>\n<\/header>\n<div class=\"single-entry-content\">\n<p>Toutes nos f\u00e9licitations \u00e0\u00a0<strong>St\u00e9phanie Bayard<\/strong>, qui ce 5 janvier a brillamment soutenu sa th\u00e8se intitul\u00e9e\u00a0<strong>\u00ab Proposition d\u2019un cadre m\u00e9thodologique adaptable pour l\u2019\u00e9valuation de la performance d\u2019un syst\u00e8me de planification de la production : Application \u00e0 Demand Driven MRP \u00bb<\/strong>\u00a0\u00e0 l\u2019Institut Henri Fayol de Mines Saint-Etienne.<\/p>\n<p>Cette th\u00e8se, en partenariat avec\u00a0<strong>SPACE Aero,<\/strong>\u00a0est r\u00e9alis\u00e9e au sein du d\u00e9partement G\u00e9nie Math\u00e9matique et Industriel et dirig\u00e9e par Xavier Delorme et Fr\u00e9d\u00e9ric Grimaud, enseignants chercheurs de l\u2019Institut Henri Fayol, Mines Saint-Etienne, Institut Mines-T\u00e9l\u00e9com et Laboratoire d\u2019Informatique, de Mod\u00e9lisation et d\u2019Optimisation des Syst\u00e8mes (LIMOS).<\/p>\n<p>Le jury de th\u00e8se \u00e9tait compos\u00e9 de :<\/p>\n<ul>\n<li><strong>Samir LAMOURI<\/strong>, Professeur, Arts et M\u00e9tiers Paris<\/li>\n<li><strong>Nathalie SAUER<\/strong>, Professeur, Universit\u00e9 de Lorraine<\/li>\n<li><strong>Pierre CASTAGNA<\/strong>, Professeur \u00e9m\u00e9rite, Universit\u00e9 de Nantes<\/li>\n<li><strong>Wahiba KHETTAF<\/strong>, Ma\u00eetre de conf\u00e9rences, Mines Nancy<\/li>\n<li><strong>Jean DESPROGES-GOTTERON<\/strong>, Manager de projet, SPACE Aero<\/li>\n<li><strong>Xavier DELORME<\/strong>, Professeur, Mines Saint Etienne<\/li>\n<li><strong>Fr\u00e9d\u00e9ric GRIMAUD<\/strong>, Professeur, Mines Saint Etienne<\/li>\n<\/ul>\n<p><strong><img loading=\"lazy\" decoding=\"async\" class=\"size-full wp-image-2889 aligncenter\" src=\"https:\/\/fayol.wp.imt.fr\/files\/2023\/01\/these-S-Bayard.jpg\" alt=\"\" width=\"555\" height=\"417\" \/><\/strong><\/p>\n<p><strong>R\u00e9sum\u00e9 :<\/strong><\/p>\n<p>L\u2019environnement \u00e9conomique est souvent caract\u00e9ris\u00e9 par l\u2019acronyme VUCA (Volatile, Incertain, Complexe et Ambigu) pour d\u00e9crire les fortes perturbations qu\u2019il subit. Les cons\u00e9quences sur les entreprises industrielles sont fortes et poussent les entreprises \u00e0 investiguer de nouvelles solutions pour maintenir ou am\u00e9liorer leur performance.<\/p>\n<p>Parmi elles, l\u2019adaptation ou le changement du syst\u00e8me de pilotage de la production offre des perspectives int\u00e9ressantes, conduisant \u00e0 l\u2019\u00e9mergence de nouvelles m\u00e9thodes de planification int\u00e9gr\u00e9es au sein des syst\u00e8mes de Production Planning and Control (PPC). La question du contexte de performance de ces nouvelles m\u00e9thodes se pose afin de les int\u00e9grer dans les choix potentiels. La revue de litt\u00e9rature montre que les principaux PPC peuvent \u00eatre utilis\u00e9s dans plusieurs contextes industriels ce qui laisse supposer qu\u2019une \u00e9valuation plus fine est n\u00e9cessaire pour choisir un PPC adapt\u00e9. D\u00e8s lors, il parait essentiel d\u2019\u00e9valuer leur performance de fa\u00e7on globale en int\u00e9grant \u00e0 la fois les retours d\u2019exp\u00e9riences des utilisateurs et une analyse objective de leur comportement.<\/p>\n<p>Face \u00e0 cette probl\u00e9matique, nous avons d\u00e9velopp\u00e9 un cadre m\u00e9thodologique r\u00e9pondant \u00e0 ce besoin. Nous proposons une approche bas\u00e9e sur 3 phases dont l\u2019utilisation et le contenu sont adaptables en fonction du contexte industriel et des objectifs fix\u00e9s. La proposition faite comprend le cadre lui-m\u00eame mais \u00e9galement un ensemble d\u2019outils et de m\u00e9thodes permettant de comprendre, positionner et \u00e9valuer qualitativement et quantitativement le PPC \u00e9tudi\u00e9. L\u2019utilisation de ce cadre est illustr\u00e9e \u00e0 travers l\u2019\u00e9tude de la m\u00e9thode Demand Driven Material Requirement Planning (DDMRP).<\/p>\n<p><a href=\"https:\/\/limos.fr\/\">#LIMOS<\/a><\/p>\n<\/div>\n\n\n<!--nextpage-->\n\n\n\n<div class=\"fixed-top-menu-spacer\" style=\"height: 65px\">\n                    <ul class=\"fixed-top-menu\">\n\n<li class=\"page_item page-item-631\"><a href=\"..\/..\/actualites\/\">Au fil de l&rsquo;eau<\/a><\/li>\n<li class=\"page_item page-item-643  current_page_item\"><a href=\"#\">Offres<\/a><\/li>\n<li class=\"page_item page-item-637\"><a href=\"..\/3\/\">Ev\u00e9nements<\/a><\/li>\n<li class=\"page_item page-item-652\"><a href=\"..\/journees-fayol\/\">Journ\u00e9es Fayol<\/a><\/li>\n<li class=\"page_item page-item-637\"><a href=\"..\/archives-2021-2022\/\">Archives 2021-2022<\/a><\/li>\n<li class=\"page_item page-item-637\"><a href=\"..\/archives-2018-2020\/\">Archives 2018-2020<\/a><\/li>\n\n\n                    <\/ul>\n                <\/div>\n\n\n\n<h3 class=\"wp-block-heading\" id=\"offres-emplois-theses\">Offres, emplois, th\u00e8ses&#8230;<\/h3>\n\n\n\n<p><strong>L\u2019Institut Fayol recherche un ma\u00eetre de conf\u00e9rences en r\u00e9silience des territoires et gestion des risques<\/strong><\/p>\n\n\n\n<p><sup>8\/02\/2023&nbsp;<\/sup><\/p>\n\n\n<div class=\"wp-block-image\">\n<figure class=\"alignleft\"><a href=\"https:\/\/fayol.wp.imt.fr\/2023\/02\/08\/linstitut-fayol-recherche-un-maitre-de-conferences-en-resilience-des-territoires-et-gestion-des-risques\/\"><img decoding=\"async\" src=\"https:\/\/fayol.wp.imt.fr\/files\/2023\/01\/climate-change-g14338d1ad_640-150x150.jpg\" alt=\"\" \/><\/a><\/figure>\n<\/div>\n\n\n<p>Vous&nbsp;\u00eates int\u00e9ress\u00e9 par la&nbsp;<strong>recherche dans le domaine de la transition \u00e9cologique et industrielle<\/strong>&nbsp;qui est au c\u0153ur de l\u2019efficience, de la r\u00e9silience et de la durabilit\u00e9 de l\u2019industrie et des territoires du futur.&nbsp;Vous&nbsp;aimeriez&nbsp;int\u00e9grer&nbsp;un&nbsp;<strong>centre de recherche pluridisciplinaire<\/strong>&nbsp;qui met en synergie des comp\u00e9tences fortes en g\u00e9nie de l\u2019environnement pour les organisations mais aussi en g\u00e9nie math\u00e9matique et industriel, en informatique et syst\u00e8mes intelligents et en management responsable.<\/p>\n\n\n\n<p>Vous \u00eates titulaire d\u2019un&nbsp;<strong>doctorat en Sciences et g\u00e9nie de l\u2019environnement<\/strong>, l\u2019Institut Henri Fayol, un centre de recherche de Mines Saint-Etienne, a besoin de vous&nbsp;!<\/p>\n\n\n\n<p>Le d\u00e9partement de recherche que vous int\u00e9grerez au sein de notre institut a pour objectif d\u2019accompagner la transition des syst\u00e8mes industriels et territoriaux vers une meilleure r\u00e9silience vis \u00e0 vis des enjeux et des risques environnementaux. Pour cela, nos chercheurs apportent des solutions nouvelles en mati\u00e8re d\u2019analyse, de mod\u00e9lisation et d\u2019\u00e9valuation environnementale des syst\u00e8mes industriels et territoriaux dans un double contexte d\u2019industrie et de ville durables, par des approches globales reposant sur une vision syst\u00e9mique et la recherche intervention. Le d\u00e9partement G\u00e9nie de l\u2019Environnement pour les Organisations est \u00e9galement membre du Laboratoire CNRS UMR 5600 Environnement Ville et Soci\u00e9t\u00e9 (EVS) dans lequel il est fortement impliqu\u00e9.<\/p>\n\n\n\n<p>Votre mission en termes d\u2019enseignements couvrira un spectre assez large afin de contribuer \u00e0 l\u2019effort de Mines Saint-Etienne pour int\u00e9grer encore davantage les enjeux de la transition \u00e9cologique dans l\u2019ensemble de ses enseignements.<\/p>\n\n\n\n<p>Les dossiers de candidature sont \u00e0 d\u00e9poser sur la plateforme RECRUITEE le 14 avril 2023 au plus tard.<\/p>\n\n\n\n<p>Date de prise de fonction souhait\u00e9e : le 1er octobre 2023.<\/p>\n\n\n\n<p>N\u2019h\u00e9sitez pas \u00e0 postuler et\/ou \u00e0 partager !<\/p>\n\n\n\n<p><a href=\"https:\/\/fayol.wp.imt.fr\/files\/2023\/02\/MSE_EVS_FAYOL_maitre_conferences_CDGIMT_RESILIENCETERRITOIRE_2023_DEFINITIF.pdf\">Consulter l\u2019offre pour les modalit\u00e9s de candidature<\/a><\/p>\n\n\n\n<p><a href=\"https:\/\/umr5600.cnrs.fr\/fr\/accueil\/\">#EVS<\/a><\/p>\n\n\n\n<hr class=\"wp-block-separator has-alpha-channel-opacity\" \/>\n\n\n\n<p><strong>Offre de Stage pour travailler sur le design, la communication et le marketing dans le cadre du d\u00e9veloppement d\u2019un jeu s\u00e9rieux sur l\u2019\u00e9cologie industrielle.<\/strong><\/p>\n\n\n\n<p><sup>31\/01\/2023<\/sup><\/p>\n\n\n\n<p><img loading=\"lazy\" decoding=\"async\" src=\"https:\/\/fayol.wp.imt.fr\/files\/2022\/07\/Equipe-tamolaviva.jpg\" width=\"1123\" height=\"787\">A l\u2019Institut Henri Fayol, nous recherchons un(e) stagiaire (Licence 3, bachelor, M1, M2) pour participer \u00e0 un projet de jeu s\u00e9rieux qui a d\u00e9j\u00e0 obtenu le prix de l\u2019innovation p\u00e9dagogique de l\u2019Institut Mines T\u00e9l\u00e9com en 2022.<\/p>\n\n\n\n<p>Ce jeu innovant permet d\u2019aborder de fa\u00e7on p\u00e9dagogique les probl\u00e9matiques de l\u2019\u00e9cologie industrielle et territoriale en mettant en situation des acteurs du territoire, qui sont en fait les joueurs eux m\u00eame.<\/p>\n\n\n\n<p>L\u2019objectif du stage est de contribuer \u00e0 finaliser les supports de jeu (kit p\u00e9dagogique) et de lancer la phase de communication.<\/p>\n\n\n\n<p>Ce stage, de stage de 3 \u00e0 5 mois, se d\u00e9roulera \u00e0 l\u2019<strong><a href=\"https:\/\/www.linkedin.com\/company\/mines-st-etienne\/\">\u00c9cole des Mines de Saint-\u00c9tienne<\/a><\/strong>-Etienne, Institut Henri Fayol. La date limite des candidatures est fix\u00e9e au&nbsp;<strong>22 f\u00e9vrier 2023<\/strong>.<\/p>\n\n\n\n<p>L\u2019institut Henri Fayol est un centre de formation et de recherche de l\u2019\u00c9cole des Mines de Saint-\u00c9tienne, qui s\u2019int\u00e9resse aux transitions num\u00e9rique, \u00e9cologique et industrielle qui sont au c\u0153ur de l\u2019efficience, de la&nbsp;<strong><a href=\"https:\/\/www.linkedin.com\/feed\/hashtag\/?keywords=r%C3%A9silience&amp;highlightedUpdateUrns=urn%3Ali%3Aactivity%3A7025739545602097152\">#r\u00e9silience<\/a><\/strong>&nbsp;et de la&nbsp;<strong><a href=\"https:\/\/www.linkedin.com\/feed\/hashtag\/?keywords=durabilit%C3%A9&amp;highlightedUpdateUrns=urn%3Ali%3Aactivity%3A7025739545602097152\">#durabilit\u00e9<\/a><\/strong>&nbsp;de l\u2019industrie et des territoires du futur.<\/p>\n\n\n\n<p><strong><a href=\"https:\/\/fayol.wp.imt.fr\/files\/2023\/01\/AAC_stage_Comm_MSE_2023.pdf\">Consulter l\u2019offre<\/a><\/strong><\/p>\n\n\n\n<p><strong>Vid\u00e9o de pr\u00e9sentation du jeu<\/strong><\/p>\n\n\n\n<figure class=\"wp-block-embed is-type-video is-provider-youtube wp-block-embed-youtube wp-embed-aspect-16-9 wp-has-aspect-ratio\"><div class=\"wp-block-embed__wrapper\">\n<iframe loading=\"lazy\" title=\"N\u00e9gocier un projet d&#039;\u00e9cologie industrielle territoriale, Mines Saint \u00c9tienne\" width=\"640\" height=\"360\" src=\"https:\/\/www.youtube.com\/embed\/eJYwBX7ij1k?feature=oembed\" frameborder=\"0\" allow=\"accelerometer; autoplay; clipboard-write; encrypted-media; gyroscope; picture-in-picture; web-share\" referrerpolicy=\"strict-origin-when-cross-origin\" allowfullscreen><\/iframe>\n<\/div><\/figure>\n\n\n\n<p><a href=\"https:\/\/fayol.wp.imt.fr\/2022\/07\/07\/linstitut-fayol-laureat-du-prix-de-la-pedagogie-2022\/\">En savoir plus sur le jeu TAMO LAVIVA<\/a><\/p>\n\n\n\n<p><a href=\"https:\/\/umr5600.cnrs.fr\/fr\/accueil\/\">#EVS&nbsp;<\/a><a href=\"http:\/\/coactis.org\/\">#Coactis&nbsp;<\/a><\/p>\n\n\n\n<hr class=\"wp-block-separator has-alpha-channel-opacity\" \/>\n\n\n<div class=\"single-entry-details\"><strong style=\"font-size: revert;color: initial\">Offre de Stage de Master sur la probl\u00e9matique de conservation des aliments pour un \u00e9co-village<\/strong><\/div>\n<header class=\"single-entry-header\">\n<p><sup><span class=\"entry-date\">27\/01\/2023<\/span>&nbsp;<\/sup><\/p>\n<\/header>\n<div class=\"single-entry-content\">\n<p><a href=\"https:\/\/fayol.wp.imt.fr\/2023\/01\/27\/offre-de-stage-de-master-sur-la-problematique-de-conservation-des-aliments-pour-un-eco-village\/\"><img loading=\"lazy\" decoding=\"async\" class=\"attachment-thumbnail size-thumbnail wp-post-image alignleft\" src=\"https:\/\/fayol.wp.imt.fr\/files\/2023\/01\/vegetables-gd65475012_640-150x150.jpg\" alt=\"\" width=\"150\" height=\"150\"><\/a>A l\u2019Institut Henri Fayol, nous cherchons un(e) stagiaire de Master pour participer \u00e0 un projet de recherche soutenu par l\u2019Agence Nationale de la Recherche (ANR-20-CE10-0006).<\/p>\n<p>L\u2019objectif de ce stage est de mieux comprendre quels sont les modes de consommation des aliments mis en \u0153uvre dans un \u00e9co-village&nbsp;: quels sont les besoins des habitants, du territoire et quels sont les outils qui permettent de d\u00e9velopper ensemble (co-conception) des syst\u00e8mes de conservation les mieux adapt\u00e9s.<\/p>\n<p>Au travers d\u2019un ou deux s\u00e9jours dans un \u00ab&nbsp;\u00e9co-hameau&nbsp;\u00bb le ou la stagiaire devra \u00e9tudier le fonctionnement de l\u2019organisation du syst\u00e8me alimentaire et cerner les dispositifs mis en \u0153uvre afin de mieux comprendre les besoins r\u00e9els d\u2019un l\u2019\u00e9co-village.<\/p>\n<p>Ce stage, de stage de 4 \u00e0 6 mois, se d\u00e9roulera \u00e0 Mines Saint-Etienne, Institut Henri Fayol. La date limite des candidatures est fix\u00e9e au 15 f\u00e9vrier 2023.<\/p>\n<p>L\u2019institut Henri Fayol est un centre de formation et de recherche de l\u2019<a href=\"https:\/\/www.linkedin.com\/company\/mines-st-etienne\/\" data-attribute-index=\"0\" data-entity-hovercard-id=\"urn:li:fs_miniCompany:527715\" data-entity-type=\"MINI_COMPANY\">\u00c9cole des Mines de Saint-\u00c9tienne<\/a>, qui s\u2019int\u00e9resse aux transitions num\u00e9rique, \u00e9cologique et industrielle qui sont au c\u0153ur de l\u2019efficience, de la r\u00e9silience et de la durabilit\u00e9 de l\u2019industrie et des territoires du futur.<\/p>\n<p><a href=\"https:\/\/fayol.wp.imt.fr\/files\/2023\/01\/AAC_stage_MSE2023.pdf\">Consulter l\u2019offre<\/a>.<\/p>\n<p><a href=\"https:\/\/umr5600.cnrs.fr\/fr\/accueil\/\">#EVS<\/a><\/p>\n<\/div>\n\n\n<hr class=\"wp-block-separator has-alpha-channel-opacity\" \/>\n\n\n<header class=\"single-entry-header\">\n<p class=\"entry-title\"><strong>Offre de stage master recherche \u00ab Nouvelles formes d\u2019organisation et entreprise \u00e0 impact social et environnemental positif\u00bb<\/strong><\/p>\n<p><sup><span class=\"entry-date\">23\/01\/2023<\/span>&nbsp;<\/sup><\/p>\n<\/header>\n<div class=\"single-entry-content\">\n<p><a href=\"https:\/\/fayol.wp.imt.fr\/2023\/01\/23\/stage-master-recherche-nouvelles-formes-dorganisation-et-entreprise-a-impact-social-et-environnemental-positif\/\"><img loading=\"lazy\" decoding=\"async\" class=\"attachment-thumbnail size-thumbnail wp-post-image alignleft\" src=\"https:\/\/fayol.wp.imt.fr\/files\/2019\/04\/business-2884023_1920-150x150.jpg\" alt=\"\" width=\"150\" height=\"150\"><\/a>A l\u2019Institut Henri Fayol, nous cherchons un stagiaire pour participer \u00e0 un projet de recherche sur les nouvelles formes d\u2019organisation comme les entreprises lib\u00e9r\u00e9es, l\u2019holacratie et les permaentreprises.<\/p>\n<p>Ces entreprises sont souvent pr\u00e9sent\u00e9es comme des innovations manag\u00e9riales et des mod\u00e8les organisationnels d\u2019avenir. Elles reposent notamment sur des modes de management plus d\u00e9mocratiques, et une culture ouverte, fond\u00e9e sur des valeurs fortes de responsabilit\u00e9 soci\u00e9tale.<\/p>\n<p>L\u2019objectif du stage est de d\u00e9terminer en quoi ces nouvelles formes d\u2019organisation sont susceptibles de contribuer \u00e0 l\u2019\u00e9mergence d\u2019entreprises \u00e0 \u00ab&nbsp;impact&nbsp;\u00bb, c\u2019est-\u00e0-dire engag\u00e9es dans des pratiques \u00e0 impact social et environnemental positif.<\/p>\n<p>Il s\u2019agit donc dans un premier temps de caract\u00e9riser ces diff\u00e9rentes formes d\u2019organisation puis d\u2019analyser la mani\u00e8re dont elles peuvent contribuer \u00e0 la cr\u00e9ation d\u2019impacts sociaux et environnementaux positifs. La m\u00e9thode de recherche sera qualitative, bas\u00e9e sur des \u00e9tudes de cas. Plusieurs entreprises ont \u00e9t\u00e9 identifi\u00e9es comme des cas potentiellement mobilisables.<\/p>\n<p>L\u2019institut Henri Fayol est un centre de formation et de recherche de l\u2019<b><a href=\"https:\/\/www.linkedin.com\/company\/mines-st-etienne\/\" data-attribute-index=\"0\" data-entity-hovercard-id=\"urn:li:fs_miniCompany:527715\" data-entity-type=\"MINI_COMPANY\">\u00c9cole des Mines de Saint-\u00c9tienne<\/a><\/b>, qui s\u2019int\u00e9resse aux transitions num\u00e9rique, \u00e9cologique et industrielle qui sont au c\u0153ur de l\u2019efficience, de la r\u00e9silience et de la durabilit\u00e9 de l\u2019industrie et des territoires du futur.<\/p>\n<p><a href=\"https:\/\/fayol.wp.imt.fr\/files\/2023\/01\/Offre_stage_master_NFO_2.pdf\">Consulter l\u2019offre<\/a>.<\/p>\n<p><a href=\"http:\/\/coactis.org\/\">#Coactis&nbsp;<\/a><\/p>\n<\/div>\n\n\n<hr class=\"wp-block-separator has-alpha-channel-opacity\" \/>\n\n\n<p><strong>Offre de Stage de Master en Machine Learning pour analyse de d\u00e9faillance dans l\u2019industrie.<\/strong><\/p>\n<header class=\"single-entry-header\">\n<p><sup><span class=\"entry-date\">20\/01\/2023<\/span><\/sup>&nbsp;<\/p>\n<\/header>\n<div class=\"single-entry-content\">\n<p><img decoding=\"async\" class=\"alignleft\" src=\"https:\/\/fayol.wp.imt.fr\/files\/2022\/11\/industry-gd951644db_640-150x150.jpg\">A l\u2019Institut Henri Fayol, nous cherchons un stagiaire pour participer \u00e0 un projet de recherche soutenu par l\u2019Europe via le programme de recherche international Penta : Eurecka cluster.<\/p>\n<p>L\u2019anticipation des d\u00e9faillances est un enjeu majeur pour les industriels. Ainsi l\u2019analyse des d\u00e9faillances pass\u00e9es \u00e0 l\u2019aide de m\u00e9thodes de \u00ab&nbsp;Machine Learning&nbsp;\u00bb et ou \u00ab&nbsp;Statistical Learning&nbsp;\u00bb peuvent permettre d\u2019analyser les causes fondamentales de d\u00e9faillance.<\/p>\n<p>L\u2019objectif de ce stage est donc de participer \u00e0 tester les m\u00e9thodes de Machine Learning\/Statistical Learning d\u00e9velopp\u00e9es par l\u2019Institut Henri Fayol, sur des jeux de donn\u00e9es r\u00e9elles fournis par des industriels.<\/p>\n<p>L\u2019institut Henri Fayol est un centre de formation et de recherche de l\u2019<a href=\"https:\/\/www.linkedin.com\/company\/mines-st-etienne\/\" data-attribute-index=\"0\" data-entity-hovercard-id=\"urn:li:fs_miniCompany:527715\" data-entity-type=\"MINI_COMPANY\">\u00c9cole des Mines de Saint-\u00c9tienne<\/a>, qui s\u2019int\u00e9resse aux transitions num\u00e9rique, \u00e9cologique et industrielle qui sont au c\u0153ur de l\u2019efficience, de la r\u00e9silience et de la durabilit\u00e9 de l\u2019industrie et des territoires du futur.<\/p>\n<p><a href=\"https:\/\/fayol.wp.imt.fr\/files\/2023\/01\/2022_MasterSubject_FA4.0-1.pdf\">Consulter l\u2019offre<\/a><\/p>\n<p><a href=\"https:\/\/limos.fr\/\">#LIMOS<\/a><\/p>\n<\/div>\n\n\n<hr class=\"wp-block-separator has-alpha-channel-opacity\" \/>\n\n\n<div class=\"single-entry-details\"><strong>Offre de stage de Master : Acceptation de l\u2019innovation dans un secteur traditionnel<\/strong><\/div>\n<header class=\"single-entry-header\">\n<p><sup><span class=\"entry-date\">12\/01\/2023<\/span>&nbsp;<\/sup><\/p>\n<\/header>\n<div class=\"single-entry-content\">\n<p><strong><a href=\"https:\/\/fayol.wp.imt.fr\/2023\/01\/12\/offre-de-stage-de-master-acceptation-de-linnovation-dans-un-secteur-traditionnel\/\"><img loading=\"lazy\" decoding=\"async\" class=\"attachment-thumbnail size-thumbnail wp-post-image alignleft\" src=\"https:\/\/fayol.wp.imt.fr\/files\/2023\/01\/animals-ge9edcd642_640-150x150.jpg\" alt=\"\" width=\"150\" height=\"150\"><\/a>Contexte du stage<\/strong><\/p>\n<p>MINES SAINT-ETIENNE, membre de l\u2019Institut Mines-T\u00e9l\u00e9com, est une \u00e9cole d\u2019ing\u00e9nieurs d\u00e9di\u00e9e \u00e0 la formation d\u2019ing\u00e9nieurs g\u00e9n\u00e9ralistes et de sp\u00e9cialit\u00e9s de haut niveau, d\u00e9ployant une recherche orient\u00e9e vers l\u2019industrie. L\u2019une des missions de Mines Saint-\u00c9tienne est la recherche scientifique au meilleur niveau et sa valorisation pour l\u2019am\u00e9lioration de la comp\u00e9titivit\u00e9 des entreprises.<\/p>\n<p>Son centre Institut Henri Fayol (IHF) est un centre de recherche et d\u2019enseignement de Mines Saint-Etienne, positionn\u00e9 notamment sur les domaines suivants : G\u00e9nie industriel, Math\u00e9matiques Appliqu\u00e9es, Intelligence Artificielle, Environnement, \u00c9conomie &amp; Management, Sciences Humaines et Sociales, Entrepreneuriat, o\u00f9 il apporte une expertise en Aide \u00e0 la d\u00e9cision pour l\u2019entreprise et les territoires \u00e0 travers une vision \u00e0 la fois quantitative, informatique et manag\u00e9riale ; Performance globale, risque industriel, innovation et changement en entreprise, conception produits et syst\u00e8mes de production, web des donn\u00e9es, syst\u00e8mes autonomes intelligents, logistique urbaine, RSE et \u00e9valuation environnementale. Le d\u00e9partement Management Responsable et Innovation (MRI) propose un stage sur 5 mois se d\u00e9roulant dans les locaux de Mines Saint-Etienne, cours Fauriel.<\/p>\n<p>Ce stage s\u2019inscrit dans le cadre d\u2019un projet de recherche d\u2019une th\u00e8se CIFRE qui vise \u00e0 mieux comprendre sur les conditions d\u2019acceptation de l\u2019innovation dans un secteur traditionnel. Le terrain de cette th\u00e8se sera constitu\u00e9 des entreprises de la fili\u00e8re \u00e9quine.<\/p>\n<p>L\u2019objectif principal de ce stage est de r\u00e9aliser une revue de litt\u00e9rature sur la question de la r\u00e9ussite de l\u2019innovation dans une fili\u00e8re traditionnelle. Au-del\u00e0 de cette revue de litt\u00e9rature, il conviendra de&nbsp;:<\/p>\n<ul>\n<li>R\u00e9colter des donn\u00e9es secondaires.<\/li>\n<li>Constituer une base de donn\u00e9es (entreprises innovantes de la fili\u00e8re, anciennes et actuelles \u2026).<\/li>\n<li>Pr\u00e9parer une \u00e9tude qualitative et r\u00e9aliser des entretiens \u00e9ventuels.<\/li>\n<li>Aider \u00e0 la pr\u00e9paration d\u2019une enqu\u00eate quantitative.<\/li>\n<li>R\u00e9diger un document de synth\u00e8se<\/li>\n<li>Communiquer les r\u00e9sultats obtenus aupr\u00e8s de diff\u00e9rentes instances : r\u00e9unions, pr\u00e9sentation aux d\u00e9partements de l\u2019Institut Fayol, acteurs en lien avec la th\u00e8se \u2026<\/li>\n<\/ul>\n<p>Ce projet se d\u00e9roulera sur une dur\u00e9e de 5 mois, entre mars et ao\u00fbt 2023, avec une possibilit\u00e9 d\u2019ajuster le d\u00e9but et la fin du stage au sein de cette p\u00e9riode. Il sera bas\u00e9 \u00e0 Saint-Etienne au sein de l\u2019Institut Henri Fayol de l\u2019Ecole des Mines.<\/p>\n<p>Indemnit\u00e9 de stage : environ 550\u20ac\/mois et prise en charge des frais de mission \u00e9ventuels.<\/p>\n<p><strong>&nbsp;<\/strong><\/p>\n<p><strong>Profil recherch\u00e9<\/strong><br>Le stage s\u2019adresse \u00e0 des \u00e9tudiants de niveau Master 2 recherche (de pr\u00e9f\u00e9rence) en sciences \u00e9conomiques et de gestion.<\/p>\n<p><strong>Comment candidater<\/strong><br>Envoyez votre CV et votre lettre de motivation \u00e0 &#x6a;&#101;a&#x6e;&#45;m&#x69;&#99;h&#x65;&#108;&#46;&#x64;&#101;g&#x65;&#111;r&#x67;&#101;&#64;&#x65;&#109;s&#x65;&#46;f&#x72; avant le 1<sup>er<\/sup>&nbsp;f\u00e9vrier 2023, en mettant \u00ab candidature stage Innovation \u00bb dans l\u2019objet du mail.<\/p>\n<p>Des entretiens seront organis\u00e9s en pr\u00e9sentiel ou en visio-conf\u00e9rence.<\/p>\n<p><a href=\"http:\/\/coactis.org\/\">#Coactis&nbsp;<\/a><\/p>\n<\/div>\n\n\n<hr class=\"wp-block-separator has-alpha-channel-opacity\" \/>\n\n\n<div class=\"single-entry-details\"><strong>Offre de stage de Master : Construction d\u2019un WEB-SIG territorial pour la gestion des d\u00e9chets<\/strong><\/div>\n<header class=\"single-entry-header\">\n<p><sup><span class=\"entry-date\">5\/01\/2023<\/span><\/sup>&nbsp;<\/p>\n<\/header>\n<div class=\"single-entry-content\">\n<p><strong><a href=\"https:\/\/fayol.wp.imt.fr\/2023\/01\/05\/offre-de-stage-de-master-construction-dun-web-sig-territorial-pour-la-gestion-des-dechets\/\"><img loading=\"lazy\" decoding=\"async\" class=\"attachment-thumbnail size-thumbnail wp-post-image alignleft\" src=\"https:\/\/fayol.wp.imt.fr\/files\/2021\/09\/visuel_Une_gestion-des-dechets-decentraliser-150x150.jpg\" alt=\"\" width=\"150\" height=\"150\"><\/a>Contexte<\/strong><\/p>\n<p>La&nbsp;<a href=\"https:\/\/territoire.emse.fr\/\" target=\"_blank\" rel=\"noopener\">plateforme Territoire<\/a>&nbsp;d\u00e9velopp\u00e9e aux Mines de Saint-Etienne est un outil pour la conception et l\u2019ex\u00e9cution de syst\u00e8mes d\u2019aide \u00e0 la d\u00e9cision territoriale d\u00e9j\u00e0 utilis\u00e9e sur plusieurs secteurs (b\u00e2timent, logistique, mobilit\u00e9). Reposant sur des applications modulaires et \u00e9volutives, elle permet notamment de d\u00e9velopper des WEB-SIG pour prendre en compte les dynamiques des territoires et d\u2019ajuster les param\u00e8tres des strat\u00e9gies collectives de gestion.<\/p>\n<p><strong>Objectifs du stage<\/strong><\/p>\n<p>L\u2019objectif de ce stage est de renforcer la composante \u00ab Gestion des d\u00e9chets \u00bb de la plateforme Territoire. La gestion des d\u00e9chets peut \u00eatre d\u00e9finie comme un ensemble de pratiques et de processus r\u00e9sultant d\u2019interactions entre d\u2019une part des individus et d\u2019autre part un territoire, caract\u00e9ris\u00e9 par un contexte g\u00e9ographique et socio-\u00e9conomique, des infrastructures ou encore des contraintes r\u00e9glementaires. Ces diff\u00e9rents \u00e9l\u00e9ments ont une influence sur la pertinence environnementale, sociale et \u00e9conomique d\u2019un sc\u00e9nario de traitement de d\u00e9chets, et doivent pouvoir \u00eatre pris en compte et mod\u00e9lis\u00e9s. Ainsi, le r\u00e9sultat final de ce stage sera de pouvoir disposer d\u2019un observatoire de la donn\u00e9e qui permettra de mod\u00e9liser par la suite diff\u00e9rents sc\u00e9narios de collecte et de traitement des d\u00e9chets. En particulier, les points de collecte, le volume de d\u00e9chets g\u00e9n\u00e9r\u00e9s et les sites de traitement existants seront \u00e0 cartographier avec leurs attributs. Le territoire de Saint-Etienne M\u00e9tropole pourra \u00eatre pris comme cas d\u2019\u00e9tude. Le stage se d\u00e9roulera en plusieurs \u00e9tapes :<\/p>\n<ul>\n<li>Collecte et estimation des donn\u00e9es \u00e0 partir de bases de donn\u00e9es existantes et autres documents (volume de d\u00e9chets, localisation des gisements et des sites de traitement)<\/li>\n<li>Recensement des composants de la plateforme Territoire pertinents pour la gestion des d\u00e9chets<\/li>\n<li>Structuration des donn\u00e9es dans une base<\/li>\n<li>D\u00e9veloppement d\u2019une interface web utilisateur avec un WEB-SIG<\/li>\n<li>Validation des estimations obtenues<\/li>\n<\/ul>\n<p><strong>Dates et conditions de d\u00e9roulement de stage<\/strong><\/p>\n<p>Ce stage se d\u00e9roulera sur une dur\u00e9e de 5 \u00e0 6 mois, entre mars et ao\u00fbt 2023, avec une possibilit\u00e9 d\u2019ajuster le d\u00e9but et la fin du stage au sein de cette p\u00e9riode. Il sera bas\u00e9 \u00e0 Saint[1]Etienne au sein de l\u2019Institut Henri Fayol de l\u2019Ecole des Mines. Indemnit\u00e9 de stage environ 550\u20ac\/mois et prise en charge des frais de mission.<\/p>\n<p>Il sera supervis\u00e9 par Audrey Tanguy, enseignante-chercheure sp\u00e9cialis\u00e9e en g\u00e9nie de l\u2019environnement, et Fabien Badeig, ing\u00e9nieur de recherche pour la plateforme Territoire \u00e0 l\u2019Ecole des Mines de Saint-Etienne.<\/p>\n<p><strong>Profil recherch\u00e9<\/strong><\/p>\n<p>Le stage s\u2019adresse \u00e0 des \u00e9tudiants de niveau master, sp\u00e9cialis\u00e9s en informatique, avec des connaissances sur les technologies web (nodejs, jquery, \u2026), les bases de donn\u00e9es avec PostgreSQL et l\u2019extension spatiale PostGIS. Le stagiaire pourra d\u00e9velopper de nouveaux modules ou indicateurs avec un langage de programmation (python, java, C++). Une app\u00e9tence pour les syst\u00e8mes d\u2019information g\u00e9ographiques (mapserver, openlayers, \u2026) serait appr\u00e9ciable.<\/p>\n<p><strong>Comment candidater<\/strong><\/p>\n<p>Envoyer CV et lettre de motivation \u00e0&nbsp;<a href=\"&#x6d;&#97;i&#x6c;&#116;o&#x3a;&#97;u&#x64;&#114;e&#x79;&#46;t&#x61;&#x6e;g&#x75;&#x79;&#64;&#x65;&#x6d;&#115;&#x65;&#x2e;&#102;r\">audrey&#46;t&#97;&#110;&#103;&#117;&#121;&#64;&#101;&#109;&#115;&#101;&#x2e;&#x66;&#x72;<\/a>&nbsp;et&nbsp;<a href=\"mai&#108;&#116;&#111;&#x3a;&#x66;&#x61;&#x62;&#x69;&#x65;n&#46;b&#97;&#100;&#101;&#105;&#x67;&#x40;&#x65;&#x6d;&#x73;&#x65;&#46;fr\">&#102;&#x61;&#98;&#x69;&#101;&#x6e;&#46;&#x62;a&#x64;e&#105;&#x67;&#64;&#x65;&#109;&#x73;&#101;&#x2e;f&#x72;<\/a>&nbsp;avant le 3<strong>0 janvier 2023<\/strong>, en mettant \u00ab&nbsp;<strong>candidature stage Territoire<\/strong>&nbsp;\u00bb dans l\u2019objet du mail.<\/p>\n<p>Des entretiens seront organis\u00e9s par visio-conf\u00e9rence si le pr\u00e9sentiel n\u2019est pas possible<\/p>\n<p><strong>Consulter l\u2019offre :&nbsp;<a href=\"https:\/\/fayol.wp.imt.fr\/files\/2023\/01\/Stage-master_WebSIG_dechets_Mines.pdf\">Stage master_WebSIG_dechets_Mines<\/a><\/strong><\/p>\n<p><strong>&nbsp;<\/strong><a href=\"https:\/\/umr5600.cnrs.fr\/fr\/accueil\/\">#EVS<\/a><\/p>\n<\/div>\n\n\n<!--nextpage-->\n\n\n\n<div class=\"fixed-top-menu-spacer\" style=\"height: 65px\">\n                    <ul class=\"fixed-top-menu\">\n\n<li class=\"page_item page-item-631\"><a href=\"..\/..\/actualites\/\">Au fil de l&rsquo;eau<\/a><\/li>\n<li class=\"page_item page-item-643 \"><a href=\"..\/2\/\">Offres<\/a><\/li>\n<li class=\"page_item page-item-637  current_page_item\"><a href=\"#\">Ev\u00e9nements<\/a><\/li>\n<li class=\"page_item page-item-652\"><a href=\"..\/journees-fayol\/\">Journ\u00e9es Fayol<\/a><\/li>\n<li class=\"page_item page-item-637\"><a href=\"..\/archives-2021-2022\/\">Archives 2021-2022<\/a><\/li>\n<li class=\"page_item page-item-637\"><a href=\"..\/archives-2018-2020\/\">Archives 2018-2020<\/a><\/li>\n\n\n                    <\/ul>\n                <\/div>\n\n\n\n<h3 class=\"wp-block-heading\" id=\"evenements-colloques-conferences-seminaires\">Ev\u00e9nements, colloques, conf\u00e9rences, s\u00e9minaires<\/h3>\n\n\n<header class=\"single-entry-header\">\n<p class=\"entry-title\"><strong>S\u00e9minaire Dagstuhl d\u2019une semaine sur les agents sur le Web co-organis\u00e9 par l\u2019Institut Fayol<\/strong><\/p>\n<p><sup><span class=\"entry-date\">27\/02\/2023<\/span>&nbsp;<\/sup><\/p>\n<\/header>\n<div class=\"single-entry-content\">\n<p class=\"\">La semaine du 19 au 24 f\u00e9vrier se tenait le s\u00e9minaire Dagstuhl sur les \u00ab&nbsp;<strong class=\"\">Agents sur le Web<\/strong>&nbsp;\u00bb, co-organis\u00e9 par&nbsp;<strong class=\"\">Olivier Boissier<\/strong>, Directeur de l\u2019Institut Fayol.<\/p>\n<p class=\"\"><strong class=\"\">Antoine Zimmermann et<\/strong>&nbsp;<strong class=\"\">Victor Charpenay<\/strong>&nbsp;&nbsp;chercheurs au d\u00e9partement Informatique et syst\u00e8mes intelligents l\u2019institut Henri Fayol participaient \u00e9galement \u00e0 ce s\u00e9minaire.<\/p>\n<div class=\"\">Ces trois chercheurs sont membres du LIMOS, UMR 6158 CNRS.<\/div>\n<p><img loading=\"lazy\" decoding=\"async\" class=\"alignnone size-full wp-image-3082\" src=\"https:\/\/fayol.wp.imt.fr\/files\/2023\/02\/Dagstuhl-2023.jpg\" alt=\"\" width=\"1023\" height=\"767\"><\/p>\n<p>Ce s\u00e9minaire Dagstuhl \u00ab&nbsp;Agents sur le Web&nbsp;\u00bb, visait \u00e0 consolider et \u00e0 approfondir les opportunit\u00e9s de recherche identifi\u00e9es et \u00e0 poursuivre le transfert de connaissances et de r\u00e9sultats entre diff\u00e9rentes communaut\u00e9s de recherche autour de l\u2019architecture Web et du Web des objets, du Web s\u00e9mantique et des donn\u00e9es li\u00e9es, et des agents autonomes et des syst\u00e8mes multi-agents. De part ses th\u00e9matiques de recherche, le d\u00e9partement Informatique et Syst\u00e8mes Intelligents est au coeur de ces d\u00e9veloppements visant \u00e0 ouvrir la voie \u00e0 une nouvelle g\u00e9n\u00e9ration de syst\u00e8mes autonomes bas\u00e9s sur le Web compos\u00e9s de personnes et d\u2019agents intelligents interagissant et collaborant via le Web.<\/p>\n<p>En effet, les syst\u00e8mes bas\u00e9s sur le Web d\u2019aujourd\u2019hui sont intrins\u00e8quement complexes, h\u00e9t\u00e9rog\u00e8nes et de plus en plus dynamiques (par exemple, en particulier dans le contexte du Web des objets). De plus, le World Wide Web est intrins\u00e8quement d\u00e9centralis\u00e9, con\u00e7u pour couvrir non seulement les fronti\u00e8res g\u00e9ographiques mais aussi les fronti\u00e8res organisationnelles. Dans de tels contextes, les paradigmes traditionnels d\u2019ing\u00e9nierie des syst\u00e8mes bas\u00e9s sur le Web deviennent impraticables. De nombreuses questions de recherche sous-jacentes \u00e0 ces d\u00e9fis \u2013 telles que la mani\u00e8re d\u2019\u00e9quilibrer les comportements orient\u00e9s vers un objectif et r\u00e9actifs, ou la mani\u00e8re de concevoir et de gouverner les interactions dans les syst\u00e8mes d\u00e9centralis\u00e9s \u2013 ont \u00e9t\u00e9 \u00e9tudi\u00e9es dans la litt\u00e9rature scientifique sur les agents autonomes et les syst\u00e8mes multi-agents. Ainsi, cette recherche doit adopter une perspective plus large qui ne peut \u00eatre atteinte que gr\u00e2ce \u00e0 un effort concert\u00e9 des communaut\u00e9s de recherche autour de l\u2019architecture Web et du Web des objets, du Web s\u00e9mantique et des donn\u00e9es li\u00e9es, et des agents autonomes et des syst\u00e8mes multi-agents.<\/p>\n<p>Le Centre Leibniz d\u2019informatique, Schloss Dagstuhl, est reconnu dans le monde entier pour ses s\u00e9minaires scientifiques qui rassemblent les scientifiques de renomm\u00e9e internationale en informatique ainsi que de jeunes chercheurs prometteurs pour discuter des d\u00e9veloppements scientifiques et \u00e9changer sur des probl\u00e9matiques en vue.<\/p>\n<p><a href=\"https:\/\/www.dagstuhl.de\/23081\" target=\"_blank\" rel=\"noopener\">Pour en savoir plus<\/a><\/p>\n<p><a href=\"https:\/\/limos.fr\/\">#LIMOS<\/a><\/p>\n<\/div>\n\n\n<hr class=\"wp-block-separator has-alpha-channel-opacity\" \/>\n\n\n<header class=\"single-entry-header\">\n<p class=\"entry-title\"><strong>S\u00e9minaire recherche du labo LIMOS \u00e0 l\u2019Institut Fayol&nbsp;: Graphs and Cyber-Insurance Protection<\/strong><\/p>\n<p><sup><span class=\"entry-date\">26\/01\/2023<\/span><\/sup><\/p>\n<\/header>\n<div class=\"single-entry-content\">\n<p>Ce 26 janvier, l\u2019Institut Henri Fayol avait le plaisir d\u2019accueillir le s\u00e9minaire de recherche du laboratoire LIMOS sur le th\u00e8me&nbsp;<strong>&nbsp;\u00ab<\/strong>Graphs and Cyber-Insurance Protection<strong>\u00bb<\/strong>, pr\u00e9sent\u00e9 par Nabil Kazi-Tani (Universit\u00e9 de Lorraine, IECL).<\/p>\n<p><img loading=\"lazy\" decoding=\"async\" class=\"alignnone size-full wp-image-2945\" src=\"https:\/\/fayol.wp.imt.fr\/files\/2023\/01\/Nabil-Kazi-Tani02.jpg\" alt=\"\" width=\"1094\" height=\"824\"><\/p>\n<p>R\u00e9sum\u00e9&nbsp;:<\/p>\n<p>Dans cet expos\u00e9, nous consid\u00e9rons la situation o\u00f9 un graphe donn\u00e9 doit \u00eatre prot\u00e9g\u00e9 contre une interruption de communication, par des mesures d\u2019assurance ou de pr\u00e9vention. L\u2019objectif de l\u2019acheteur de la protection est de maintenir de bonnes propri\u00e9t\u00e9s de connectivit\u00e9 du graphe apr\u00e8s une attaque malveillante, provoquant la propagation d\u2019un virus sur le r\u00e9seau. Nous mod\u00e9lisons la propagation de l\u2019\u00e9pid\u00e9mie \u00e0 l\u2019aide du processus de Markov standard Susceptible-Infect\u00e9-Susceptible (SIS). La connectivit\u00e9 du graphe est mesur\u00e9e par une fonction du spectre laplacien moyen : la deuxi\u00e8me plus petite valeur propre, appel\u00e9e connectivit\u00e9 alg\u00e9brique. En utilisant des r\u00e9sultats standard sur l\u2019optimisation des valeurs propres, nous avons refondu la maximisation de la connectivit\u00e9 alg\u00e9brique comme un probl\u00e8me d\u2019optimisation semi-d\u00e9fini, pour lequel une solution existe et peut \u00eatre efficacement calcul\u00e9e num\u00e9riquement. Nos r\u00e9sultats permettent de hi\u00e9rarchiser les ar\u00eates d\u2019un graphe, en donnant plus d\u2019importance \u00e0 certaines ar\u00eates pour lesquelles la demande de protection est \u00e9lev\u00e9e, faisant ainsi d\u00e9pendre la demande d\u2019assurance optimale directement de la topologie du r\u00e9seau sous-jacent. Celle-ci s\u2019appuie sur un travail commun avec Thierry Cohignac (Groupe CCR, Paris).<\/p>\n<p><\/p>\n<p><a href=\"https:\/\/limos.fr\/\">#LIMOS<\/a><\/p>\n<\/div>\n\n\n<hr class=\"wp-block-separator has-alpha-channel-opacity\" \/>\n\n\n<header class=\"single-entry-header\">\n<p class=\"entry-title\"><strong>S\u00e9minaire recherche du labo EVS \u00e0 l\u2019Institut Fayol<\/strong><\/p>\n<p><sup><span class=\"entry-date\">24\/01\/2023<\/span><\/sup><\/p>\n<\/header>\n<div class=\"single-entry-content\">\n<p>Ce 20 janvier, l\u2019Institut Henri Fayol avait le plaisir d\u2019accueillir les participants au&nbsp; s\u00e9minaire de recherche du laboratoire CNRS, UMR Environnement Ville Soci\u00e9t\u00e9 (<em>EVS<\/em>)&nbsp; sur le th\u00e8me de&nbsp;<strong>&nbsp;\u00ab&nbsp;la<\/strong>&nbsp;<strong>symbiose territoriale bio\u00e9conomique<\/strong><b>&nbsp;\u00bb&nbsp;<\/b>, l\u2019occasion pour Nicolas Bijon, de pr\u00e9senter les travaux de sa th\u00e8se, r\u00e9alis\u00e9e \u00e0 Mines Al\u00e8s, avec un focus sur le secteur de la construction.<\/p>\n<p><img loading=\"lazy\" decoding=\"async\" class=\"alignnone size-full wp-image-2933\" src=\"https:\/\/fayol.wp.imt.fr\/files\/2023\/01\/seminaire-EVS-23.jpg\" alt=\"\" width=\"1093\" height=\"827\"><\/p>\n<p><b>R\u00e9sum\u00e9:<\/b>&nbsp;La gestion des produits r\u00e9siduaires organiques est une probl\u00e9matique centrale car ceux-ci sont \u00e0 l\u2019interface de nombreux enjeux environnementaux et soci\u00e9taux. Riches en nutriments, ils peuvent contribuer \u00e0 r\u00e9duire la d\u00e9pendance envers les intrants agricoles issues de ressources non renouvelables. Riches en carbone, ils peuvent contribuer \u00e0 la production d\u2019\u00e9nergie renouvelable, ou au stockage de carbone dans les sols. Afin de r\u00e9sorber la rupture m\u00e9tabolique caract\u00e9ristique du r\u00e9gime industriel, il est n\u00e9cessaire de repenser la gestion de ces mati\u00e8res \u00e0 l\u2019\u00e9chelle territoriale de mani\u00e8re \u00e0 cr\u00e9er de nouvelles synergies entre les activit\u00e9s humaines. Cela implique \u00e9galement de favoriser la coop\u00e9ration entre des acteurs op\u00e9rant&nbsp;g\u00e9n\u00e9ralement&nbsp;de mani\u00e8re ind\u00e9pendante \u2013 en silo \u2013 dans des mondes tr\u00e8s contrast\u00e9s. Je propose dans ma th\u00e8se une r\u00e9flexion interdisciplinaire visant \u00e0 comprendre les leviers d\u2019initiation de nouvelles d\u00e9marches de gestion concert\u00e9es de la mati\u00e8re organique. Je me base pour cela \u00e0 la fois sur l\u2019analyse de cas d\u2019\u00e9tudes, et sur une d\u00e9marche exp\u00e9rimentale sur le territoire de la plaine de Versailles.<\/p>\n<p>Merci aux participants pour la qualit\u00e9 de leurs pr\u00e9sentations et pour la richesse des \u00e9changes.<\/p>\n<p><a href=\"https:\/\/umr5600.cnrs.fr\/fr\/accueil\/\">#EVS<\/a><\/p>\n<\/div>\n\n\n<hr class=\"wp-block-separator has-alpha-channel-opacity\" \/>\n\n\n<header class=\"single-entry-header\">\n<p class=\"entry-title\"><strong>Les 26 et 27 janvier, l\u2019Ecole participe \u00e0 la 5\u00e8me \u00e9dition du \u00ab Project Management Professional Days \u00bb<\/strong><\/p>\n<p><sup><span class=\"entry-date\">23\/01\/2023<\/span><\/sup><\/p>\n<\/header>\n<div class=\"single-entry-content\">\n<p>Pour la deuxi\u00e8me ann\u00e9e cons\u00e9cutive, Mines Saint-Etienne a le plaisir de participer au \u00ab&nbsp;Project Management Professional Days&nbsp;\u00bb. Une initiative port\u00e9e en interne par&nbsp;<strong>Khaled MEDINI<\/strong>, enseignant chercheur \u00e0 l\u2019Institut Henri Fayol.<\/p>\n<p>Les \u00ab&nbsp;Project Management Professional Days&nbsp;\u00bb est un \u00e9v\u00e9nement sur le \u00ab&nbsp;Project Management&nbsp;\u00bb organis\u00e9 par PMI France et ses partenaires industriels et acad\u00e9miques. Concr\u00e8tement, c\u2019est le salon leader du recrutement en ligne des jeunes dipl\u00f4m\u00e9s en gestion de projet. Il est con\u00e7u pour rassembler les employeurs et les demandeurs d\u2019emploi afin d\u2019\u00e9changer des informations pr\u00e9cieuses \u00e0 des fins de recrutement et d\u2019explorer les possibilit\u00e9s d\u2019ad\u00e9quation.<\/p>\n<p>En r\u00e9sum\u00e9, le PMPD est une Job Fair destin\u00e9e aux \u00e9tudiants en fin d\u2019\u00e9tudes (BAC+5), aux jeunes dipl\u00f4m\u00e9s et \u00e0 toute personne plus exp\u00e9riment\u00e9e ayant une culture projet en compl\u00e9ment \u00e0 une culture Business ou une culture Technique.<\/p>\n<p><a href=\"https:\/\/pmpd2023.vfairs.com\/\" target=\"_blank\" rel=\"noopener\">Pour en savoir plus et\/ ou participer<\/a><\/p>\n<p><a href=\"https:\/\/www.mines-stetienne.fr\/wp-content\/uploads\/2023\/01\/Stand-EMSE.png\"><img loading=\"lazy\" decoding=\"async\" class=\"alignnone size-full wp-image-76731\" src=\"https:\/\/www.mines-stetienne.fr\/wp-content\/uploads\/2023\/01\/Stand-EMSE.png\" alt=\"\" width=\"965\" height=\"430\"><\/a><\/p>\n<p><a href=\"https:\/\/limos.fr\/\">#LIMOS<\/a><\/p>\n<\/div>\n\n\n<hr class=\"wp-block-separator has-alpha-channel-opacity\" \/>\n\n\n<header class=\"single-entry-header\">\n<p class=\"entry-title\"><strong>Participation de Fr\u00e9d\u00e9ric Grimaud \u00e0 la rencontre \u00ab&nbsp;Industrie 4.0&nbsp;: Retours d\u2019exp\u00e9rience et perspectives&nbsp;\u00bb<\/strong><\/p>\n<p><sup><span class=\"entry-date\">5\/01\/2023<\/span><\/sup>&nbsp;<\/p>\n<\/header>\n<div class=\"single-entry-content\">\n<p>Le 16 d\u00e9cembre 2022, se tenait la rencontre Industrie 4.0 : Retours d\u2019exp\u00e9rience et perspectives, sur le Campus R\u00e9gion du num\u00e9rique, organis\u00e9e par le groupement \u00ab&nbsp;Excellence Industrie&nbsp;\u00bb.<\/p>\n<p>A cette occasion,&nbsp;<strong>Fr\u00e9d\u00e9ric Grimaud<\/strong>, Chercheur \u00e0 l\u2019Institut Fayol, membre du Limos et Responsable de la plateforme R&amp;D Industrie du futur&nbsp;<a href=\"https:\/\/itm-factory.fr\/\" target=\"_blank\" rel=\"noopener\">IT\u2019M Factory<\/a>, a pr\u00e9sent\u00e9 la d\u00e9marche de Mines-Saint Etienne et a anim\u00e9 la table ronde intitul\u00e9e \u00ab&nbsp;Quelle place pour l\u2019humain dans l\u2019industrie 4.0 ?&nbsp;\u00bb.<\/p>\n<p><em><img loading=\"lazy\" decoding=\"async\" class=\"alignnone size-full wp-image-2878\" src=\"https:\/\/fayol.wp.imt.fr\/files\/2023\/01\/excellence-industrie.jpg\" alt=\"\" width=\"553\" height=\"417\"><\/em><\/p>\n<p><strong>Excellence Industrie<\/strong>&nbsp;est un groupement d\u2019entreprises d\u00e9di\u00e9 \u00e0 l\u2019innovation inter-entreprises et bas\u00e9 au Campus R\u00e9gion du num\u00e9rique. Son ambition est d\u2019accompagner la r\u00e9industrialisation de la r\u00e9gion Auvergne-Rh\u00f4ne-Alpes par l\u2019innovation, en lien avec de nombreux acteurs du territoire, en s\u2019appuyant sur 4 piliers : la d\u00e9carbonation, l\u2019\u00e9conomie circulaire, l\u2019industrie 4.0, et le num\u00e9rique.<\/p>\n<p><a href=\"https:\/\/limos.fr\/\">#LIMOS<\/a><\/p>\n<\/div>\n\n\n<hr class=\"wp-block-separator has-alpha-channel-opacity\" \/>\n\n\n<header class=\"single-entry-header\">\n<p class=\"entry-title\"><strong>L\u2019Institut Fayol prim\u00e9 au 15\u00e8me Forum d\u2019Information sur les Risques Majeurs<\/strong><\/p>\n<p><sup><span class=\"entry-date\">4\/01\/2023<\/span>&nbsp;<\/sup><\/p>\n<\/header>\n<div class=\"single-entry-content\">\n<p>\u00ab&nbsp;Anticiper collectivement pour devenir plus r\u00e9silients face au changement climatique&nbsp;\u00bb, \u00e9tait le fil rouge de cette 15\u00e8me \u00e9dition organis\u00e9e \u00e0 Bordeaux par idealCO, le R\u00e9seau Risques, le Minist\u00e8re de la Transition Ecologique et Bordeaux M\u00e9tropole qui a r\u00e9uni plus de 200 participants.<\/p>\n<p>A cette occasion,&nbsp;<strong>Eric Piatyszek<\/strong>, chercheur au d\u00e9partement G\u00e9nie de l\u2019environnement pour les organisations de l\u2019Institut Henri Fayol, Mines Saint-Etienne, membre de l\u2019IMT et du laboratoire EVS, pr\u00e9sentait CIT\u2019IN CRISE : Simulateur de gestion de crise pour le grand public et les \u00e9lus des collectivit\u00e9s territoriales.<img loading=\"lazy\" decoding=\"async\" class=\"alignnone size-full wp-image-2873\" src=\"https:\/\/fayol.wp.imt.fr\/files\/2023\/01\/IRISES-2022.jpg\" alt=\"\" width=\"826\" height=\"652\"><\/p>\n<p>Une pr\u00e9sentation salu\u00e9e par le jury qui lui a d\u00e9cern\u00e9 le \u00ab&nbsp;Prix th\u00e9matique Modernisation de la culture du risque, sensibilisation et information des populations&nbsp;\u00bb.<\/p>\n<p>Une belle r\u00e9ussite pour CIT\u2019IN CRISE, r\u00e9alis\u00e9 en partenariat avec l\u2019IMT Mines Al\u00e8s, La Rotonde et Les Petits D\u00e9brouillards.<\/p>\n<h3>&nbsp;<\/h3>\n<p><a href=\"https:\/\/citincrise.mines-stetienne.fr\/\">D\u00e9couvrir Cit\u2019In Crise<\/a><\/p>\n<p><a href=\"https:\/\/umr5600.cnrs.fr\/fr\/accueil\/\">#EVS<\/a><\/p>\n<\/div>\n\n\n<div style=\"height:31px\" aria-hidden=\"true\" class=\"wp-block-spacer\"><\/div>\n","protected":false},"excerpt":{"rendered":"<p>Au fil de l&rsquo;eau Offres Ev\u00e9nements Journ\u00e9es Fayol Archives 2021-2022 Archives 2018-2020 Au fil de l&rsquo;eau Bienvenue \u00e0 nos nouveaux stagiaires 14\/03\/2023&nbsp; L\u2019institut Fayol accueille quatre nouveaux stagiaires (de gauche \u00e0 droite) : Imen Ghazouani, au d\u00e9partement&nbsp;G\u00e9nie&nbsp;Math\u00e9matique et&nbsp;Industriel (GMI), Aidar &hellip;<\/p>\n","protected":false},"author":1536,"featured_media":0,"parent":0,"menu_order":0,"comment_status":"closed","ping_status":"closed","template":"","meta":{"footnotes":""},"tags":[],"class_list":["post-245","page","type-page","status-publish","hentry"],"pp_statuses_selecting_workflow":false,"pp_workflow_action":"current","pp_status_selection":"publish","pp_force_visibility":null,"pp_subpost_visibility":null,"pp_inherited_force_visibility":null,"pp_inherited_subpost_visibility":null,"yoast_head":"<!-- This site is optimized with the Yoast SEO plugin v27.5 - https:\/\/yoast.com\/product\/yoast-seo-wordpress\/ -->\n<title>Actualit\u00e9s - Institut Henri Fayol<\/title>\n<meta name=\"robots\" content=\"index, follow, max-snippet:-1, max-image-preview:large, max-video-preview:-1\" \/>\n<link rel=\"canonical\" href=\"https:\/\/www.mines-stetienne.fr\/fayol\/actualites\/\" \/>\n<link rel=\"next\" href=\"https:\/\/www.mines-stetienne.fr\/fayol\/actualites\/2\/\" \/>\n<meta property=\"og:locale\" content=\"fr_FR\" \/>\n<meta property=\"og:type\" content=\"article\" \/>\n<meta property=\"og:title\" content=\"Actualit\u00e9s - Institut Henri Fayol\" \/>\n<meta property=\"og:description\" content=\"Au fil de l&rsquo;eau Offres Ev\u00e9nements Journ\u00e9es Fayol Archives 2021-2022 Archives 2018-2020 Au fil de l&rsquo;eau Bienvenue \u00e0 nos nouveaux stagiaires 14\/03\/2023&nbsp; L\u2019institut Fayol accueille quatre nouveaux stagiaires (de gauche \u00e0 droite) : Imen Ghazouani, au d\u00e9partement&nbsp;G\u00e9nie&nbsp;Math\u00e9matique et&nbsp;Industriel (GMI), Aidar &hellip;\" \/>\n<meta property=\"og:url\" content=\"https:\/\/www.mines-stetienne.fr\/fayol\/actualites\/\" \/>\n<meta property=\"og:site_name\" content=\"Institut Henri Fayol\" \/>\n<meta property=\"article:publisher\" content=\"https:\/\/www.facebook.com\/MinesSaintEtienne\" \/>\n<meta property=\"article:modified_time\" content=\"2023-05-12T07:47:58+00:00\" \/>\n<meta property=\"og:image\" content=\"https:\/\/fayol.wp.imt.fr\/files\/2023\/03\/2023-03-stagiaires.jpg\" \/>\n<meta name=\"twitter:card\" content=\"summary_large_image\" \/>\n<meta name=\"twitter:site\" content=\"@MINES_StEtienne\" \/>\n<meta name=\"twitter:label1\" content=\"Dur\u00e9e de lecture estim\u00e9e\" \/>\n\t<meta name=\"twitter:data1\" content=\"57 minutes\" \/>\n<script type=\"application\/ld+json\" class=\"yoast-schema-graph\">{\"@context\":\"https:\\\/\\\/schema.org\",\"@graph\":[{\"@type\":\"WebPage\",\"@id\":\"https:\\\/\\\/www.mines-stetienne.fr\\\/fayol\\\/actualites\\\/\",\"url\":\"https:\\\/\\\/www.mines-stetienne.fr\\\/fayol\\\/actualites\\\/\",\"name\":\"Actualit\u00e9s - Institut Henri Fayol\",\"isPartOf\":{\"@id\":\"https:\\\/\\\/www.mines-stetienne.fr\\\/fayol\\\/#website\"},\"primaryImageOfPage\":{\"@id\":\"https:\\\/\\\/www.mines-stetienne.fr\\\/fayol\\\/actualites\\\/#primaryimage\"},\"image\":{\"@id\":\"https:\\\/\\\/www.mines-stetienne.fr\\\/fayol\\\/actualites\\\/#primaryimage\"},\"thumbnailUrl\":\"https:\\\/\\\/fayol.wp.imt.fr\\\/files\\\/2023\\\/03\\\/2023-03-stagiaires.jpg\",\"datePublished\":\"2022-12-07T09:30:43+00:00\",\"dateModified\":\"2023-05-12T07:47:58+00:00\",\"inLanguage\":\"fr-FR\",\"potentialAction\":[{\"@type\":\"ReadAction\",\"target\":[\"https:\\\/\\\/www.mines-stetienne.fr\\\/fayol\\\/actualites\\\/\"]}]},{\"@type\":\"ImageObject\",\"inLanguage\":\"fr-FR\",\"@id\":\"https:\\\/\\\/www.mines-stetienne.fr\\\/fayol\\\/actualites\\\/#primaryimage\",\"url\":\"https:\\\/\\\/fayol.wp.imt.fr\\\/files\\\/2023\\\/03\\\/2023-03-stagiaires.jpg\",\"contentUrl\":\"https:\\\/\\\/fayol.wp.imt.fr\\\/files\\\/2023\\\/03\\\/2023-03-stagiaires.jpg\"},{\"@type\":\"WebSite\",\"@id\":\"https:\\\/\\\/www.mines-stetienne.fr\\\/fayol\\\/#website\",\"url\":\"https:\\\/\\\/www.mines-stetienne.fr\\\/fayol\\\/\",\"name\":\"Institut Henri Fayol\",\"description\":\"\",\"publisher\":{\"@id\":\"https:\\\/\\\/www.mines-stetienne.fr\\\/fayol\\\/#organization\"},\"potentialAction\":[{\"@type\":\"SearchAction\",\"target\":{\"@type\":\"EntryPoint\",\"urlTemplate\":\"https:\\\/\\\/www.mines-stetienne.fr\\\/fayol\\\/?s={search_term_string}\"},\"query-input\":{\"@type\":\"PropertyValueSpecification\",\"valueRequired\":true,\"valueName\":\"search_term_string\"}}],\"inLanguage\":\"fr-FR\"},{\"@type\":\"Organization\",\"@id\":\"https:\\\/\\\/www.mines-stetienne.fr\\\/fayol\\\/#organization\",\"name\":\"Institut Henri Fayol\",\"url\":\"https:\\\/\\\/www.mines-stetienne.fr\\\/fayol\\\/\",\"logo\":{\"@type\":\"ImageObject\",\"inLanguage\":\"fr-FR\",\"@id\":\"https:\\\/\\\/www.mines-stetienne.fr\\\/fayol\\\/#\\\/schema\\\/logo\\\/image\\\/\",\"url\":\"https:\\\/\\\/www.mines-stetienne.fr\\\/fayol\\\/wp-content\\\/uploads\\\/sites\\\/18\\\/2022\\\/09\\\/Mines_Saint_Etienne_IMT_RVB.png\",\"contentUrl\":\"https:\\\/\\\/www.mines-stetienne.fr\\\/fayol\\\/wp-content\\\/uploads\\\/sites\\\/18\\\/2022\\\/09\\\/Mines_Saint_Etienne_IMT_RVB.png\",\"width\":316,\"height\":315,\"caption\":\"Institut Henri Fayol\"},\"image\":{\"@id\":\"https:\\\/\\\/www.mines-stetienne.fr\\\/fayol\\\/#\\\/schema\\\/logo\\\/image\\\/\"},\"sameAs\":[\"https:\\\/\\\/www.facebook.com\\\/MinesSaintEtienne\",\"https:\\\/\\\/x.com\\\/MINES_StEtienne\",\"https:\\\/\\\/www.youtube.com\\\/channel\\\/UCVSdpdmJccvUngjJ2on1n3A\"]}]}<\/script>\n<!-- \/ Yoast SEO plugin. -->","yoast_head_json":{"title":"Actualit\u00e9s - Institut Henri Fayol","robots":{"index":"index","follow":"follow","max-snippet":"max-snippet:-1","max-image-preview":"max-image-preview:large","max-video-preview":"max-video-preview:-1"},"canonical":"https:\/\/www.mines-stetienne.fr\/fayol\/actualites\/","next":"https:\/\/www.mines-stetienne.fr\/fayol\/actualites\/2\/","og_locale":"fr_FR","og_type":"article","og_title":"Actualit\u00e9s - Institut Henri Fayol","og_description":"Au fil de l&rsquo;eau Offres Ev\u00e9nements Journ\u00e9es Fayol Archives 2021-2022 Archives 2018-2020 Au fil de l&rsquo;eau Bienvenue \u00e0 nos nouveaux stagiaires 14\/03\/2023&nbsp; L\u2019institut Fayol accueille quatre nouveaux stagiaires (de gauche \u00e0 droite) : Imen Ghazouani, au d\u00e9partement&nbsp;G\u00e9nie&nbsp;Math\u00e9matique et&nbsp;Industriel (GMI), Aidar &hellip;","og_url":"https:\/\/www.mines-stetienne.fr\/fayol\/actualites\/","og_site_name":"Institut Henri Fayol","article_publisher":"https:\/\/www.facebook.com\/MinesSaintEtienne","article_modified_time":"2023-05-12T07:47:58+00:00","og_image":[{"url":"https:\/\/fayol.wp.imt.fr\/files\/2023\/03\/2023-03-stagiaires.jpg","type":"","width":"","height":""}],"twitter_card":"summary_large_image","twitter_site":"@MINES_StEtienne","twitter_misc":{"Dur\u00e9e de lecture estim\u00e9e":"57 minutes"},"schema":{"@context":"https:\/\/schema.org","@graph":[{"@type":"WebPage","@id":"https:\/\/www.mines-stetienne.fr\/fayol\/actualites\/","url":"https:\/\/www.mines-stetienne.fr\/fayol\/actualites\/","name":"Actualit\u00e9s - Institut Henri Fayol","isPartOf":{"@id":"https:\/\/www.mines-stetienne.fr\/fayol\/#website"},"primaryImageOfPage":{"@id":"https:\/\/www.mines-stetienne.fr\/fayol\/actualites\/#primaryimage"},"image":{"@id":"https:\/\/www.mines-stetienne.fr\/fayol\/actualites\/#primaryimage"},"thumbnailUrl":"https:\/\/fayol.wp.imt.fr\/files\/2023\/03\/2023-03-stagiaires.jpg","datePublished":"2022-12-07T09:30:43+00:00","dateModified":"2023-05-12T07:47:58+00:00","inLanguage":"fr-FR","potentialAction":[{"@type":"ReadAction","target":["https:\/\/www.mines-stetienne.fr\/fayol\/actualites\/"]}]},{"@type":"ImageObject","inLanguage":"fr-FR","@id":"https:\/\/www.mines-stetienne.fr\/fayol\/actualites\/#primaryimage","url":"https:\/\/fayol.wp.imt.fr\/files\/2023\/03\/2023-03-stagiaires.jpg","contentUrl":"https:\/\/fayol.wp.imt.fr\/files\/2023\/03\/2023-03-stagiaires.jpg"},{"@type":"WebSite","@id":"https:\/\/www.mines-stetienne.fr\/fayol\/#website","url":"https:\/\/www.mines-stetienne.fr\/fayol\/","name":"Institut Henri Fayol","description":"","publisher":{"@id":"https:\/\/www.mines-stetienne.fr\/fayol\/#organization"},"potentialAction":[{"@type":"SearchAction","target":{"@type":"EntryPoint","urlTemplate":"https:\/\/www.mines-stetienne.fr\/fayol\/?s={search_term_string}"},"query-input":{"@type":"PropertyValueSpecification","valueRequired":true,"valueName":"search_term_string"}}],"inLanguage":"fr-FR"},{"@type":"Organization","@id":"https:\/\/www.mines-stetienne.fr\/fayol\/#organization","name":"Institut Henri Fayol","url":"https:\/\/www.mines-stetienne.fr\/fayol\/","logo":{"@type":"ImageObject","inLanguage":"fr-FR","@id":"https:\/\/www.mines-stetienne.fr\/fayol\/#\/schema\/logo\/image\/","url":"https:\/\/www.mines-stetienne.fr\/fayol\/wp-content\/uploads\/sites\/18\/2022\/09\/Mines_Saint_Etienne_IMT_RVB.png","contentUrl":"https:\/\/www.mines-stetienne.fr\/fayol\/wp-content\/uploads\/sites\/18\/2022\/09\/Mines_Saint_Etienne_IMT_RVB.png","width":316,"height":315,"caption":"Institut Henri Fayol"},"image":{"@id":"https:\/\/www.mines-stetienne.fr\/fayol\/#\/schema\/logo\/image\/"},"sameAs":["https:\/\/www.facebook.com\/MinesSaintEtienne","https:\/\/x.com\/MINES_StEtienne","https:\/\/www.youtube.com\/channel\/UCVSdpdmJccvUngjJ2on1n3A"]}]}},"_links":{"self":[{"href":"https:\/\/www.mines-stetienne.fr\/fayol\/wp-json\/wp\/v2\/pages\/245","targetHints":{"allow":["GET"]}}],"collection":[{"href":"https:\/\/www.mines-stetienne.fr\/fayol\/wp-json\/wp\/v2\/pages"}],"about":[{"href":"https:\/\/www.mines-stetienne.fr\/fayol\/wp-json\/wp\/v2\/types\/page"}],"author":[{"embeddable":true,"href":"https:\/\/www.mines-stetienne.fr\/fayol\/wp-json\/wp\/v2\/users\/1536"}],"replies":[{"embeddable":true,"href":"https:\/\/www.mines-stetienne.fr\/fayol\/wp-json\/wp\/v2\/comments?post=245"}],"version-history":[{"count":49,"href":"https:\/\/www.mines-stetienne.fr\/fayol\/wp-json\/wp\/v2\/pages\/245\/revisions"}],"predecessor-version":[{"id":672,"href":"https:\/\/www.mines-stetienne.fr\/fayol\/wp-json\/wp\/v2\/pages\/245\/revisions\/672"}],"wp:attachment":[{"href":"https:\/\/www.mines-stetienne.fr\/fayol\/wp-json\/wp\/v2\/media?parent=245"}],"wp:term":[{"taxonomy":"post_tag","embeddable":true,"href":"https:\/\/www.mines-stetienne.fr\/fayol\/wp-json\/wp\/v2\/tags?post=245"}],"curies":[{"name":"wp","href":"https:\/\/api.w.org\/{rel}","templated":true}]}}