{"id":127,"date":"2022-11-24T11:12:06","date_gmt":"2022-11-24T10:12:06","guid":{"rendered":"https:\/\/www.mines-stetienne.fr\/fayol\/?page_id=127"},"modified":"2025-01-21T10:16:08","modified_gmt":"2025-01-21T09:16:08","slug":"genie-de-lenvironnement-pour-les-organisations","status":"publish","type":"page","link":"https:\/\/www.mines-stetienne.fr\/fayol\/recherche\/genie-de-lenvironnement-pour-les-organisations\/","title":{"rendered":"G\u00e9nie de l&rsquo;environnement pour les organisations"},"content":{"rendered":"\n<h3 class=\"wp-block-heading\">Performances \u00e9conomiques, environnementales, industrielles des syst\u00e8mes et des organisations<\/h3>\n\n\n\n<h5>Responsable de d\u00e9partement<\/h5>\n<h5><img loading=\"lazy\" decoding=\"async\" class=\"size-medium alignright\" src=\"https:\/\/fayol.wp.imt.fr\/files\/2020\/05\/cloud-geo.png\" width=\"300\" height=\"261\"><\/h5>\n<div class=\"ListeFormations-item col-md-3 col-md-3 col-sm-3 col-xs-6\">\n<div class=\"Formation click\">\n<p class=\"Formation-title\"><a class=\"\" href=\"&#109;&#x61;&#105;&#x6c;t&#111;&#x3a;&#118;&#x69;l&#x6c;o&#116;&#x40;&#109;&#x69;n&#x65;&#x73;&#45;&#x73;t&#x65;t&#105;&#x65;&#110;&#x6e;e&#x2e;f&#114;\" target=\"_blank\" rel=\"noopener\"><br><\/a><p style=\"font-size:14px\"><strong>Jonathan Villot<\/strong><\/p><p style=\"font-size:12px\">T\u00e9l. :&nbsp;04&nbsp;77&nbsp;42&nbsp;01&nbsp;34<br><\/p>\n<p style=\"font-size:12px\" class=\"Formation-contentHover\">vil&#108;&#111;&#116;&#64;&#x6d;&#x69;&#x6e;&#x65;&#x73;&#x2d;&#x73;tet&#105;&#101;&#110;&#110;&#101;&#x2e;&#x66;&#x72;<\/p>\n<\/div>\n<\/div>\n\n<div style=\"height:22px\" aria-hidden=\"true\" class=\"wp-block-spacer\"><\/div>\n\n\n<h5>Appartenance Acad\u00e9mique<\/h5>\n<div class=\"ListeFormations-item col-md-3 col-md-3 col-sm-3 col-xs-6\">\n<div class=\"Formation click\">\n<p class=\"Formation-title\"><a class=\"\" href=\"https:\/\/umr5600.cnrs.fr\/fr\/accueil\/\" target=\"_blank\" rel=\"noopener\"><br><br><\/a><img decoding=\"async\" src=\"https:\/\/www.mines-stetienne.fr\/wp-content\/uploads\/2021\/05\/EVS-web.png\" width=\"160\"><\/p>\n\n<div style=\"height:22px\" aria-hidden=\"true\" class=\"wp-block-spacer\"><\/div>\n\n<p class=\"Formation-contentHover\">EVS<\/p>\n<\/div> \n<\/div>\n\n\n\n<div style=\"height:22px\" aria-hidden=\"true\" class=\"wp-block-spacer\"><\/div>\n\n\n\n<h5>Objectifs<\/h5>\n<p><img loading=\"lazy\" decoding=\"async\" class=\"wp-image-3381 alignleft\" src=\"https:\/\/www.mines-stetienne.fr\/wp-content\/uploads\/2016\/01\/image009-bis-300x214.jpg\" alt=\"\" width=\"272\" height=\"194\" \/><\/p>\n<p>Apporter des solutions nouvelles en mati\u00e8re d\u2019analyse, de mod\u00e9lisation, d\u2019\u00e9valuation, de simulation des processus industriels et des syst\u00e8mes territoriaux dans un double contexte d\u2019industrie et de ville du futur durables. L\u2019originalit\u00e9 du d\u00e9partement r\u00e9side dans la double comp\u00e9tence et la double vision entre Sciences de l\u2019Environnement et Sciences du G\u00e9nie Industriel.<\/p>\n<p><strong>Notre d\u00e9fi<\/strong> : Accompagner la transition des syst\u00e8mes industriels et territoriaux vers une meilleure r\u00e9silience et agilit\u00e9 vis \u00e0 vis des enjeux et risques environnementaux et durables<\/p>\n<p>\u00a0<\/p>\n<p><img loading=\"lazy\" decoding=\"async\" class=\" alignright\" src=\"https:\/\/fayol.wp.imt.fr\/files\/2020\/05\/Ecoquartier_vauban_freibourg.jpeg\" width=\"307\" height=\"230\" \/><\/p>\n<p>Les verrous scientifiques associ\u00e9s sont :<\/p>\n<p><strong>Verrou 1<\/strong> \u00ab\u00a0L\u2019Evaluation des pressions et des impacts environnementaux\u00a0\u00bb<\/p>\n<p><strong>Verrou 2<\/strong>\u00a0\u00ab\u00a0Int\u00e9gration de strat\u00e9gie d\u2019\u00e9cologie industrielle et territoriale r\u00e9siliente\u00a0\u00bb<\/p>\n<p>\u00a0<\/p>\n\n\n\n<div style=\"height:23px\" aria-hidden=\"true\" class=\"wp-block-spacer\"><\/div>\n\n\n\n<h5 class=\"wp-block-heading\">D\u00e9veloppement durable<\/h5>\n\n\n<div class=\"wp-block-image\">\n<div class=\"Formation click\"><figure class=\"alignleft size-large is-resized\"><a href=\"https:\/\/www.mines-stetienne.fr\/wp-content\/uploads\/2020\/08\/Plaquette-DDRSE-web.pdf\" target=\"_blank\" rel=\"noopener noreferrer\"><img decoding=\"async\" src=\"https:\/\/www.mines-stetienne.fr\/wp-content\/uploads\/2020\/11\/dd-rs-002.jpg\" alt=\"\" class=\"wp-image-20265\" style=\"width:193px;height:272px\" \/><\/a><\/figure><\/div>\n<\/div>\n\n\n<p>Parmi les 17 objectifs de d\u00e9veloppement durable de l&rsquo;ONU (ODD), 7 ont \u00e9t\u00e9 retenus comme pertinents et strat\u00e9giques par l\u2019\u00c9cole des Mines de Saint-\u00c9tienne pour mettre en place des actions visant l\u2019am\u00e9lioration de sa durabilit\u00e9.<\/p>\n\n\n\n<p>Ainsi, la recherche de Mines Saint-\u00c9tienne et son d\u00e9partement G\u00e9nie de l&rsquo;environnement et des organisations se positionne r\u00e9solument avec la volont\u00e9 de promouvoir notre implication dans la mise en \u0153uvre de solutions r\u00e9pondants aux enjeux de DD&amp;RS.<\/p>\n\n\n\n<div style=\"height:39px\" aria-hidden=\"true\" class=\"wp-block-spacer\"><\/div>\n\n\n\n<p><strong>Nos projets participent \u00e0 la mise en oeuvre des ODD<\/strong><\/p>\n\n\n\n<div class=\"ListeFormations-item col-md-3 col-md-3 col-sm-3 col-xs-6\">\n\n<h4><img decoding=\"async\" class=\"wp-image-20402\" style=\"width: 120px\" src=\"https:\/\/www.mines-stetienne.fr\/wp-content\/uploads\/2020\/12\/ODD4.png\" alt=\"\"><\/h4>\n\n<\/div>\n\n\n<div class=\"ListeFormations-item col-md-3 col-md-3 col-sm-3 col-xs-6\">\n<h4><img decoding=\"async\" class=\"wp-image-20402\" style=\"width: 120px\" src=\"\/\/www.mines-stetienne.fr\/wp-content\/uploads\/2020\/12\/ODD6.png\" alt=\"\"><\/h4>\n\n<\/div>\n\n\n<div class=\"ListeFormations-item col-md-3 col-md-3 col-sm-3 col-xs-6\">\n<h4><img decoding=\"async\" class=\"wp-image-20402\" style=\"width: 120px\" src=\"https:\/\/www.mines-stetienne.fr\/wp-content\/uploads\/2020\/11\/ODD-7.png\" alt=\"\"><\/h4>\n<\/div>\n\n\n\n\n\n<div class=\"ListeFormations-item col-md-3 col-md-3 col-sm-3 col-xs-6\">\n<h4><img decoding=\"async\" class=\"wp-image-20402\" style=\"width: 120px\" src=\"https:\/\/www.mines-stetienne.fr\/wp-content\/uploads\/2020\/11\/odd9.jpg\" alt=\"\"><\/h4>\n<\/div>\n\n<div class=\"ListeFormations-item col-md-3 col-md-3 col-sm-3 col-xs-6\">\n<h4><img decoding=\"async\" class=\"wp-image-20402\" style=\"width: 120px\" src=\"https:\/\/www.mines-stetienne.fr\/wp-content\/uploads\/2020\/11\/odd11.jpg\" alt=\"\"><\/h4>\n\n<\/div>\n\n\n\n<div class=\"ListeFormations-item col-md-3 col-md-3 col-sm-3 col-xs-6\">\n<h4><img decoding=\"async\" class=\"wp-image-20402\" style=\"width: 120px\" src=\"https:\/\/www.mines-stetienne.fr\/wp-content\/uploads\/2020\/11\/odd12.jpg\" alt=\"\"><\/h4>\n<\/div>\n\n\n\n<div class=\"ListeFormations-item col-md-3 col-md-3 col-sm-3 col-xs-6\">\n<h4><img decoding=\"async\" class=\"wp-image-20402\" style=\"width: 120px\" src=\"https:\/\/www.mines-stetienne.fr\/wp-content\/uploads\/2020\/11\/ODD-13.png\" alt=\"\"><\/h4>\n\n<\/div>\n\n\n\n<div style=\"height:22px\" aria-hidden=\"true\" class=\"wp-block-spacer\"><\/div>\n\n\n\n<h5 class=\"wp-block-heading\">T\u00e9l\u00e9chargez notre pr\u00e9sentation<\/h5>\n\n\n\n<div class=\"Formation click\"><figure class=\"wp-block-image size-large is-resized\"><a href=\"https:\/\/www.mines-stetienne.fr\/wp-content\/uploads\/2020\/09\/GEO__010920.pdf\"><img decoding=\"async\" src=\"https:\/\/www.mines-stetienne.fr\/wp-content\/uploads\/2020\/09\/Presentation-geo.png\" alt=\"\" class=\"wp-image-17746\" style=\"width:362px;height:270px\" \/><\/a><\/figure><\/div>\n\n\n\n<ul class=\"fixed-top-menu\">\n<li class=\"page_item page-item-782 current_page_item\" style=\"text-align: center\"><a href=\"https:\/\/www.mines-stetienne.fr\/recherche\/5-centres-de-formation-et-de-recherche\/institut-henri-fayol\/\">Institut Henri Fayol<\/a><\/li>\n<li class=\"page_item page-item-782 current_page_item\" style=\"text-align: center\"><a href=\"https:\/\/www.mines-stetienne.fr\/recherche\/departements\/departement-genie-de-l-environnement-et-des-organisations\/\">G\u00e9nie de l\u2019environnement et des organisations<\/a><\/li>\n<\/ul>\n","protected":false},"excerpt":{"rendered":"<p>Performances \u00e9conomiques, environnementales, industrielles des syst\u00e8mes et des organisations Objectifs Apporter des solutions nouvelles en mati\u00e8re d\u2019analyse, de mod\u00e9lisation, d\u2019\u00e9valuation, de simulation des processus industriels et des syst\u00e8mes territoriaux dans un double contexte d\u2019industrie et de ville du futur durables. &hellip;<\/p>\n","protected":false},"author":1536,"featured_media":0,"parent":77,"menu_order":3,"comment_status":"closed","ping_status":"closed","template":"","meta":{"footnotes":""},"tags":[],"class_list":["post-127","page","type-page","status-publish","hentry"],"pp_statuses_selecting_workflow":false,"pp_workflow_action":"current","pp_status_selection":"publish","pp_force_visibility":null,"pp_subpost_visibility":null,"pp_inherited_force_visibility":null,"pp_inherited_subpost_visibility":null,"yoast_head":"<!-- This site is optimized with the Yoast SEO plugin v27.5 - https:\/\/yoast.com\/product\/yoast-seo-wordpress\/ -->\n<title>G\u00e9nie de l&#039;environnement pour les organisations - Institut Henri Fayol<\/title>\n<meta name=\"robots\" content=\"index, follow, max-snippet:-1, max-image-preview:large, max-video-preview:-1\" \/>\n<link rel=\"canonical\" href=\"https:\/\/www.mines-stetienne.fr\/fayol\/recherche\/genie-de-lenvironnement-pour-les-organisations\/\" \/>\n<meta property=\"og:locale\" content=\"fr_FR\" \/>\n<meta property=\"og:type\" content=\"article\" \/>\n<meta property=\"og:title\" content=\"G\u00e9nie de l&#039;environnement pour les organisations - Institut Henri Fayol\" \/>\n<meta property=\"og:description\" content=\"Performances \u00e9conomiques, environnementales, industrielles des syst\u00e8mes et des organisations Objectifs Apporter des solutions nouvelles en mati\u00e8re d\u2019analyse, de mod\u00e9lisation, d\u2019\u00e9valuation, de simulation des processus industriels et des syst\u00e8mes territoriaux dans un double contexte d\u2019industrie et de ville du futur durables. &hellip;\" \/>\n<meta property=\"og:url\" content=\"https:\/\/www.mines-stetienne.fr\/fayol\/recherche\/genie-de-lenvironnement-pour-les-organisations\/\" \/>\n<meta property=\"og:site_name\" content=\"Institut Henri Fayol\" \/>\n<meta property=\"article:publisher\" content=\"https:\/\/www.facebook.com\/MinesSaintEtienne\" \/>\n<meta property=\"article:modified_time\" content=\"2025-01-21T09:16:08+00:00\" \/>\n<meta property=\"og:image\" content=\"https:\/\/fayol.wp.imt.fr\/files\/2020\/05\/cloud-geo.png\" \/>\n<meta name=\"twitter:card\" content=\"summary_large_image\" \/>\n<meta name=\"twitter:site\" content=\"@MINES_StEtienne\" \/>\n<meta name=\"twitter:label1\" content=\"Dur\u00e9e de lecture estim\u00e9e\" \/>\n\t<meta name=\"twitter:data1\" content=\"4 minutes\" \/>\n<script type=\"application\/ld+json\" class=\"yoast-schema-graph\">{\"@context\":\"https:\\\/\\\/schema.org\",\"@graph\":[{\"@type\":\"WebPage\",\"@id\":\"https:\\\/\\\/www.mines-stetienne.fr\\\/fayol\\\/recherche\\\/genie-de-lenvironnement-pour-les-organisations\\\/\",\"url\":\"https:\\\/\\\/www.mines-stetienne.fr\\\/fayol\\\/recherche\\\/genie-de-lenvironnement-pour-les-organisations\\\/\",\"name\":\"G\u00e9nie de l'environnement pour les organisations - Institut Henri Fayol\",\"isPartOf\":{\"@id\":\"https:\\\/\\\/www.mines-stetienne.fr\\\/fayol\\\/#website\"},\"primaryImageOfPage\":{\"@id\":\"https:\\\/\\\/www.mines-stetienne.fr\\\/fayol\\\/recherche\\\/genie-de-lenvironnement-pour-les-organisations\\\/#primaryimage\"},\"image\":{\"@id\":\"https:\\\/\\\/www.mines-stetienne.fr\\\/fayol\\\/recherche\\\/genie-de-lenvironnement-pour-les-organisations\\\/#primaryimage\"},\"thumbnailUrl\":\"https:\\\/\\\/fayol.wp.imt.fr\\\/files\\\/2020\\\/05\\\/cloud-geo.png\",\"datePublished\":\"2022-11-24T10:12:06+00:00\",\"dateModified\":\"2025-01-21T09:16:08+00:00\",\"breadcrumb\":{\"@id\":\"https:\\\/\\\/www.mines-stetienne.fr\\\/fayol\\\/recherche\\\/genie-de-lenvironnement-pour-les-organisations\\\/#breadcrumb\"},\"inLanguage\":\"fr-FR\",\"potentialAction\":[{\"@type\":\"ReadAction\",\"target\":[\"https:\\\/\\\/www.mines-stetienne.fr\\\/fayol\\\/recherche\\\/genie-de-lenvironnement-pour-les-organisations\\\/\"]}]},{\"@type\":\"ImageObject\",\"inLanguage\":\"fr-FR\",\"@id\":\"https:\\\/\\\/www.mines-stetienne.fr\\\/fayol\\\/recherche\\\/genie-de-lenvironnement-pour-les-organisations\\\/#primaryimage\",\"url\":\"https:\\\/\\\/fayol.wp.imt.fr\\\/files\\\/2020\\\/05\\\/cloud-geo.png\",\"contentUrl\":\"https:\\\/\\\/fayol.wp.imt.fr\\\/files\\\/2020\\\/05\\\/cloud-geo.png\"},{\"@type\":\"BreadcrumbList\",\"@id\":\"https:\\\/\\\/www.mines-stetienne.fr\\\/fayol\\\/recherche\\\/genie-de-lenvironnement-pour-les-organisations\\\/#breadcrumb\",\"itemListElement\":[{\"@type\":\"ListItem\",\"position\":1,\"name\":\"Accueil\",\"item\":\"https:\\\/\\\/www.mines-stetienne.fr\\\/fayol\\\/\"},{\"@type\":\"ListItem\",\"position\":2,\"name\":\"Recherche\",\"item\":\"https:\\\/\\\/www.mines-stetienne.fr\\\/fayol\\\/recherche\\\/\"},{\"@type\":\"ListItem\",\"position\":3,\"name\":\"G\u00e9nie de l&rsquo;environnement pour les organisations\"}]},{\"@type\":\"WebSite\",\"@id\":\"https:\\\/\\\/www.mines-stetienne.fr\\\/fayol\\\/#website\",\"url\":\"https:\\\/\\\/www.mines-stetienne.fr\\\/fayol\\\/\",\"name\":\"Institut Henri Fayol\",\"description\":\"\",\"publisher\":{\"@id\":\"https:\\\/\\\/www.mines-stetienne.fr\\\/fayol\\\/#organization\"},\"potentialAction\":[{\"@type\":\"SearchAction\",\"target\":{\"@type\":\"EntryPoint\",\"urlTemplate\":\"https:\\\/\\\/www.mines-stetienne.fr\\\/fayol\\\/?s={search_term_string}\"},\"query-input\":{\"@type\":\"PropertyValueSpecification\",\"valueRequired\":true,\"valueName\":\"search_term_string\"}}],\"inLanguage\":\"fr-FR\"},{\"@type\":\"Organization\",\"@id\":\"https:\\\/\\\/www.mines-stetienne.fr\\\/fayol\\\/#organization\",\"name\":\"Institut Henri Fayol\",\"url\":\"https:\\\/\\\/www.mines-stetienne.fr\\\/fayol\\\/\",\"logo\":{\"@type\":\"ImageObject\",\"inLanguage\":\"fr-FR\",\"@id\":\"https:\\\/\\\/www.mines-stetienne.fr\\\/fayol\\\/#\\\/schema\\\/logo\\\/image\\\/\",\"url\":\"https:\\\/\\\/www.mines-stetienne.fr\\\/fayol\\\/wp-content\\\/uploads\\\/sites\\\/18\\\/2022\\\/09\\\/Mines_Saint_Etienne_IMT_RVB.png\",\"contentUrl\":\"https:\\\/\\\/www.mines-stetienne.fr\\\/fayol\\\/wp-content\\\/uploads\\\/sites\\\/18\\\/2022\\\/09\\\/Mines_Saint_Etienne_IMT_RVB.png\",\"width\":316,\"height\":315,\"caption\":\"Institut Henri Fayol\"},\"image\":{\"@id\":\"https:\\\/\\\/www.mines-stetienne.fr\\\/fayol\\\/#\\\/schema\\\/logo\\\/image\\\/\"},\"sameAs\":[\"https:\\\/\\\/www.facebook.com\\\/MinesSaintEtienne\",\"https:\\\/\\\/x.com\\\/MINES_StEtienne\",\"https:\\\/\\\/www.youtube.com\\\/channel\\\/UCVSdpdmJccvUngjJ2on1n3A\"]}]}<\/script>\n<!-- \/ Yoast SEO plugin. -->","yoast_head_json":{"title":"G\u00e9nie de l'environnement pour les organisations - Institut Henri Fayol","robots":{"index":"index","follow":"follow","max-snippet":"max-snippet:-1","max-image-preview":"max-image-preview:large","max-video-preview":"max-video-preview:-1"},"canonical":"https:\/\/www.mines-stetienne.fr\/fayol\/recherche\/genie-de-lenvironnement-pour-les-organisations\/","og_locale":"fr_FR","og_type":"article","og_title":"G\u00e9nie de l'environnement pour les organisations - Institut Henri Fayol","og_description":"Performances \u00e9conomiques, environnementales, industrielles des syst\u00e8mes et des organisations Objectifs Apporter des solutions nouvelles en mati\u00e8re d\u2019analyse, de mod\u00e9lisation, d\u2019\u00e9valuation, de simulation des processus industriels et des syst\u00e8mes territoriaux dans un double contexte d\u2019industrie et de ville du futur durables. &hellip;","og_url":"https:\/\/www.mines-stetienne.fr\/fayol\/recherche\/genie-de-lenvironnement-pour-les-organisations\/","og_site_name":"Institut Henri Fayol","article_publisher":"https:\/\/www.facebook.com\/MinesSaintEtienne","article_modified_time":"2025-01-21T09:16:08+00:00","og_image":[{"url":"https:\/\/fayol.wp.imt.fr\/files\/2020\/05\/cloud-geo.png","type":"","width":"","height":""}],"twitter_card":"summary_large_image","twitter_site":"@MINES_StEtienne","twitter_misc":{"Dur\u00e9e de lecture estim\u00e9e":"4 minutes"},"schema":{"@context":"https:\/\/schema.org","@graph":[{"@type":"WebPage","@id":"https:\/\/www.mines-stetienne.fr\/fayol\/recherche\/genie-de-lenvironnement-pour-les-organisations\/","url":"https:\/\/www.mines-stetienne.fr\/fayol\/recherche\/genie-de-lenvironnement-pour-les-organisations\/","name":"G\u00e9nie de l'environnement pour les organisations - Institut Henri Fayol","isPartOf":{"@id":"https:\/\/www.mines-stetienne.fr\/fayol\/#website"},"primaryImageOfPage":{"@id":"https:\/\/www.mines-stetienne.fr\/fayol\/recherche\/genie-de-lenvironnement-pour-les-organisations\/#primaryimage"},"image":{"@id":"https:\/\/www.mines-stetienne.fr\/fayol\/recherche\/genie-de-lenvironnement-pour-les-organisations\/#primaryimage"},"thumbnailUrl":"https:\/\/fayol.wp.imt.fr\/files\/2020\/05\/cloud-geo.png","datePublished":"2022-11-24T10:12:06+00:00","dateModified":"2025-01-21T09:16:08+00:00","breadcrumb":{"@id":"https:\/\/www.mines-stetienne.fr\/fayol\/recherche\/genie-de-lenvironnement-pour-les-organisations\/#breadcrumb"},"inLanguage":"fr-FR","potentialAction":[{"@type":"ReadAction","target":["https:\/\/www.mines-stetienne.fr\/fayol\/recherche\/genie-de-lenvironnement-pour-les-organisations\/"]}]},{"@type":"ImageObject","inLanguage":"fr-FR","@id":"https:\/\/www.mines-stetienne.fr\/fayol\/recherche\/genie-de-lenvironnement-pour-les-organisations\/#primaryimage","url":"https:\/\/fayol.wp.imt.fr\/files\/2020\/05\/cloud-geo.png","contentUrl":"https:\/\/fayol.wp.imt.fr\/files\/2020\/05\/cloud-geo.png"},{"@type":"BreadcrumbList","@id":"https:\/\/www.mines-stetienne.fr\/fayol\/recherche\/genie-de-lenvironnement-pour-les-organisations\/#breadcrumb","itemListElement":[{"@type":"ListItem","position":1,"name":"Accueil","item":"https:\/\/www.mines-stetienne.fr\/fayol\/"},{"@type":"ListItem","position":2,"name":"Recherche","item":"https:\/\/www.mines-stetienne.fr\/fayol\/recherche\/"},{"@type":"ListItem","position":3,"name":"G\u00e9nie de l&rsquo;environnement pour les organisations"}]},{"@type":"WebSite","@id":"https:\/\/www.mines-stetienne.fr\/fayol\/#website","url":"https:\/\/www.mines-stetienne.fr\/fayol\/","name":"Institut Henri Fayol","description":"","publisher":{"@id":"https:\/\/www.mines-stetienne.fr\/fayol\/#organization"},"potentialAction":[{"@type":"SearchAction","target":{"@type":"EntryPoint","urlTemplate":"https:\/\/www.mines-stetienne.fr\/fayol\/?s={search_term_string}"},"query-input":{"@type":"PropertyValueSpecification","valueRequired":true,"valueName":"search_term_string"}}],"inLanguage":"fr-FR"},{"@type":"Organization","@id":"https:\/\/www.mines-stetienne.fr\/fayol\/#organization","name":"Institut Henri Fayol","url":"https:\/\/www.mines-stetienne.fr\/fayol\/","logo":{"@type":"ImageObject","inLanguage":"fr-FR","@id":"https:\/\/www.mines-stetienne.fr\/fayol\/#\/schema\/logo\/image\/","url":"https:\/\/www.mines-stetienne.fr\/fayol\/wp-content\/uploads\/sites\/18\/2022\/09\/Mines_Saint_Etienne_IMT_RVB.png","contentUrl":"https:\/\/www.mines-stetienne.fr\/fayol\/wp-content\/uploads\/sites\/18\/2022\/09\/Mines_Saint_Etienne_IMT_RVB.png","width":316,"height":315,"caption":"Institut Henri Fayol"},"image":{"@id":"https:\/\/www.mines-stetienne.fr\/fayol\/#\/schema\/logo\/image\/"},"sameAs":["https:\/\/www.facebook.com\/MinesSaintEtienne","https:\/\/x.com\/MINES_StEtienne","https:\/\/www.youtube.com\/channel\/UCVSdpdmJccvUngjJ2on1n3A"]}]}},"_links":{"self":[{"href":"https:\/\/www.mines-stetienne.fr\/fayol\/wp-json\/wp\/v2\/pages\/127","targetHints":{"allow":["GET"]}}],"collection":[{"href":"https:\/\/www.mines-stetienne.fr\/fayol\/wp-json\/wp\/v2\/pages"}],"about":[{"href":"https:\/\/www.mines-stetienne.fr\/fayol\/wp-json\/wp\/v2\/types\/page"}],"author":[{"embeddable":true,"href":"https:\/\/www.mines-stetienne.fr\/fayol\/wp-json\/wp\/v2\/users\/1536"}],"replies":[{"embeddable":true,"href":"https:\/\/www.mines-stetienne.fr\/fayol\/wp-json\/wp\/v2\/comments?post=127"}],"version-history":[{"count":10,"href":"https:\/\/www.mines-stetienne.fr\/fayol\/wp-json\/wp\/v2\/pages\/127\/revisions"}],"predecessor-version":[{"id":797,"href":"https:\/\/www.mines-stetienne.fr\/fayol\/wp-json\/wp\/v2\/pages\/127\/revisions\/797"}],"up":[{"embeddable":true,"href":"https:\/\/www.mines-stetienne.fr\/fayol\/wp-json\/wp\/v2\/pages\/77"}],"wp:attachment":[{"href":"https:\/\/www.mines-stetienne.fr\/fayol\/wp-json\/wp\/v2\/media?parent=127"}],"wp:term":[{"taxonomy":"post_tag","embeddable":true,"href":"https:\/\/www.mines-stetienne.fr\/fayol\/wp-json\/wp\/v2\/tags?post=127"}],"curies":[{"name":"wp","href":"https:\/\/api.w.org\/{rel}","templated":true}]}}