{"id":11,"date":"2022-09-23T17:55:01","date_gmt":"2022-09-23T15:55:01","guid":{"rendered":"https:\/\/www.mines-stetienne.fr\/fayol\/?page_id=11"},"modified":"2025-01-15T09:39:15","modified_gmt":"2025-01-15T08:39:15","slug":"accueil","status":"publish","type":"page","link":"https:\/\/www.mines-stetienne.fr\/fayol\/","title":{"rendered":"Institut Henri FAYOL"},"content":{"rendered":"\n\n\n<blockquote class=\"wp-block-quote is-style-default is-layout-flow wp-block-quote-is-layout-flow\">\n<p class=\"Formation click\"><a href=\"https:\/\/www.mines-stetienne.fr\/recherche\/5-centres-de-formation-et-de-recherche\/institut-henri-fayol\/henri-fayol\/\" target=\"_parent\" rel=\"noreferrer noopener sponsored nofollow\"><img decoding=\"async\" title=\"Qui \u00e9tait Henri Fayol ?\" class=\"wp-image-22861\" style=\"width: 90px\" src=\"https:\/\/www.mines-stetienne.fr\/wp-content\/uploads\/2021\/03\/Fayol.jpg\" alt=\"\"><\/a> \n<img decoding=\"async\" class=\"wp-image-23062\" style=\"width: 490px\" src=\"https:\/\/www.mines-stetienne.fr\/wp-content\/uploads\/2021\/03\/moto.png\" alt=\"\"> <a href=\"https:\/\/www.mines-stetienne.fr\/recherche\/5-centres-de-formation-et-de-recherche\/institut-henri-fayol\/henri-fayol\/\"><img decoding=\"async\" title=\"Qui \u00e9tait Henri Fayol ?\" class=\"wp-image-23072\" style=\"width: 90px\" src=\"https:\/\/www.mines-stetienne.fr\/wp-content\/uploads\/2021\/03\/fayol_portrait_1-ConvertImage.jpg\" alt=\"\"><\/a><\/p>\n<\/blockquote>\n\n\n\n<p>\u00a0<\/p>\n<h3 id=\"block-c927af2e-7805-4039-9505-3ee178ac84e4\" class=\"block-editor-rich-text__editable block-editor-block-list__block wp-block is-selected rich-text\" role=\"group\" aria-label=\"Bloc\u00a0: Titre\" data-block=\"c927af2e-7805-4039-9505-3ee178ac84e4\" data-type=\"core\/heading\" data-title=\"Titre\"><strong data-rich-text-format-boundary=\"true\">Industrie et Territoires du futur<\/strong><br data-rich-text-line-break=\"true\" \/><strong>efficience, r\u00e9silience et durabilit\u00e9<\/strong><\/h3>\n<p>Centre de formation et de recherche, l\u2019Institut Henri Fayol s\u2019int\u00e9resse aux transformations actuelles \u00e0 l\u2019aune des transitions num\u00e9rique, \u00e9cologique et industrielle qui sont au c\u0153ur de l\u2019efficience, de la r\u00e9silience et de la durabilit\u00e9 de l\u2019industrie et des territoires du futur. Pour cela, l\u2019institut d\u00e9ploie une strat\u00e9gie pluridisciplinaire mettant en synergie des comp\u00e9tences fortes en g\u00e9nie math\u00e9matique et industriel, en informatique et syst\u00e8mes intelligents, en g\u00e9nie de l\u2019environnement et des organisations, en management responsable et innovation en lien avec <a href=\"https:\/\/umr5600.cnrs.fr\/fr\/accueil\/\" target=\"_blank\" rel=\"noopener\">EVS UMR 5600<\/a>, <a href=\"https:\/\/limos.fr\/\" target=\"_blank\" rel=\"noopener\">LIMOS UMR 6158<\/a> et <a href=\"https:\/\/coactis.org\/\" target=\"_blank\" rel=\"noopener\">COACTIS<\/a> Unit\u00e9 de Recherche en gestion. Il s&rsquo;agit ainsi de contribuer \u00e0 la mise en place d&rsquo;une performance globale industrielle qui soit cr\u00e9atrice de valeur(s) pour l&rsquo;ensemble des parties prenantes en synergie avec les territoires dans lesquelles elles sont ancr\u00e9es.<\/p>\n\n\n\n<figure class=\"wp-block-embed is-type-video is-provider-youtube wp-block-embed-youtube wp-embed-aspect-16-9 wp-has-aspect-ratio\"><div class=\"wp-block-embed__wrapper\">\n<iframe loading=\"lazy\" title=\"L&#039;Institut Henri Fayol - Mines Saint-\u00c9tienne\" width=\"640\" height=\"360\" src=\"https:\/\/www.youtube.com\/embed\/zorMC7Dbwik?feature=oembed\" frameborder=\"0\" allow=\"accelerometer; autoplay; clipboard-write; encrypted-media; gyroscope; picture-in-picture; web-share\" referrerpolicy=\"strict-origin-when-cross-origin\" allowfullscreen><\/iframe>\n<\/div><\/figure>\n\n\n\n<h3 class=\"wp-block-heading\"><strong>Une \u00e9quipe engag\u00e9e \u00e0 vos c\u00f4t\u00e9s<\/strong><\/h3>\n\n\n\n<p>Ensemble pour imaginer et construire un avenir durable avec les membres de l\u2019Institut Henri Fayol.<\/p>\n\n\n\n<p>L&rsquo;institut Henri Fayol c&rsquo;est une \u00e9quipe de <strong>53<\/strong> permanents&nbsp;: <strong>45<\/strong> enseignants chercheurs\u202f; <strong>5<\/strong>&nbsp;<a href=\"https:\/\/www.mines-stetienne.fr\/recherche\/centres-et-departements\/institut-henri-fayol\/pole-administratif\/\">Personnels administratifs et techniques<\/a>; <strong>3<\/strong> ing\u00e9nieurs experts (<a href=\"https:\/\/www.mines-stetienne.fr\/recherche\/centres-et-departements\/institut-henri-fayol\/la-cellule-c3i\/\">C3I<\/a>) et <strong>38<\/strong> Doctorants et Post\u2010Doctorants. <\/p>\n\n\n\n<p>Une \u00e9quipe de direction, <strong>Olivier Boissier<\/strong> (directeur)&nbsp;; <strong>Sandrine Berger-Douce<\/strong> (directrice adjointe) et <strong>Rodolphe LE RICHE<\/strong> (directeur adjoint).<\/p>\n\n\n\n<div style=\"height:59px\" aria-hidden=\"true\" class=\"wp-block-spacer\"><\/div>\n\n\n\n<div class=\"ListeFormations-item col-md-3 col-md-3 col-sm-3 col-xs-6\">\n<div class=\"Formation click\">\n<h4 class=\"Formation-title\"><a class=\"\" href=\"https:\/\/www.mines-stetienne.fr\/fayol\/recherche\/\">Recherche <\/a><\/h4>\n<p class=\"Formation-contentHover\">Laboratoires, D\u00e9partements, Institut Mines-T\u00e9l\u00e9com (IMT), Th\u00e8ses<\/p>\n<\/div>\n<\/div>\n\n\n\n<div class=\"ListeFormations-item col-md-3 col-md-3 col-sm-3 col-xs-6\">\n<div class=\"Formation click\">\n<h4 class=\"Formation-title\"><a class=\"\" href=\"..\/institut-henri-fayol\/formations\/\">Formations<\/a><\/h4>\n<p class=\"Formation-contentHover\">ICM, ISMIN, Masters, Doctorats<\/p>\n<\/div>\n<\/div>\n\n\n<div class=\"ListeFormations-item col-md-3 col-md-3 col-sm-3 col-xs-6\">\n<div class=\"Formation click\">\n<h4 class=\"Formation-title\"><a class=\"\" href=\"..\/institut-henri-fayol\/valorisation\/\">Valorisation<\/a><\/h4>\n<p class=\"Formation-contentHover\">Chaires, Laboratoire des transitions, Projets<\/p>\n<\/div>\n<\/div>\n\n\n<div class=\"ListeFormations-item col-md-3 col-md-3 col-sm-3 col-xs-6\">\n<div class=\"Formation click\">\n<h4 class=\"Formation-title\"><a class=\"\" href=\"..\/institut-henri-fayol\/toutes-nos-publications\/\">Publications<\/a><\/h4>\n<p class=\"Formation-contentHover\">Articles, Communications, Chapitres, Ouvrages&#8230; <\/p>\n<\/div>\n<\/div>\n\n\n\n<div class=\"ListeFormations-item col-md-3 col-md-3 col-sm-3 col-xs-6\">\n<div class=\"Formation click\">\n<h4 class=\"Formation-title\"><a class=\"\" href=\"..\/institut-henri-fayol\/responsabilite-societale-et-environnementale\/\">RSE<\/a><\/h4>\n<p class=\"Formation-contentHover\">Responsabilit\u00e9 Soci\u00e9tale et Environnementale, Objectifs de D\u00e9veloppement Durable<\/p>\n<\/div>\n<\/div>\n\n\n<div class=\"ListeFormations-item col-md-3 col-md-3 col-sm-3 col-xs-6\">\n<div class=\"Formation click\">\n<h4 class=\"Formation-title\"><a class=\"\" href=\"https:\/\/www.mines-stetienne.fr\/recherche\/centres-et-departements\/institut-henri-fayol\/international\/\">International<\/a><\/h4>\n<p class=\"Formation-contentHover\">&nbsp;<\/p>\n<\/div>\n<\/div>\n\n\n<div class=\"ListeFormations-item col-md-3 col-md-3 col-sm-3 col-xs-6\">\n<div class=\"Formation click\">\n<h4 class=\"Formation-title\"><a class=\"\" href=\"..\/institut-henri-fayol\/campus\/\">Campus<\/a><\/h4>\n<p class=\"Formation-contentHover\">Saint-\u00c9tienne, Gardanne<\/p>\n<\/div>\n<\/div>\n\n\n<div class=\"ListeFormations-item col-md-3 col-md-3 col-sm-3 col-xs-6\">\n<div class=\"Formation click\">\n<h4 class=\"Formation-title\"><a class=\"\" href=\"..\/institut-henri-fayol\/actualites\/\">Actualit\u00e9s<\/a><\/h4>\n<p class=\"Formation-contentHover\">En direct des labos, th\u00e8ses, HDR, s\u00e9minaires, projets&nbsp;<\/p>\n<\/div>\n<\/div>\n","protected":false},"excerpt":{"rendered":"<p>Une \u00e9quipe engag\u00e9e \u00e0 vos c\u00f4t\u00e9s Ensemble pour imaginer et construire un avenir durable avec les membres de l\u2019Institut Henri Fayol. L&rsquo;institut Henri Fayol c&rsquo;est une \u00e9quipe de 53 permanents&nbsp;: 45 enseignants chercheurs\u202f; 5&nbsp;Personnels administratifs et techniques; 3 ing\u00e9nieurs experts &hellip;<\/p>\n","protected":false},"author":1536,"featured_media":0,"parent":0,"menu_order":0,"comment_status":"closed","ping_status":"closed","template":"","meta":{"footnotes":""},"tags":[],"class_list":["post-11","page","type-page","status-publish","hentry"],"pp_statuses_selecting_workflow":false,"pp_workflow_action":"current","pp_status_selection":"publish","pp_force_visibility":null,"pp_subpost_visibility":null,"pp_inherited_force_visibility":null,"pp_inherited_subpost_visibility":null,"yoast_head":"<!-- This site is optimized with the Yoast SEO plugin v27.5 - https:\/\/yoast.com\/product\/yoast-seo-wordpress\/ -->\n<title>Institut Henri FAYOL - Institut Henri Fayol<\/title>\n<meta name=\"robots\" content=\"index, follow, max-snippet:-1, max-image-preview:large, max-video-preview:-1\" \/>\n<link rel=\"canonical\" href=\"https:\/\/www.mines-stetienne.fr\/fayol\/\" \/>\n<meta property=\"og:locale\" content=\"fr_FR\" \/>\n<meta property=\"og:type\" content=\"article\" \/>\n<meta property=\"og:title\" content=\"Institut Henri FAYOL - Institut Henri Fayol\" \/>\n<meta property=\"og:description\" content=\"Une \u00e9quipe engag\u00e9e \u00e0 vos c\u00f4t\u00e9s Ensemble pour imaginer et construire un avenir durable avec les membres de l\u2019Institut Henri Fayol. L&rsquo;institut Henri Fayol c&rsquo;est une \u00e9quipe de 53 permanents&nbsp;: 45 enseignants chercheurs\u202f; 5&nbsp;Personnels administratifs et techniques; 3 ing\u00e9nieurs experts &hellip;\" \/>\n<meta property=\"og:url\" content=\"https:\/\/www.mines-stetienne.fr\/fayol\/\" \/>\n<meta property=\"og:site_name\" content=\"Institut Henri Fayol\" \/>\n<meta property=\"article:publisher\" content=\"https:\/\/www.facebook.com\/MinesSaintEtienne\" \/>\n<meta property=\"article:modified_time\" content=\"2025-01-15T08:39:15+00:00\" \/>\n<meta name=\"twitter:card\" content=\"summary_large_image\" \/>\n<meta name=\"twitter:site\" content=\"@MINES_StEtienne\" \/>\n<meta name=\"twitter:label1\" content=\"Dur\u00e9e de lecture estim\u00e9e\" \/>\n\t<meta name=\"twitter:data1\" content=\"2 minutes\" \/>\n<script type=\"application\/ld+json\" class=\"yoast-schema-graph\">{\"@context\":\"https:\\\/\\\/schema.org\",\"@graph\":[{\"@type\":\"WebPage\",\"@id\":\"https:\\\/\\\/www.mines-stetienne.fr\\\/fayol\\\/\",\"url\":\"https:\\\/\\\/www.mines-stetienne.fr\\\/fayol\\\/\",\"name\":\"Institut Henri FAYOL - Institut Henri Fayol\",\"isPartOf\":{\"@id\":\"https:\\\/\\\/www.mines-stetienne.fr\\\/fayol\\\/#website\"},\"primaryImageOfPage\":{\"@id\":\"https:\\\/\\\/www.mines-stetienne.fr\\\/fayol\\\/#primaryimage\"},\"image\":{\"@id\":\"https:\\\/\\\/www.mines-stetienne.fr\\\/fayol\\\/#primaryimage\"},\"thumbnailUrl\":\"https:\\\/\\\/www.mines-stetienne.fr\\\/wp-content\\\/uploads\\\/2021\\\/03\\\/Fayol.jpg\",\"datePublished\":\"2022-09-23T15:55:01+00:00\",\"dateModified\":\"2025-01-15T08:39:15+00:00\",\"breadcrumb\":{\"@id\":\"https:\\\/\\\/www.mines-stetienne.fr\\\/fayol\\\/#breadcrumb\"},\"inLanguage\":\"fr-FR\",\"potentialAction\":[{\"@type\":\"ReadAction\",\"target\":[\"https:\\\/\\\/www.mines-stetienne.fr\\\/fayol\\\/\"]}]},{\"@type\":\"ImageObject\",\"inLanguage\":\"fr-FR\",\"@id\":\"https:\\\/\\\/www.mines-stetienne.fr\\\/fayol\\\/#primaryimage\",\"url\":\"https:\\\/\\\/www.mines-stetienne.fr\\\/wp-content\\\/uploads\\\/2021\\\/03\\\/Fayol.jpg\",\"contentUrl\":\"https:\\\/\\\/www.mines-stetienne.fr\\\/wp-content\\\/uploads\\\/2021\\\/03\\\/Fayol.jpg\"},{\"@type\":\"BreadcrumbList\",\"@id\":\"https:\\\/\\\/www.mines-stetienne.fr\\\/fayol\\\/#breadcrumb\",\"itemListElement\":[{\"@type\":\"ListItem\",\"position\":1,\"name\":\"Accueil\",\"item\":\"https:\\\/\\\/www.mines-stetienne.fr\\\/fayol\\\/\"},{\"@type\":\"ListItem\",\"position\":2,\"name\":\"Institut Henri FAYOL\"}]},{\"@type\":\"WebSite\",\"@id\":\"https:\\\/\\\/www.mines-stetienne.fr\\\/fayol\\\/#website\",\"url\":\"https:\\\/\\\/www.mines-stetienne.fr\\\/fayol\\\/\",\"name\":\"Institut Henri Fayol\",\"description\":\"\",\"publisher\":{\"@id\":\"https:\\\/\\\/www.mines-stetienne.fr\\\/fayol\\\/#organization\"},\"potentialAction\":[{\"@type\":\"SearchAction\",\"target\":{\"@type\":\"EntryPoint\",\"urlTemplate\":\"https:\\\/\\\/www.mines-stetienne.fr\\\/fayol\\\/?s={search_term_string}\"},\"query-input\":{\"@type\":\"PropertyValueSpecification\",\"valueRequired\":true,\"valueName\":\"search_term_string\"}}],\"inLanguage\":\"fr-FR\"},{\"@type\":\"Organization\",\"@id\":\"https:\\\/\\\/www.mines-stetienne.fr\\\/fayol\\\/#organization\",\"name\":\"Institut Henri Fayol\",\"url\":\"https:\\\/\\\/www.mines-stetienne.fr\\\/fayol\\\/\",\"logo\":{\"@type\":\"ImageObject\",\"inLanguage\":\"fr-FR\",\"@id\":\"https:\\\/\\\/www.mines-stetienne.fr\\\/fayol\\\/#\\\/schema\\\/logo\\\/image\\\/\",\"url\":\"https:\\\/\\\/www.mines-stetienne.fr\\\/fayol\\\/wp-content\\\/uploads\\\/sites\\\/18\\\/2022\\\/09\\\/Mines_Saint_Etienne_IMT_RVB.png\",\"contentUrl\":\"https:\\\/\\\/www.mines-stetienne.fr\\\/fayol\\\/wp-content\\\/uploads\\\/sites\\\/18\\\/2022\\\/09\\\/Mines_Saint_Etienne_IMT_RVB.png\",\"width\":316,\"height\":315,\"caption\":\"Institut Henri Fayol\"},\"image\":{\"@id\":\"https:\\\/\\\/www.mines-stetienne.fr\\\/fayol\\\/#\\\/schema\\\/logo\\\/image\\\/\"},\"sameAs\":[\"https:\\\/\\\/www.facebook.com\\\/MinesSaintEtienne\",\"https:\\\/\\\/x.com\\\/MINES_StEtienne\",\"https:\\\/\\\/www.youtube.com\\\/channel\\\/UCVSdpdmJccvUngjJ2on1n3A\"]}]}<\/script>\n<!-- \/ Yoast SEO plugin. -->","yoast_head_json":{"title":"Institut Henri FAYOL - Institut Henri Fayol","robots":{"index":"index","follow":"follow","max-snippet":"max-snippet:-1","max-image-preview":"max-image-preview:large","max-video-preview":"max-video-preview:-1"},"canonical":"https:\/\/www.mines-stetienne.fr\/fayol\/","og_locale":"fr_FR","og_type":"article","og_title":"Institut Henri FAYOL - Institut Henri Fayol","og_description":"Une \u00e9quipe engag\u00e9e \u00e0 vos c\u00f4t\u00e9s Ensemble pour imaginer et construire un avenir durable avec les membres de l\u2019Institut Henri Fayol. L&rsquo;institut Henri Fayol c&rsquo;est une \u00e9quipe de 53 permanents&nbsp;: 45 enseignants chercheurs\u202f; 5&nbsp;Personnels administratifs et techniques; 3 ing\u00e9nieurs experts &hellip;","og_url":"https:\/\/www.mines-stetienne.fr\/fayol\/","og_site_name":"Institut Henri Fayol","article_publisher":"https:\/\/www.facebook.com\/MinesSaintEtienne","article_modified_time":"2025-01-15T08:39:15+00:00","twitter_card":"summary_large_image","twitter_site":"@MINES_StEtienne","twitter_misc":{"Dur\u00e9e de lecture estim\u00e9e":"2 minutes"},"schema":{"@context":"https:\/\/schema.org","@graph":[{"@type":"WebPage","@id":"https:\/\/www.mines-stetienne.fr\/fayol\/","url":"https:\/\/www.mines-stetienne.fr\/fayol\/","name":"Institut Henri FAYOL - Institut Henri Fayol","isPartOf":{"@id":"https:\/\/www.mines-stetienne.fr\/fayol\/#website"},"primaryImageOfPage":{"@id":"https:\/\/www.mines-stetienne.fr\/fayol\/#primaryimage"},"image":{"@id":"https:\/\/www.mines-stetienne.fr\/fayol\/#primaryimage"},"thumbnailUrl":"https:\/\/www.mines-stetienne.fr\/wp-content\/uploads\/2021\/03\/Fayol.jpg","datePublished":"2022-09-23T15:55:01+00:00","dateModified":"2025-01-15T08:39:15+00:00","breadcrumb":{"@id":"https:\/\/www.mines-stetienne.fr\/fayol\/#breadcrumb"},"inLanguage":"fr-FR","potentialAction":[{"@type":"ReadAction","target":["https:\/\/www.mines-stetienne.fr\/fayol\/"]}]},{"@type":"ImageObject","inLanguage":"fr-FR","@id":"https:\/\/www.mines-stetienne.fr\/fayol\/#primaryimage","url":"https:\/\/www.mines-stetienne.fr\/wp-content\/uploads\/2021\/03\/Fayol.jpg","contentUrl":"https:\/\/www.mines-stetienne.fr\/wp-content\/uploads\/2021\/03\/Fayol.jpg"},{"@type":"BreadcrumbList","@id":"https:\/\/www.mines-stetienne.fr\/fayol\/#breadcrumb","itemListElement":[{"@type":"ListItem","position":1,"name":"Accueil","item":"https:\/\/www.mines-stetienne.fr\/fayol\/"},{"@type":"ListItem","position":2,"name":"Institut Henri FAYOL"}]},{"@type":"WebSite","@id":"https:\/\/www.mines-stetienne.fr\/fayol\/#website","url":"https:\/\/www.mines-stetienne.fr\/fayol\/","name":"Institut Henri Fayol","description":"","publisher":{"@id":"https:\/\/www.mines-stetienne.fr\/fayol\/#organization"},"potentialAction":[{"@type":"SearchAction","target":{"@type":"EntryPoint","urlTemplate":"https:\/\/www.mines-stetienne.fr\/fayol\/?s={search_term_string}"},"query-input":{"@type":"PropertyValueSpecification","valueRequired":true,"valueName":"search_term_string"}}],"inLanguage":"fr-FR"},{"@type":"Organization","@id":"https:\/\/www.mines-stetienne.fr\/fayol\/#organization","name":"Institut Henri Fayol","url":"https:\/\/www.mines-stetienne.fr\/fayol\/","logo":{"@type":"ImageObject","inLanguage":"fr-FR","@id":"https:\/\/www.mines-stetienne.fr\/fayol\/#\/schema\/logo\/image\/","url":"https:\/\/www.mines-stetienne.fr\/fayol\/wp-content\/uploads\/sites\/18\/2022\/09\/Mines_Saint_Etienne_IMT_RVB.png","contentUrl":"https:\/\/www.mines-stetienne.fr\/fayol\/wp-content\/uploads\/sites\/18\/2022\/09\/Mines_Saint_Etienne_IMT_RVB.png","width":316,"height":315,"caption":"Institut Henri Fayol"},"image":{"@id":"https:\/\/www.mines-stetienne.fr\/fayol\/#\/schema\/logo\/image\/"},"sameAs":["https:\/\/www.facebook.com\/MinesSaintEtienne","https:\/\/x.com\/MINES_StEtienne","https:\/\/www.youtube.com\/channel\/UCVSdpdmJccvUngjJ2on1n3A"]}]}},"_links":{"self":[{"href":"https:\/\/www.mines-stetienne.fr\/fayol\/wp-json\/wp\/v2\/pages\/11","targetHints":{"allow":["GET"]}}],"collection":[{"href":"https:\/\/www.mines-stetienne.fr\/fayol\/wp-json\/wp\/v2\/pages"}],"about":[{"href":"https:\/\/www.mines-stetienne.fr\/fayol\/wp-json\/wp\/v2\/types\/page"}],"author":[{"embeddable":true,"href":"https:\/\/www.mines-stetienne.fr\/fayol\/wp-json\/wp\/v2\/users\/1536"}],"replies":[{"embeddable":true,"href":"https:\/\/www.mines-stetienne.fr\/fayol\/wp-json\/wp\/v2\/comments?post=11"}],"version-history":[{"count":40,"href":"https:\/\/www.mines-stetienne.fr\/fayol\/wp-json\/wp\/v2\/pages\/11\/revisions"}],"predecessor-version":[{"id":777,"href":"https:\/\/www.mines-stetienne.fr\/fayol\/wp-json\/wp\/v2\/pages\/11\/revisions\/777"}],"wp:attachment":[{"href":"https:\/\/www.mines-stetienne.fr\/fayol\/wp-json\/wp\/v2\/media?parent=11"}],"wp:term":[{"taxonomy":"post_tag","embeddable":true,"href":"https:\/\/www.mines-stetienne.fr\/fayol\/wp-json\/wp\/v2\/tags?post=11"}],"curies":[{"name":"wp","href":"https:\/\/api.w.org\/{rel}","templated":true}]}}