{"version":"1.0","provider_name":"Institut Henri Fayol","provider_url":"https:\/\/www.mines-stetienne.fr\/fayol","author_name":"BREUIL Florent","author_url":"https:\/\/www.mines-stetienne.fr\/fayol\/author\/fbreuil\/","title":"G\u00e9nie de l'environnement pour les organisations - Institut Henri Fayol","type":"rich","width":600,"height":338,"html":"<blockquote class=\"wp-embedded-content\" data-secret=\"FOIAbgID0A\"><a href=\"https:\/\/www.mines-stetienne.fr\/fayol\/recherche\/genie-de-lenvironnement-pour-les-organisations\/\">G\u00e9nie de l&rsquo;environnement pour les organisations<\/a><\/blockquote><iframe sandbox=\"allow-scripts\" security=\"restricted\" src=\"https:\/\/www.mines-stetienne.fr\/fayol\/recherche\/genie-de-lenvironnement-pour-les-organisations\/embed\/#?secret=FOIAbgID0A\" width=\"600\" height=\"338\" title=\"\u00ab\u00a0G\u00e9nie de l&rsquo;environnement pour les organisations\u00a0\u00bb &#8212; Institut Henri Fayol\" data-secret=\"FOIAbgID0A\" frameborder=\"0\" marginwidth=\"0\" marginheight=\"0\" scrolling=\"no\" class=\"wp-embedded-content\"><\/iframe><script type=\"text\/javascript\">\n\/* <![CDATA[ *\/\n\/*! This file is auto-generated *\/\n!function(d,l){\"use strict\";l.querySelector&&d.addEventListener&&\"undefined\"!=typeof URL&&(d.wp=d.wp||{},d.wp.receiveEmbedMessage||(d.wp.receiveEmbedMessage=function(e){var t=e.data;if((t||t.secret||t.message||t.value)&&!\/[^a-zA-Z0-9]\/.test(t.secret)){for(var s,r,n,a=l.querySelectorAll('iframe[data-secret=\"'+t.secret+'\"]'),o=l.querySelectorAll('blockquote[data-secret=\"'+t.secret+'\"]'),c=new RegExp(\"^https?:$\",\"i\"),i=0;i<o.length;i++)o[i].style.display=\"none\";for(i=0;i<a.length;i++)s=a[i],e.source===s.contentWindow&&(s.removeAttribute(\"style\"),\"height\"===t.message?(1e3<(r=parseInt(t.value,10))?r=1e3:~~r<200&&(r=200),s.height=r):\"link\"===t.message&&(r=new URL(s.getAttribute(\"src\")),n=new URL(t.value),c.test(n.protocol))&&n.host===r.host&&l.activeElement===s&&(d.top.location.href=t.value))}},d.addEventListener(\"message\",d.wp.receiveEmbedMessage,!1),l.addEventListener(\"DOMContentLoaded\",function(){for(var e,t,s=l.querySelectorAll(\"iframe.wp-embedded-content\"),r=0;r<s.length;r++)(t=(e=s[r]).getAttribute(\"data-secret\"))||(t=Math.random().toString(36).substring(2,12),e.src+=\"#?secret=\"+t,e.setAttribute(\"data-secret\",t)),e.contentWindow.postMessage({message:\"ready\",secret:t},\"*\")},!1)))}(window,document);\n\/\/# sourceURL=https:\/\/www.mines-stetienne.fr\/fayol\/wp-includes\/js\/wp-embed.min.js\n\/* ]]> *\/\n<\/script>\n","description":"Performances \u00e9conomiques, environnementales, industrielles des syst\u00e8mes et des organisations Objectifs Apporter des solutions nouvelles en mati\u00e8re d\u2019analyse, de mod\u00e9lisation, d\u2019\u00e9valuation, de simulation des processus industriels et des syst\u00e8mes territoriaux dans un double contexte d\u2019industrie et de ville du futur durables. &hellip;","thumbnail_url":"https:\/\/fayol.wp.imt.fr\/files\/2020\/05\/cloud-geo.png"}