{"id":385,"date":"2018-10-10T22:04:04","date_gmt":"2018-10-10T21:04:04","guid":{"rendered":"https:\/\/www.mines-stetienne.fr\/en\/?page_id=385"},"modified":"2025-07-07T12:29:24","modified_gmt":"2025-07-07T11:29:24","slug":"people","status":"publish","type":"page","link":"https:\/\/www.mines-stetienne.fr\/en\/research\/centres-and-departments\/department-of-bioelectronics-bel\/people\/","title":{"rendered":"People"},"content":{"rendered":"<p><img decoding=\"async\" class=\"wp-image-15618 aligncenter\" src=\"https:\/\/www.mines-stetienne.fr\/en\/wp-content\/uploads\/sites\/4\/2024\/07\/bel-lunch.jpg\" alt=\"\" width=\"693\" height=\"518\" srcset=\"https:\/\/www.mines-stetienne.fr\/en\/wp-content\/uploads\/sites\/4\/2024\/07\/bel-lunch.jpg 546w, https:\/\/www.mines-stetienne.fr\/en\/wp-content\/uploads\/sites\/4\/2024\/07\/bel-lunch-300x224.jpg 300w\" sizes=\"(max-width: 693px) 100vw, 693px\" \/><\/p>\n<h2>Faculty and Staff<\/h2>\n<table class=\" alignleft\" style=\"width: 100%;height: 5569px\">\n<tbody>\n<tr style=\"height: 24px\">\n<td style=\"width: 23.0769%;text-align: left;vertical-align: top;height: 10px\"><img decoding=\"async\" class=\"alignleft wp-image-2287 size-full\" src=\"https:\/\/www.mines-stetienne.fr\/en\/wp-content\/uploads\/sites\/4\/2018\/10\/DavidMoreau.jpg\" alt=\"\" width=\"151\" height=\"198\" \/><\/td>\n<td style=\"width: 75.6672%;vertical-align: top;height: 10px\"><strong>David Moreau <\/strong>is\u00a0Head of the Department of Bioelectronics at the Centre Micro\u00e9lectronique de Provence and Associate Professor. He obtained a BSc and MSc in physics, specialized in photonics and electronics at the University of Limoges, France. He obtained his Ph.D. at the XLIM Research Institute (UMR CNRS 7252) in Limoges, France in Biophysics working on infrared neural stimulation and its underlying mechanism. Now, he is focused on the development and fabrication of a new generation of implantable neural devices, combining the use of microelectronics to assess neural activity and flexible waveguides to deliver infrared light with the aim of simultaneously stimulating neural activity with better spatial resolution.<a href=\"&#x6d;&#x61;&#105;&#108;to&#x3a;&#x64;&#x61;&#118;id&#x2e;&#x6d;&#x6f;&#114;&#101;a&#x75;&#x40;&#x65;&#109;&#115;e&#x2e;&#x66;&#x72;\">&#x64;&#97;v&#x69;&#100;&#46;&#x6d;&#x6f;&#114;e&#x61;&#117;&#64;&#x65;&#x6d;&#115;e&#x2e;&#102;r<\/a> &#8211;\u00a0\u00a0 +33 (0)4 42 61 68 77<\/td>\n<\/tr>\n<tr style=\"height: 71px\">\n<td style=\"width: 23.0769%;text-align: left;vertical-align: top;height: 71px\"><\/td>\n<td style=\"width: 75.6672%;vertical-align: top;height: 71px\"><strong><a href=\"https:\/\/scholar.google.fr\/citations?hl=fr&amp;user=71p01A4AAAAJ\" target=\"_blank\" rel=\"noopener\"><img decoding=\"async\" class=\"wp-image-15629 alignleft\" title=\"\" src=\"https:\/\/www.mines-stetienne.fr\/en\/wp-content\/uploads\/sites\/4\/2024\/07\/scholar-150x150.png\" alt=\"\" width=\"51\" height=\"51\" srcset=\"https:\/\/www.mines-stetienne.fr\/en\/wp-content\/uploads\/sites\/4\/2024\/07\/scholar-150x150.png 150w, https:\/\/www.mines-stetienne.fr\/en\/wp-content\/uploads\/sites\/4\/2024\/07\/scholar-75x75.png 75w, https:\/\/www.mines-stetienne.fr\/en\/wp-content\/uploads\/sites\/4\/2024\/07\/scholar.png 225w\" sizes=\"(max-width: 51px) 100vw, 51px\" \/><\/a><a href=\"https:\/\/orcid.org\/0000-0003-3530-0719\" target=\"_blank\" rel=\"noopener\"><img decoding=\"async\" class=\"alignleft wp-image-15632\" title=\"\" src=\"https:\/\/www.mines-stetienne.fr\/en\/wp-content\/uploads\/sites\/4\/2024\/07\/orcid.png\" alt=\"\" width=\"85\" height=\"53\" \/><\/a><a href=\"https:\/\/www.researchgate.net\/profile\/David-Moreau\" target=\"_blank\" rel=\"noopener\"><img decoding=\"async\" class=\"alignleft wp-image-15630\" title=\"\" src=\"https:\/\/www.mines-stetienne.fr\/en\/wp-content\/uploads\/sites\/4\/2024\/07\/researchgate.png\" alt=\"\" width=\"53\" height=\"53\" srcset=\"https:\/\/www.mines-stetienne.fr\/en\/wp-content\/uploads\/sites\/4\/2024\/07\/researchgate.png 225w, https:\/\/www.mines-stetienne.fr\/en\/wp-content\/uploads\/sites\/4\/2024\/07\/researchgate-150x150.png 150w, https:\/\/www.mines-stetienne.fr\/en\/wp-content\/uploads\/sites\/4\/2024\/07\/researchgate-75x75.png 75w\" sizes=\"(max-width: 53px) 100vw, 53px\" \/><\/a><a href=\"https:\/\/www.linkedin.com\/in\/david-moreau-76570b103\/\" target=\"_blank\" rel=\"noopener\"><img decoding=\"async\" class=\"alignleft wp-image-15631\" title=\"\" src=\"https:\/\/www.mines-stetienne.fr\/en\/wp-content\/uploads\/sites\/4\/2024\/07\/linkedin.png\" alt=\"\" width=\"64\" height=\"54\" \/><\/a><br \/>\n<\/strong><\/td>\n<\/tr>\n<tr style=\"height: 23px\">\n<td style=\"width: 23.0769%;text-align: left;vertical-align: top;height: 23px\"><\/td>\n<td style=\"width: 75.6672%;vertical-align: top;height: 23px\"><strong>\u00a0<\/strong><\/td>\n<\/tr>\n<tr style=\"height: 464px\">\n<td style=\"width: 23.0769%;text-align: left;vertical-align: top;height: 441px\"><img decoding=\"async\" class=\"alignleft wp-image-6437 size-thumbnail\" title=\"\" src=\"https:\/\/www.mines-stetienne.fr\/en\/wp-content\/uploads\/sites\/4\/2021\/02\/Charles-150x150.jpg\" alt=\"\" width=\"150\" height=\"150\" srcset=\"https:\/\/www.mines-stetienne.fr\/en\/wp-content\/uploads\/sites\/4\/2021\/02\/Charles-150x150.jpg 150w, https:\/\/www.mines-stetienne.fr\/en\/wp-content\/uploads\/sites\/4\/2021\/02\/Charles-75x75.jpg 75w\" sizes=\"(max-width: 150px) 100vw, 150px\" \/><\/td>\n<td style=\"width: 75.6672%;height: 441px\"><strong><strong>Charles Rezaei<\/strong><\/strong> (publication: S. Rezaei-Mazinani) is an Associate Professor and Group Leader in the department of Bioelectronics (BEL) at the Ecole des Mines de Saint-\u00c9tienne. He holds a PhD degree in Bioelectronics, during which he worked on the development of organic photodetectors for neuroscience applications. Following his PhD, he completed a postdoctoral fellowship in Alexander Fleischmann\u2019s lab at the Center for Interdisciplinary Research in Biology (CIRB) at the Coll\u00e8ge de France. At CIRB, he studied the encoding of odor and spatial information in the mouse piriform and entorhinal cortex. Dr. Rezaei\u2019s current research focuses on the use of electronic and optoelectronic materials to design and develop optical and electronic devices for brain interfacing. This includes the design, characterization, and fabrication of high-performance neural implants for stimulation and recording. Additionally, he has a strong interest in neural data analysis. <a href=\"m&#97;&#x69;&#x6c;&#x74;o&#58;&#99;&#x68;&#x61;r&#108;&#101;&#x73;&#x2e;re&#122;&#x61;&#x65;&#x69;&#64;&#101;&#x6d;&#x73;&#x65;&#46;&#102;&#114;\">charles&#46;rezaei&#64;emse&#46;fr<\/a> \u00a0 &#8211;\u00a0 +33 (0) 4 42 61 68 87<\/td>\n<\/tr>\n<tr style=\"height: 70px\">\n<td style=\"width: 23.0769%;text-align: left;vertical-align: top;height: 70px\"><\/td>\n<td style=\"width: 75.6672%;height: 70px\"><strong><a href=\"https:\/\/scholar.google.fr\/citations?user=yT4mtkcAAAAJ&amp;hl=fr&amp;oi=sra\" target=\"_blank\" rel=\"noopener\"><img decoding=\"async\" class=\"alignleft wp-image-15629\" title=\"\" src=\"https:\/\/www.mines-stetienne.fr\/en\/wp-content\/uploads\/sites\/4\/2024\/07\/scholar-150x150.png\" alt=\"\" width=\"51\" height=\"51\" srcset=\"https:\/\/www.mines-stetienne.fr\/en\/wp-content\/uploads\/sites\/4\/2024\/07\/scholar-150x150.png 150w, https:\/\/www.mines-stetienne.fr\/en\/wp-content\/uploads\/sites\/4\/2024\/07\/scholar-75x75.png 75w, https:\/\/www.mines-stetienne.fr\/en\/wp-content\/uploads\/sites\/4\/2024\/07\/scholar.png 225w\" sizes=\"(max-width: 51px) 100vw, 51px\" \/><\/a><a href=\"https:\/\/orcid.org\/0000-0002-7868-4540\" target=\"_blank\" rel=\"noopener\"><img decoding=\"async\" class=\"alignleft wp-image-15632\" title=\"\" src=\"https:\/\/www.mines-stetienne.fr\/en\/wp-content\/uploads\/sites\/4\/2024\/07\/orcid.png\" alt=\"\" width=\"85\" height=\"53\" \/><\/a><\/strong><\/td>\n<\/tr>\n<tr style=\"height: 24px\">\n<td style=\"width: 23.0769%;text-align: left;vertical-align: top;height: 24px\"><\/td>\n<td style=\"width: 75.6672%;height: 24px\"><strong>\u00a0<\/strong><\/td>\n<\/tr>\n<tr style=\"height: 464px\">\n<td style=\"width: 23.0769%;text-align: left;vertical-align: top;height: 398px\"><img decoding=\"async\" class=\"wp-image-664 size-thumbnail alignleft\" title=\"\" src=\"https:\/\/www.mines-stetienne.fr\/en\/wp-content\/uploads\/sites\/4\/2016\/01\/Ismailova-124x150.jpg\" alt=\"Ismailova\" width=\"124\" height=\"150\" \/><\/td>\n<td style=\"width: 75.6672%;height: 398px;text-align: left;vertical-align: top\"><strong>Esma Ismailova<\/strong> is an Associate Professor in the Bioelectronics Department at Ecole Nationale Superieur des Mines de Saint-\u00c9tienne (EMSE). She received her BSc. in Physics at the National University of Uzbekistan and obtained a Master\u2019s degree in Polymer Science at Strasbourg University in France where she also completed her PhD in Chemistry and Chemical Physics, working on the synthesis and characterization of polymers and their application in microelectronics. She then joined the Laboratory for Organic Electronics at Cornell University, NY, USA as a postdoctoral researcher, where she worked on understanding of the interface between biology and electronics. In 2010 she joined BEL as a postdoctoral fellow where she worked on developing microfabrication platform for soft biocompatible neural implants and advanced to becoming a permanent staff member in 2012. Her current research interests center around the development of organic electronic sensors for applications in healthcare using wearable smart textile systems. She is the leading organizer of the Electronic Textiles Symposia for the Materials Research Society in the USA and Europe. She is also the principal scientist in PIAVE AUTONOTEX project sponsored an BpiFrance (French Public Investment Bank) aiming to develop next generation of communicating and energy autonomous textiles for health monitoring in hospitals and in high-risk environments. <a href=\"&#x6d;a&#x69;&#108;&#x74;&#111;&#x3a;&#x69;s&#x6d;&#97;&#x69;&#108;&#x6f;&#118;a&#x40;&#101;&#x6d;&#115;&#x65;&#46;f&#x72;\">&#x69;&#x73;&#109;a&#x69;&#x6c;&#111;va&#x40;&#x65;&#109;s&#x65;&#x2e;&#102;&#114;\u00a0<\/a>\u00a0 &#8211;\u00a0\u00a0 +33 (0)4 42 61 66 46 \u00a0 &#8211;\u00a0\u00a0 @Esma_Ismailova<\/td>\n<\/tr>\n<tr style=\"height: 71px\">\n<td style=\"width: 23.0769%;text-align: left;vertical-align: top;height: 71px\"><\/td>\n<td style=\"width: 75.6672%;text-align: left;vertical-align: top;height: 71px\"><strong><a href=\"https:\/\/scholar.google.fr\/citations?user=IOsWduoAAAAJ&amp;hl=fr&amp;oi=ao\" target=\"_blank\" rel=\"noopener\"><img decoding=\"async\" class=\"alignleft wp-image-15629\" src=\"https:\/\/www.mines-stetienne.fr\/en\/wp-content\/uploads\/sites\/4\/2024\/07\/scholar-150x150.png\" alt=\"\" width=\"51\" height=\"51\" srcset=\"https:\/\/www.mines-stetienne.fr\/en\/wp-content\/uploads\/sites\/4\/2024\/07\/scholar-150x150.png 150w, https:\/\/www.mines-stetienne.fr\/en\/wp-content\/uploads\/sites\/4\/2024\/07\/scholar-75x75.png 75w, https:\/\/www.mines-stetienne.fr\/en\/wp-content\/uploads\/sites\/4\/2024\/07\/scholar.png 225w\" sizes=\"(max-width: 51px) 100vw, 51px\" \/><\/a><a href=\"https:\/\/orcid.org\/0000-0001-6722-6782\" target=\"_blank\" rel=\"noopener\"><img decoding=\"async\" class=\"alignleft wp-image-15632\" src=\"https:\/\/www.mines-stetienne.fr\/en\/wp-content\/uploads\/sites\/4\/2024\/07\/orcid.png\" alt=\"\" width=\"85\" height=\"53\" \/><\/a><a href=\"https:\/\/www.linkedin.com\/in\/esma-ismailova-27064270\/\" target=\"_blank\" rel=\"noopener\"><img decoding=\"async\" class=\"alignleft wp-image-15631\" src=\"https:\/\/www.mines-stetienne.fr\/en\/wp-content\/uploads\/sites\/4\/2024\/07\/linkedin.png\" alt=\"\" width=\"64\" height=\"54\" \/><\/a><\/strong><\/td>\n<\/tr>\n<tr style=\"height: 24px\">\n<td style=\"width: 23.0769%;text-align: left;vertical-align: top;height: 10px\"><\/td>\n<td style=\"width: 75.6672%;text-align: left;vertical-align: top;height: 10px\"><strong>\u00a0<\/strong><\/td>\n<\/tr>\n<tr style=\"height: 464px\">\n<td style=\"width: 23.0769%;text-align: left;vertical-align: top;height: 447px\"><img decoding=\"async\" class=\"alignleft wp-image-13088 size-medium\" title=\"\" src=\"https:\/\/www.mines-stetienne.fr\/en\/wp-content\/uploads\/sites\/4\/2021\/11\/24-11-2021-11-46-54-0net-e1638291677724-243x300.jpg\" alt=\"\" width=\"243\" height=\"300\" srcset=\"https:\/\/www.mines-stetienne.fr\/en\/wp-content\/uploads\/sites\/4\/2021\/11\/24-11-2021-11-46-54-0net-e1638291677724-243x300.jpg 243w, https:\/\/www.mines-stetienne.fr\/en\/wp-content\/uploads\/sites\/4\/2021\/11\/24-11-2021-11-46-54-0net-e1638291677724.jpg 562w\" sizes=\"(max-width: 243px) 100vw, 243px\" \/><\/td>\n<td style=\"width: 75.6672%;vertical-align: top;text-align: left;height: 447px\"><strong>Rod O&#8217;Connor<\/strong>\u00a0 is Full Professor at the Department of Bioelectronics at the Centre Micro\u00e9lectronique de Provence. He received a B.Sc. (Hons) and M.Sc. in Neuroscience from Laurentian University in Canada. His doctoral research was carried out at the University of Cambridge, where he received a Ph.D. for his work investigating the influence of pulsed microwaves on neurons and cell physiology. Thereafter, he held a Marie Curie fellowship at the European Laboratory for Nonlinear Spectroscopy (LENS) in Florence, Italy, applying multiphoton microscopy for in vivo imaging and femtosecond laser manipulation of the brain. He carried out postdoctoral training in electrophysiology and optogenetics at the HHMI Janelia Research Campus, VA, Boston University and Woods Hole, MA, USA. Before moving to BEL, he held a Labex Excellence Chair in Bioengineering at the XLIM Research Institute in Limoges, where he developed devices and applied advanced optical imaging tools to study the effects of ultrashort, intense pulsed electric fields on cancer <i>in vitro and in vivo<\/i>. He received his habilitation (HDR) in 2016. His research at BEL centers on the development of new neurotechnologies using organic electronic materials for interfacing with the brain, sensing and treating cancer (&#8216;Oncoelectronics&#8217;). He is interested in the bioelectrical basis of disease and combining Bioelectronics, Bioelectrics and Neurophotonics approaches. He is an author of over 65 publications with an h-index of 21, according to Google scholar (2021).<a href=\"&#109;&#97;&#x69;l&#116;&#x6f;&#x3a;r&#111;&#x64;&#x6e;e&#121;&#x2e;o&#99;&#x6f;&#x6e;n&#111;&#x72;&#x40;e&#109;&#x73;e&#46;&#x66;&#x72;\">r&#111;&#100;&#x6e;&#x65;y&#46;&#111;&#99;&#x6f;&#x6e;no&#114;&#64;&#x65;&#x6d;se&#46;&#x66;&#x72;<\/a> \u00a0 &#8211;\u00a0\u00a0 +33 (0)4 42 61 68 78 \u00a0 &#8211;\u00a0\u00a0 @neurophoton<\/td>\n<\/tr>\n<tr style=\"height: 71px\">\n<td style=\"width: 23.0769%;text-align: left;vertical-align: top;height: 71px\"><\/td>\n<td style=\"width: 75.6672%;vertical-align: top;text-align: left;height: 71px\"><strong><a href=\"https:\/\/scholar.google.fr\/citations?user=AnHiF3UAAAAJ&amp;hl=fr&amp;oi=sra\" target=\"_blank\" rel=\"noopener\"><img decoding=\"async\" class=\"alignleft wp-image-15629\" src=\"https:\/\/www.mines-stetienne.fr\/en\/wp-content\/uploads\/sites\/4\/2024\/07\/scholar-150x150.png\" alt=\"\" width=\"51\" height=\"51\" srcset=\"https:\/\/www.mines-stetienne.fr\/en\/wp-content\/uploads\/sites\/4\/2024\/07\/scholar-150x150.png 150w, https:\/\/www.mines-stetienne.fr\/en\/wp-content\/uploads\/sites\/4\/2024\/07\/scholar-75x75.png 75w, https:\/\/www.mines-stetienne.fr\/en\/wp-content\/uploads\/sites\/4\/2024\/07\/scholar.png 225w\" sizes=\"(max-width: 51px) 100vw, 51px\" \/><\/a><a href=\"https:\/\/orcid.org\/0000-0002-3916-3101\" target=\"_blank\" rel=\"noopener\"><img decoding=\"async\" class=\"alignleft wp-image-15632\" title=\"\" src=\"https:\/\/www.mines-stetienne.fr\/en\/wp-content\/uploads\/sites\/4\/2024\/07\/orcid.png\" alt=\"\" width=\"85\" height=\"53\" \/><\/a><a href=\"https:\/\/www.researchgate.net\/profile\/Rodney-Oconnor\" target=\"_blank\" rel=\"noopener\"><img decoding=\"async\" class=\"alignleft wp-image-15630\" title=\"\" src=\"https:\/\/www.mines-stetienne.fr\/en\/wp-content\/uploads\/sites\/4\/2024\/07\/researchgate.png\" alt=\"\" width=\"53\" height=\"53\" srcset=\"https:\/\/www.mines-stetienne.fr\/en\/wp-content\/uploads\/sites\/4\/2024\/07\/researchgate.png 225w, https:\/\/www.mines-stetienne.fr\/en\/wp-content\/uploads\/sites\/4\/2024\/07\/researchgate-150x150.png 150w, https:\/\/www.mines-stetienne.fr\/en\/wp-content\/uploads\/sites\/4\/2024\/07\/researchgate-75x75.png 75w\" sizes=\"(max-width: 53px) 100vw, 53px\" \/><\/a><a href=\"https:\/\/www.linkedin.com\/in\/rodney-o-connor-4b122153\/\" target=\"_blank\" rel=\"noopener\"><img decoding=\"async\" class=\"alignleft wp-image-15631\" title=\"\" src=\"https:\/\/www.mines-stetienne.fr\/en\/wp-content\/uploads\/sites\/4\/2024\/07\/linkedin.png\" alt=\"\" width=\"64\" height=\"54\" \/><\/a><\/strong><\/td>\n<\/tr>\n<tr style=\"height: 98px\">\n<td style=\"width: 98.7441%;text-align: left;vertical-align: top;height: 98px\" colspan=\"2\">\n<h2>Research Engineers<\/h2>\n<\/td>\n<\/tr>\n<tr style=\"height: 464px\">\n<td style=\"width: 23.0769%;text-align: left;vertical-align: top;height: 387px\">\u00a0<img decoding=\"async\" class=\"alignleft wp-image-2283 size-medium\" title=\"\" src=\"https:\/\/www.mines-stetienne.fr\/en\/wp-content\/uploads\/sites\/4\/2018\/10\/Martin-Baca-Photo-270x300.jpg\" alt=\"\" width=\"270\" height=\"300\" srcset=\"https:\/\/www.mines-stetienne.fr\/en\/wp-content\/uploads\/sites\/4\/2018\/10\/Martin-Baca-Photo-270x300.jpg 270w, https:\/\/www.mines-stetienne.fr\/en\/wp-content\/uploads\/sites\/4\/2018\/10\/Martin-Baca-Photo-768x855.jpg 768w, https:\/\/www.mines-stetienne.fr\/en\/wp-content\/uploads\/sites\/4\/2018\/10\/Martin-Baca-Photo-920x1024.jpg 920w, https:\/\/www.mines-stetienne.fr\/en\/wp-content\/uploads\/sites\/4\/2018\/10\/Martin-Baca-Photo.jpg 1037w\" sizes=\"(max-width: 270px) 100vw, 270px\" \/><\/td>\n<td style=\"width: 75.6672%;vertical-align: top;text-align: left;height: 387px\"><strong>Martin Baca<\/strong> is a Research and Development Engineer in the Department of Bioelectronics (BEL) at the Centre Micro\u00e9lectronique de Provence of the Ecole Nationale Sup\u00e9rieure des Mines de Saint-\u00c9tienne. He completed a degree in electronics engineering at the Technical University of Ko\u0161ice, Slovakia in 2000. He gained industrial experience in software and hardware engineering for embedded systems working at various companies: Telegrafia s.r.o (Slovakia), and Meodat GmbH (Germany). Thereafter, he pursued his PhD in the Nano-bio-system research team at the Technical University of Ilmenau, Germany,\u00a0 where he gained experience with multielectrode arrays for cell culture, microfluidics, biophotonics, and organic chemistry. Following this, he carried out postdoctoral studies in the Neuroengineering group of UMR INSERM 1106 at Aix-Marseille University in Marseille, where he was responsible for developing electronic interfaces for OECT sensors for electrophysiology. He leads development of Neuroelectronics projects in BEL and is responsible for instrumentation, laboratory safety and training.<a class=\"moz-txt-link-abbreviated\" href=\"&#x6d;a&#x69;&#108;&#x74;&#x6f;:&#x6d;&#97;&#x72;&#x74;i&#x6e;&#46;&#x62;&#x61;c&#x61;&#64;&#x65;&#x6d;s&#x65;&#46;&#x66;&#x72;\">&#109;&#x61;&#114;&#x74;&#105;&#x6e;&#46;&#x62;a&#x63;a&#64;&#x65;&#109;&#x73;&#101;&#x2e;&#102;&#x72;<\/a> \u00a0 \u2013\u00a0\u00a0 +33 (0)4 42 61 68 79<\/td>\n<\/tr>\n<tr style=\"height: 98px\">\n<td style=\"width: 98.7441%;text-align: left;vertical-align: top;height: 403px\" colspan=\"2\">\n<h2>Postdocs<\/h2>\n<table style=\"border-collapse: collapse;width: 100%;height: 473px\">\n<tbody>\n<tr style=\"height: 507px\">\n<td style=\"width: 23.2456%;height: 473px\"><img decoding=\"async\" class=\"alignnone size-medium wp-image-14853\" title=\"\" src=\"https:\/\/www.mines-stetienne.fr\/en\/wp-content\/uploads\/sites\/4\/2023\/01\/davide_pic_small-247x300.png\" alt=\"\" width=\"247\" height=\"300\" srcset=\"https:\/\/www.mines-stetienne.fr\/en\/wp-content\/uploads\/sites\/4\/2023\/01\/davide_pic_small-247x300.png 247w, https:\/\/www.mines-stetienne.fr\/en\/wp-content\/uploads\/sites\/4\/2023\/01\/davide_pic_small.png 300w\" sizes=\"(max-width: 247px) 100vw, 247px\" \/><\/td>\n<td style=\"width: 76.7544%;height: 473px\"><strong>Davide Reato<\/strong> is a postdoctoral fellow at the Institut de Neurosciences de la Timone (INT) at Aix-Marseille Universit\u00e9 (AMU) and the Department of Bioelectronics (BEL) at the \u00c9cole nationale sup\u00e9rieure des Mines de Saint-\u00c9tienne (EMSE). Davide obtained his bachelor and master in Physics in Italy. He then enrolled in a PhD program in Biomedical Engineering at The City College of New York, USA. There, he combined in-vitro experiments and computational models to elucidate the effects of low-amplitude electrical stimulation on neuronal populations. After a short postdoc in Neuroscience at the Albert Einstein College of Medicine in New York, where he acquired skills in in-vivo electrophysiology and optogenetics, he then joined the Champalimaud Foundation in Lisbon, Portugal. Supported by two postdoctoral fellowships (Marie Sk\u0142odowska-Curie and Funda\u00e7\u00e3o para a Ci\u00eancia e a Tecnologia), he studied the behavior of mice performing decision making tasks and used machine learning techniques to study the link between neuronal activity and behavior. Funded by a Marie Sk\u0142odowska-Curie fellowship in 2023, at INT and BEL his research will combine computational models, electrical stimulation using conductive polymers and in-vivo imaging of distinct neuronal populations to study how electrical stimulation parameters can be optimized to shape neuronal activity and behavior in mice.<a href=\"&#109;&#97;&#x69;l&#116;&#x6f;&#x3a;d&#97;&#x76;&#x69;d&#101;&#x2e;r&#101;&#x61;&#x74;o&#64;&#x65;&#x6d;s&#101;&#x2e;f&#114;\">d&#97;&#x76;&#x69;d&#101;&#x2e;&#x72;e&#97;&#x74;&#x6f;&#64;&#101;&#x6d;&#x73;e&#46;&#x66;&#x72;<\/a><\/td>\n<\/tr>\n<tr>\n<td style=\"width: 23.2456%\"><\/td>\n<td style=\"width: 76.7544%\"><strong>\u00a0<\/strong><\/td>\n<\/tr>\n<tr>\n<td style=\"width: 23.2456%\"><\/td>\n<td style=\"width: 76.7544%\"><strong>Simon Regal<\/strong> is a postdoctoral researcher in the Department of Bioelectronics (BEL) at the Centre Micro\u00e9lectronique de Provence of the \u00c9cole des Mines de Saint-\u00c9tienne (EMSE). He received his Ph.D. in Microelectronics from the Centre de Micro\u00e9lectronique de Provence, within the Flexible Electronics Department (FEL). His doctoral research, supported by a CIFRE grant, focused on the development of a flexible optoelectronic device capable of monitoring pupil variation through the eyelid, providing a non-invasive method to assess analgesia levels during surgery. Following his Ph.D., he completed a two-year postdoctoral fellowship at CEA LETI (CLINATEC), where he led the development of a fully resorbable flexible electronic device for neuronal monitoring. This interdisciplinary project involved close collaboration with chemists, biologists, and medical professionals. He then pursued a second postdoctoral position at the Centre Interdisciplinaire de Nanoscience de Marseille (CINaM), where he investigated the physical mechanisms of enucleation during mammalian erythropoiesis, the process of red blood cell formation. His work involved designing a microfluidic device that replicates the crowded bone marrow environment and the inter-endothelial slits through which red blood cells exit. Currently, he is a member of Charles Rezaei\u2019s team at BEL, working on the development of organic photodetectors (OPDs) to record brain activities. <a href=\"&#109;&#x61;&#105;&#x6c;t&#x6f;:&#83;&#x69;&#109;&#x6f;n&#x2e;r&#101;&#x67;&#97;&#x6c;&#64;&#x65;m&#115;&#x65;&#46;&#x66;r\">&#x53;&#105;&#x6d;&#111;n&#x2e;&#114;e&#x67;&#97;&#x6c;&#x40;e&#x6d;&#115;e&#x2e;&#102;&#x72;<\/a><\/td>\n<\/tr>\n<tr>\n<td style=\"width: 23.2456%\"><\/td>\n<td style=\"width: 76.7544%\"><strong>\u00a0<\/strong><\/td>\n<\/tr>\n<\/tbody>\n<\/table>\n<\/td>\n<\/tr>\n<tr style=\"height: 23px\">\n<td style=\"width: 23.0769%;height: 23px\"><img decoding=\"async\" class=\"alignnone size-medium wp-image-15514\" title=\"\" src=\"https:\/\/www.mines-stetienne.fr\/en\/wp-content\/uploads\/sites\/4\/2024\/06\/Wei-Ting-TING-232x300.jpg\" alt=\"\" width=\"232\" height=\"300\" srcset=\"https:\/\/www.mines-stetienne.fr\/en\/wp-content\/uploads\/sites\/4\/2024\/06\/Wei-Ting-TING-232x300.jpg 232w, https:\/\/www.mines-stetienne.fr\/en\/wp-content\/uploads\/sites\/4\/2024\/06\/Wei-Ting-TING.jpg 455w\" sizes=\"(max-width: 232px) 100vw, 232px\" \/><\/td>\n<td style=\"width: 75.6672%;height: 23px\"><strong>Wei-Ting Ting<\/strong> is a postdoctoral researcher in the Department of Bioelectronics (BEL) at the Centre Micro\u00e9lectronique de Provence of the \u00c9cole des Mines de Saint-\u00c9tienne (EMSE). He obtained his B.S. in Chemical Engineering from Tatung University (TTU) in Taiwan, and subsequently completed his M.S. and Ph.D. in Chemical Engineering at the Material and Surface Chemistry Laboratory of the National Taiwan University of Science and Technology (Taiwan Tech). His research focused on plasma science and biosensors for healthcare applications, involving various surface chemistry modifications such as plasma technology, thin film deposition, biomaterials, 3D printing, and electrochemistry. During his doctoral studies, he completed an internship at Taiwan Semiconductor Manufacturing Company (TSMC), where he gained experience in chemical nano-etching and semiconductor manufacturing. Following this, he undertook a one-year research project at the Micro- and Nano-Systems Laboratory at McMaster University in Canada, aiming to develop precise, cost-effective, point-of-care diagnostics for chronic diseases. Through this project, he acquired expertise in molecularly imprinted polymer sensing for surface chemistry, electrochemistry, and sensors in clinical trials. Currently, he is a member of Esma Ismailova&#8217;s team at BEL, working on the development of a new generation of multifunctional organic electronic devices capable of detecting physiological activity for biomedical applications.<a href=\"&#x6d;&#x61;&#x69;&#x6c;&#x74;&#x6f;&#58;&#119;&#101;&#105;-tin&#x67;&#x2e;&#x74;&#x69;&#x6e;&#x67;&#64;&#101;&#109;&#115;&#101;&#46;fr\">&#x77;&#101;&#105;-&#x74;&#x69;&#110;g&#x2e;&#x74;&#105;n&#x67;&#x40;&#101;m&#x73;&#x65;&#46;f&#x72;<\/a><\/td>\n<\/tr>\n<tr style=\"height: 507px\">\n<td style=\"width: 23.0769%;height: 507px\"><img decoding=\"async\" class=\"alignnone size-medium wp-image-15237\" title=\"\" src=\"https:\/\/www.mines-stetienne.fr\/en\/wp-content\/uploads\/sites\/4\/2024\/03\/Aimie-Pavia-225x300.jpg\" alt=\"\" width=\"225\" height=\"300\" srcset=\"https:\/\/www.mines-stetienne.fr\/en\/wp-content\/uploads\/sites\/4\/2024\/03\/Aimie-Pavia-225x300.jpg 225w, https:\/\/www.mines-stetienne.fr\/en\/wp-content\/uploads\/sites\/4\/2024\/03\/Aimie-Pavia.jpg 299w\" sizes=\"(max-width: 225px) 100vw, 225px\" \/><\/td>\n<td style=\"width: 75.6672%;height: 507px\"><strong>Aimie Pavia<\/strong> is a postdoctoral researcher at the Bioelectronic department (BEL) at the Centre Micro\u00e9lectronique de Provence (EMSE). She obtained her engineering degree in Structure and mechanics of material from IFMA, and her Ph. D. at the EMSE in microelectronics. She studied bioelectronic for <em>in vitro<\/em> applications: developed bioelectronic devices such as organic electrochemical transistors (OECTs) and electrodes using conducting polymer PEDOT:PSS for 3D biological model. She then followed her career in industry where she designed bioelectronic devices and experimental studies for <em>in vivo<\/em> clinical research on non-human primates for neuro recovery. She is now part of the FlexiOptoRec project, developing flexible hybrid implantable optogenetic devices for <em>in vivo<\/em> research in deep neuro recording and infrared stimulation of the spinal cord.<a href=\"mailto:a&#46;&#112;&#97;&#118;&#105;&#97;&#64;&#101;&#109;&#115;&#x65;&#x2e;&#x66;&#x72;\">a&#46;&#x70;&#x61;v&#105;&#97;&#x40;&#x65;m&#115;&#101;&#x2e;&#x66;r<\/a><\/td>\n<\/tr>\n<tr style=\"height: 42px\">\n<td style=\"width: 23.0769%;text-align: left;vertical-align: top;height: 42px\">\n<h2>PhD students<\/h2>\n<\/td>\n<td style=\"width: 75.6672%;vertical-align: top;text-align: left;height: 42px\"><\/td>\n<\/tr>\n<tr style=\"height: 424px\">\n<td style=\"width: 23.0769%;text-align: left;vertical-align: top;height: 313px\"><img decoding=\"async\" class=\"alignnone size-medium wp-image-15144\" title=\"\" src=\"https:\/\/www.mines-stetienne.fr\/en\/wp-content\/uploads\/sites\/4\/2024\/01\/matias-300x225.jpeg\" alt=\"\" width=\"300\" height=\"225\" srcset=\"https:\/\/www.mines-stetienne.fr\/en\/wp-content\/uploads\/sites\/4\/2024\/01\/matias-300x225.jpeg 300w, https:\/\/www.mines-stetienne.fr\/en\/wp-content\/uploads\/sites\/4\/2024\/01\/matias.jpeg 468w\" sizes=\"(max-width: 300px) 100vw, 300px\" \/><\/td>\n<td style=\"width: 75.6672%;height: 313px;text-align: left;vertical-align: top\"><span lang=\"EN-US\"><strong>Mat\u00edas Ceballos<\/strong> is a PhD student at the Department of Bioelectronics (BEL) at the Centre de Micro\u00e9lectronique de Provence of the Ecole Nationale Sup\u00e9rieure des Mines de Saint-\u00c9tienne. He graduated in chemistry after completing five years of studies at the University of Concepci\u00f3n, Chile. His research journey began in basic science, focusing on organic synthesis of novel molecules with liquid crystal behavior, starting in his second year of studies. Following his thesis defense, Mat\u00edas worked as a researcher and lab manager in the LIMM group, where he gained diverse skills in polymer and nanoparticle synthesis and their surface modifications with organic molecules, aiming to obtain nanocomposite gels applied in biomedicine. Currently, he is pursuing his doctoral studies with Esma ISMAILOVA, contributing to the development of new wearable organic electronic devices for biomedical applications.<\/span><a href=\"&#x6d;&#x61;&#105;&#108;t&#x6f;&#x3a;&#x6d;&#97;&#116;i&#x61;&#x73;&#x2e;&#99;&#101;b&#x61;&#x6c;&#x6c;&#111;&#115;&#64;&#x65;&#x6d;&#x73;&#101;&#46;f&#x72;\">&#x6d;a&#x74;&#105;&#x61;&#115;&#x2e;&#x63;e&#x62;&#97;&#x6c;&#108;&#x6f;&#115;&#64;&#x65;&#109;&#x73;&#101;&#x2e;&#102;r<\/a><\/td>\n<\/tr>\n<tr style=\"height: 24px\">\n<td style=\"width: 23.0769%;text-align: left;vertical-align: top;height: 24px\"><\/td>\n<td style=\"width: 75.6672%;text-align: left;vertical-align: top;height: 24px\"><\/td>\n<\/tr>\n<tr style=\"height: 368px\">\n<td style=\"width: 23.0769%;text-align: left;vertical-align: top;height: 279px\"><img decoding=\"async\" class=\"alignnone size-medium wp-image-15085\" title=\"\" src=\"https:\/\/www.mines-stetienne.fr\/en\/wp-content\/uploads\/sites\/4\/2023\/11\/Jules-Mercier-225x300.jpg\" alt=\"\" width=\"225\" height=\"300\" srcset=\"https:\/\/www.mines-stetienne.fr\/en\/wp-content\/uploads\/sites\/4\/2023\/11\/Jules-Mercier-225x300.jpg 225w, https:\/\/www.mines-stetienne.fr\/en\/wp-content\/uploads\/sites\/4\/2023\/11\/Jules-Mercier-768x1024.jpg 768w, https:\/\/www.mines-stetienne.fr\/en\/wp-content\/uploads\/sites\/4\/2023\/11\/Jules-Mercier-1152x1536.jpg 1152w, https:\/\/www.mines-stetienne.fr\/en\/wp-content\/uploads\/sites\/4\/2023\/11\/Jules-Mercier-1536x2048.jpg 1536w, https:\/\/www.mines-stetienne.fr\/en\/wp-content\/uploads\/sites\/4\/2023\/11\/Jules-Mercier-scaled.jpg 1920w\" sizes=\"(max-width: 225px) 100vw, 225px\" \/><\/td>\n<td style=\"width: 75.6672%;vertical-align: top;text-align: left;height: 279px\">\n<div>\n<p><strong>Jules Mercier<\/strong> is a PhD student in the Department of Bioelectronics (BEL) at the Centre de Micro\u00e9lectronique de Provence of the Ecole Nationale Sup\u00e9rieure des Mines de Saint-\u00c9tienne.<\/p>\n<p>He completed an engineering degree at the EEIGM Nancy in material engineering where he studied in France, Sweden and Spain. He worked for Owens Corning in Chamb\u00e9ry during one year and a half on the formulation of paints that aims to reinforce and isolate glass\/gypsum sandwich composites structures. He works on the development of organic photodetectors (OPD) to record brain activities for a better understanding of the brain functions and neurodegenerative diseases.<\/p>\n<\/div>\n<p><a href=\"&#x6d;&#97;i&#x6c;&#116;&#111;&#x3a;&#x6a;&#117;l&#x65;&#115;&#46;&#x6d;&#x65;&#114;c&#x69;&#101;r&#x40;&#x65;&#109;s&#x65;&#46;f&#x72;\">j&#117;&#x6c;&#x65;&#x73;&#46;&#109;&#101;&#x72;&#x63;i&#101;&#114;&#x40;&#x65;ms&#101;&#x2e;&#x66;&#x72;<\/a><\/td>\n<\/tr>\n<tr style=\"height: 24px\">\n<td style=\"width: 23.0769%;text-align: left;vertical-align: top;height: 24px\"><\/td>\n<td style=\"width: 75.6672%;vertical-align: top;text-align: left;height: 24px\"><\/td>\n<\/tr>\n<tr style=\"height: 464px\">\n<td style=\"width: 23.0769%;text-align: left;vertical-align: top;height: 432px\"><img decoding=\"async\" class=\"alignnone size-medium wp-image-15762\" src=\"https:\/\/www.mines-stetienne.fr\/en\/wp-content\/uploads\/sites\/4\/2024\/10\/Asma-Benyahia-296x300.jpg\" alt=\"\" width=\"296\" height=\"300\" srcset=\"https:\/\/www.mines-stetienne.fr\/en\/wp-content\/uploads\/sites\/4\/2024\/10\/Asma-Benyahia-296x300.jpg 296w, https:\/\/www.mines-stetienne.fr\/en\/wp-content\/uploads\/sites\/4\/2024\/10\/Asma-Benyahia-1011x1024.jpg 1011w, https:\/\/www.mines-stetienne.fr\/en\/wp-content\/uploads\/sites\/4\/2024\/10\/Asma-Benyahia-768x778.jpg 768w, https:\/\/www.mines-stetienne.fr\/en\/wp-content\/uploads\/sites\/4\/2024\/10\/Asma-Benyahia-1517x1536.jpg 1517w, https:\/\/www.mines-stetienne.fr\/en\/wp-content\/uploads\/sites\/4\/2024\/10\/Asma-Benyahia-75x75.jpg 75w, https:\/\/www.mines-stetienne.fr\/en\/wp-content\/uploads\/sites\/4\/2024\/10\/Asma-Benyahia.jpg 1896w\" sizes=\"(max-width: 296px) 100vw, 296px\" \/><\/td>\n<td style=\"width: 75.6672%;vertical-align: top;text-align: left;height: 432px\">\n<div>\n<p><strong>Asma Benyahia<\/strong> is a PhD student at the Department of Bioelectronics (BEL) at the Centre de Micro\u00e9lectronique de Provence, part of the Ecole Nationale Sup\u00e9rieure des Mines de Saint-\u00c9tienne. She earned her engineering degree in biomedical engineering from EPF in December 2020. During her studies, she worked at the National Taiwan University of Science and Technology (NTUST) in Taipei, where she gained experience with plasma-synthesized hydrogels for biomedical applications. Following this, she spent two years at Medtronic as a regulatory affairs specialist, acquiring valuable insight into the regulatory processes behind biomedical device production. Currently, she is pursuing her PhD under the supervision of Esma Ismailova, focusing on developing innovative wearable organic electronic devices for biomedical use.<\/p>\n<p><a href=\"&#x6d;&#x61;&#x69;&#x6c;&#x74;&#x6f;&#x3a;&#x61;&#115;&#109;&#97;&#46;&#98;&#101;&#110;yahi&#x61;&#x40;&#x65;&#x6d;&#x73;&#x65;&#x2e;&#x66;&#x72;\">&#x61;&#115;&#109;a&#x2e;&#x62;&#101;n&#x79;&#x61;&#104;ia&#x40;&#101;&#109;s&#x65;&#x2e;&#102;r<\/a> &#8221;<\/p>\n<\/div>\n<\/td>\n<\/tr>\n<tr style=\"height: 24px\">\n<td style=\"width: 23.0769%;text-align: left;vertical-align: top;height: 24px\"><\/td>\n<td style=\"width: 75.6672%;vertical-align: top;text-align: left;height: 24px\"><\/td>\n<\/tr>\n<tr style=\"height: 464px\">\n<td style=\"width: 23.0769%;text-align: left;vertical-align: top;height: 55px\"><img decoding=\"async\" class=\"alignnone size-medium wp-image-15166\" title=\"\" src=\"https:\/\/www.mines-stetienne.fr\/en\/wp-content\/uploads\/sites\/4\/2024\/02\/Dimitri-273x300.jpg\" alt=\"\" width=\"273\" height=\"300\" srcset=\"https:\/\/www.mines-stetienne.fr\/en\/wp-content\/uploads\/sites\/4\/2024\/02\/Dimitri-273x300.jpg 273w, https:\/\/www.mines-stetienne.fr\/en\/wp-content\/uploads\/sites\/4\/2024\/02\/Dimitri-768x844.jpg 768w, https:\/\/www.mines-stetienne.fr\/en\/wp-content\/uploads\/sites\/4\/2024\/02\/Dimitri.jpg 884w\" sizes=\"(max-width: 273px) 100vw, 273px\" \/><\/td>\n<td style=\"width: 75.6672%;vertical-align: top;text-align: left;height: 55px\"><strong>Dimitri Ducrocq<\/strong> is a PhD student in the Bioelectronics department (BEL) at the Centre de Micro\u00e9lectronique de Provence of the Ecole Nationale Sup\u00e9rieure des Mines de Saint-\u00c9tienne. After a stay in Sweden and Hungary, he obtained his engineering degree in Biology from Polytech Clermont with a specialization in biotechnology.His PhD focuses on the development of high-density microelectrodes for the treatment of autoimmune diabetes.<a style=\"font-size: revert;font-family: inherit;font-weight: inherit\" href=\"&#109;&#x61;&#x69;l&#116;&#x6f;&#x3a;d&#105;&#x6d;i&#116;&#x72;&#x69;&#46;&#100;&#x75;c&#114;&#x6f;&#x63;q&#64;&#x65;&#x6d;&#115;&#x65;&#x2e;f&#114;\">d&#105;&#109;&#x69;&#x74;&#x72;&#x69;&#46;&#100;&#117;&#99;&#x72;&#x6f;&#x63;q&#64;&#101;&#109;&#x73;&#x65;&#x2e;fr<\/a><\/td>\n<\/tr>\n<tr style=\"height: 24px\">\n<td style=\"width: 23.0769%;text-align: left;vertical-align: top;height: 24px\"><\/td>\n<td style=\"width: 75.6672%;vertical-align: top;text-align: left;height: 24px\"><\/td>\n<\/tr>\n<tr style=\"height: 464px\">\n<td style=\"width: 23.0769%;text-align: left;vertical-align: top;height: 223px\"><img decoding=\"async\" class=\"wp-image-13089 alignleft\" src=\"https:\/\/www.mines-stetienne.fr\/en\/wp-content\/uploads\/sites\/4\/2021\/11\/Rita2021.jpg\" alt=\"\" width=\"156\" height=\"167\" \/><\/td>\n<td style=\"width: 75.6672%;vertical-align: top;text-align: left;height: 223px\">\n<div><strong>Rita Matta <\/strong>is a PhD student in the Department of Bioelectronics (BEL) at the Centre de Micro\u00e9lectronique de Provence of the the Ecole Nationale Sup\u00e9rieure des Mines de Saint-\u00c9tienne.She graduated from the Lebanese International University, Beirut, with a Bachelor of Science degree and a Master of Science degree in Biomedical Engineering. Previous projects included: Implementing a Python Version of Riemannian Artifact Subspace Reconstruction, to remove artifacts from EEG signals used for BCI (Brain Computer Interface), adapting the Artifact Subspace Reconstruction with tools dedicated to the processing of covariance matrices, called Riemannian Artifact Subspace Reconstruction (rASR). Another project was building a breathing rate monitoring device designed for patients suffering from sleep apnea, based on a conductive stretch sensor that detects the movements of the chest.<br \/>\nHer PhD focuses on the development and application of a flexible, implanted bioelectronic devices for electroporation and ablation in the brain for a mouse model of epilepsy.<a href=\"&#109;&#x61;&#105;&#x6c;&#116;&#x6f;&#58;&#x72;&#105;&#x74;&#97;&#x2e;m&#x61;t&#x74;a&#x40;e&#x6d;s&#x65;&#46;&#102;&#x72;\">&#x72;i&#x74;&#97;&#x2e;&#109;a&#x74;&#116;&#x61;&#64;e&#x6d;&#115;&#x65;&#46;f&#x72;<\/a><\/div>\n<\/td>\n<\/tr>\n<tr style=\"height: 24px\">\n<td style=\"width: 23.0769%;text-align: left;vertical-align: top;height: 24px\"><\/td>\n<td style=\"width: 75.6672%;vertical-align: top;text-align: left;height: 24px\"><\/td>\n<\/tr>\n<tr style=\"height: 229px\">\n<td style=\"width: 23.0769%;text-align: left;vertical-align: top;height: 229px\"><img decoding=\"async\" class=\" wp-image-13105 alignleft\" title=\"\" src=\"https:\/\/www.mines-stetienne.fr\/en\/wp-content\/uploads\/sites\/4\/2021\/11\/photo-Amelie-ALBON-300x300.png\" alt=\"\" width=\"179\" height=\"179\" srcset=\"https:\/\/www.mines-stetienne.fr\/en\/wp-content\/uploads\/sites\/4\/2021\/11\/photo-Amelie-ALBON-300x300.png 300w, https:\/\/www.mines-stetienne.fr\/en\/wp-content\/uploads\/sites\/4\/2021\/11\/photo-Amelie-ALBON-150x150.png 150w, https:\/\/www.mines-stetienne.fr\/en\/wp-content\/uploads\/sites\/4\/2021\/11\/photo-Amelie-ALBON-75x75.png 75w, https:\/\/www.mines-stetienne.fr\/en\/wp-content\/uploads\/sites\/4\/2021\/11\/photo-Amelie-ALBON-360x360.png 360w, https:\/\/www.mines-stetienne.fr\/en\/wp-content\/uploads\/sites\/4\/2021\/11\/photo-Amelie-ALBON.png 407w\" sizes=\"(max-width: 179px) 100vw, 179px\" \/><\/td>\n<td style=\"width: 75.6672%;vertical-align: top;text-align: left;height: 229px\">\n<div><strong>Am\u00e9lie Albon <\/strong>is a PhD student in the Department of Bioelectronics (BEL) at the Centre de Micro\u00e9lectronique de Provence of the the Ecole Nationale Sup\u00e9rieure des Mines de Saint-\u00c9tienne.Am\u00e9lie completed her engineering degree at CPE Lyon in chemistry and process engineering in September 2020 with specialization in Life sciences and Biotechnology. She works on project HearLight, where her PhD is focused on the development of flexible neural implants for electrical and optogenetic stimulation for auditory rehabilitation.<\/div>\n<p><a href=\"mailto:ameli&#101;&#46;&#97;&#108;&#98;&#111;&#110;&#64;&#101;&#109;&#115;&#101;&#46;&#102;&#114;\">amelie&#46;albon&#64;&#101;&#109;&#115;&#101;&#46;&#102;&#114;<\/a><\/td>\n<\/tr>\n<tr style=\"height: 24px\">\n<td style=\"width: 23.0769%;text-align: left;vertical-align: top;height: 24px\"><\/td>\n<td style=\"width: 75.6672%;vertical-align: top;text-align: left;height: 24px\"><\/td>\n<\/tr>\n<tr style=\"height: 197px\">\n<td style=\"width: 23.0769%;text-align: left;vertical-align: top;height: 197px\"><img decoding=\"async\" class=\"size-full wp-image-13108 alignleft\" src=\"https:\/\/www.mines-stetienne.fr\/en\/wp-content\/uploads\/sites\/4\/2021\/11\/Nathan.jpg\" alt=\"\" width=\"132\" height=\"177\" \/><\/td>\n<td style=\"width: 75.6672%;vertical-align: top;text-align: left;height: 197px\">\n<div><strong>Nathan Dumas<\/strong> is a PhD student in the Department of Bioelectronics (BEL) at the Centre de Micro\u00e9lectronique de Provence of the the Ecole Nationale Sup\u00e9rieure des Mines de Saint-\u00c9tienne. Nathan completed his engineering degree in electrical sciences at INSA Lyon in August 2021 with a specialization in conversion of electrical energy. He works on project BRAINSTORM pursuing the mechanisms of infrared stimulation in the central nervous system by recording electrical and optical signals <em>in vitro<\/em> and <em>in vivo<\/em>.<a href=\"&#109;&#x61;i&#x6c;&#x74;&#111;&#x3a;n&#x61;&#x74;&#104;&#x61;n&#x2e;&#x64;&#117;&#x6d;a&#x73;&#x40;&#101;&#x6d;s&#x65;&#x2e;&#102;&#x72;\">&#x6e;a&#x74;&#104;&#x61;&#110;&#46;&#x64;&#117;&#x6d;&#97;s&#x40;&#101;&#x6d;&#115;e&#x2e;f&#x72;<\/a><\/div>\n<\/td>\n<\/tr>\n<tr style=\"height: 24px\">\n<td style=\"width: 23.0769%;text-align: left;vertical-align: top;height: 24px\"><\/td>\n<td style=\"width: 75.6672%;vertical-align: top;text-align: left;height: 24px\"><\/td>\n<\/tr>\n<tr style=\"height: 98px\">\n<td style=\"width: 98.7441%;text-align: left;vertical-align: top;height: 98px\" colspan=\"2\">\n<h2>Recent Visitors \/ interns<\/h2>\n<\/td>\n<\/tr>\n<tr style=\"height: 100px\">\n<td style=\"width: 23.0769%;text-align: left;vertical-align: top;height: 160px\"><img decoding=\"async\" class=\"alignnone size-medium wp-image-15141\" title=\"\" src=\"https:\/\/www.mines-stetienne.fr\/en\/wp-content\/uploads\/sites\/4\/2024\/01\/manar-300x277.jpg\" alt=\"\" width=\"300\" height=\"277\" srcset=\"https:\/\/www.mines-stetienne.fr\/en\/wp-content\/uploads\/sites\/4\/2024\/01\/manar-300x277.jpg 300w, https:\/\/www.mines-stetienne.fr\/en\/wp-content\/uploads\/sites\/4\/2024\/01\/manar.jpg 354w\" sizes=\"(max-width: 300px) 100vw, 300px\" \/><\/td>\n<td style=\"width: 75.6672%;vertical-align: top;text-align: left;height: 160px\"><strong>Manar Gani<\/strong> is an Artificial Intelligence intern at the Department of Bioelectronics (BEL) at the Centre de Micro\u00e9lectronique de Provence of the Ecole Nationale Sup\u00e9rieure des Mines de Saint-\u00c9tienne. She holds a diploma in Chemistry and Physics and is currently pursuing an engineering degree in Advanced Technologies at the National School of Sciences and Advanced Technologies in Tunisia.<br \/>\nManar&#8217;s expertise lies in the intersection of artificial intelligence and wearable devices. Her diverse skill set extends to cutting-edge technology applications, including Speech Emotion Recognition. In a notable project, she demonstrated her proficiency by developing systems capable of understanding and interpreting human emotions through speech patterns. This showcased her commitment to innovative solutions and the practical integration of artificial intelligence into real-world scenarios.<br \/>\nIn addition to her contributions in bioelectronics and wearable devices, Manar has worked on data science projects focusing on the domain of health, finance and industries , reflecting her versatility in tackling challenges across different domains.<br \/>\nMoreover, Manar has experience and skills in the field of robotics, further enriching her technical repertoire. This additional expertise complements her role in the BEL department and reinforces her dedication to pushing the boundaries of technologies<a href=\"&#x6d;&#x61;&#105;l&#x74;&#x6f;&#58;&#109;a&#x6e;&#x61;&#114;&#46;g&#x61;&#x6e;&#105;&#64;e&#x6d;&#x73;&#101;&#46;&#x66;&#x72;\">&#109;a&#x6e;a&#x72;&#46;&#x67;&#97;&#x6e;&#105;&#x40;&#101;m&#x73;e&#x2e;f&#x72;<\/a><\/td>\n<\/tr>\n<tr style=\"height: 319px\">\n<td style=\"width: 23.0769%;text-align: left;vertical-align: top;height: 319px\">\n<h2><strong>Join us!<\/strong><\/h2>\n<\/td>\n<td style=\"width: 75.6672%;vertical-align: top;text-align: left;height: 319px\"><img decoding=\"async\" class=\"alignnone size-full wp-image-15620\" title=\"\" src=\"https:\/\/www.mines-stetienne.fr\/en\/wp-content\/uploads\/sites\/4\/2024\/07\/join-us.jpg\" alt=\"\" width=\"928\" height=\"336\" srcset=\"https:\/\/www.mines-stetienne.fr\/en\/wp-content\/uploads\/sites\/4\/2024\/07\/join-us.jpg 928w, https:\/\/www.mines-stetienne.fr\/en\/wp-content\/uploads\/sites\/4\/2024\/07\/join-us-300x109.jpg 300w, https:\/\/www.mines-stetienne.fr\/en\/wp-content\/uploads\/sites\/4\/2024\/07\/join-us-768x278.jpg 768w\" sizes=\"(max-width: 928px) 100vw, 928px\" \/><\/td>\n<\/tr>\n<\/tbody>\n<\/table>\n<h2><\/h2>\n<ul>\n<li><a href=\"https:\/\/www.mines-stetienne.fr\/en\/research\/scientific-departments\/department-of-bioelectronics-bel\/the-department\/\">The Department<\/a><\/li>\n<li><a href=\"https:\/\/www.mines-stetienne.fr\/en\/research\/scientific-departments\/department-of-bioelectronics-bel\/research\/\">Research<\/a><\/li>\n<li><a href=\"https:\/\/www.mines-stetienne.fr\/en\/research\/scientific-departments\/department-of-bioelectronics-bel\/publications\/\">Publications<\/a><\/li>\n<li><a href=\"https:\/\/www.mines-stetienne.fr\/en\/research\/scientific-departments\/department-of-bioelectronics-bel\/education\/\">Education<\/a><\/li>\n<li><a href=\"https:\/\/www.mines-stetienne.fr\/en\/research\/scientific-departments\/department-of-bioelectronics-bel\/people\/\">People<\/a><\/li>\n<li><a href=\"https:\/\/www.mines-stetienne.fr\/en\/research\/scientific-departments\/department-of-bioelectronics-bel\/\">Advisory Board<\/a><\/li>\n<li><a href=\"https:\/\/www.mines-stetienne.fr\/en\/research\/scientific-departments\/department-of-bioelectronics-bel\/contact-us\/\">Contact Us<\/a><\/li>\n<li><a href=\"https:\/\/www.mines-stetienne.fr\/en\/research\/scientific-departments\/department-of-bioelectronics-bel\/alumni\/\">Alumni<\/a><\/li>\n<li><a href=\"https:\/\/www.mines-stetienne.fr\/en\/research\/scientific-departments\/department-of-bioelectronics-bel\/news-archive\/\">News Archive<\/a><\/li>\n<\/ul>\n","protected":false},"excerpt":{"rendered":"<p>Faculty and Staff David Moreau is\u00a0Head of the Department of Bioelectronics at the Centre Micro\u00e9lectronique de Provence and Associate Professor. He obtained a BSc and MSc in physics, specialized in photonics and electronics at the University of Limoges, France. He &hellip;<\/p>\n","protected":false},"author":2,"featured_media":0,"parent":364,"menu_order":50,"comment_status":"closed","ping_status":"closed","template":"","meta":{"_relevanssi_hide_post":"","_relevanssi_hide_content":"","_relevanssi_pin_for_all":"","_relevanssi_pin_keywords":"","_relevanssi_unpin_keywords":"","_relevanssi_related_keywords":"","_relevanssi_related_include_ids":"","_relevanssi_related_exclude_ids":"","_relevanssi_related_no_append":"","_relevanssi_related_not_related":"","_relevanssi_related_posts":"497,2385,492","_relevanssi_noindex_reason":"","footnotes":"","_links_to":"","_links_to_target":""},"tags":[],"class_list":["post-385","page","type-page","status-publish","hentry"],"pp_statuses_selecting_workflow":false,"pp_workflow_action":"current","pp_status_selection":"publish","pp_force_visibility":null,"pp_subpost_visibility":null,"pp_inherited_force_visibility":null,"pp_inherited_subpost_visibility":null,"yoast_head":"<!-- This site is optimized with the Yoast SEO plugin v27.4 - https:\/\/yoast.com\/product\/yoast-seo-wordpress\/ -->\n<title>People - MINES Saint-\u00c9tienne<\/title>\n<meta name=\"robots\" content=\"index, follow, max-snippet:-1, max-image-preview:large, max-video-preview:-1\" \/>\n<link rel=\"canonical\" href=\"https:\/\/www.mines-stetienne.fr\/en\/research\/centres-and-departments\/department-of-bioelectronics-bel\/people\/\" \/>\n<meta property=\"og:locale\" content=\"en_GB\" \/>\n<meta property=\"og:type\" content=\"article\" \/>\n<meta property=\"og:title\" content=\"People - MINES Saint-\u00c9tienne\" \/>\n<meta property=\"og:description\" content=\"Faculty and Staff David Moreau is\u00a0Head of the Department of Bioelectronics at the Centre Micro\u00e9lectronique de Provence and Associate Professor. He obtained a BSc and MSc in physics, specialized in photonics and electronics at the University of Limoges, France. He &hellip;\" \/>\n<meta property=\"og:url\" content=\"https:\/\/www.mines-stetienne.fr\/en\/research\/centres-and-departments\/department-of-bioelectronics-bel\/people\/\" \/>\n<meta property=\"og:site_name\" content=\"MINES Saint-\u00c9tienne\" \/>\n<meta property=\"article:publisher\" content=\"https:\/\/www.facebook.com\/MinesSaintEtienne\" \/>\n<meta property=\"article:modified_time\" content=\"2025-07-07T11:29:24+00:00\" \/>\n<meta property=\"og:image\" content=\"https:\/\/www.mines-stetienne.fr\/en\/wp-content\/uploads\/sites\/4\/2024\/07\/bel-lunch.jpg\" \/>\n\t<meta property=\"og:image:width\" content=\"546\" \/>\n\t<meta property=\"og:image:height\" content=\"408\" \/>\n\t<meta property=\"og:image:type\" content=\"image\/jpeg\" \/>\n<meta name=\"twitter:card\" content=\"summary_large_image\" \/>\n<meta name=\"twitter:site\" content=\"@MINES_StEtienne\" \/>\n<meta name=\"twitter:label1\" content=\"Estimated reading time\" \/>\n\t<meta name=\"twitter:data1\" content=\"18 minutes\" \/>\n<script type=\"application\/ld+json\" class=\"yoast-schema-graph\">{\"@context\":\"https:\\\/\\\/schema.org\",\"@graph\":[{\"@type\":\"WebPage\",\"@id\":\"https:\\\/\\\/www.mines-stetienne.fr\\\/en\\\/research\\\/centres-and-departments\\\/department-of-bioelectronics-bel\\\/people\\\/\",\"url\":\"https:\\\/\\\/www.mines-stetienne.fr\\\/en\\\/research\\\/centres-and-departments\\\/department-of-bioelectronics-bel\\\/people\\\/\",\"name\":\"People - MINES Saint-\u00c9tienne\",\"isPartOf\":{\"@id\":\"https:\\\/\\\/www.mines-stetienne.fr\\\/en\\\/#website\"},\"primaryImageOfPage\":{\"@id\":\"https:\\\/\\\/www.mines-stetienne.fr\\\/en\\\/research\\\/centres-and-departments\\\/department-of-bioelectronics-bel\\\/people\\\/#primaryimage\"},\"image\":{\"@id\":\"https:\\\/\\\/www.mines-stetienne.fr\\\/en\\\/research\\\/centres-and-departments\\\/department-of-bioelectronics-bel\\\/people\\\/#primaryimage\"},\"thumbnailUrl\":\"https:\\\/\\\/www.mines-stetienne.fr\\\/en\\\/wp-content\\\/uploads\\\/sites\\\/4\\\/2024\\\/07\\\/bel-lunch.jpg\",\"datePublished\":\"2018-10-10T21:04:04+00:00\",\"dateModified\":\"2025-07-07T11:29:24+00:00\",\"breadcrumb\":{\"@id\":\"https:\\\/\\\/www.mines-stetienne.fr\\\/en\\\/research\\\/centres-and-departments\\\/department-of-bioelectronics-bel\\\/people\\\/#breadcrumb\"},\"inLanguage\":\"en-GB\",\"potentialAction\":[{\"@type\":\"ReadAction\",\"target\":[\"https:\\\/\\\/www.mines-stetienne.fr\\\/en\\\/research\\\/centres-and-departments\\\/department-of-bioelectronics-bel\\\/people\\\/\"]}]},{\"@type\":\"ImageObject\",\"inLanguage\":\"en-GB\",\"@id\":\"https:\\\/\\\/www.mines-stetienne.fr\\\/en\\\/research\\\/centres-and-departments\\\/department-of-bioelectronics-bel\\\/people\\\/#primaryimage\",\"url\":\"https:\\\/\\\/www.mines-stetienne.fr\\\/en\\\/wp-content\\\/uploads\\\/sites\\\/4\\\/2024\\\/07\\\/bel-lunch.jpg\",\"contentUrl\":\"https:\\\/\\\/www.mines-stetienne.fr\\\/en\\\/wp-content\\\/uploads\\\/sites\\\/4\\\/2024\\\/07\\\/bel-lunch.jpg\",\"width\":546,\"height\":408},{\"@type\":\"BreadcrumbList\",\"@id\":\"https:\\\/\\\/www.mines-stetienne.fr\\\/en\\\/research\\\/centres-and-departments\\\/department-of-bioelectronics-bel\\\/people\\\/#breadcrumb\",\"itemListElement\":[{\"@type\":\"ListItem\",\"position\":1,\"name\":\"Home\",\"item\":\"https:\\\/\\\/www.mines-stetienne.fr\\\/en\\\/\"},{\"@type\":\"ListItem\",\"position\":2,\"name\":\"Research\",\"item\":\"https:\\\/\\\/www.mines-stetienne.fr\\\/en\\\/research\\\/\"},{\"@type\":\"ListItem\",\"position\":3,\"name\":\"Centres and Departments\",\"item\":\"https:\\\/\\\/www.mines-stetienne.fr\\\/en\\\/research\\\/centres-and-departments\\\/\"},{\"@type\":\"ListItem\",\"position\":4,\"name\":\"Department of Bioelectronics (BEL)\",\"item\":\"https:\\\/\\\/www.mines-stetienne.fr\\\/en\\\/research\\\/centres-and-departments\\\/department-of-bioelectronics-bel\\\/\"},{\"@type\":\"ListItem\",\"position\":5,\"name\":\"People\"}]},{\"@type\":\"WebSite\",\"@id\":\"https:\\\/\\\/www.mines-stetienne.fr\\\/en\\\/#website\",\"url\":\"https:\\\/\\\/www.mines-stetienne.fr\\\/en\\\/\",\"name\":\"MINES Saint-\u00c9tienne\",\"description\":\"Inspiring innovation\",\"publisher\":{\"@id\":\"https:\\\/\\\/www.mines-stetienne.fr\\\/en\\\/#organization\"},\"potentialAction\":[{\"@type\":\"SearchAction\",\"target\":{\"@type\":\"EntryPoint\",\"urlTemplate\":\"https:\\\/\\\/www.mines-stetienne.fr\\\/en\\\/?s={search_term_string}\"},\"query-input\":{\"@type\":\"PropertyValueSpecification\",\"valueRequired\":true,\"valueName\":\"search_term_string\"}}],\"inLanguage\":\"en-GB\"},{\"@type\":\"Organization\",\"@id\":\"https:\\\/\\\/www.mines-stetienne.fr\\\/en\\\/#organization\",\"name\":\"MINES Saint-\u00c9tienne\",\"url\":\"https:\\\/\\\/www.mines-stetienne.fr\\\/en\\\/\",\"logo\":{\"@type\":\"ImageObject\",\"inLanguage\":\"en-GB\",\"@id\":\"https:\\\/\\\/www.mines-stetienne.fr\\\/en\\\/#\\\/schema\\\/logo\\\/image\\\/\",\"url\":\"https:\\\/\\\/www.mines-stetienne.fr\\\/en\\\/wp-content\\\/uploads\\\/sites\\\/4\\\/2022\\\/09\\\/Mines_Saint_Etienne_IMT_RVB.png\",\"contentUrl\":\"https:\\\/\\\/www.mines-stetienne.fr\\\/en\\\/wp-content\\\/uploads\\\/sites\\\/4\\\/2022\\\/09\\\/Mines_Saint_Etienne_IMT_RVB.png\",\"width\":316,\"height\":315,\"caption\":\"MINES Saint-\u00c9tienne\"},\"image\":{\"@id\":\"https:\\\/\\\/www.mines-stetienne.fr\\\/en\\\/#\\\/schema\\\/logo\\\/image\\\/\"},\"sameAs\":[\"https:\\\/\\\/www.facebook.com\\\/MinesSaintEtienne\",\"https:\\\/\\\/x.com\\\/MINES_StEtienne\",\"https:\\\/\\\/www.linkedin.com\\\/school\\\/527715\\\/\",\"https:\\\/\\\/www.youtube.com\\\/c\\\/Mines-stetienneFr\",\"https:\\\/\\\/www.instagram.com\\\/mines_stetienne\\\/\"]}]}<\/script>\n<!-- \/ Yoast SEO plugin. -->","yoast_head_json":{"title":"People - MINES Saint-\u00c9tienne","robots":{"index":"index","follow":"follow","max-snippet":"max-snippet:-1","max-image-preview":"max-image-preview:large","max-video-preview":"max-video-preview:-1"},"canonical":"https:\/\/www.mines-stetienne.fr\/en\/research\/centres-and-departments\/department-of-bioelectronics-bel\/people\/","og_locale":"en_GB","og_type":"article","og_title":"People - MINES Saint-\u00c9tienne","og_description":"Faculty and Staff David Moreau is\u00a0Head of the Department of Bioelectronics at the Centre Micro\u00e9lectronique de Provence and Associate Professor. He obtained a BSc and MSc in physics, specialized in photonics and electronics at the University of Limoges, France. He &hellip;","og_url":"https:\/\/www.mines-stetienne.fr\/en\/research\/centres-and-departments\/department-of-bioelectronics-bel\/people\/","og_site_name":"MINES Saint-\u00c9tienne","article_publisher":"https:\/\/www.facebook.com\/MinesSaintEtienne","article_modified_time":"2025-07-07T11:29:24+00:00","og_image":[{"width":546,"height":408,"url":"https:\/\/www.mines-stetienne.fr\/en\/wp-content\/uploads\/sites\/4\/2024\/07\/bel-lunch.jpg","type":"image\/jpeg"}],"twitter_card":"summary_large_image","twitter_site":"@MINES_StEtienne","twitter_misc":{"Estimated reading time":"18 minutes"},"schema":{"@context":"https:\/\/schema.org","@graph":[{"@type":"WebPage","@id":"https:\/\/www.mines-stetienne.fr\/en\/research\/centres-and-departments\/department-of-bioelectronics-bel\/people\/","url":"https:\/\/www.mines-stetienne.fr\/en\/research\/centres-and-departments\/department-of-bioelectronics-bel\/people\/","name":"People - MINES Saint-\u00c9tienne","isPartOf":{"@id":"https:\/\/www.mines-stetienne.fr\/en\/#website"},"primaryImageOfPage":{"@id":"https:\/\/www.mines-stetienne.fr\/en\/research\/centres-and-departments\/department-of-bioelectronics-bel\/people\/#primaryimage"},"image":{"@id":"https:\/\/www.mines-stetienne.fr\/en\/research\/centres-and-departments\/department-of-bioelectronics-bel\/people\/#primaryimage"},"thumbnailUrl":"https:\/\/www.mines-stetienne.fr\/en\/wp-content\/uploads\/sites\/4\/2024\/07\/bel-lunch.jpg","datePublished":"2018-10-10T21:04:04+00:00","dateModified":"2025-07-07T11:29:24+00:00","breadcrumb":{"@id":"https:\/\/www.mines-stetienne.fr\/en\/research\/centres-and-departments\/department-of-bioelectronics-bel\/people\/#breadcrumb"},"inLanguage":"en-GB","potentialAction":[{"@type":"ReadAction","target":["https:\/\/www.mines-stetienne.fr\/en\/research\/centres-and-departments\/department-of-bioelectronics-bel\/people\/"]}]},{"@type":"ImageObject","inLanguage":"en-GB","@id":"https:\/\/www.mines-stetienne.fr\/en\/research\/centres-and-departments\/department-of-bioelectronics-bel\/people\/#primaryimage","url":"https:\/\/www.mines-stetienne.fr\/en\/wp-content\/uploads\/sites\/4\/2024\/07\/bel-lunch.jpg","contentUrl":"https:\/\/www.mines-stetienne.fr\/en\/wp-content\/uploads\/sites\/4\/2024\/07\/bel-lunch.jpg","width":546,"height":408},{"@type":"BreadcrumbList","@id":"https:\/\/www.mines-stetienne.fr\/en\/research\/centres-and-departments\/department-of-bioelectronics-bel\/people\/#breadcrumb","itemListElement":[{"@type":"ListItem","position":1,"name":"Home","item":"https:\/\/www.mines-stetienne.fr\/en\/"},{"@type":"ListItem","position":2,"name":"Research","item":"https:\/\/www.mines-stetienne.fr\/en\/research\/"},{"@type":"ListItem","position":3,"name":"Centres and Departments","item":"https:\/\/www.mines-stetienne.fr\/en\/research\/centres-and-departments\/"},{"@type":"ListItem","position":4,"name":"Department of Bioelectronics (BEL)","item":"https:\/\/www.mines-stetienne.fr\/en\/research\/centres-and-departments\/department-of-bioelectronics-bel\/"},{"@type":"ListItem","position":5,"name":"People"}]},{"@type":"WebSite","@id":"https:\/\/www.mines-stetienne.fr\/en\/#website","url":"https:\/\/www.mines-stetienne.fr\/en\/","name":"MINES Saint-\u00c9tienne","description":"Inspiring innovation","publisher":{"@id":"https:\/\/www.mines-stetienne.fr\/en\/#organization"},"potentialAction":[{"@type":"SearchAction","target":{"@type":"EntryPoint","urlTemplate":"https:\/\/www.mines-stetienne.fr\/en\/?s={search_term_string}"},"query-input":{"@type":"PropertyValueSpecification","valueRequired":true,"valueName":"search_term_string"}}],"inLanguage":"en-GB"},{"@type":"Organization","@id":"https:\/\/www.mines-stetienne.fr\/en\/#organization","name":"MINES Saint-\u00c9tienne","url":"https:\/\/www.mines-stetienne.fr\/en\/","logo":{"@type":"ImageObject","inLanguage":"en-GB","@id":"https:\/\/www.mines-stetienne.fr\/en\/#\/schema\/logo\/image\/","url":"https:\/\/www.mines-stetienne.fr\/en\/wp-content\/uploads\/sites\/4\/2022\/09\/Mines_Saint_Etienne_IMT_RVB.png","contentUrl":"https:\/\/www.mines-stetienne.fr\/en\/wp-content\/uploads\/sites\/4\/2022\/09\/Mines_Saint_Etienne_IMT_RVB.png","width":316,"height":315,"caption":"MINES Saint-\u00c9tienne"},"image":{"@id":"https:\/\/www.mines-stetienne.fr\/en\/#\/schema\/logo\/image\/"},"sameAs":["https:\/\/www.facebook.com\/MinesSaintEtienne","https:\/\/x.com\/MINES_StEtienne","https:\/\/www.linkedin.com\/school\/527715\/","https:\/\/www.youtube.com\/c\/Mines-stetienneFr","https:\/\/www.instagram.com\/mines_stetienne\/"]}]}},"publishpress_future_workflow_manual_trigger":{"enabledWorkflows":[]},"_links":{"self":[{"href":"https:\/\/www.mines-stetienne.fr\/en\/wp-json\/wp\/v2\/pages\/385","targetHints":{"allow":["GET"]}}],"collection":[{"href":"https:\/\/www.mines-stetienne.fr\/en\/wp-json\/wp\/v2\/pages"}],"about":[{"href":"https:\/\/www.mines-stetienne.fr\/en\/wp-json\/wp\/v2\/types\/page"}],"author":[{"embeddable":true,"href":"https:\/\/www.mines-stetienne.fr\/en\/wp-json\/wp\/v2\/users\/2"}],"replies":[{"embeddable":true,"href":"https:\/\/www.mines-stetienne.fr\/en\/wp-json\/wp\/v2\/comments?post=385"}],"version-history":[{"count":248,"href":"https:\/\/www.mines-stetienne.fr\/en\/wp-json\/wp\/v2\/pages\/385\/revisions"}],"predecessor-version":[{"id":16112,"href":"https:\/\/www.mines-stetienne.fr\/en\/wp-json\/wp\/v2\/pages\/385\/revisions\/16112"}],"up":[{"embeddable":true,"href":"https:\/\/www.mines-stetienne.fr\/en\/wp-json\/wp\/v2\/pages\/364"}],"wp:attachment":[{"href":"https:\/\/www.mines-stetienne.fr\/en\/wp-json\/wp\/v2\/media?parent=385"}],"wp:term":[{"taxonomy":"post_tag","embeddable":true,"href":"https:\/\/www.mines-stetienne.fr\/en\/wp-json\/wp\/v2\/tags?post=385"}],"curies":[{"name":"wp","href":"https:\/\/api.w.org\/{rel}","templated":true}]}}