{"id":15401,"date":"2024-03-19T15:35:23","date_gmt":"2024-03-19T14:35:23","guid":{"rendered":"https:\/\/www.mines-stetienne.fr\/en\/?page_id=15401"},"modified":"2024-07-04T15:31:43","modified_gmt":"2024-07-04T14:31:43","slug":"honoris-causa-doctorate-prof-gerhard-a-holzapfel","status":"publish","type":"page","link":"https:\/\/www.mines-stetienne.fr\/en\/events\/honoris-causa-doctorate-prof-gerhard-a-holzapfel\/","title":{"rendered":"Honoris Causa Doctorate: Prof. Gerhard A. HOLZAPFEL"},"content":{"rendered":"\n<h2 class=\"wp-block-heading has-text-align-center\">Preliminary Program of the Workshop<br><strong>&#8220;Mechanics and Biomechanics: From the Equation to the Application&#8221;<\/strong><\/h2>\n\n\n\n<h3 class=\"wp-block-heading has-text-align-center\">Introducing the <strong>Honoris Causa Doctorate<\/strong> Ceremony<br>awarded by <em>l\u2019institut Mines Telecom<\/em> (IMT) to<br><strong>Prof. Gerhard A. HOLZAPFEL \u2013 TU Graz, Austria<\/strong><\/h3>\n\n\n\n<h6 class=\"wp-block-heading\"><strong>Wednesday 19<sup>th<\/sup> June, 2024<\/strong> \u2013 <strong>\u00c9cole des Mines de Saint-\u00c9tienne, 158 cours Fauriel, Saint-\u00c9tienne, France<\/strong><\/h6>\n\n\n\n<div class=\"wp-block-columns is-layout-flex wp-container-core-columns-is-layout-9d6595d7 wp-block-columns-is-layout-flex\">\n<div class=\"wp-block-column is-layout-flow wp-block-column-is-layout-flow\" style=\"flex-basis:20%\">\n<h5 class=\"wp-block-heading\">10:30 \u2013 11:00<\/h5>\n<\/div>\n\n\n\n<div class=\"wp-block-column is-layout-flow wp-block-column-is-layout-flow\" style=\"flex-basis:80%\">\n<h5 class=\"wp-block-heading\">Welcome coffee and workshop opening<\/h5>\n<\/div>\n<\/div>\n\n\n\n<div class=\"wp-block-columns is-layout-flex wp-container-core-columns-is-layout-9d6595d7 wp-block-columns-is-layout-flex\">\n<div class=\"wp-block-column is-layout-flow wp-block-column-is-layout-flow\" style=\"flex-basis:20%\">\n<h5 class=\"wp-block-heading\">11:00 \u2013&nbsp;12:20<\/h5>\n<\/div>\n\n\n\n<div class=\"wp-block-column is-layout-flow wp-block-column-is-layout-flow\" style=\"flex-basis:80%\">\n<h4 class=\"wp-block-heading\"><mark style=\"background-color:rgba(0, 0, 0, 0);color:#5f259f\" class=\"has-inline-color\">Conference from academic researchers on the topic<\/mark><br><em>&#8220;Mechanics and Biomechanics: From the Equation to the Application&#8221;<\/em><\/h4>\n\n\n\n<ul class=\"wp-block-list\">\n<li><strong>Prof. Vicky Nguyen<\/strong> \u2013 <em>Johns Hopkins University, USA, invited Professor at Mines Saint-\u00c9tienne<\/em><br>Biomechanics of the Optic Nerve Head for Glaucoma Biomarkers and Treatment.<\/li>\n\n\n\n<li><strong>Prof. Samuel Forest<\/strong> \u2013 <em>Mines Paris PSL CNRS, Acad\u00e9mie des sciences, France<\/em><br>Generalized continua in the modelling of complex materials.<\/li>\n\n\n\n<li><strong>Prof. Abdul Barakat<\/strong> \u2013 <em>\u00c9cole Polytechnique, France<\/em><br>Modeling mechanical thrombectomy for stroke treatment: an aid to clinical decision-making.<\/li>\n\n\n\n<li><strong>Prof. Liesbet Geris<\/strong>&nbsp;\u2013 <em>Universit\u00e9 de Li\u00e8ge, Belgium and Director of the VPH Institute<\/em><br>Connecting mechanics and biology: from living implants to the virtual human twin.<\/li>\n<\/ul>\n<\/div>\n<\/div>\n\n\n\n<div class=\"wp-block-columns is-layout-flex wp-container-core-columns-is-layout-9d6595d7 wp-block-columns-is-layout-flex\">\n<div class=\"wp-block-column is-layout-flow wp-block-column-is-layout-flow\" style=\"flex-basis:20%\">\n<h5 class=\"wp-block-heading\">12:20 \u2013 13:30 <\/h5>\n<\/div>\n\n\n\n<div class=\"wp-block-column is-layout-flow wp-block-column-is-layout-flow\" style=\"flex-basis:80%\">\n<h5 class=\"wp-block-heading\">Lunch break <br>Local poster presentations<\/h5>\n<\/div>\n<\/div>\n\n\n\n<div class=\"wp-block-columns is-layout-flex wp-container-core-columns-is-layout-9d6595d7 wp-block-columns-is-layout-flex\">\n<div class=\"wp-block-column is-layout-flow wp-block-column-is-layout-flow\" style=\"flex-basis:20%\">\n<h5 class=\"wp-block-heading\">13:30&nbsp;\u2013&nbsp;14:50<\/h5>\n<\/div>\n\n\n\n<div class=\"wp-block-column is-layout-flow wp-block-column-is-layout-flow\" style=\"flex-basis:80%\">\n<h4 class=\"wp-block-heading\"><mark style=\"background-color:rgba(0, 0, 0, 0);color:#5f259f\" class=\"has-inline-color\">Conference from industrial researchers on the topic<\/mark> <br><em>&#8220;Mechanics and Biomechanics: From the Equation to the Application&#8221;<\/em><\/h4>\n\n\n\n<ul class=\"wp-block-list\">\n<li><strong>Dr. Alex Caulk<\/strong> \u2013 <em>Medtronic, North Haven, USA<\/em><br>Simulating Device-Tissue Interaction in Minimally Invasive Surgery: Enhancing Efficiency and Innovation in the Product Development Process.<\/li>\n\n\n\n<li><strong>Dr. Michel Rochette<\/strong> \u2013 <em>ANSYS, Lyon, France<\/em> <br>Patient specific electro-mechanical simulation of the human heart and clinical applications of cardiac digital twins.<\/li>\n\n\n\n<li><strong>Dr. David Perrin<\/strong> \u2013 <em>Predisurge, Saint-\u00c9tienne, France<\/em><br>PlanOp, a journey from the lab to clinical routine for preoperative planning of endovascular interventions.<\/li>\n\n\n\n<li><strong>Dr. Laurence Rouet<\/strong> \u2013 <em>Philips, Paris, France<\/em><br>Ultrasound-based AAA biomechanics in the clinic: where are we?<\/li>\n<\/ul>\n<\/div>\n<\/div>\n\n\n\n<div class=\"wp-block-columns is-layout-flex wp-container-core-columns-is-layout-9d6595d7 wp-block-columns-is-layout-flex\">\n<div class=\"wp-block-column is-layout-flow wp-block-column-is-layout-flow\" style=\"flex-basis:20%\">\n<h5 class=\"wp-block-heading\">14:50 \u2013 15:30<\/h5>\n<\/div>\n\n\n\n<div class=\"wp-block-column is-layout-flow wp-block-column-is-layout-flow\" style=\"flex-basis:80%\">\n<h5 class=\"wp-block-heading\">Coffee break&nbsp;<\/h5>\n<\/div>\n<\/div>\n\n\n\n<div class=\"wp-block-columns is-layout-flex wp-container-core-columns-is-layout-9d6595d7 wp-block-columns-is-layout-flex\">\n<div class=\"wp-block-column is-layout-flow wp-block-column-is-layout-flow\" style=\"flex-basis:20%\">\n<h5 class=\"wp-block-heading\">15:30 \u2013 15:45 <\/h5>\n<\/div>\n\n\n\n<div class=\"wp-block-column is-layout-flow wp-block-column-is-layout-flow\" style=\"flex-basis:80%\">\n<h4 class=\"wp-block-heading\">Formal welcome to the <mark style=\"background-color:rgba(0, 0, 0, 0);color:#5f259f\" class=\"has-inline-color\">Honoris Causa Doctorate award ceremony<\/mark> and opening address from the Deputy Executive Director of Institut Mines-T\u00e9l\u00e9com and the Rector of Mines Saint-\u00c9tienne<\/h4>\n<\/div>\n<\/div>\n\n\n\n<div class=\"wp-block-columns is-layout-flex wp-container-core-columns-is-layout-9d6595d7 wp-block-columns-is-layout-flex\">\n<div class=\"wp-block-column is-layout-flow wp-block-column-is-layout-flow\" style=\"flex-basis:20%\">\n<h5 class=\"wp-block-heading\">15:45 \u2013 16:00 &nbsp;<\/h5>\n<\/div>\n\n\n\n<div class=\"wp-block-column is-layout-flow wp-block-column-is-layout-flow\" style=\"flex-basis:80%\">\n<h4 class=\"wp-block-heading\">Opening adress in honor of Prof. Gerhard A. Holzapfel by Prof. St\u00e9phane Avril<\/h4>\n<\/div>\n<\/div>\n\n\n\n<div class=\"wp-block-columns is-layout-flex wp-container-core-columns-is-layout-9d6595d7 wp-block-columns-is-layout-flex\">\n<div class=\"wp-block-column is-layout-flow wp-block-column-is-layout-flow\" style=\"flex-basis:20%\">\n<h5 class=\"wp-block-heading\">16:00 \u2013 16:15&nbsp; <\/h5>\n<\/div>\n\n\n\n<div class=\"wp-block-column is-layout-flow wp-block-column-is-layout-flow\" style=\"flex-basis:80%\">\n<h4 class=\"wp-block-heading\">Presentation of the honorary degree by the research Dean<\/h4>\n<\/div>\n<\/div>\n\n\n\n<div class=\"wp-block-columns is-layout-flex wp-container-core-columns-is-layout-9d6595d7 wp-block-columns-is-layout-flex\">\n<div class=\"wp-block-column is-layout-flow wp-block-column-is-layout-flow\" style=\"flex-basis:20%\">\n<h5 class=\"wp-block-heading\">16:15 \u2013 17:15 <\/h5>\n<\/div>\n\n\n\n<div class=\"wp-block-column is-layout-flow wp-block-column-is-layout-flow\" style=\"flex-basis:80%\">\n<h4 class=\"wp-block-heading\">Lecture from Prof. Gerhard A. Holzapfel<\/h4>\n\n\n\n<h5 class=\"wp-block-heading\">The Steep Rise of Biomechanics: Current Status and Future Directions<\/h5>\n<\/div>\n<\/div>\n\n\n\n<div class=\"wp-block-columns is-layout-flex wp-container-core-columns-is-layout-9d6595d7 wp-block-columns-is-layout-flex\">\n<div class=\"wp-block-column is-layout-flow wp-block-column-is-layout-flow\" style=\"flex-basis:20%\">\n<h5 class=\"wp-block-heading\">17:15 \u2013 18:00 <\/h5>\n<\/div>\n\n\n\n<div class=\"wp-block-column is-layout-flow wp-block-column-is-layout-flow\" style=\"flex-basis:80%\">\n<h5 class=\"wp-block-heading\">Closing cocktail reception<\/h5>\n<\/div>\n<\/div>\n","protected":false},"excerpt":{"rendered":"<p>Preliminary Program of the Workshop&#8220;Mechanics and Biomechanics: From the Equation to the Application&#8221; Introducing the Honoris Causa Doctorate Ceremonyawarded by l\u2019institut Mines Telecom (IMT) toProf. Gerhard A. HOLZAPFEL \u2013 TU Graz, Austria Wednesday 19th June, 2024 \u2013 \u00c9cole des Mines &hellip;<\/p>\n","protected":false},"author":2,"featured_media":0,"parent":15402,"menu_order":0,"comment_status":"closed","ping_status":"closed","template":"page-sansColonneDroite.php","meta":{"_relevanssi_hide_post":"","_relevanssi_hide_content":"","_relevanssi_pin_for_all":"","_relevanssi_pin_keywords":"","_relevanssi_unpin_keywords":"","_relevanssi_related_keywords":"","_relevanssi_related_include_ids":"","_relevanssi_related_exclude_ids":"","_relevanssi_related_no_append":"","_relevanssi_related_not_related":"","_relevanssi_related_posts":"497,2385,492","_relevanssi_noindex_reason":"","footnotes":"","_links_to":"","_links_to_target":""},"tags":[],"class_list":["post-15401","page","type-page","status-publish","hentry"],"pp_statuses_selecting_workflow":false,"pp_workflow_action":"current","pp_status_selection":"publish","pp_force_visibility":null,"pp_subpost_visibility":null,"pp_inherited_force_visibility":null,"pp_inherited_subpost_visibility":null,"yoast_head":"<!-- This site is optimized with the Yoast SEO plugin v27.5 - https:\/\/yoast.com\/product\/yoast-seo-wordpress\/ -->\n<title>Honoris Causa Doctorate: Prof. Gerhard A. HOLZAPFEL - MINES Saint-\u00c9tienne<\/title>\n<meta name=\"robots\" content=\"index, follow, max-snippet:-1, max-image-preview:large, max-video-preview:-1\" \/>\n<link rel=\"canonical\" href=\"https:\/\/www.mines-stetienne.fr\/en\/events\/honoris-causa-doctorate-prof-gerhard-a-holzapfel\/\" \/>\n<meta property=\"og:locale\" content=\"en_GB\" \/>\n<meta property=\"og:type\" content=\"article\" \/>\n<meta property=\"og:title\" content=\"Honoris Causa Doctorate: Prof. Gerhard A. HOLZAPFEL - MINES Saint-\u00c9tienne\" \/>\n<meta property=\"og:description\" content=\"Preliminary Program of the Workshop&#8220;Mechanics and Biomechanics: From the Equation to the Application&#8221; Introducing the Honoris Causa Doctorate Ceremonyawarded by l\u2019institut Mines Telecom (IMT) toProf. Gerhard A. HOLZAPFEL \u2013 TU Graz, Austria Wednesday 19th June, 2024 \u2013 \u00c9cole des Mines &hellip;\" \/>\n<meta property=\"og:url\" content=\"https:\/\/www.mines-stetienne.fr\/en\/events\/honoris-causa-doctorate-prof-gerhard-a-holzapfel\/\" \/>\n<meta property=\"og:site_name\" content=\"MINES Saint-\u00c9tienne\" \/>\n<meta property=\"article:publisher\" content=\"https:\/\/www.facebook.com\/MinesSaintEtienne\" \/>\n<meta property=\"article:modified_time\" content=\"2024-07-04T14:31:43+00:00\" \/>\n<meta name=\"twitter:card\" content=\"summary_large_image\" \/>\n<meta name=\"twitter:site\" content=\"@MINES_StEtienne\" \/>\n<meta name=\"twitter:label1\" content=\"Estimated reading time\" \/>\n\t<meta name=\"twitter:data1\" content=\"2 minutes\" \/>\n<script type=\"application\/ld+json\" class=\"yoast-schema-graph\">{\"@context\":\"https:\\\/\\\/schema.org\",\"@graph\":[{\"@type\":\"WebPage\",\"@id\":\"https:\\\/\\\/www.mines-stetienne.fr\\\/en\\\/events\\\/honoris-causa-doctorate-prof-gerhard-a-holzapfel\\\/\",\"url\":\"https:\\\/\\\/www.mines-stetienne.fr\\\/en\\\/events\\\/honoris-causa-doctorate-prof-gerhard-a-holzapfel\\\/\",\"name\":\"Honoris Causa Doctorate: Prof. Gerhard A. HOLZAPFEL - MINES Saint-\u00c9tienne\",\"isPartOf\":{\"@id\":\"https:\\\/\\\/www.mines-stetienne.fr\\\/en\\\/#website\"},\"datePublished\":\"2024-03-19T14:35:23+00:00\",\"dateModified\":\"2024-07-04T14:31:43+00:00\",\"breadcrumb\":{\"@id\":\"https:\\\/\\\/www.mines-stetienne.fr\\\/en\\\/events\\\/honoris-causa-doctorate-prof-gerhard-a-holzapfel\\\/#breadcrumb\"},\"inLanguage\":\"en-GB\",\"potentialAction\":[{\"@type\":\"ReadAction\",\"target\":[\"https:\\\/\\\/www.mines-stetienne.fr\\\/en\\\/events\\\/honoris-causa-doctorate-prof-gerhard-a-holzapfel\\\/\"]}]},{\"@type\":\"BreadcrumbList\",\"@id\":\"https:\\\/\\\/www.mines-stetienne.fr\\\/en\\\/events\\\/honoris-causa-doctorate-prof-gerhard-a-holzapfel\\\/#breadcrumb\",\"itemListElement\":[{\"@type\":\"ListItem\",\"position\":1,\"name\":\"Home\",\"item\":\"https:\\\/\\\/www.mines-stetienne.fr\\\/en\\\/\"},{\"@type\":\"ListItem\",\"position\":2,\"name\":\"Events\",\"item\":\"https:\\\/\\\/www.mines-stetienne.fr\\\/en\\\/events\\\/\"},{\"@type\":\"ListItem\",\"position\":3,\"name\":\"Honoris Causa Doctorate: Prof. Gerhard A. HOLZAPFEL\"}]},{\"@type\":\"WebSite\",\"@id\":\"https:\\\/\\\/www.mines-stetienne.fr\\\/en\\\/#website\",\"url\":\"https:\\\/\\\/www.mines-stetienne.fr\\\/en\\\/\",\"name\":\"MINES Saint-\u00c9tienne\",\"description\":\"Inspiring innovation\",\"publisher\":{\"@id\":\"https:\\\/\\\/www.mines-stetienne.fr\\\/en\\\/#organization\"},\"potentialAction\":[{\"@type\":\"SearchAction\",\"target\":{\"@type\":\"EntryPoint\",\"urlTemplate\":\"https:\\\/\\\/www.mines-stetienne.fr\\\/en\\\/?s={search_term_string}\"},\"query-input\":{\"@type\":\"PropertyValueSpecification\",\"valueRequired\":true,\"valueName\":\"search_term_string\"}}],\"inLanguage\":\"en-GB\"},{\"@type\":\"Organization\",\"@id\":\"https:\\\/\\\/www.mines-stetienne.fr\\\/en\\\/#organization\",\"name\":\"MINES Saint-\u00c9tienne\",\"url\":\"https:\\\/\\\/www.mines-stetienne.fr\\\/en\\\/\",\"logo\":{\"@type\":\"ImageObject\",\"inLanguage\":\"en-GB\",\"@id\":\"https:\\\/\\\/www.mines-stetienne.fr\\\/en\\\/#\\\/schema\\\/logo\\\/image\\\/\",\"url\":\"https:\\\/\\\/www.mines-stetienne.fr\\\/en\\\/wp-content\\\/uploads\\\/sites\\\/4\\\/2022\\\/09\\\/Mines_Saint_Etienne_IMT_RVB.png\",\"contentUrl\":\"https:\\\/\\\/www.mines-stetienne.fr\\\/en\\\/wp-content\\\/uploads\\\/sites\\\/4\\\/2022\\\/09\\\/Mines_Saint_Etienne_IMT_RVB.png\",\"width\":316,\"height\":315,\"caption\":\"MINES Saint-\u00c9tienne\"},\"image\":{\"@id\":\"https:\\\/\\\/www.mines-stetienne.fr\\\/en\\\/#\\\/schema\\\/logo\\\/image\\\/\"},\"sameAs\":[\"https:\\\/\\\/www.facebook.com\\\/MinesSaintEtienne\",\"https:\\\/\\\/x.com\\\/MINES_StEtienne\",\"https:\\\/\\\/www.linkedin.com\\\/school\\\/527715\\\/\",\"https:\\\/\\\/www.youtube.com\\\/c\\\/Mines-stetienneFr\",\"https:\\\/\\\/www.instagram.com\\\/mines_stetienne\\\/\"]}]}<\/script>\n<!-- \/ Yoast SEO plugin. -->","yoast_head_json":{"title":"Honoris Causa Doctorate: Prof. Gerhard A. HOLZAPFEL - MINES Saint-\u00c9tienne","robots":{"index":"index","follow":"follow","max-snippet":"max-snippet:-1","max-image-preview":"max-image-preview:large","max-video-preview":"max-video-preview:-1"},"canonical":"https:\/\/www.mines-stetienne.fr\/en\/events\/honoris-causa-doctorate-prof-gerhard-a-holzapfel\/","og_locale":"en_GB","og_type":"article","og_title":"Honoris Causa Doctorate: Prof. Gerhard A. HOLZAPFEL - MINES Saint-\u00c9tienne","og_description":"Preliminary Program of the Workshop&#8220;Mechanics and Biomechanics: From the Equation to the Application&#8221; Introducing the Honoris Causa Doctorate Ceremonyawarded by l\u2019institut Mines Telecom (IMT) toProf. Gerhard A. HOLZAPFEL \u2013 TU Graz, Austria Wednesday 19th June, 2024 \u2013 \u00c9cole des Mines &hellip;","og_url":"https:\/\/www.mines-stetienne.fr\/en\/events\/honoris-causa-doctorate-prof-gerhard-a-holzapfel\/","og_site_name":"MINES Saint-\u00c9tienne","article_publisher":"https:\/\/www.facebook.com\/MinesSaintEtienne","article_modified_time":"2024-07-04T14:31:43+00:00","twitter_card":"summary_large_image","twitter_site":"@MINES_StEtienne","twitter_misc":{"Estimated reading time":"2 minutes"},"schema":{"@context":"https:\/\/schema.org","@graph":[{"@type":"WebPage","@id":"https:\/\/www.mines-stetienne.fr\/en\/events\/honoris-causa-doctorate-prof-gerhard-a-holzapfel\/","url":"https:\/\/www.mines-stetienne.fr\/en\/events\/honoris-causa-doctorate-prof-gerhard-a-holzapfel\/","name":"Honoris Causa Doctorate: Prof. Gerhard A. HOLZAPFEL - MINES Saint-\u00c9tienne","isPartOf":{"@id":"https:\/\/www.mines-stetienne.fr\/en\/#website"},"datePublished":"2024-03-19T14:35:23+00:00","dateModified":"2024-07-04T14:31:43+00:00","breadcrumb":{"@id":"https:\/\/www.mines-stetienne.fr\/en\/events\/honoris-causa-doctorate-prof-gerhard-a-holzapfel\/#breadcrumb"},"inLanguage":"en-GB","potentialAction":[{"@type":"ReadAction","target":["https:\/\/www.mines-stetienne.fr\/en\/events\/honoris-causa-doctorate-prof-gerhard-a-holzapfel\/"]}]},{"@type":"BreadcrumbList","@id":"https:\/\/www.mines-stetienne.fr\/en\/events\/honoris-causa-doctorate-prof-gerhard-a-holzapfel\/#breadcrumb","itemListElement":[{"@type":"ListItem","position":1,"name":"Home","item":"https:\/\/www.mines-stetienne.fr\/en\/"},{"@type":"ListItem","position":2,"name":"Events","item":"https:\/\/www.mines-stetienne.fr\/en\/events\/"},{"@type":"ListItem","position":3,"name":"Honoris Causa Doctorate: Prof. Gerhard A. HOLZAPFEL"}]},{"@type":"WebSite","@id":"https:\/\/www.mines-stetienne.fr\/en\/#website","url":"https:\/\/www.mines-stetienne.fr\/en\/","name":"MINES Saint-\u00c9tienne","description":"Inspiring innovation","publisher":{"@id":"https:\/\/www.mines-stetienne.fr\/en\/#organization"},"potentialAction":[{"@type":"SearchAction","target":{"@type":"EntryPoint","urlTemplate":"https:\/\/www.mines-stetienne.fr\/en\/?s={search_term_string}"},"query-input":{"@type":"PropertyValueSpecification","valueRequired":true,"valueName":"search_term_string"}}],"inLanguage":"en-GB"},{"@type":"Organization","@id":"https:\/\/www.mines-stetienne.fr\/en\/#organization","name":"MINES Saint-\u00c9tienne","url":"https:\/\/www.mines-stetienne.fr\/en\/","logo":{"@type":"ImageObject","inLanguage":"en-GB","@id":"https:\/\/www.mines-stetienne.fr\/en\/#\/schema\/logo\/image\/","url":"https:\/\/www.mines-stetienne.fr\/en\/wp-content\/uploads\/sites\/4\/2022\/09\/Mines_Saint_Etienne_IMT_RVB.png","contentUrl":"https:\/\/www.mines-stetienne.fr\/en\/wp-content\/uploads\/sites\/4\/2022\/09\/Mines_Saint_Etienne_IMT_RVB.png","width":316,"height":315,"caption":"MINES Saint-\u00c9tienne"},"image":{"@id":"https:\/\/www.mines-stetienne.fr\/en\/#\/schema\/logo\/image\/"},"sameAs":["https:\/\/www.facebook.com\/MinesSaintEtienne","https:\/\/x.com\/MINES_StEtienne","https:\/\/www.linkedin.com\/school\/527715\/","https:\/\/www.youtube.com\/c\/Mines-stetienneFr","https:\/\/www.instagram.com\/mines_stetienne\/"]}]}},"publishpress_future_workflow_manual_trigger":{"enabledWorkflows":[]},"_links":{"self":[{"href":"https:\/\/www.mines-stetienne.fr\/en\/wp-json\/wp\/v2\/pages\/15401","targetHints":{"allow":["GET"]}}],"collection":[{"href":"https:\/\/www.mines-stetienne.fr\/en\/wp-json\/wp\/v2\/pages"}],"about":[{"href":"https:\/\/www.mines-stetienne.fr\/en\/wp-json\/wp\/v2\/types\/page"}],"author":[{"embeddable":true,"href":"https:\/\/www.mines-stetienne.fr\/en\/wp-json\/wp\/v2\/users\/2"}],"replies":[{"embeddable":true,"href":"https:\/\/www.mines-stetienne.fr\/en\/wp-json\/wp\/v2\/comments?post=15401"}],"version-history":[{"count":29,"href":"https:\/\/www.mines-stetienne.fr\/en\/wp-json\/wp\/v2\/pages\/15401\/revisions"}],"predecessor-version":[{"id":15588,"href":"https:\/\/www.mines-stetienne.fr\/en\/wp-json\/wp\/v2\/pages\/15401\/revisions\/15588"}],"up":[{"embeddable":true,"href":"https:\/\/www.mines-stetienne.fr\/en\/wp-json\/wp\/v2\/pages\/15402"}],"wp:attachment":[{"href":"https:\/\/www.mines-stetienne.fr\/en\/wp-json\/wp\/v2\/media?parent=15401"}],"wp:term":[{"taxonomy":"post_tag","embeddable":true,"href":"https:\/\/www.mines-stetienne.fr\/en\/wp-json\/wp\/v2\/tags?post=15401"}],"curies":[{"name":"wp","href":"https:\/\/api.w.org\/{rel}","templated":true}]}}