{"id":1131,"date":"2016-12-22T09:21:38","date_gmt":"2016-12-22T08:21:38","guid":{"rendered":"https:\/\/www.mines-stetienne.fr\/en\/?page_id=1131"},"modified":"2025-12-12T12:52:36","modified_gmt":"2025-12-12T11:52:36","slug":"people","status":"publish","type":"page","link":"https:\/\/www.mines-stetienne.fr\/en\/research\/centres-and-departments\/flexible-electronics-department-fel\/people\/","title":{"rendered":"People"},"content":{"rendered":"<style>\n            a.icon-button {\n                background-color: #61259E;\n                color: #FFFFFF;\n                width: auto;\n                display: inline-block;\n                width: 30px;\n                height: 30px;\n                -webkit-border-radius: 5px;\n                -moz-border-radius: 5px;\n                border-radius: 5px;\n                margin-right: 5px;\n                margin-left: 5px;\n                line-height: 30px;\n                margin-bottom: 5px;\n                text-align: center;\n            }\n\n            a.icon-button:hover {\n                background-color: #2d1a47;\n            }\n            \n            a.nobg {\n            \tbackground-color: transparent;\n            }\n            \n            a.nobg:hover {\n\t\t\t\tbackground-color: transparent;            \n            }\n        <\/style><table class=\"search-annuaire-table\">\n\t\t\t<tbody>\n                    <tr>\n\t\t\t\t\t\t<td class=\"nowrap\"><a href=\"https:\/\/www.mines-stetienne.fr\/en\/author\/ramuz\/\">Marc RAMUZ<\/a><\/td>\n\t\t\t\t\t\t<td>Responsable du d\u00e9partement FEL (CMP)\n\t\t\t\t\t\t<\/td>\n\t\t\t\t\t\t<td align=\"left\">\n\t\t\t\t\t\t<\/td>\n\t\t\t\t\t<\/tr>\n                    <tr>\n\t\t\t\t\t\t<td class=\"nowrap\"><a href=\"https:\/\/www.mines-stetienne.fr\/en\/author\/blayac\/\">Sylvain BLAYAC<\/a><\/td>\n\t\t\t\t\t\t<td>Responsable Espace ID-Fab\n\t\t\t\t\t\t<\/td>\n\t\t\t\t\t\t<td align=\"left\"><a href=\"https:\/\/scholar.google.fr\/citations?user=Z025syoAAAAJ&hl=fr\" target=\"_blank\" class=\"icon-button\"><i class=\"fa fa-graduation-cap\"><\/i><\/a>\n\t\t\t\t\t\t<\/td>\n\t\t\t\t\t<\/tr>\n                    <tr>\n\t\t\t\t\t\t<td class=\"nowrap\"><a href=\"https:\/\/www.mines-stetienne.fr\/en\/author\/calmes\/\">Cyril CALMES<\/a><\/td>\n\t\t\t\t\t\t<td>Ing\u00e9nieur en Technologie Micro\u00e9lectronique\n\t\t\t\t\t\t<\/td>\n\t\t\t\t\t\t<td align=\"left\">\n\t\t\t\t\t\t<\/td>\n\t\t\t\t\t<\/tr>\n                    <tr>\n\t\t\t\t\t\t<td class=\"nowrap\"><a href=\"https:\/\/www.mines-stetienne.fr\/en\/author\/l-deoliveiramangin\/\">Lucas DE OLIVEIRA MANGIN<\/a><\/td>\n\t\t\t\t\t\t<td>DOCTORANT\n\t\t\t\t\t\t<\/td>\n\t\t\t\t\t\t<td align=\"left\">\n\t\t\t\t\t\t<\/td>\n\t\t\t\t\t<\/tr>\n                    <tr>\n\t\t\t\t\t\t<td class=\"nowrap\"><a href=\"https:\/\/www.mines-stetienne.fr\/en\/author\/roger-delattre\/\">Roger DELATTRE<\/a><\/td>\n\t\t\t\t\t\t<td>Enseignant-chercheur\n\t\t\t\t\t\t<\/td>\n\t\t\t\t\t\t<td align=\"left\">\n\t\t\t\t\t\t<\/td>\n\t\t\t\t\t<\/tr>\n                    <tr>\n\t\t\t\t\t\t<td class=\"nowrap\"><a href=\"https:\/\/www.mines-stetienne.fr\/en\/author\/houda-elkarout\/\">Houda EL KAROUT<\/a><\/td>\n\t\t\t\t\t\t<td>POST DOCTORANT\n\t\t\t\t\t\t<\/td>\n\t\t\t\t\t\t<td align=\"left\">\n\t\t\t\t\t\t<\/td>\n\t\t\t\t\t<\/tr>\n                    <tr>\n\t\t\t\t\t\t<td class=\"nowrap\"><a href=\"https:\/\/www.mines-stetienne.fr\/en\/author\/oussama-hadoune\/\">Oussama HADOUNE<\/a><\/td>\n\t\t\t\t\t\t<td>Ing\u00e9nieur\n\t\t\t\t\t\t<\/td>\n\t\t\t\t\t\t<td align=\"left\">\n\t\t\t\t\t\t<\/td>\n\t\t\t\t\t<\/tr>\n                    <tr>\n\t\t\t\t\t\t<td class=\"nowrap\"><a href=\"https:\/\/www.mines-stetienne.fr\/en\/author\/elias-kharbouche\/\">Elias KHARBOUCHE<\/a><\/td>\n\t\t\t\t\t\t<td>Charg\u00e9 d'enseignement\n\t\t\t\t\t\t<\/td>\n\t\t\t\t\t\t<td align=\"left\">\n\t\t\t\t\t\t<\/td>\n\t\t\t\t\t<\/tr>\n                    <tr>\n\t\t\t\t\t\t<td class=\"nowrap\"><a href=\"https:\/\/www.mines-stetienne.fr\/en\/author\/bincy-lathakumary\/\">Bincy LATHAKUMARY VIJAYAN<\/a><\/td>\n\t\t\t\t\t\t<td>Ing\u00e9nieur\n\t\t\t\t\t\t<\/td>\n\t\t\t\t\t\t<td align=\"left\">\n\t\t\t\t\t\t<\/td>\n\t\t\t\t\t<\/tr>\n                    <tr>\n\t\t\t\t\t\t<td class=\"nowrap\"><a href=\"https:\/\/www.mines-stetienne.fr\/en\/author\/luis-lozanohernandez\/\">Luis Abraham LOZANO HERNANDEZ<\/a><\/td>\n\t\t\t\t\t\t<td>Ing\u00e9nieur de Recherche et de D\u00e9veloppement\n\t\t\t\t\t\t<\/td>\n\t\t\t\t\t\t<td align=\"left\">\n\t\t\t\t\t\t<\/td>\n\t\t\t\t\t<\/tr>\n                    <tr>\n\t\t\t\t\t\t<td class=\"nowrap\"><a href=\"https:\/\/www.mines-stetienne.fr\/en\/author\/v-muniraj\/\">Vedikuyilazhagan MUNIRAJ<\/a><\/td>\n\t\t\t\t\t\t<td>Ma\u00eetre de conf\u00e9rences \u2013 Chaire de professeure junior\n\t\t\t\t\t\t<\/td>\n\t\t\t\t\t\t<td align=\"left\">\n\t\t\t\t\t\t<\/td>\n\t\t\t\t\t<\/tr>\n                    <tr>\n\t\t\t\t\t\t<td class=\"nowrap\"><a href=\"https:\/\/www.mines-stetienne.fr\/en\/author\/karthik-namachivayam\/\">Karthik NAMACHIVAYAM<\/a><\/td>\n\t\t\t\t\t\t<td>Ing\u00e9nieur\n\t\t\t\t\t\t<\/td>\n\t\t\t\t\t\t<td align=\"left\">\n\t\t\t\t\t\t<\/td>\n\t\t\t\t\t<\/tr>\n                    <tr>\n\t\t\t\t\t\t<td class=\"nowrap\"><a href=\"https:\/\/www.mines-stetienne.fr\/en\/author\/ochoa\/\">Daniel OCHOA<\/a><\/td>\n\t\t\t\t\t\t<td>Enseignant-chercheur, D\u00e9l\u00e9gu\u00e9 Innovation & PI\n\t\t\t\t\t\t<\/td>\n\t\t\t\t\t\t<td align=\"left\"><a href=\"www.linkedin.com\/in\/daniel-o-aa656a6\" target=\"_blank\" class=\"icon-button\"><i class=\"fa fa-linkedin\"><\/i><\/a><a href=\"https:\/\/x.com\/ochoadan71\" target=\"_blank\" class=\"icon-button\"><i class=\"fa fa-twitter\"><\/i><\/a>\n\t\t\t\t\t\t<\/td>\n\t\t\t\t\t<\/tr>\n                    <tr>\n\t\t\t\t\t\t<td class=\"nowrap\"><a href=\"https:\/\/www.mines-stetienne.fr\/en\/author\/saadaoui\/\">Mohamed SAADAOUI<\/a><\/td>\n\t\t\t\t\t\t<td>Enseignant-chercheur\n\t\t\t\t\t\t<\/td>\n\t\t\t\t\t\t<td align=\"left\">\n\t\t\t\t\t\t<\/td>\n\t\t\t\t\t<\/tr>\n                    <tr>\n\t\t\t\t\t\t<td class=\"nowrap\"><a href=\"https:\/\/www.mines-stetienne.fr\/en\/author\/sanaur\/\">Sebastien SANAUR<\/a><\/td>\n\t\t\t\t\t\t<td>Enseignant-chercheur\n\t\t\t\t\t\t<\/td>\n\t\t\t\t\t\t<td align=\"left\"><a href=\"https:\/\/fr.linkedin.com\/in\/s\u00e9bastien-sanaur-19ba1110\" target=\"_blank\" class=\"icon-button\"><i class=\"fa fa-linkedin\"><\/i><\/a><a href=\"https:\/\/orcid.org\/0000-0003-4976-7440\" target=\"_blank\" class=\"icon-button\">\n        <img decoding=\"async\" alt=\"ORCID ID\" src=\"https:\/\/www.mines-stetienne.fr\/en\/wp-content\/themes\/emse-en\/images\/icons\/logo-orcidid.svg\" title=\"ORCID ID\" style=\"width:22px;\">\n        <\/a><a href=\"https:\/\/www.researchgate.net\/profile\/Sebastien_Sanaur\" target=\"_blank\" class=\"icon-button\">\n        <img decoding=\"async\" alt=\"ResearchGate\" src=\"https:\/\/www.mines-stetienne.fr\/en\/wp-content\/themes\/emse-en\/images\/icons\/logo-researchgate.svg\" title=\"ResearchGate\" style=\"width:22px;\">\n\t\t\t\t\t\t\t\t<\/a><a href=\"https:\/\/www.researcherid.com\/rid\/A-9321-2015\" target=\"_blank\" class=\"icon-button\">\n        <img decoding=\"async\" alt=\"Researcher ID\" src=\"https:\/\/www.mines-stetienne.fr\/en\/wp-content\/themes\/emse-en\/images\/icons\/logo-researcherid.svg\" title=\"Researcher ID\" style=\"width:22px;\">\n        <\/a>\n\t\t\t\t\t\t<\/td>\n\t\t\t\t\t<\/tr>\n                    <tr>\n\t\t\t\t\t\t<td class=\"nowrap\"><a href=\"https:\/\/www.mines-stetienne.fr\/en\/author\/reda-boujliliba\/\">Reda BOUJLILIBA<\/a><\/td>\n\t\t\t\t\t\t<td>Doctorant\n\t\t\t\t\t\t<\/td>\n\t\t\t\t\t\t<td align=\"left\">\n\t\t\t\t\t\t<\/td>\n\t\t\t\t\t<\/tr>\n                    <tr>\n\t\t\t\t\t\t<td class=\"nowrap\"><a href=\"https:\/\/www.mines-stetienne.fr\/en\/author\/hussien-hammoud\/\">Hussien HAMMOUD<\/a><\/td>\n\t\t\t\t\t\t<td>Doctorant\n\t\t\t\t\t\t<\/td>\n\t\t\t\t\t\t<td align=\"left\">\n\t\t\t\t\t\t<\/td>\n\t\t\t\t\t<\/tr>\n                    <tr>\n\t\t\t\t\t\t<td class=\"nowrap\"><a href=\"https:\/\/www.mines-stetienne.fr\/en\/author\/oussama-jamai\/\">Oussama JAMAI<\/a><\/td>\n\t\t\t\t\t\t<td>Doctorant\n\t\t\t\t\t\t<\/td>\n\t\t\t\t\t\t<td align=\"left\">\n\t\t\t\t\t\t<\/td>\n\t\t\t\t\t<\/tr>\n                    <tr>\n\t\t\t\t\t\t<td class=\"nowrap\"><a href=\"https:\/\/www.mines-stetienne.fr\/en\/author\/nour-mhanna\/\">Nour MHANNA<\/a><\/td>\n\t\t\t\t\t\t<td>Doctorant\n\t\t\t\t\t\t<\/td>\n\t\t\t\t\t\t<td align=\"left\">\n\t\t\t\t\t\t<\/td>\n\t\t\t\t\t<\/tr>\n                    <tr>\n\t\t\t\t\t\t<td class=\"nowrap\"><a href=\"https:\/\/www.mines-stetienne.fr\/en\/author\/mario-nohra\/\">Mario NOHRA<\/a><\/td>\n\t\t\t\t\t\t<td>Doctorant\n\t\t\t\t\t\t<\/td>\n\t\t\t\t\t\t<td align=\"left\">\n\t\t\t\t\t\t<\/td>\n\t\t\t\t\t<\/tr>\n                    <tr>\n\t\t\t\t\t\t<td class=\"nowrap\"><a href=\"https:\/\/www.mines-stetienne.fr\/en\/author\/fatimaezzahraa-souad\/\">Fatima Ezzahraa SOUAD<\/a><\/td>\n\t\t\t\t\t\t<td>Doctorant\n\t\t\t\t\t\t<\/td>\n\t\t\t\t\t\t<td align=\"left\">\n\t\t\t\t\t\t<\/td>\n\t\t\t\t\t<\/tr>\n                    <tr>\n\t\t\t\t\t\t<td class=\"nowrap\"><a href=\"https:\/\/www.mines-stetienne.fr\/en\/author\/aizhan-yendigoyeva\/\">Aizhan YENDIGOYEVA<\/a><\/td>\n\t\t\t\t\t\t<td>Doctorant\n\t\t\t\t\t\t<\/td>\n\t\t\t\t\t\t<td align=\"left\">\n\t\t\t\t\t\t<\/td>\n\t\t\t\t\t<\/tr>\n\t\t\t<\/tbody>\n\t\t<\/table>\n\n\n\n<h3 class=\"wp-block-heading\">Job offers<\/h3>\n\n\n\n<ul class=\"wp-block-list\">\n<li>M2 internship positions (for early 2026) related to soft electronics and circuits<\/li>\n\n\n\n<li>Engineer or postdoc in the field energy tranmission through skin and implantable electronics<\/li>\n\n\n\n<li> Engineer or postdoc for fabrication of soft circuit for wearbale chemical sensors<\/li>\n<\/ul>\n\n\n\n<h3 class=\"wp-block-heading\">Permanent Members<\/h3>\n\n\n\n<ul class=\"wp-block-list\">\n<li>Prof. Thierry Djenizian, Head of the Department,&nbsp;<a href=\"&#109;&#x61;&#105;&#x6c;&#116;&#x6f;&#58;&#x74;h&#x69;e&#x72;r&#x79;&#46;&#100;&#x6a;&#101;&#x6e;&#105;&#x7a;&#105;&#x61;&#110;&#x40;e&#x6d;s&#x65;&#46;&#x66;r\">thierry&#46;&#100;&#106;&#101;&#110;&#105;&#122;&#105;&#97;&#110;&#64;&#x65;&#x6d;&#x73;&#x65;&#x2e;&#x66;&#x72;<\/a><\/li>\n<\/ul>\n\n\n\n<div class=\"wp-block-media-text alignwide is-stacked-on-mobile is-vertically-aligned-top\" style=\"grid-template-columns:17% auto\"><figure class=\"wp-block-media-text__media\"><img decoding=\"async\" width=\"235\" height=\"298\" src=\"https:\/\/www.mines-stetienne.fr\/en\/wp-content\/uploads\/sites\/4\/2016\/12\/Djenizian-FEL.jpg\" alt=\"\" class=\"wp-image-1339 size-full\" \/><\/figure><div class=\"wp-block-media-text__content\">\n<p>Prof. Thierry Djenizian is the Head of the Flexible Electronics department at the Ecole Nationale Sup\u00e9rieure des Mines de Saint-\u00c9tienne (campus Aix-Marseille-Provence). In 2002, he received his PhD degree in Materials Chemistry for microelectronics from the Swiss Federal Institute of Technology in Lausanne and the Friedrich Alexander University of Erlangen-Nuremberg. His research activities are mainly focused on the nanostructuring of materials by electrochemical techniques for applications in energy storage and conversion at the micrometer scale. He is the author of over 80 publications in international journals, 20 proceedings, and 5 book chapters (H-index 23). He is one Conference Chair of Porous Semiconductors Science and Technology international conferences.<\/p>\n<\/div><\/div>\n\n\n\n<ul class=\"wp-block-list\">\n<li>Prof. Sylvain Blayac<\/li>\n<\/ul>\n\n\n\n<ul class=\"wp-block-list\">\n<li>Prof. Xavier Boddaert,&nbsp;<a href=\"m&#97;&#x69;&#x6c;t&#111;&#58;&#x62;&#x6f;d&#100;&#97;&#x65;&#x72;t&#64;&#x65;&#x6d;&#x73;e&#46;&#x66;&#x72;\">&#98;&#x6f;d&#100;&#x61;&#101;&#x72;t&#64;&#x65;m&#x73;&#x65;&#46;&#x66;r<\/a><\/li>\n<\/ul>\n\n\n\n<div class=\"wp-block-media-text alignwide is-stacked-on-mobile is-vertically-aligned-top\" style=\"grid-template-columns:17% auto\"><figure class=\"wp-block-media-text__media\"><img decoding=\"async\" width=\"153\" height=\"250\" src=\"https:\/\/www.mines-stetienne.fr\/en\/wp-content\/uploads\/sites\/4\/2017\/06\/Boddaert.jpg\" alt=\"\" class=\"wp-image-1414 size-full\" \/><\/figure><div class=\"wp-block-media-text__content\">\n<p>Pr. Xavier BODDAERT (M) is professor in the Provence Microelectronics Center CMP). He received the M.S. degree in Solid State Physics and the Ph.D.degree in Materials Science from the University of Lille (France) in 1985 and 1989, respectively. From 1990 to 2001, within the IBM Microelectronics Division, Corbeil Essonnes (France), he was responsible of the yield learning of a bipolar memory product, then developed processes in the area of dielectric deposition and finally took the management of the Analytical Laboratory. From 2001 to 2003, he was with Alcatel Optronics, Nozay (France), responsible for the reliability improvement of III-V lasers and detectors.&nbsp;In September 2003, he joined the \u201cEcole Nationale Sup\u00e9rieure des Mines de Saint-\u00c9tienne\u201d as a professor in the Flexible Electronics Laboratory (FEL). His research activity is focused on the development of flexible printed devices: sensors and TFTs. He has authored over 30 papers published in journals and conference proceedings in the area of electrical characterization of defects in semiconductors, material characterization, reliability and printed electronics.<\/p>\n<\/div><\/div>\n\n\n\n<ul class=\"wp-block-list\">\n<li>Dr. Cyril Calmes, research engineer<\/li>\n<\/ul>\n\n\n\n<ul class=\"wp-block-list\">\n<li>Dr. Sebastien Sanaur,&nbsp;associate professor, <a href=\"ma&#105;&#108;&#116;&#111;&#x3a;&#x73;&#x61;&#x6e;&#x61;ur&#64;&#101;&#109;&#115;&#x65;&#x2e;&#x66;&#x72;\">&#x73;a&#x6e;&#97;&#x75;&#114;&#64;&#x65;m&#x73;&#101;&#x2e;&#102;r<\/a>; <a href=\"https:\/\/scholar.google.fr\/citations?user=SwKAproAAAAJ&amp;hl=fr\">Google scholar<\/a><\/li>\n<\/ul>\n\n\n\n<div class=\"wp-block-media-text alignwide is-stacked-on-mobile is-vertically-aligned-top\" style=\"grid-template-columns:17% auto\"><figure class=\"wp-block-media-text__media\"><img decoding=\"async\" width=\"126\" height=\"153\" src=\"https:\/\/www.mines-stetienne.fr\/en\/wp-content\/uploads\/sites\/4\/2018\/05\/Sanaur_FEL.jpg\" alt=\"\" class=\"wp-image-2127 size-full\" \/><\/figure><div class=\"wp-block-media-text__content\">\n<p>S\u00e9bastien Sanaur is an Associate Professor at the Centre Micro\u00e9lectronique de Provence of the Ecole Nationale Sup\u00e9rieure des Mines de Saint-\u00c9tienne. He received his MSc degree in Condensed Matter : Chemistry and Organization from Pierre et Marie Curie University (UPMC), France in 2000, and his PhD in Chemistry and Physics of Polymers from the same University in 2003. His project was funded by the Office National des Etudes et des Recherches A\u00e9rospatiales (ONERA) in Palaiseau, France. Subsequently, he then completed a post-doctoral research stay at Columbia University (NY, USA), at the Nanoscience Center and the Department of Chemistry, focusing on the realization of printed organic transistors. He joined the Centre Micro\u00e9lectronique de Provence in 2005. His research interests include the physics and engineering of transistors and lasers based on pi-conjugated polymers and small molecules for printed electronics, bioelectronics and medical applications.<\/p>\n<\/div><\/div>\n\n\n\n<ul class=\"wp-block-list\">\n<li>Dr. Mohamed Saadaoui, associate professor<\/li>\n<\/ul>\n\n\n\n<ul class=\"wp-block-list\">\n<li>Dr. Marc Ramuz, associate professor, <a href=\"&#x6d;&#97;i&#x6c;&#x74;&#111;:&#x72;&#97;m&#x75;&#x7a;&#64;e&#x6d;&#115;e&#x2e;&#x66;&#114;\">&#x72;&#x61;&#x6d;&#x75;&#x7a;&#x40;&#x65;&#x6d;&#115;&#101;&#46;&#102;&#114;<\/a>; &nbsp;&nbsp;<a href=\"https:\/\/scholar.google.fr\/citations?user=eXb7A7UAAAAJ&amp;hl=fr\">Google scholar<\/a><\/li>\n<\/ul>\n\n\n\n<div class=\"wp-block-media-text alignwide is-stacked-on-mobile is-vertically-aligned-top\" style=\"grid-template-columns:17% auto\"><figure class=\"wp-block-media-text__media\"><img decoding=\"async\" width=\"414\" height=\"453\" src=\"https:\/\/www.mines-stetienne.fr\/en\/wp-content\/uploads\/sites\/4\/2017\/04\/Ramuz-FEL.jpg\" alt=\"\" class=\"wp-image-1292 size-full\" srcset=\"https:\/\/www.mines-stetienne.fr\/en\/wp-content\/uploads\/sites\/4\/2017\/04\/Ramuz-FEL.jpg 414w, https:\/\/www.mines-stetienne.fr\/en\/wp-content\/uploads\/sites\/4\/2017\/04\/Ramuz-FEL-274x300.jpg 274w\" sizes=\"(max-width: 414px) 100vw, 414px\" \/><\/figure><div class=\"wp-block-media-text__content\">\n<p>Joining the group in 2015, he initiated activities on stretchable electronics in the department. He investigates the potential of multi-stack sensors for artificial skin and supervises the integration of multiple photonic sensors for artificial retina and related applications. He is an engineer from the Institut National des Sciences Appliqu\u00e9es (INSA) of Rennes. In 2010, he received a PhD in the Centre Suisse d\u2019Electronique et de Microtechnique (CSEM) in Z\u00fcrich under the supervision of professor Peter Seitz (Professor at UniNE and Adjunct Professor at EPFL). Then he joined Zhenan Bao group in Stanford for two years postdoctoral. From 2012 to 2014, he was postdoctoral in the Bioelectronic department at CMP under the supervision of Professor R\u00f3is\u00edn Owens.<\/p>\n<\/div><\/div>\n\n\n\n<ul class=\"wp-block-list\">\n<li>Dr. Roger Delattre,&nbsp;associate professor,&nbsp;<a href=\"m&#97;&#105;&#x6c;&#x74;o:&#114;&#111;&#x67;&#x65;r&#46;&#100;&#101;&#x6c;&#x61;tt&#114;&#x65;&#x40;&#x65;m&#115;&#101;&#x2e;&#x66;&#x72;\">&#114;&#x6f;&#x67;e&#114;&#x2e;d&#101;&#x6c;&#x61;&#116;&#x74;&#x72;e&#64;&#x65;m&#115;&#x65;&#x2e;&#102;&#x72;<\/a><\/li>\n<\/ul>\n\n\n\n<div class=\"wp-block-media-text alignwide is-stacked-on-mobile is-vertically-aligned-top\" style=\"grid-template-columns:17% auto\"><figure class=\"wp-block-media-text__media\"><img decoding=\"async\" width=\"121\" height=\"161\" src=\"https:\/\/www.mines-stetienne.fr\/en\/wp-content\/uploads\/sites\/4\/2017\/10\/Delattre_FEL.jpg\" alt=\"\" class=\"wp-image-1647 size-full\" \/><\/figure><div class=\"wp-block-media-text__content\">\n<p>In 2013, he obtained a PhD degree in material science for his work on metal\/silicon alloys used as ohmic interconnections in microelectronics. He then joined the Flexible Electronics Department (FEL) at the Microelectronics Centre of Provence (CMP) from the Ecole des Mines de Saint-\u00c9tienne (EMSE). As a post-doctoral researcher, he worked on the heterogeneous interconnection of ultra-thin silicon chips onto flexible polymer substrates and on the development of stretchable planar interconnections. Since February 2016, he has been an assistant professor in the FEL and is investigating the development and mechanical reliability of flexible, lightweight, heterogeneous electronics for their integration into wearables.<\/p>\n<\/div><\/div>\n\n\n\n<ul class=\"wp-block-list\">\n<li>Daniel Ochoa joigned the FEL department in 2020, to develop research activities on flexible organic electronics and energy storage.<\/li>\n<\/ul>\n\n\n\n<div class=\"wp-block-media-text alignwide is-stacked-on-mobile is-vertically-aligned-top\" style=\"grid-template-columns:17% auto\"><figure class=\"wp-block-media-text__media\"><img decoding=\"async\" width=\"768\" height=\"1024\" src=\"https:\/\/www.mines-stetienne.fr\/en\/wp-content\/uploads\/sites\/4\/2020\/09\/200924_Ochoa-768x1024.jpg\" alt=\"\" class=\"wp-image-5635 size-full\" srcset=\"https:\/\/www.mines-stetienne.fr\/en\/wp-content\/uploads\/sites\/4\/2020\/09\/200924_Ochoa-768x1024.jpg 768w, https:\/\/www.mines-stetienne.fr\/en\/wp-content\/uploads\/sites\/4\/2020\/09\/200924_Ochoa-225x300.jpg 225w, https:\/\/www.mines-stetienne.fr\/en\/wp-content\/uploads\/sites\/4\/2020\/09\/200924_Ochoa-1152x1536.jpg 1152w, https:\/\/www.mines-stetienne.fr\/en\/wp-content\/uploads\/sites\/4\/2020\/09\/200924_Ochoa-1536x2048.jpg 1536w, https:\/\/www.mines-stetienne.fr\/en\/wp-content\/uploads\/sites\/4\/2020\/09\/200924_Ochoa-scaled.jpg 1920w\" sizes=\"(max-width: 768px) 100vw, 768px\" \/><\/figure><div class=\"wp-block-media-text__content\">\n<p>His first projects deal with organic photodetectors for oximetry applications and stretchable Li-ion microbatteries. He graduated from Ecole Polytechnique and Mines Paristech, then did his PhD at EPFL in optoelectronics and semiconductor physics on high efficiency LEDs, then a post-doc at La Sapienza University in Rome on the physics of emitting quantum dots for Telecom applications. He worked at the ministry of industry (DGE) (2003-2006), then at the French Consulate in San Francisco (2006-2009) as scientific attach\u00e9, where he focused his missions on establishing academic and industrial collaborations in the fields of IT and Cleantechs. He joigned EMSE in 2009 as deputy director in charge of innovation and development. In 2014 he obtained the CAPI certificate from INPI, and became in charge of the intellectual property for the school since then.<\/p>\n<\/div><\/div>\n\n\n\n<h3 class=\"wp-block-heading\">Postdoctoral researchers and research engineers<\/h3>\n\n\n\n<div class=\"wp-block-media-text alignwide is-stacked-on-mobile is-vertically-aligned-top\" style=\"grid-template-columns:17% auto\"><figure class=\"wp-block-media-text__media\"><img decoding=\"async\" width=\"582\" height=\"664\" src=\"https:\/\/www.mines-stetienne.fr\/en\/wp-content\/uploads\/sites\/4\/2022\/10\/Ankush-Bhatia.jpg\" alt=\"\" class=\"wp-image-14646 size-full\" srcset=\"https:\/\/www.mines-stetienne.fr\/en\/wp-content\/uploads\/sites\/4\/2022\/10\/Ankush-Bhatia.jpg 582w, https:\/\/www.mines-stetienne.fr\/en\/wp-content\/uploads\/sites\/4\/2022\/10\/Ankush-Bhatia-263x300.jpg 263w\" sizes=\"(max-width: 582px) 100vw, 582px\" \/><\/figure><div class=\"wp-block-media-text__content\">\n<p>I am Ankush Bhatia (<a href=\"m&#97;&#x69;&#x6c;&#x74;o&#58;&#x41;&#x6e;&#x6b;u&#115;&#x68;&#x2e;&#x62;h&#97;&#x74;&#x69;&#x61;&#64;&#101;&#x6d;&#x73;&#x65;&#46;&#102;&#x72;\">&#x41;&#110;&#x6b;&#x75;s&#x68;&#46;b&#x68;&#97;t&#x69;&#97;&#x40;&#x65;m&#x73;&#101;&#46;&#x66;&#114;<\/a>). I was born and brought up in New Delhi, India. I completed my Bachelors of Technology in Electronics and communication, and Masters of technology in Renewable Energy Engineering from India. I have completed my PhD from University Paris East Creteil (UPEC) in material science under the supervision of Dr. Rita Baddour Hadjean and Dr. Jean Pierre Pereira Ramos from Paris East Institute of Chemistry and Materials (ICMPE). Here in FEL, I am appointed as a Research &amp; Development Engineer and I will work to the fabrication of Biodegradable Sodium-ion flexible micro batteries for medical applications.<\/p>\n<p><sub>Google Scholar &#8211; <a href=\"https:\/\/scholar.google.com\/citations?user=JAueRjsAAAAJ&amp;hl=en\">https:\/\/scholar.google.com\/citations?user=JAueRjsAAAAJ&amp;hl=en<\/a><\/sub><br \/><sub>Researchgate &#8211; <a href=\"https:\/\/www.researchgate.net\/profile\/Ankush-Bhatia-2\">https:\/\/www.researchgate.net\/profile\/Ankush-Bhatia-2<\/a><\/sub><br \/><sub>Linkedin &#8211; <a href=\"https:\/\/www.linkedin.com\/in\/ankush-bhatia-bb5a191a9\/\">https:\/\/www.linkedin.com\/in\/ankush-bhatia-bb5a191a9\/<\/a><\/sub><\/p>\n<\/div><\/div>\n\n\n\n<ul class=\"wp-block-list\">\n<li>Younes AIMER post doctoral researcher started in October 2022<\/li>\n<\/ul>\n\n\n\n<ul class=\"wp-block-list\">\n<li>Bincy LATHAKUMARY VIJAYAN is a research scientist started in October 2022<\/li>\n<\/ul>\n\n\n\n<ul class=\"wp-block-list\">\n<li>Vedikuyilazhagan MUNIRAJ post doctoral researcher started in July 2022<\/li>\n<\/ul>\n\n\n\n<ul class=\"wp-block-list\">\n<li>Valentin GAUBERT post doctoral researcher started in 2021<\/li>\n<\/ul>\n\n\n\n<div class=\"wp-block-media-text alignwide is-stacked-on-mobile is-vertically-aligned-top\" style=\"grid-template-columns:17% auto\"><figure class=\"wp-block-media-text__media\"><img decoding=\"async\" width=\"391\" height=\"487\" src=\"https:\/\/www.mines-stetienne.fr\/en\/wp-content\/uploads\/sites\/4\/2020\/09\/200924_Joe.jpg\" alt=\"\" class=\"wp-image-5640 size-full\" srcset=\"https:\/\/www.mines-stetienne.fr\/en\/wp-content\/uploads\/sites\/4\/2020\/09\/200924_Joe.jpg 391w, https:\/\/www.mines-stetienne.fr\/en\/wp-content\/uploads\/sites\/4\/2020\/09\/200924_Joe-241x300.jpg 241w\" sizes=\"(max-width: 391px) 100vw, 391px\" \/><\/figure><div class=\"wp-block-media-text__content\">\n<p>Joe Troughton (<a href=\"mail&#116;&#111;&#58;&#106;&#111;&#x73;&#x65;&#x70;&#x68;&#x2e;&#x74;&#x72;ough&#116;&#111;&#110;&#64;&#101;&#x6d;&#x73;&#x65;&#x2e;&#x66;&#x72;\">jose&#112;&#104;&#46;&#116;&#114;&#x6f;&#x75;&#x67;&#x68;&#x74;&#x6f;&#x6e;&#64;ems&#101;&#46;&#102;&#114;<\/a>) is post doctoral researcher in the Department of Flexible Electronics (FEL) at the Center of Microelectronics in Provence of the Ecole Nationale Sup\u00e9rieure des Mines de Saint-\u00c9tienne. He completed an integrated masters in physics (MPhys) in 2013 at Durham University, UK, before completing an industry funded PhD in 2019 with the same university, working on improving the understanding of metal oxide based TFTs. He joined FEL in 2019 with research interests including the use of flexible and stretchable electronics in novel packaging materials, integration of implantable medical technology, and organic electronic devices.<\/p>\n<\/div><\/div>\n\n\n\n<div style=\"height:20px\" aria-hidden=\"true\" class=\"wp-block-spacer\"><\/div>\n\n\n\n<div class=\"wp-block-media-text alignwide is-stacked-on-mobile is-vertically-aligned-top\" style=\"grid-template-columns:17% auto\"><figure class=\"wp-block-media-text__media\"><img decoding=\"async\" width=\"200\" height=\"200\" src=\"https:\/\/www.mines-stetienne.fr\/en\/wp-content\/uploads\/sites\/4\/2017\/06\/Severine.png\" alt=\"\" class=\"wp-image-1475 size-full\" srcset=\"https:\/\/www.mines-stetienne.fr\/en\/wp-content\/uploads\/sites\/4\/2017\/06\/Severine.png 200w, https:\/\/www.mines-stetienne.fr\/en\/wp-content\/uploads\/sites\/4\/2017\/06\/Severine-150x150.png 150w, https:\/\/www.mines-stetienne.fr\/en\/wp-content\/uploads\/sites\/4\/2017\/06\/Severine-75x75.png 75w\" sizes=\"(max-width: 200px) 100vw, 200px\" \/><\/figure><div class=\"wp-block-media-text__content\">\n<p>S\u00e9verine DE MULATIER started her Ph.D. in the Department of Flexible Electronics in 2016. She received her engineering diploma from Ecole Nationale Sup\u00e9rieure d&#8217;Ing\u00e9nieurs de Caen (ENSICAEN) in Material Science with a specialization in Materials, Nanoscience and Energy, with a parallel Master 2 oriented towards Research. She completed her Master Thesis in Ecole Polytechnique F\u00e9d\u00e9rale de Lausanne (EPFL) working on the design, microfabrication, and characterization of liquid-solid metal alloy thin films for stretchable sensors in robotic skin. Her current work is focused on the integration of flexible electronics in textile for presymptomatic detection of cardiovascular diseases, in collaboration with the start-up @-HEALTH based in Aix-en-Provence.<\/p>\n<\/div><\/div>\n\n\n\n<h3 class=\"wp-block-heading\">PhD students<\/h3>\n\n\n\n<ul class=\"wp-block-list\">\n<li>Jawad RESLAN is a PhD student who started in 2021<\/li>\n<\/ul>\n\n\n\n<ul class=\"wp-block-list\">\n<li>Kylian DOCHE is a PhD student who started in 2022<\/li>\n<\/ul>\n\n\n\n<div class=\"wp-block-media-text alignwide is-stacked-on-mobile is-vertically-aligned-center\" style=\"grid-template-columns:17% auto\"><figure class=\"wp-block-media-text__media\"><img decoding=\"async\" width=\"217\" height=\"290\" src=\"https:\/\/www.mines-stetienne.fr\/en\/wp-content\/uploads\/sites\/4\/2022\/10\/Clement-Ghigo.png\" alt=\"\" class=\"wp-image-14641 size-full\" \/><\/figure><div class=\"wp-block-media-text__content\">\n<p>Cl\u00e9ment Ghigo is a PhD student in the Flexible Electronics (FEL) department at the Centre Micro\u00e9lectronique de Provence. He received his master degree in Materials Science from Aix-Marseille Universit\u00e9 in 2018. After an end-of-studies internship with the start-up Pellenc Energy specialized in energy storage solutions, he joined the company working on Li-ion battery electrodes\u2019 fabrication process.&nbsp;In 2020, he joined FEL department when its topic evolved into an industrial thesis in collaboration with the Ecole Nationale Sup\u00e9rieure des Mines de Saint-\u00c9tienne. The focus for his thesis is to design and characterize binder-free electrodes for high-energy density li-ion batteries.<\/p>\n<\/div><\/div>\n\n\n\n<div class=\"wp-block-media-text alignwide is-stacked-on-mobile is-vertically-aligned-center\" style=\"grid-template-columns:17% auto\"><figure class=\"wp-block-media-text__media\"><img decoding=\"async\" width=\"768\" height=\"1024\" src=\"https:\/\/www.mines-stetienne.fr\/en\/wp-content\/uploads\/sites\/4\/2020\/09\/20200922_Lionel-768x1024.jpg\" alt=\"\" class=\"wp-image-5638 size-full\" srcset=\"https:\/\/www.mines-stetienne.fr\/en\/wp-content\/uploads\/sites\/4\/2020\/09\/20200922_Lionel-768x1024.jpg 768w, https:\/\/www.mines-stetienne.fr\/en\/wp-content\/uploads\/sites\/4\/2020\/09\/20200922_Lionel-225x300.jpg 225w, https:\/\/www.mines-stetienne.fr\/en\/wp-content\/uploads\/sites\/4\/2020\/09\/20200922_Lionel-1152x1536.jpg 1152w, https:\/\/www.mines-stetienne.fr\/en\/wp-content\/uploads\/sites\/4\/2020\/09\/20200922_Lionel-1536x2048.jpg 1536w, https:\/\/www.mines-stetienne.fr\/en\/wp-content\/uploads\/sites\/4\/2020\/09\/20200922_Lionel-scaled.jpg 1920w\" sizes=\"(max-width: 768px) 100vw, 768px\" \/><\/figure><div class=\"wp-block-media-text__content\">\n<p>Lionel FLIEGANS is a PHD student in the Department of Flexible electronics (FEL) at the Centre Micro\u00e9lectronique de Provence of the Ecole National Sup\u00e9rieure des Mines de Saint-\u00c9tiene.&nbsp;He received his master from Aix Marseille Universit\u00e9 in 2017 focusing on material science and micro &amp; nano technologie. He started to work as R&amp;D enginner for the startup Panaxium in 2017, where he was working on the creation of functionalized medical devices for physiological recording. In Juin 2020, he joined FEL group for the Optiskin Project to develop stretchable optical waveguide for artificial skin.<\/p>\n<\/div><\/div>\n\n\n\n<div style=\"height:20px\" aria-hidden=\"true\" class=\"wp-block-spacer\"><\/div>\n\n\n\n<div class=\"wp-block-media-text alignwide is-stacked-on-mobile is-vertically-aligned-center\" style=\"grid-template-columns:17% auto\"><figure class=\"wp-block-media-text__media\"><img decoding=\"async\" width=\"768\" height=\"1024\" src=\"https:\/\/www.mines-stetienne.fr\/en\/wp-content\/uploads\/sites\/4\/2020\/09\/200924_MathiasFayolle-768x1024.jpg\" alt=\"\" class=\"wp-image-5641 size-full\" srcset=\"https:\/\/www.mines-stetienne.fr\/en\/wp-content\/uploads\/sites\/4\/2020\/09\/200924_MathiasFayolle-768x1024.jpg 768w, https:\/\/www.mines-stetienne.fr\/en\/wp-content\/uploads\/sites\/4\/2020\/09\/200924_MathiasFayolle-225x300.jpg 225w, https:\/\/www.mines-stetienne.fr\/en\/wp-content\/uploads\/sites\/4\/2020\/09\/200924_MathiasFayolle-1152x1536.jpg 1152w, https:\/\/www.mines-stetienne.fr\/en\/wp-content\/uploads\/sites\/4\/2020\/09\/200924_MathiasFayolle-1536x2048.jpg 1536w, https:\/\/www.mines-stetienne.fr\/en\/wp-content\/uploads\/sites\/4\/2020\/09\/200924_MathiasFayolle-scaled.jpg 1920w\" sizes=\"(max-width: 768px) 100vw, 768px\" \/><\/figure><div class=\"wp-block-media-text__content\">\n<p>Mathias Fayolle, started in 2020, <a href=\"m&#97;&#105;&#x6c;&#x74;&#x6f;:m&#46;&#102;&#x61;&#x79;&#x6f;l&#108;&#101;&#64;&#x65;&#x6d;&#x73;e&#46;&#102;&#x72;\">&#109;&#46;&#x66;a&#x79;o&#x6c;&#108;&#x65;&#64;&#x65;&#109;s&#x65;&#46;&#x66;r.<\/a> Mathias Fayolle received his engineering diploma from the Ecole Sup\u00e9rieure des Mines de Saint-\u00c9tienne in 2019. He did his end of term internship with Thales DIS in collaboration with the Department of Flexible Electronics. He then started his PhD in the same department and is currently working on the project IPCEI, which intend to simplify the development of flexible applications by creating a flexible prototyping board, slim and slight enough for wearable and bioelectronics applications. He specifically focuses on getting rid of the cable connections between the core of the system and the captors or actuators by using electrostatic communication.<\/p>\n<\/div><\/div>\n\n\n\n<div style=\"height:20px\" aria-hidden=\"true\" class=\"wp-block-spacer\"><\/div>\n\n\n\n<div class=\"wp-block-media-text alignwide is-stacked-on-mobile is-vertically-aligned-center\" style=\"grid-template-columns:17% auto\"><figure class=\"wp-block-media-text__media\"><img decoding=\"async\" width=\"800\" height=\"911\" src=\"https:\/\/www.mines-stetienne.fr\/en\/wp-content\/uploads\/sites\/4\/2020\/09\/200924_Valentin_DIVAY_Profil3.jpg\" alt=\"\" class=\"wp-image-5637 size-full\" srcset=\"https:\/\/www.mines-stetienne.fr\/en\/wp-content\/uploads\/sites\/4\/2020\/09\/200924_Valentin_DIVAY_Profil3.jpg 800w, https:\/\/www.mines-stetienne.fr\/en\/wp-content\/uploads\/sites\/4\/2020\/09\/200924_Valentin_DIVAY_Profil3-263x300.jpg 263w, https:\/\/www.mines-stetienne.fr\/en\/wp-content\/uploads\/sites\/4\/2020\/09\/200924_Valentin_DIVAY_Profil3-768x875.jpg 768w\" sizes=\"(max-width: 800px) 100vw, 800px\" \/><\/figure><div class=\"wp-block-media-text__content\">\n<p>Valentin Divay is a Ph.D. student in the department of flexible electronics (FEL) since 2020.&nbsp;He graduated from Ecole des Mines de Saint-\u00c9tienne (EMSE), as an engineer specialized in microelectronics and computer science (ISMIN program). He then joined the company EDITAG, working on embedded systems for the industry 4.0. Today, through the IPCEI program, his main focus for his thesis is to develop precise and low-drift weight sensors suitable for real-time inventory management.<\/p>\n<\/div><\/div>\n\n\n\n<div style=\"height:20px\" aria-hidden=\"true\" class=\"wp-block-spacer\"><\/div>\n\n\n\n<div class=\"wp-block-media-text alignwide is-stacked-on-mobile is-vertically-aligned-center\" style=\"grid-template-columns:17% auto\"><figure class=\"wp-block-media-text__media\"><img decoding=\"async\" width=\"317\" height=\"513\" src=\"https:\/\/www.mines-stetienne.fr\/en\/wp-content\/uploads\/sites\/4\/2020\/09\/200924_Photo_Alban.png\" alt=\"\" class=\"wp-image-5636 size-full\" srcset=\"https:\/\/www.mines-stetienne.fr\/en\/wp-content\/uploads\/sites\/4\/2020\/09\/200924_Photo_Alban.png 317w, https:\/\/www.mines-stetienne.fr\/en\/wp-content\/uploads\/sites\/4\/2020\/09\/200924_Photo_Alban-185x300.png 185w\" sizes=\"(max-width: 317px) 100vw, 317px\" \/><\/figure><div class=\"wp-block-media-text__content\">\n<p>Alban Albertengo is a PhD student in the Department of Flexible Electronics (FEL) at the Centre Micro\u00e9lectronique de Provence of the Ecole Nationale Sup\u00e9rieure des Mines de Saint-\u00c9tienne since 2020. He received his Bachelor in electronics and materials from Aix-Marseille Universit\u00e9 in 2017, he continued with a Master\u2019s Degree in nanoelectronics from the same University received in 2019. He made his internship at IM2NP working on numerical computation of multi-junction solar-cells made of 2D materials. Currently, the scope of his PhD is focused on the design and fabrication of new flexible and stretchable microbatteries.<\/p>\n<\/div><\/div>\n\n\n\n<div style=\"height:20px\" aria-hidden=\"true\" class=\"wp-block-spacer\"><\/div>\n\n\n\n<div class=\"wp-block-media-text alignwide is-stacked-on-mobile is-vertically-aligned-center\" style=\"grid-template-columns:17% auto\"><figure class=\"wp-block-media-text__media\"><img decoding=\"async\" width=\"1024\" height=\"819\" src=\"https:\/\/www.mines-stetienne.fr\/en\/wp-content\/uploads\/sites\/4\/2020\/09\/200924_Elias-1024x819.jpg\" alt=\"\" class=\"wp-image-5639 size-full\" srcset=\"https:\/\/www.mines-stetienne.fr\/en\/wp-content\/uploads\/sites\/4\/2020\/09\/200924_Elias-1024x819.jpg 1024w, https:\/\/www.mines-stetienne.fr\/en\/wp-content\/uploads\/sites\/4\/2020\/09\/200924_Elias-300x240.jpg 300w, https:\/\/www.mines-stetienne.fr\/en\/wp-content\/uploads\/sites\/4\/2020\/09\/200924_Elias-768x615.jpg 768w, https:\/\/www.mines-stetienne.fr\/en\/wp-content\/uploads\/sites\/4\/2020\/09\/200924_Elias-1536x1229.jpg 1536w, https:\/\/www.mines-stetienne.fr\/en\/wp-content\/uploads\/sites\/4\/2020\/09\/200924_Elias-2048x1639.jpg 2048w\" sizes=\"(max-width: 1024px) 100vw, 1024px\" \/><\/figure><div class=\"wp-block-media-text__content\">\n<p>Elias KHARBOUCHE is a PhD student in the Flexible Electronics (FEL) department at the Centre Micro\u00e9lectronique de Provence of the \u00c9cole Nationale Sup\u00e9rieure des Mines de Saint-\u00c9tienne.&nbsp;He received his engineering degree in Microelectronics and Telecommunications from Polytech Marseille. After an embedded system engineer experience at Marine Tech, he worked as a research engineer in the Secure Architectures and Systems (SAS) departement at the Centre Micro\u00e9lectronique de Provence. He joined FEL in October 2019 in order to work on self-sufficient energy harvesters based on triboelectric nanogenerators. The scope of his PhD is focused on the understanding of different transduction phenomena operating in the harvesting of wind energy.<\/p>\n<\/div><\/div>\n\n\n\n<h3 class=\"wp-block-heading\">Undergraduates<\/h3>\n\n\n\n<ul class=\"wp-block-list\">\n<li>Will hire for Jan \/ Feb 2023<\/li>\n<\/ul>\n\n\n\n<h3 class=\"wp-block-heading\">Alumni<\/h3>\n\n\n\n<div class=\"wp-block-media-text alignwide is-stacked-on-mobile is-vertically-aligned-center\" style=\"grid-template-columns:17% auto\"><figure class=\"wp-block-media-text__media\"><a href=\"https:\/\/www.mines-stetienne.fr\/en\/wp-content\/uploads\/sites\/4\/2022\/10\/Aravind_FEL.jpg\"><img decoding=\"async\" width=\"613\" height=\"445\" src=\"https:\/\/www.mines-stetienne.fr\/en\/wp-content\/uploads\/sites\/4\/2022\/10\/Aravind_FEL.jpg\" alt=\"\" class=\"wp-image-14632 size-full\" srcset=\"https:\/\/www.mines-stetienne.fr\/en\/wp-content\/uploads\/sites\/4\/2022\/10\/Aravind_FEL.jpg 613w, https:\/\/www.mines-stetienne.fr\/en\/wp-content\/uploads\/sites\/4\/2022\/10\/Aravind_FEL-300x218.jpg 300w\" sizes=\"(max-width: 613px) 100vw, 613px\" \/><\/a><\/figure><div class=\"wp-block-media-text__content\">\n<p>Aravind Ravichadran, &nbsp;started in 2016, graduated in 2020. The scope of his PhD was focused on energy harvesters, microfabrication technologies and self-powered sensors.<\/p>\n<\/div><\/div>\n\n\n\n<ul class=\"wp-block-list\">\n<li>Mohamed Nasreldin, &nbsp;started in 2016 and graduated in 2021<\/li>\n<\/ul>\n\n\n\n<ul class=\"wp-block-list\">\n<li>Maxime-Jean Chaudon, &nbsp;started in 2017 and graduated in 2021, &nbsp;<a href=\"&#x6d;&#x61;&#x69;&#x6c;&#x74;&#x6f;&#x3a;&#109;&#97;&#120;&#105;&#109;e&#46;ch&#x61;&#x75;&#x64;&#x6f;&#x6e;&#x40;&#x66;&#x65;&#101;&#108;&#105;&#103;&#114;een&#46;&#x66;&#x72;\">&#x6d;&#x61;&#120;im&#x65;&#x2e;&#99;&#104;a&#x75;&#x64;&#111;&#110;&#64;&#x66;&#x65;&#x65;&#108;ig&#x72;&#x65;&#101;&#110;&#46;&#x66;&#x72;<\/a><\/li>\n<\/ul>\n\n\n\n<div class=\"wp-block-media-text alignwide is-stacked-on-mobile is-vertically-aligned-center\" style=\"grid-template-columns:17% auto\"><figure class=\"wp-block-media-text__media\"><img decoding=\"async\" width=\"519\" height=\"723\" src=\"https:\/\/www.mines-stetienne.fr\/en\/wp-content\/uploads\/sites\/4\/2017\/05\/Omar_FEL.jpg\" alt=\"\" class=\"wp-image-1381 size-full\" srcset=\"https:\/\/www.mines-stetienne.fr\/en\/wp-content\/uploads\/sites\/4\/2017\/05\/Omar_FEL.jpg 519w, https:\/\/www.mines-stetienne.fr\/en\/wp-content\/uploads\/sites\/4\/2017\/05\/Omar_FEL-215x300.jpg 215w\" sizes=\"(max-width: 519px) 100vw, 519px\" \/><\/figure><div class=\"wp-block-media-text__content\">\n<p>Omar Kassem, &nbsp;started in 2016, graduated in 2019, than did a postdoc in our group. The scope of his PhD was focused on the development of new inks based on tin nanoparticles to be printed by inkjet on flexible substrate.<\/p>\n<\/div><\/div>\n\n\n\n<div style=\"height:20px\" aria-hidden=\"true\" class=\"wp-block-spacer\"><\/div>\n\n\n\n<div class=\"wp-block-media-text alignwide is-stacked-on-mobile is-vertically-aligned-center\" style=\"grid-template-columns:17% auto\"><figure class=\"wp-block-media-text__media\"><img decoding=\"async\" width=\"319\" height=\"485\" src=\"https:\/\/www.mines-stetienne.fr\/en\/wp-content\/uploads\/sites\/4\/2017\/06\/Simon.png\" alt=\"\" class=\"wp-image-1478 size-full\" srcset=\"https:\/\/www.mines-stetienne.fr\/en\/wp-content\/uploads\/sites\/4\/2017\/06\/Simon.png 319w, https:\/\/www.mines-stetienne.fr\/en\/wp-content\/uploads\/sites\/4\/2017\/06\/Simon-197x300.png 197w\" sizes=\"(max-width: 319px) 100vw, 319px\" \/><\/figure><div class=\"wp-block-media-text__content\">\n<p>Simon R\u00e9gal, started in 2017 and graduated in 2020. During his PhD,he has been working on the continuous pupillary dilatation reflex monitor through the eyelid. This device aim to perform analgesia monitoring during surgery. He is now doing a postdoc at CEA Grenoble.<\/p>\n<\/div><\/div>\n\n\n\n<div style=\"height:20px\" aria-hidden=\"true\" class=\"wp-block-spacer\"><\/div>\n\n\n\n<div class=\"wp-block-media-text alignwide is-stacked-on-mobile is-vertically-aligned-center\" style=\"grid-template-columns:17% auto\"><figure class=\"wp-block-media-text__media\"><img decoding=\"async\" width=\"963\" height=\"1024\" src=\"https:\/\/www.mines-stetienne.fr\/en\/wp-content\/uploads\/sites\/4\/2017\/05\/Yanid_FEL-963x1024.jpg\" alt=\"\" class=\"wp-image-1385 size-full\" srcset=\"https:\/\/www.mines-stetienne.fr\/en\/wp-content\/uploads\/sites\/4\/2017\/05\/Yanid_FEL-963x1024.jpg 963w, https:\/\/www.mines-stetienne.fr\/en\/wp-content\/uploads\/sites\/4\/2017\/05\/Yanid_FEL-282x300.jpg 282w, https:\/\/www.mines-stetienne.fr\/en\/wp-content\/uploads\/sites\/4\/2017\/05\/Yanid_FEL-768x817.jpg 768w, https:\/\/www.mines-stetienne.fr\/en\/wp-content\/uploads\/sites\/4\/2017\/05\/Yanid_FEL.jpg 981w\" sizes=\"(max-width: 963px) 100vw, 963px\" \/><\/figure><div class=\"wp-block-media-text__content\">\n<p>Yanid Arango, started a PhD in 2017. Move to Bordeaux to finish her PhD on the development of organic ferroelectric capacitors printed on CMOS wafers.<\/p>\n<\/div><\/div>\n\n\n\n<div class=\"wp-block-media-text alignwide is-stacked-on-mobile is-vertically-aligned-center\" style=\"grid-template-columns:17% auto\"><figure class=\"wp-block-media-text__media\"><img decoding=\"async\" width=\"155\" height=\"192\" src=\"https:\/\/www.mines-stetienne.fr\/en\/wp-content\/uploads\/sites\/4\/2022\/10\/HANNAH-Stuart.jpg\" alt=\"\" class=\"wp-image-14633 size-full\" \/><\/figure><div class=\"wp-block-media-text__content\">\n<p>Stuart Hannah, started a postdoc in 2017 for a bit more than 1 year. He worked on stretchable sensor to record bladder wall stretch.<\/p>\n<\/div><\/div>\n\n\n\n<div style=\"height:20px\" aria-hidden=\"true\" class=\"wp-block-spacer\"><\/div>\n\n\n\n<div class=\"wp-block-media-text alignwide is-stacked-on-mobile is-vertically-aligned-center\" style=\"grid-template-columns:17% auto\"><figure class=\"wp-block-media-text__media\"><img decoding=\"async\" width=\"781\" height=\"768\" src=\"https:\/\/www.mines-stetienne.fr\/en\/wp-content\/uploads\/sites\/4\/2017\/06\/Bastien2.jpg\" alt=\"\" class=\"wp-image-1463 size-full\" srcset=\"https:\/\/www.mines-stetienne.fr\/en\/wp-content\/uploads\/sites\/4\/2017\/06\/Bastien2.jpg 781w, https:\/\/www.mines-stetienne.fr\/en\/wp-content\/uploads\/sites\/4\/2017\/06\/Bastien2-300x295.jpg 300w, https:\/\/www.mines-stetienne.fr\/en\/wp-content\/uploads\/sites\/4\/2017\/06\/Bastien2-768x755.jpg 768w, https:\/\/www.mines-stetienne.fr\/en\/wp-content\/uploads\/sites\/4\/2017\/06\/Bastien2-75x75.jpg 75w\" sizes=\"(max-width: 781px) 100vw, 781px\" \/><\/figure><div class=\"wp-block-media-text__content\">\n<p>Bastien Marchiori, started in 2015 and graduated in 2018. His work was focused on the development of stretchable electronics in order to design organic biosensors. He is now at Panaxium<\/p>\n<\/div><\/div>\n\n\n\n<div style=\"height:20px\" aria-hidden=\"true\" class=\"wp-block-spacer\"><\/div>\n\n\n\n<ul class=\"wp-block-list\">\n<li>A. Tesfaye, PhD \/ postdoc, finished in 2019. Worked on microbaterries.<\/li>\n\n\n\n<li>G. Salian<\/li>\n\n\n\n<li>V. Sugiawati, postdoc, finished in 2019<\/li>\n\n\n\n<li>Y. Y\u00fccel<\/li>\n<\/ul>\n\n\n\n<hr class=\"wp-block-separator has-css-opacity\" \/>\n\n\n\n<ul class=\"wp-block-list\">\n<li><a href=\"https:\/\/www.mines-stetienne.fr\/en\/research\/scientific-departments\/flexible-electronics-department-fel\/\">Flexible electronics department homepage<\/a><\/li>\n\n\n\n<li><a href=\"https:\/\/www.mines-stetienne.fr\/en\/research\/scientific-departments\/flexible-electronics-department-fel\/presentation-of-the-department\/\">Presentation of the department<\/a><\/li>\n\n\n\n<li><a href=\"https:\/\/www.mines-stetienne.fr\/en\/research\/scientific-departments\/flexible-electronics-department-fel\/research-activities\/\">Research activities<\/a><\/li>\n\n\n\n<li><a href=\"https:\/\/www.mines-stetienne.fr\/en\/research\/scientific-departments\/flexible-electronics-department-fel\/publications\/\">Publications<\/a><\/li>\n\n\n\n<li><a href=\"https:\/\/www.mines-stetienne.fr\/en\/research\/scientific-departments\/flexible-electronics-department-fel\/people\/\">People<\/a><\/li>\n\n\n\n<li><a href=\"https:\/\/www.mines-stetienne.fr\/en\/research\/scientific-departments\/flexible-electronics-department-fel\/equipments\/\">Equipment<\/a><\/li>\n\n\n\n<li><a href=\"https:\/\/www.mines-stetienne.fr\/en\/research\/scientific-departments\/flexible-electronics-department-fel\/collaborations-and-fundings\/\">Collaborations and fundings<\/a><\/li>\n\n\n\n<li><a href=\"https:\/\/www.mines-stetienne.fr\/en\/research\/scientific-departments\/flexible-electronics-department-fel\/contact\/\">Contact<\/a><\/li>\n<\/ul>\n","protected":false},"excerpt":{"rendered":"<p>Job offers Permanent Members Prof. Thierry Djenizian is the Head of the Flexible Electronics department at the Ecole Nationale Sup\u00e9rieure des Mines de Saint-\u00c9tienne (campus Aix-Marseille-Provence). In 2002, he received his PhD degree in Materials Chemistry for microelectronics from the &hellip;<\/p>\n","protected":false},"author":1,"featured_media":0,"parent":677,"menu_order":40,"comment_status":"closed","ping_status":"closed","template":"","meta":{"_relevanssi_hide_post":"","_relevanssi_hide_content":"","_relevanssi_pin_for_all":"","_relevanssi_pin_keywords":"","_relevanssi_unpin_keywords":"","_relevanssi_related_keywords":"","_relevanssi_related_include_ids":"","_relevanssi_related_exclude_ids":"","_relevanssi_related_no_append":"","_relevanssi_related_not_related":"","_relevanssi_related_posts":"2402,2446,2494,2402,2446,497","_relevanssi_noindex_reason":"","footnotes":"","_links_to":"","_links_to_target":""},"tags":[],"class_list":["post-1131","page","type-page","status-publish","hentry"],"pp_statuses_selecting_workflow":false,"pp_workflow_action":"current","pp_status_selection":"publish","pp_force_visibility":null,"pp_subpost_visibility":null,"pp_inherited_force_visibility":null,"pp_inherited_subpost_visibility":null,"yoast_head":"<!-- This site is optimized with the Yoast SEO plugin v27.4 - https:\/\/yoast.com\/product\/yoast-seo-wordpress\/ -->\n<title>People - MINES Saint-\u00c9tienne<\/title>\n<meta name=\"robots\" content=\"index, follow, max-snippet:-1, max-image-preview:large, max-video-preview:-1\" \/>\n<link rel=\"canonical\" href=\"https:\/\/www.mines-stetienne.fr\/en\/research\/centres-and-departments\/flexible-electronics-department-fel\/people\/\" \/>\n<meta property=\"og:locale\" content=\"en_GB\" \/>\n<meta property=\"og:type\" content=\"article\" \/>\n<meta property=\"og:title\" content=\"People - MINES Saint-\u00c9tienne\" \/>\n<meta property=\"og:description\" content=\"Job offers Permanent Members Prof. Thierry Djenizian is the Head of the Flexible Electronics department at the Ecole Nationale Sup\u00e9rieure des Mines de Saint-\u00c9tienne (campus Aix-Marseille-Provence). In 2002, he received his PhD degree in Materials Chemistry for microelectronics from the &hellip;\" \/>\n<meta property=\"og:url\" content=\"https:\/\/www.mines-stetienne.fr\/en\/research\/centres-and-departments\/flexible-electronics-department-fel\/people\/\" \/>\n<meta property=\"og:site_name\" content=\"MINES Saint-\u00c9tienne\" \/>\n<meta property=\"article:publisher\" content=\"https:\/\/www.facebook.com\/MinesSaintEtienne\" \/>\n<meta property=\"article:modified_time\" content=\"2025-12-12T11:52:36+00:00\" \/>\n<meta property=\"og:image\" content=\"https:\/\/www.mines-stetienne.fr\/en\/wp-content\/uploads\/sites\/4\/2016\/12\/Djenizian-FEL.jpg\" \/>\n<meta name=\"twitter:card\" content=\"summary_large_image\" \/>\n<meta name=\"twitter:site\" content=\"@MINES_StEtienne\" \/>\n<meta name=\"twitter:label1\" content=\"Estimated reading time\" \/>\n\t<meta name=\"twitter:data1\" content=\"14 minutes\" \/>\n<script type=\"application\/ld+json\" class=\"yoast-schema-graph\">{\"@context\":\"https:\\\/\\\/schema.org\",\"@graph\":[{\"@type\":\"WebPage\",\"@id\":\"https:\\\/\\\/www.mines-stetienne.fr\\\/en\\\/research\\\/centres-and-departments\\\/flexible-electronics-department-fel\\\/people\\\/\",\"url\":\"https:\\\/\\\/www.mines-stetienne.fr\\\/en\\\/research\\\/centres-and-departments\\\/flexible-electronics-department-fel\\\/people\\\/\",\"name\":\"People - MINES Saint-\u00c9tienne\",\"isPartOf\":{\"@id\":\"https:\\\/\\\/www.mines-stetienne.fr\\\/en\\\/#website\"},\"primaryImageOfPage\":{\"@id\":\"https:\\\/\\\/www.mines-stetienne.fr\\\/en\\\/research\\\/centres-and-departments\\\/flexible-electronics-department-fel\\\/people\\\/#primaryimage\"},\"image\":{\"@id\":\"https:\\\/\\\/www.mines-stetienne.fr\\\/en\\\/research\\\/centres-and-departments\\\/flexible-electronics-department-fel\\\/people\\\/#primaryimage\"},\"thumbnailUrl\":\"https:\\\/\\\/www.mines-stetienne.fr\\\/en\\\/wp-content\\\/uploads\\\/sites\\\/4\\\/2016\\\/12\\\/Djenizian-FEL.jpg\",\"datePublished\":\"2016-12-22T08:21:38+00:00\",\"dateModified\":\"2025-12-12T11:52:36+00:00\",\"breadcrumb\":{\"@id\":\"https:\\\/\\\/www.mines-stetienne.fr\\\/en\\\/research\\\/centres-and-departments\\\/flexible-electronics-department-fel\\\/people\\\/#breadcrumb\"},\"inLanguage\":\"en-GB\",\"potentialAction\":[{\"@type\":\"ReadAction\",\"target\":[\"https:\\\/\\\/www.mines-stetienne.fr\\\/en\\\/research\\\/centres-and-departments\\\/flexible-electronics-department-fel\\\/people\\\/\"]}]},{\"@type\":\"ImageObject\",\"inLanguage\":\"en-GB\",\"@id\":\"https:\\\/\\\/www.mines-stetienne.fr\\\/en\\\/research\\\/centres-and-departments\\\/flexible-electronics-department-fel\\\/people\\\/#primaryimage\",\"url\":\"https:\\\/\\\/www.mines-stetienne.fr\\\/en\\\/wp-content\\\/uploads\\\/sites\\\/4\\\/2016\\\/12\\\/Djenizian-FEL.jpg\",\"contentUrl\":\"https:\\\/\\\/www.mines-stetienne.fr\\\/en\\\/wp-content\\\/uploads\\\/sites\\\/4\\\/2016\\\/12\\\/Djenizian-FEL.jpg\",\"width\":235,\"height\":298},{\"@type\":\"BreadcrumbList\",\"@id\":\"https:\\\/\\\/www.mines-stetienne.fr\\\/en\\\/research\\\/centres-and-departments\\\/flexible-electronics-department-fel\\\/people\\\/#breadcrumb\",\"itemListElement\":[{\"@type\":\"ListItem\",\"position\":1,\"name\":\"Home\",\"item\":\"https:\\\/\\\/www.mines-stetienne.fr\\\/en\\\/\"},{\"@type\":\"ListItem\",\"position\":2,\"name\":\"Research\",\"item\":\"https:\\\/\\\/www.mines-stetienne.fr\\\/en\\\/research\\\/\"},{\"@type\":\"ListItem\",\"position\":3,\"name\":\"Centres and Departments\",\"item\":\"https:\\\/\\\/www.mines-stetienne.fr\\\/en\\\/research\\\/centres-and-departments\\\/\"},{\"@type\":\"ListItem\",\"position\":4,\"name\":\"Flexible Electronics Department (FEL)\",\"item\":\"https:\\\/\\\/www.mines-stetienne.fr\\\/en\\\/research\\\/centres-and-departments\\\/flexible-electronics-department-fel\\\/\"},{\"@type\":\"ListItem\",\"position\":5,\"name\":\"People\"}]},{\"@type\":\"WebSite\",\"@id\":\"https:\\\/\\\/www.mines-stetienne.fr\\\/en\\\/#website\",\"url\":\"https:\\\/\\\/www.mines-stetienne.fr\\\/en\\\/\",\"name\":\"MINES Saint-\u00c9tienne\",\"description\":\"Inspiring innovation\",\"publisher\":{\"@id\":\"https:\\\/\\\/www.mines-stetienne.fr\\\/en\\\/#organization\"},\"potentialAction\":[{\"@type\":\"SearchAction\",\"target\":{\"@type\":\"EntryPoint\",\"urlTemplate\":\"https:\\\/\\\/www.mines-stetienne.fr\\\/en\\\/?s={search_term_string}\"},\"query-input\":{\"@type\":\"PropertyValueSpecification\",\"valueRequired\":true,\"valueName\":\"search_term_string\"}}],\"inLanguage\":\"en-GB\"},{\"@type\":\"Organization\",\"@id\":\"https:\\\/\\\/www.mines-stetienne.fr\\\/en\\\/#organization\",\"name\":\"MINES Saint-\u00c9tienne\",\"url\":\"https:\\\/\\\/www.mines-stetienne.fr\\\/en\\\/\",\"logo\":{\"@type\":\"ImageObject\",\"inLanguage\":\"en-GB\",\"@id\":\"https:\\\/\\\/www.mines-stetienne.fr\\\/en\\\/#\\\/schema\\\/logo\\\/image\\\/\",\"url\":\"https:\\\/\\\/www.mines-stetienne.fr\\\/en\\\/wp-content\\\/uploads\\\/sites\\\/4\\\/2022\\\/09\\\/Mines_Saint_Etienne_IMT_RVB.png\",\"contentUrl\":\"https:\\\/\\\/www.mines-stetienne.fr\\\/en\\\/wp-content\\\/uploads\\\/sites\\\/4\\\/2022\\\/09\\\/Mines_Saint_Etienne_IMT_RVB.png\",\"width\":316,\"height\":315,\"caption\":\"MINES Saint-\u00c9tienne\"},\"image\":{\"@id\":\"https:\\\/\\\/www.mines-stetienne.fr\\\/en\\\/#\\\/schema\\\/logo\\\/image\\\/\"},\"sameAs\":[\"https:\\\/\\\/www.facebook.com\\\/MinesSaintEtienne\",\"https:\\\/\\\/x.com\\\/MINES_StEtienne\",\"https:\\\/\\\/www.linkedin.com\\\/school\\\/527715\\\/\",\"https:\\\/\\\/www.youtube.com\\\/c\\\/Mines-stetienneFr\",\"https:\\\/\\\/www.instagram.com\\\/mines_stetienne\\\/\"]}]}<\/script>\n<!-- \/ Yoast SEO plugin. -->","yoast_head_json":{"title":"People - MINES Saint-\u00c9tienne","robots":{"index":"index","follow":"follow","max-snippet":"max-snippet:-1","max-image-preview":"max-image-preview:large","max-video-preview":"max-video-preview:-1"},"canonical":"https:\/\/www.mines-stetienne.fr\/en\/research\/centres-and-departments\/flexible-electronics-department-fel\/people\/","og_locale":"en_GB","og_type":"article","og_title":"People - MINES Saint-\u00c9tienne","og_description":"Job offers Permanent Members Prof. Thierry Djenizian is the Head of the Flexible Electronics department at the Ecole Nationale Sup\u00e9rieure des Mines de Saint-\u00c9tienne (campus Aix-Marseille-Provence). In 2002, he received his PhD degree in Materials Chemistry for microelectronics from the &hellip;","og_url":"https:\/\/www.mines-stetienne.fr\/en\/research\/centres-and-departments\/flexible-electronics-department-fel\/people\/","og_site_name":"MINES Saint-\u00c9tienne","article_publisher":"https:\/\/www.facebook.com\/MinesSaintEtienne","article_modified_time":"2025-12-12T11:52:36+00:00","og_image":[{"url":"https:\/\/www.mines-stetienne.fr\/en\/wp-content\/uploads\/sites\/4\/2016\/12\/Djenizian-FEL.jpg","type":"","width":"","height":""}],"twitter_card":"summary_large_image","twitter_site":"@MINES_StEtienne","twitter_misc":{"Estimated reading time":"14 minutes"},"schema":{"@context":"https:\/\/schema.org","@graph":[{"@type":"WebPage","@id":"https:\/\/www.mines-stetienne.fr\/en\/research\/centres-and-departments\/flexible-electronics-department-fel\/people\/","url":"https:\/\/www.mines-stetienne.fr\/en\/research\/centres-and-departments\/flexible-electronics-department-fel\/people\/","name":"People - MINES Saint-\u00c9tienne","isPartOf":{"@id":"https:\/\/www.mines-stetienne.fr\/en\/#website"},"primaryImageOfPage":{"@id":"https:\/\/www.mines-stetienne.fr\/en\/research\/centres-and-departments\/flexible-electronics-department-fel\/people\/#primaryimage"},"image":{"@id":"https:\/\/www.mines-stetienne.fr\/en\/research\/centres-and-departments\/flexible-electronics-department-fel\/people\/#primaryimage"},"thumbnailUrl":"https:\/\/www.mines-stetienne.fr\/en\/wp-content\/uploads\/sites\/4\/2016\/12\/Djenizian-FEL.jpg","datePublished":"2016-12-22T08:21:38+00:00","dateModified":"2025-12-12T11:52:36+00:00","breadcrumb":{"@id":"https:\/\/www.mines-stetienne.fr\/en\/research\/centres-and-departments\/flexible-electronics-department-fel\/people\/#breadcrumb"},"inLanguage":"en-GB","potentialAction":[{"@type":"ReadAction","target":["https:\/\/www.mines-stetienne.fr\/en\/research\/centres-and-departments\/flexible-electronics-department-fel\/people\/"]}]},{"@type":"ImageObject","inLanguage":"en-GB","@id":"https:\/\/www.mines-stetienne.fr\/en\/research\/centres-and-departments\/flexible-electronics-department-fel\/people\/#primaryimage","url":"https:\/\/www.mines-stetienne.fr\/en\/wp-content\/uploads\/sites\/4\/2016\/12\/Djenizian-FEL.jpg","contentUrl":"https:\/\/www.mines-stetienne.fr\/en\/wp-content\/uploads\/sites\/4\/2016\/12\/Djenizian-FEL.jpg","width":235,"height":298},{"@type":"BreadcrumbList","@id":"https:\/\/www.mines-stetienne.fr\/en\/research\/centres-and-departments\/flexible-electronics-department-fel\/people\/#breadcrumb","itemListElement":[{"@type":"ListItem","position":1,"name":"Home","item":"https:\/\/www.mines-stetienne.fr\/en\/"},{"@type":"ListItem","position":2,"name":"Research","item":"https:\/\/www.mines-stetienne.fr\/en\/research\/"},{"@type":"ListItem","position":3,"name":"Centres and Departments","item":"https:\/\/www.mines-stetienne.fr\/en\/research\/centres-and-departments\/"},{"@type":"ListItem","position":4,"name":"Flexible Electronics Department (FEL)","item":"https:\/\/www.mines-stetienne.fr\/en\/research\/centres-and-departments\/flexible-electronics-department-fel\/"},{"@type":"ListItem","position":5,"name":"People"}]},{"@type":"WebSite","@id":"https:\/\/www.mines-stetienne.fr\/en\/#website","url":"https:\/\/www.mines-stetienne.fr\/en\/","name":"MINES Saint-\u00c9tienne","description":"Inspiring innovation","publisher":{"@id":"https:\/\/www.mines-stetienne.fr\/en\/#organization"},"potentialAction":[{"@type":"SearchAction","target":{"@type":"EntryPoint","urlTemplate":"https:\/\/www.mines-stetienne.fr\/en\/?s={search_term_string}"},"query-input":{"@type":"PropertyValueSpecification","valueRequired":true,"valueName":"search_term_string"}}],"inLanguage":"en-GB"},{"@type":"Organization","@id":"https:\/\/www.mines-stetienne.fr\/en\/#organization","name":"MINES Saint-\u00c9tienne","url":"https:\/\/www.mines-stetienne.fr\/en\/","logo":{"@type":"ImageObject","inLanguage":"en-GB","@id":"https:\/\/www.mines-stetienne.fr\/en\/#\/schema\/logo\/image\/","url":"https:\/\/www.mines-stetienne.fr\/en\/wp-content\/uploads\/sites\/4\/2022\/09\/Mines_Saint_Etienne_IMT_RVB.png","contentUrl":"https:\/\/www.mines-stetienne.fr\/en\/wp-content\/uploads\/sites\/4\/2022\/09\/Mines_Saint_Etienne_IMT_RVB.png","width":316,"height":315,"caption":"MINES Saint-\u00c9tienne"},"image":{"@id":"https:\/\/www.mines-stetienne.fr\/en\/#\/schema\/logo\/image\/"},"sameAs":["https:\/\/www.facebook.com\/MinesSaintEtienne","https:\/\/x.com\/MINES_StEtienne","https:\/\/www.linkedin.com\/school\/527715\/","https:\/\/www.youtube.com\/c\/Mines-stetienneFr","https:\/\/www.instagram.com\/mines_stetienne\/"]}]}},"publishpress_future_workflow_manual_trigger":{"enabledWorkflows":[]},"_links":{"self":[{"href":"https:\/\/www.mines-stetienne.fr\/en\/wp-json\/wp\/v2\/pages\/1131","targetHints":{"allow":["GET"]}}],"collection":[{"href":"https:\/\/www.mines-stetienne.fr\/en\/wp-json\/wp\/v2\/pages"}],"about":[{"href":"https:\/\/www.mines-stetienne.fr\/en\/wp-json\/wp\/v2\/types\/page"}],"author":[{"embeddable":true,"href":"https:\/\/www.mines-stetienne.fr\/en\/wp-json\/wp\/v2\/users\/1"}],"replies":[{"embeddable":true,"href":"https:\/\/www.mines-stetienne.fr\/en\/wp-json\/wp\/v2\/comments?post=1131"}],"version-history":[{"count":141,"href":"https:\/\/www.mines-stetienne.fr\/en\/wp-json\/wp\/v2\/pages\/1131\/revisions"}],"predecessor-version":[{"id":16207,"href":"https:\/\/www.mines-stetienne.fr\/en\/wp-json\/wp\/v2\/pages\/1131\/revisions\/16207"}],"up":[{"embeddable":true,"href":"https:\/\/www.mines-stetienne.fr\/en\/wp-json\/wp\/v2\/pages\/677"}],"wp:attachment":[{"href":"https:\/\/www.mines-stetienne.fr\/en\/wp-json\/wp\/v2\/media?parent=1131"}],"wp:term":[{"taxonomy":"post_tag","embeddable":true,"href":"https:\/\/www.mines-stetienne.fr\/en\/wp-json\/wp\/v2\/tags?post=1131"}],"curies":[{"name":"wp","href":"https:\/\/api.w.org\/{rel}","templated":true}]}}